{"id":39615,"date":"2025-08-18T23:00:00","date_gmt":"2025-08-18T21:00:00","guid":{"rendered":"https:\/\/www.efk.admin.ch\/?post_type=audit&#038;p=39615"},"modified":"2025-09-02T14:48:29","modified_gmt":"2025-09-02T12:48:29","slug":"projet-informatique-cle-renouvellement-du-systeme-dinformation-central-sur-la-migration","status":"publish","type":"audit","link":"https:\/\/www.efk.admin.ch\/fr\/audit\/projet-informatique-cle-renouvellement-du-systeme-dinformation-central-sur-la-migration\/","title":{"rendered":"Projet informatique cl\u00e9 \u00ab Renouvellement du syst\u00e8me d\u2019information central sur la migration&nbsp;\u00bb"},"content":{"rendered":"\n<p>Le Contr\u00f4le f\u00e9d\u00e9ral des finances (CDF) a proc\u00e9d\u00e9 \u00e0 son deuxi\u00e8me audit du projet informatique cl\u00e9 \u00ab&nbsp;Renouvellement du SYMIC&nbsp;\u00bb. Le syst\u00e8me d\u2019information central sur la migration (SYMIC) est obsol\u00e8te et n\u2019est plus compatible avec certaines des solutions standard utilis\u00e9es par le D\u00e9partement f\u00e9d\u00e9ral de justice et police (DFJP). Le Secr\u00e9tariat d\u2019\u00c9tat aux migrations (SEM) a donc d\u00e9cid\u00e9 de lancer en mai 2022 le programme de renouvellement du SYMIC (RES), compos\u00e9 de sept projets, afin de moderniser cet environnement syst\u00e8me tout en optimisant ses propres processus d\u2019affaires. \u00c0 l\u2019\u00e9poque, le SEM avait estim\u00e9 la dur\u00e9e du projet \u00e0 cinq ans, pour un budget total de 65,9 millions de francs. En raison d\u2019une nouvelle planification, la fin du programme RES a depuis \u00e9t\u00e9 repouss\u00e9e \u00e0 2032 tandis que les co\u00fbts, d\u2019abord r\u00e9\u00e9valu\u00e9s \u00e0 127,1 millions, s\u2019\u00e9l\u00e8vent aujourd\u2019hui \u00e0 193 millions de francs.<br><br>En op\u00e9rant une nouvelle planification et en d\u00e9finissant de nouveaux r\u00f4les, le SEM a pos\u00e9 des jalons essentiels \u00e0 une mise en oeuvre efficace du programme RES. Si des avanc\u00e9es remarquables ont pu \u00eatre r\u00e9alis\u00e9es dans le cadre de ce nouveau calendrier, il subsiste n\u00e9anmoins des incertitudes majeures quant \u00e0 l\u2019estimation des d\u00e9penses. La fiabilit\u00e9 de la nouvelle planification n\u2019est donc pas encore assur\u00e9e pour toute la dur\u00e9e du programme. Par ailleurs, plusieurs recommandations issues du premier audit effectu\u00e9 par le CDF en 2022 n\u2019ont pas encore \u00e9t\u00e9 enti\u00e8rement mises en oeuvre. Afin de r\u00e9soudre ces diff\u00e9rents probl\u00e8mes, il est imp\u00e9ratif que le SEM, le Centre de services informatiques (CSI) et le Secr\u00e9tariat g\u00e9n\u00e9ral de l\u2019EFJP agissent de mani\u00e8re beaucoup plus coordonn\u00e9e.<\/p>\n","protected":false},"featured_media":0,"menu_order":0,"template":"","audit_category":[79],"audit_type":[52],"class_list":["post-39615","audit","type-audit","status-publish","hentry","audit_category-projets-informatiques","audit_type-audit-fr"],"acf":{"audit_lang":null,"audit_numbers":[{"audit_number":"24253"}],"audit_office":[7918],"audit_office_text":"","audit_date":"20250818","bgo":false,"keywords":"","audit_office_local":"SEM"},"yoast_head":"<!-- This site is optimized with the Yoast SEO Premium plugin v27.4 (Yoast SEO v27.4) - https:\/\/yoast.com\/product\/yoast-seo-premium-wordpress\/ -->\n<title>Projet informatique cl\u00e9 \u00ab Renouvellement du syst\u00e8me d\u2019information central sur la migration&nbsp;\u00bb - Contr\u00f4le f\u00e9d\u00e9ral des finances (CDF)<\/title>\n<meta name=\"description\" content=\"Projet informatique cl\u00e9 \u00ab Renouvellement du syst\u00e8me d\u2019information central sur la migration&nbsp;\u00bb\" \/>\n<meta name=\"robots\" content=\"index, follow, max-snippet:-1, max-image-preview:large, max-video-preview:-1\" \/>\n<link rel=\"canonical\" href=\"https:\/\/www.efk.admin.ch\/fr\/audit\/projet-informatique-cle-renouvellement-du-systeme-dinformation-central-sur-la-migration\/\" \/>\n<meta property=\"og:locale\" content=\"fr_FR\" \/>\n<meta property=\"og:type\" content=\"article\" \/>\n<meta property=\"og:title\" content=\"Projet informatique cl\u00e9 \u00ab Renouvellement du syst\u00e8me d\u2019information central sur la migration&nbsp;\u00bb\" \/>\n<meta property=\"og:description\" content=\"Projet informatique cl\u00e9 \u00ab Renouvellement du syst\u00e8me d\u2019information central sur la migration&nbsp;\u00bb\" \/>\n<meta property=\"og:url\" content=\"https:\/\/www.efk.admin.ch\/fr\/audit\/projet-informatique-cle-renouvellement-du-systeme-dinformation-central-sur-la-migration\/\" \/>\n<meta property=\"og:site_name\" content=\"Contr\u00f4le f\u00e9d\u00e9ral des finances (CDF)\" \/>\n<meta property=\"article:modified_time\" content=\"2025-09-02T12:48:29+00:00\" \/>\n<meta property=\"og:image\" content=\"https:\/\/www.efk.admin.ch\/wp-content\/uploads\/test\/palais.jpg\" \/>\n\t<meta property=\"og:image:width\" content=\"750\" \/>\n\t<meta property=\"og:image:height\" content=\"500\" \/>\n\t<meta property=\"og:image:type\" content=\"image\/jpeg\" \/>\n<meta name=\"twitter:card\" content=\"summary_large_image\" \/>\n<meta name=\"twitter:label1\" content=\"Dur\u00e9e de lecture estim\u00e9e\" \/>\n\t<meta name=\"twitter:data1\" content=\"2 minutes\" \/>\n<script type=\"application\/ld+json\" class=\"yoast-schema-graph\">{\"@context\":\"https:\\\/\\\/schema.org\",\"@graph\":[{\"@type\":\"WebPage\",\"@id\":\"https:\\\/\\\/www.efk.admin.ch\\\/fr\\\/audit\\\/projet-informatique-cle-renouvellement-du-systeme-dinformation-central-sur-la-migration\\\/\",\"url\":\"https:\\\/\\\/www.efk.admin.ch\\\/fr\\\/audit\\\/projet-informatique-cle-renouvellement-du-systeme-dinformation-central-sur-la-migration\\\/\",\"name\":\"Projet informatique cl\u00e9 \u00ab Renouvellement du syst\u00e8me d\u2019information central sur la migration&nbsp;\u00bb - Contr\u00f4le f\u00e9d\u00e9ral des finances (CDF)\",\"isPartOf\":{\"@id\":\"https:\\\/\\\/www.efk.admin.ch\\\/fr\\\/#website\"},\"datePublished\":\"2025-08-18T21:00:00+00:00\",\"dateModified\":\"2025-09-02T12:48:29+00:00\",\"description\":\"Projet informatique cl\u00e9 \u00ab Renouvellement du syst\u00e8me d\u2019information central sur la migration&nbsp;\u00bb\",\"breadcrumb\":{\"@id\":\"https:\\\/\\\/www.efk.admin.ch\\\/fr\\\/audit\\\/projet-informatique-cle-renouvellement-du-systeme-dinformation-central-sur-la-migration\\\/#breadcrumb\"},\"inLanguage\":\"fr-FR\",\"potentialAction\":[{\"@type\":\"ReadAction\",\"target\":[\"https:\\\/\\\/www.efk.admin.ch\\\/fr\\\/audit\\\/projet-informatique-cle-renouvellement-du-systeme-dinformation-central-sur-la-migration\\\/\"]}]},{\"@type\":\"BreadcrumbList\",\"@id\":\"https:\\\/\\\/www.efk.admin.ch\\\/fr\\\/audit\\\/projet-informatique-cle-renouvellement-du-systeme-dinformation-central-sur-la-migration\\\/#breadcrumb\",\"itemListElement\":[{\"@type\":\"ListItem\",\"position\":1,\"name\":\"Home\",\"item\":\"https:\\\/\\\/www.efk.admin.ch\\\/fr\\\/\"},{\"@type\":\"ListItem\",\"position\":2,\"name\":\"Rapport\",\"item\":\"https:\\\/\\\/www.efk.admin.ch\\\/fr\\\/audit\\\/\"},{\"@type\":\"ListItem\",\"position\":3,\"name\":\"Projet informatique cl\u00e9 \u00ab Renouvellement du syst\u00e8me d\u2019information central sur la migration&nbsp;\u00bb\"}]},{\"@type\":\"WebSite\",\"@id\":\"https:\\\/\\\/www.efk.admin.ch\\\/fr\\\/#website\",\"url\":\"https:\\\/\\\/www.efk.admin.ch\\\/fr\\\/\",\"name\":\"Informationen \u00fcber das oberste Finanzaufsichtsorgan der Schweiz\",\"description\":\"Le Contr\u00f4le f\u00e9d\u00e9ral des finances (CDF) est l'organe supr\u00eame de surveillance financi\u00e8re de la Conf\u00e9d\u00e9ration suisse.\",\"publisher\":{\"@id\":\"https:\\\/\\\/www.efk.admin.ch\\\/fr\\\/#organization\"},\"alternateName\":\"EFK\",\"potentialAction\":[{\"@type\":\"SearchAction\",\"target\":{\"@type\":\"EntryPoint\",\"urlTemplate\":\"https:\\\/\\\/www.efk.admin.ch\\\/fr\\\/?s={search_term_string}\"},\"query-input\":{\"@type\":\"PropertyValueSpecification\",\"valueRequired\":true,\"valueName\":\"search_term_string\"}}],\"inLanguage\":\"fr-FR\"},{\"@type\":\"Organization\",\"@id\":\"https:\\\/\\\/www.efk.admin.ch\\\/fr\\\/#organization\",\"name\":\"Contr\u00f4le f\u00e9d\u00e9ral des finances (CDF)\",\"alternateName\":\"EFK\",\"url\":\"https:\\\/\\\/www.efk.admin.ch\\\/fr\\\/\",\"logo\":{\"@type\":\"ImageObject\",\"inLanguage\":\"fr-FR\",\"@id\":\"https:\\\/\\\/www.efk.admin.ch\\\/fr\\\/#\\\/schema\\\/logo\\\/image\\\/\",\"url\":\"https:\\\/\\\/www.efk.admin.ch\\\/wp-content\\\/uploads\\\/efk_cdf_logo_ohne_claim.png\",\"contentUrl\":\"https:\\\/\\\/www.efk.admin.ch\\\/wp-content\\\/uploads\\\/efk_cdf_logo_ohne_claim.png\",\"width\":268,\"height\":258,\"caption\":\"Contr\u00f4le f\u00e9d\u00e9ral des finances (CDF)\"},\"image\":{\"@id\":\"https:\\\/\\\/www.efk.admin.ch\\\/fr\\\/#\\\/schema\\\/logo\\\/image\\\/\"},\"sameAs\":[\"https:\\\/\\\/www.instagram.com\\\/efk_cdf_sfao\\\/\",\"https:\\\/\\\/www.youtube.com\\\/channel\\\/UCm-bXj227VE5sJzhB-ihdvw\\\/featured\",\"https:\\\/\\\/www.linkedin.com\\\/company\\\/11081578\\\/\"]}]}<\/script>\n<!-- \/ Yoast SEO Premium plugin. -->","yoast_head_json":{"title":"Projet informatique cl\u00e9 \u00ab Renouvellement du syst\u00e8me d\u2019information central sur la migration&nbsp;\u00bb - Contr\u00f4le f\u00e9d\u00e9ral des finances (CDF)","description":"Projet informatique cl\u00e9 \u00ab Renouvellement du syst\u00e8me d\u2019information central sur la migration&nbsp;\u00bb","robots":{"index":"index","follow":"follow","max-snippet":"max-snippet:-1","max-image-preview":"max-image-preview:large","max-video-preview":"max-video-preview:-1"},"canonical":"https:\/\/www.efk.admin.ch\/fr\/audit\/projet-informatique-cle-renouvellement-du-systeme-dinformation-central-sur-la-migration\/","og_locale":"fr_FR","og_type":"article","og_title":"Projet informatique cl\u00e9 \u00ab Renouvellement du syst\u00e8me d\u2019information central sur la migration&nbsp;\u00bb","og_description":"Projet informatique cl\u00e9 \u00ab Renouvellement du syst\u00e8me d\u2019information central sur la migration&nbsp;\u00bb","og_url":"https:\/\/www.efk.admin.ch\/fr\/audit\/projet-informatique-cle-renouvellement-du-systeme-dinformation-central-sur-la-migration\/","og_site_name":"Contr\u00f4le f\u00e9d\u00e9ral des finances (CDF)","article_modified_time":"2025-09-02T12:48:29+00:00","og_image":[{"width":750,"height":500,"url":"https:\/\/www.efk.admin.ch\/wp-content\/uploads\/test\/palais.jpg","type":"image\/jpeg"}],"twitter_card":"summary_large_image","twitter_misc":{"Dur\u00e9e de lecture estim\u00e9e":"2 minutes"},"schema":{"@context":"https:\/\/schema.org","@graph":[{"@type":"WebPage","@id":"https:\/\/www.efk.admin.ch\/fr\/audit\/projet-informatique-cle-renouvellement-du-systeme-dinformation-central-sur-la-migration\/","url":"https:\/\/www.efk.admin.ch\/fr\/audit\/projet-informatique-cle-renouvellement-du-systeme-dinformation-central-sur-la-migration\/","name":"Projet informatique cl\u00e9 \u00ab Renouvellement du syst\u00e8me d\u2019information central sur la migration&nbsp;\u00bb - Contr\u00f4le f\u00e9d\u00e9ral des finances (CDF)","isPartOf":{"@id":"https:\/\/www.efk.admin.ch\/fr\/#website"},"datePublished":"2025-08-18T21:00:00+00:00","dateModified":"2025-09-02T12:48:29+00:00","description":"Projet informatique cl\u00e9 \u00ab Renouvellement du syst\u00e8me d\u2019information central sur la migration&nbsp;\u00bb","breadcrumb":{"@id":"https:\/\/www.efk.admin.ch\/fr\/audit\/projet-informatique-cle-renouvellement-du-systeme-dinformation-central-sur-la-migration\/#breadcrumb"},"inLanguage":"fr-FR","potentialAction":[{"@type":"ReadAction","target":["https:\/\/www.efk.admin.ch\/fr\/audit\/projet-informatique-cle-renouvellement-du-systeme-dinformation-central-sur-la-migration\/"]}]},{"@type":"BreadcrumbList","@id":"https:\/\/www.efk.admin.ch\/fr\/audit\/projet-informatique-cle-renouvellement-du-systeme-dinformation-central-sur-la-migration\/#breadcrumb","itemListElement":[{"@type":"ListItem","position":1,"name":"Home","item":"https:\/\/www.efk.admin.ch\/fr\/"},{"@type":"ListItem","position":2,"name":"Rapport","item":"https:\/\/www.efk.admin.ch\/fr\/audit\/"},{"@type":"ListItem","position":3,"name":"Projet informatique cl\u00e9 \u00ab Renouvellement du syst\u00e8me d\u2019information central sur la migration&nbsp;\u00bb"}]},{"@type":"WebSite","@id":"https:\/\/www.efk.admin.ch\/fr\/#website","url":"https:\/\/www.efk.admin.ch\/fr\/","name":"Informationen \u00fcber das oberste Finanzaufsichtsorgan der Schweiz","description":"Le Contr\u00f4le f\u00e9d\u00e9ral des finances (CDF) est l'organe supr\u00eame de surveillance financi\u00e8re de la Conf\u00e9d\u00e9ration suisse.","publisher":{"@id":"https:\/\/www.efk.admin.ch\/fr\/#organization"},"alternateName":"EFK","potentialAction":[{"@type":"SearchAction","target":{"@type":"EntryPoint","urlTemplate":"https:\/\/www.efk.admin.ch\/fr\/?s={search_term_string}"},"query-input":{"@type":"PropertyValueSpecification","valueRequired":true,"valueName":"search_term_string"}}],"inLanguage":"fr-FR"},{"@type":"Organization","@id":"https:\/\/www.efk.admin.ch\/fr\/#organization","name":"Contr\u00f4le f\u00e9d\u00e9ral des finances (CDF)","alternateName":"EFK","url":"https:\/\/www.efk.admin.ch\/fr\/","logo":{"@type":"ImageObject","inLanguage":"fr-FR","@id":"https:\/\/www.efk.admin.ch\/fr\/#\/schema\/logo\/image\/","url":"https:\/\/www.efk.admin.ch\/wp-content\/uploads\/efk_cdf_logo_ohne_claim.png","contentUrl":"https:\/\/www.efk.admin.ch\/wp-content\/uploads\/efk_cdf_logo_ohne_claim.png","width":268,"height":258,"caption":"Contr\u00f4le f\u00e9d\u00e9ral des finances (CDF)"},"image":{"@id":"https:\/\/www.efk.admin.ch\/fr\/#\/schema\/logo\/image\/"},"sameAs":["https:\/\/www.instagram.com\/efk_cdf_sfao\/","https:\/\/www.youtube.com\/channel\/UCm-bXj227VE5sJzhB-ihdvw\/featured","https:\/\/www.linkedin.com\/company\/11081578\/"]}]}},"_links":{"self":[{"href":"https:\/\/www.efk.admin.ch\/fr\/wp-json\/wp\/v2\/audit\/39615","targetHints":{"allow":["GET"]}}],"collection":[{"href":"https:\/\/www.efk.admin.ch\/fr\/wp-json\/wp\/v2\/audit"}],"about":[{"href":"https:\/\/www.efk.admin.ch\/fr\/wp-json\/wp\/v2\/types\/audit"}],"acf:post":[{"embeddable":true,"href":"https:\/\/www.efk.admin.ch\/fr\/wp-json\/wp\/v2\/office\/7918"}],"wp:attachment":[{"href":"https:\/\/www.efk.admin.ch\/fr\/wp-json\/wp\/v2\/media?parent=39615"}],"wp:term":[{"taxonomy":"audit_category","embeddable":true,"href":"https:\/\/www.efk.admin.ch\/fr\/wp-json\/wp\/v2\/audit_category?post=39615"},{"taxonomy":"audit_type","embeddable":true,"href":"https:\/\/www.efk.admin.ch\/fr\/wp-json\/wp\/v2\/audit_type?post=39615"}],"curies":[{"name":"wp","href":"https:\/\/api.w.org\/{rel}","templated":true}]}}