{"id":39521,"date":"2025-08-13T23:00:00","date_gmt":"2025-08-13T21:00:00","guid":{"rendered":"https:\/\/www.efk.admin.ch\/?post_type=audit&#038;p=39521"},"modified":"2025-08-14T10:24:54","modified_gmt":"2025-08-14T08:24:54","slug":"mise-en-oeuvre-du-processus-dachat-harmonise-de-la-confederation","status":"publish","type":"audit","link":"https:\/\/www.efk.admin.ch\/fr\/audit\/mise-en-oeuvre-du-processus-dachat-harmonise-de-la-confederation\/","title":{"rendered":"Mise en oeuvre du processus d\u2019achat harmonis\u00e9 de la Conf\u00e9d\u00e9ration"},"content":{"rendered":"\n<p>En 2020, le Conseil f\u00e9d\u00e9ral a arr\u00eat\u00e9 la strat\u00e9gie de mise en oeuvre concernant la r\u00e9vision totale du droit des march\u00e9s publics pour la p\u00e9riode strat\u00e9gique 2021 \u00e0 2030. Celle-ci vise notamment \u00e0 piloter strat\u00e9giquement les achats de la Conf\u00e9d\u00e9ration selon six axes.<br><br>Le cinqui\u00e8me axe pr\u00e9cise que les processus d\u2019acquisition doivent \u00eatre num\u00e9riques, standardis\u00e9s et conviviaux. La num\u00e9risation et la standardisation des processus \u00e0 l\u2019\u00e9chelle f\u00e9d\u00e9rale incombent \u00e0 l\u2019Office f\u00e9d\u00e9ral des constructions et de la logistique (OFCL) pour les deux syst\u00e8mes que sont SAP (flux de valeurs) et Acta Nova (gestion des documents). La solution harmonis\u00e9e en mati\u00e8re d\u2019acquisitions pour la Conf\u00e9d\u00e9ration (HBB) a \u00e9t\u00e9 d\u00e9ploy\u00e9e sur Acta Nova au printemps 2023 pour toute l\u2019administration f\u00e9d\u00e9rale. Le projet SAP de solution de gestion des acquisitions et des adjudications (BVML) est encore en cours de r\u00e9alisation ; celle-ci devrait \u00eatre introduite au mois d\u2019octobre 2025. D\u00e8s ce moment-l\u00e0, la HBB et la BVML seront utilis\u00e9es conjointement. En 2023, l\u2019administration f\u00e9d\u00e9rale a adjug\u00e9 des march\u00e9s d\u2019une valeur sup\u00e9rieure au seuil OMC pour un volume total de 6,39 milliards de francs.<br><br>Le Contr\u00f4le f\u00e9d\u00e9ral des finances a v\u00e9rifi\u00e9 si la HBB soutenait les proc\u00e9dures d\u2019adjudication de mani\u00e8re efficace, mais il est difficile d\u2019\u00e9valuer l\u2019effet de celle-ci. D\u2019une part, les objectifs initiaux du projet font l\u2019objet d\u2019une description uniquement qualitative et une base de comparaison fait d\u00e9faut. D\u2019autre part, l\u2019utilisation de la HBB est une recommandation, qui est appliqu\u00e9e uniquement dans une minorit\u00e9 des acquisitions. La standardisation des processus d\u2019acquisition pour l\u2019ensemble de l\u2019administration f\u00e9d\u00e9rale n\u2019est donc pas garantie.<\/p>\n\n\n\n<figure class=\"wp-block-image size-large\"><img loading=\"lazy\" decoding=\"async\" width=\"1024\" height=\"572\" src=\"https:\/\/www.efk.admin.ch\/wp-content\/uploads\/publikationen\/berichte\/wirtschaft_und_verwaltung\/beschaffungswesen\/24158\/pa-24158_beschaffungsprozess-1024x572.jpg\" alt=\"\" class=\"wp-image-39519\" srcset=\"https:\/\/www.efk.admin.ch\/wp-content\/uploads\/publikationen\/berichte\/wirtschaft_und_verwaltung\/beschaffungswesen\/24158\/pa-24158_beschaffungsprozess-1024x572.jpg 1024w, https:\/\/www.efk.admin.ch\/wp-content\/uploads\/publikationen\/berichte\/wirtschaft_und_verwaltung\/beschaffungswesen\/24158\/pa-24158_beschaffungsprozess-300x167.jpg 300w, https:\/\/www.efk.admin.ch\/wp-content\/uploads\/publikationen\/berichte\/wirtschaft_und_verwaltung\/beschaffungswesen\/24158\/pa-24158_beschaffungsprozess-768x429.jpg 768w, https:\/\/www.efk.admin.ch\/wp-content\/uploads\/publikationen\/berichte\/wirtschaft_und_verwaltung\/beschaffungswesen\/24158\/pa-24158_beschaffungsprozess-1536x858.jpg 1536w, https:\/\/www.efk.admin.ch\/wp-content\/uploads\/publikationen\/berichte\/wirtschaft_und_verwaltung\/beschaffungswesen\/24158\/pa-24158_beschaffungsprozess-2048x1144.jpg 2048w\" sizes=\"auto, (max-width: 1024px) 100vw, 1024px\" \/><\/figure>\n","protected":false},"featured_media":39519,"menu_order":0,"template":"","audit_category":[27],"audit_type":[127],"class_list":["post-39521","audit","type-audit","status-publish","has-post-thumbnail","hentry","audit_category-achats-publics","audit_type-audit-dachats"],"acf":{"audit_lang":null,"audit_numbers":[{"audit_number":"24158"}],"audit_office":[22350],"audit_office_text":"","audit_date":"20250813","bgo":false,"keywords":"","audit_office_local":"OFCL"},"yoast_head":"<!-- This site is optimized with the Yoast SEO Premium plugin v27.4 (Yoast SEO v27.4) - https:\/\/yoast.com\/product\/yoast-seo-premium-wordpress\/ -->\n<title>Mise en oeuvre du processus d\u2019achat harmonis\u00e9 de la Conf\u00e9d\u00e9ration - Contr\u00f4le f\u00e9d\u00e9ral des finances (CDF)<\/title>\n<meta name=\"description\" content=\"Mise en oeuvre du processus d\u2019achat harmonis\u00e9 de la Conf\u00e9d\u00e9ration\" \/>\n<meta name=\"robots\" content=\"index, follow, max-snippet:-1, max-image-preview:large, max-video-preview:-1\" \/>\n<link rel=\"canonical\" href=\"https:\/\/www.efk.admin.ch\/fr\/audit\/mise-en-oeuvre-du-processus-dachat-harmonise-de-la-confederation\/\" \/>\n<meta property=\"og:locale\" content=\"fr_FR\" \/>\n<meta property=\"og:type\" content=\"article\" \/>\n<meta property=\"og:title\" content=\"Mise en oeuvre du processus d\u2019achat harmonis\u00e9 de la Conf\u00e9d\u00e9ration\" \/>\n<meta property=\"og:description\" content=\"Mise en oeuvre du processus d\u2019achat harmonis\u00e9 de la Conf\u00e9d\u00e9ration\" \/>\n<meta property=\"og:url\" content=\"https:\/\/www.efk.admin.ch\/fr\/audit\/mise-en-oeuvre-du-processus-dachat-harmonise-de-la-confederation\/\" \/>\n<meta property=\"og:site_name\" content=\"Contr\u00f4le f\u00e9d\u00e9ral des finances (CDF)\" \/>\n<meta property=\"article:modified_time\" content=\"2025-08-14T08:24:54+00:00\" \/>\n<meta property=\"og:image\" content=\"https:\/\/www.efk.admin.ch\/wp-content\/uploads\/publikationen\/berichte\/wirtschaft_und_verwaltung\/beschaffungswesen\/24158\/pa-24158_beschaffungsprozess-scaled.jpg\" \/>\n\t<meta property=\"og:image:width\" content=\"2560\" \/>\n\t<meta property=\"og:image:height\" content=\"1430\" \/>\n\t<meta property=\"og:image:type\" content=\"image\/jpeg\" \/>\n<meta name=\"twitter:card\" content=\"summary_large_image\" \/>\n<meta name=\"twitter:label1\" content=\"Dur\u00e9e de lecture estim\u00e9e\" \/>\n\t<meta name=\"twitter:data1\" content=\"2 minutes\" \/>\n<script type=\"application\/ld+json\" class=\"yoast-schema-graph\">{\"@context\":\"https:\\\/\\\/schema.org\",\"@graph\":[{\"@type\":\"WebPage\",\"@id\":\"https:\\\/\\\/www.efk.admin.ch\\\/fr\\\/audit\\\/mise-en-oeuvre-du-processus-dachat-harmonise-de-la-confederation\\\/\",\"url\":\"https:\\\/\\\/www.efk.admin.ch\\\/fr\\\/audit\\\/mise-en-oeuvre-du-processus-dachat-harmonise-de-la-confederation\\\/\",\"name\":\"Mise en oeuvre du processus d\u2019achat harmonis\u00e9 de la Conf\u00e9d\u00e9ration - Contr\u00f4le f\u00e9d\u00e9ral des finances (CDF)\",\"isPartOf\":{\"@id\":\"https:\\\/\\\/www.efk.admin.ch\\\/fr\\\/#website\"},\"primaryImageOfPage\":{\"@id\":\"https:\\\/\\\/www.efk.admin.ch\\\/fr\\\/audit\\\/mise-en-oeuvre-du-processus-dachat-harmonise-de-la-confederation\\\/#primaryimage\"},\"image\":{\"@id\":\"https:\\\/\\\/www.efk.admin.ch\\\/fr\\\/audit\\\/mise-en-oeuvre-du-processus-dachat-harmonise-de-la-confederation\\\/#primaryimage\"},\"thumbnailUrl\":\"https:\\\/\\\/www.efk.admin.ch\\\/wp-content\\\/uploads\\\/publikationen\\\/berichte\\\/wirtschaft_und_verwaltung\\\/beschaffungswesen\\\/24158\\\/pa-24158_beschaffungsprozess-scaled.jpg\",\"datePublished\":\"2025-08-13T21:00:00+00:00\",\"dateModified\":\"2025-08-14T08:24:54+00:00\",\"description\":\"Mise en oeuvre du processus d\u2019achat harmonis\u00e9 de la Conf\u00e9d\u00e9ration\",\"breadcrumb\":{\"@id\":\"https:\\\/\\\/www.efk.admin.ch\\\/fr\\\/audit\\\/mise-en-oeuvre-du-processus-dachat-harmonise-de-la-confederation\\\/#breadcrumb\"},\"inLanguage\":\"fr-FR\",\"potentialAction\":[{\"@type\":\"ReadAction\",\"target\":[\"https:\\\/\\\/www.efk.admin.ch\\\/fr\\\/audit\\\/mise-en-oeuvre-du-processus-dachat-harmonise-de-la-confederation\\\/\"]}]},{\"@type\":\"ImageObject\",\"inLanguage\":\"fr-FR\",\"@id\":\"https:\\\/\\\/www.efk.admin.ch\\\/fr\\\/audit\\\/mise-en-oeuvre-du-processus-dachat-harmonise-de-la-confederation\\\/#primaryimage\",\"url\":\"https:\\\/\\\/www.efk.admin.ch\\\/wp-content\\\/uploads\\\/publikationen\\\/berichte\\\/wirtschaft_und_verwaltung\\\/beschaffungswesen\\\/24158\\\/pa-24158_beschaffungsprozess-scaled.jpg\",\"contentUrl\":\"https:\\\/\\\/www.efk.admin.ch\\\/wp-content\\\/uploads\\\/publikationen\\\/berichte\\\/wirtschaft_und_verwaltung\\\/beschaffungswesen\\\/24158\\\/pa-24158_beschaffungsprozess-scaled.jpg\",\"width\":2560,\"height\":1430},{\"@type\":\"BreadcrumbList\",\"@id\":\"https:\\\/\\\/www.efk.admin.ch\\\/fr\\\/audit\\\/mise-en-oeuvre-du-processus-dachat-harmonise-de-la-confederation\\\/#breadcrumb\",\"itemListElement\":[{\"@type\":\"ListItem\",\"position\":1,\"name\":\"Home\",\"item\":\"https:\\\/\\\/www.efk.admin.ch\\\/fr\\\/\"},{\"@type\":\"ListItem\",\"position\":2,\"name\":\"Rapport\",\"item\":\"https:\\\/\\\/www.efk.admin.ch\\\/fr\\\/audit\\\/\"},{\"@type\":\"ListItem\",\"position\":3,\"name\":\"Mise en oeuvre du processus d\u2019achat harmonis\u00e9 de la Conf\u00e9d\u00e9ration\"}]},{\"@type\":\"WebSite\",\"@id\":\"https:\\\/\\\/www.efk.admin.ch\\\/fr\\\/#website\",\"url\":\"https:\\\/\\\/www.efk.admin.ch\\\/fr\\\/\",\"name\":\"Informationen \u00fcber das oberste Finanzaufsichtsorgan der Schweiz\",\"description\":\"Le Contr\u00f4le f\u00e9d\u00e9ral des finances (CDF) est l'organe supr\u00eame de surveillance financi\u00e8re de la Conf\u00e9d\u00e9ration suisse.\",\"publisher\":{\"@id\":\"https:\\\/\\\/www.efk.admin.ch\\\/fr\\\/#organization\"},\"alternateName\":\"EFK\",\"potentialAction\":[{\"@type\":\"SearchAction\",\"target\":{\"@type\":\"EntryPoint\",\"urlTemplate\":\"https:\\\/\\\/www.efk.admin.ch\\\/fr\\\/?s={search_term_string}\"},\"query-input\":{\"@type\":\"PropertyValueSpecification\",\"valueRequired\":true,\"valueName\":\"search_term_string\"}}],\"inLanguage\":\"fr-FR\"},{\"@type\":\"Organization\",\"@id\":\"https:\\\/\\\/www.efk.admin.ch\\\/fr\\\/#organization\",\"name\":\"Contr\u00f4le f\u00e9d\u00e9ral des finances (CDF)\",\"alternateName\":\"EFK\",\"url\":\"https:\\\/\\\/www.efk.admin.ch\\\/fr\\\/\",\"logo\":{\"@type\":\"ImageObject\",\"inLanguage\":\"fr-FR\",\"@id\":\"https:\\\/\\\/www.efk.admin.ch\\\/fr\\\/#\\\/schema\\\/logo\\\/image\\\/\",\"url\":\"https:\\\/\\\/www.efk.admin.ch\\\/wp-content\\\/uploads\\\/efk_cdf_logo_ohne_claim.png\",\"contentUrl\":\"https:\\\/\\\/www.efk.admin.ch\\\/wp-content\\\/uploads\\\/efk_cdf_logo_ohne_claim.png\",\"width\":268,\"height\":258,\"caption\":\"Contr\u00f4le f\u00e9d\u00e9ral des finances (CDF)\"},\"image\":{\"@id\":\"https:\\\/\\\/www.efk.admin.ch\\\/fr\\\/#\\\/schema\\\/logo\\\/image\\\/\"},\"sameAs\":[\"https:\\\/\\\/www.instagram.com\\\/efk_cdf_sfao\\\/\",\"https:\\\/\\\/www.youtube.com\\\/channel\\\/UCm-bXj227VE5sJzhB-ihdvw\\\/featured\",\"https:\\\/\\\/www.linkedin.com\\\/company\\\/11081578\\\/\"]}]}<\/script>\n<!-- \/ Yoast SEO Premium plugin. -->","yoast_head_json":{"title":"Mise en oeuvre du processus d\u2019achat harmonis\u00e9 de la Conf\u00e9d\u00e9ration - Contr\u00f4le f\u00e9d\u00e9ral des finances (CDF)","description":"Mise en oeuvre du processus d\u2019achat harmonis\u00e9 de la Conf\u00e9d\u00e9ration","robots":{"index":"index","follow":"follow","max-snippet":"max-snippet:-1","max-image-preview":"max-image-preview:large","max-video-preview":"max-video-preview:-1"},"canonical":"https:\/\/www.efk.admin.ch\/fr\/audit\/mise-en-oeuvre-du-processus-dachat-harmonise-de-la-confederation\/","og_locale":"fr_FR","og_type":"article","og_title":"Mise en oeuvre du processus d\u2019achat harmonis\u00e9 de la Conf\u00e9d\u00e9ration","og_description":"Mise en oeuvre du processus d\u2019achat harmonis\u00e9 de la Conf\u00e9d\u00e9ration","og_url":"https:\/\/www.efk.admin.ch\/fr\/audit\/mise-en-oeuvre-du-processus-dachat-harmonise-de-la-confederation\/","og_site_name":"Contr\u00f4le f\u00e9d\u00e9ral des finances (CDF)","article_modified_time":"2025-08-14T08:24:54+00:00","og_image":[{"width":2560,"height":1430,"url":"https:\/\/www.efk.admin.ch\/wp-content\/uploads\/publikationen\/berichte\/wirtschaft_und_verwaltung\/beschaffungswesen\/24158\/pa-24158_beschaffungsprozess-scaled.jpg","type":"image\/jpeg"}],"twitter_card":"summary_large_image","twitter_misc":{"Dur\u00e9e de lecture estim\u00e9e":"2 minutes"},"schema":{"@context":"https:\/\/schema.org","@graph":[{"@type":"WebPage","@id":"https:\/\/www.efk.admin.ch\/fr\/audit\/mise-en-oeuvre-du-processus-dachat-harmonise-de-la-confederation\/","url":"https:\/\/www.efk.admin.ch\/fr\/audit\/mise-en-oeuvre-du-processus-dachat-harmonise-de-la-confederation\/","name":"Mise en oeuvre du processus d\u2019achat harmonis\u00e9 de la Conf\u00e9d\u00e9ration - Contr\u00f4le f\u00e9d\u00e9ral des finances (CDF)","isPartOf":{"@id":"https:\/\/www.efk.admin.ch\/fr\/#website"},"primaryImageOfPage":{"@id":"https:\/\/www.efk.admin.ch\/fr\/audit\/mise-en-oeuvre-du-processus-dachat-harmonise-de-la-confederation\/#primaryimage"},"image":{"@id":"https:\/\/www.efk.admin.ch\/fr\/audit\/mise-en-oeuvre-du-processus-dachat-harmonise-de-la-confederation\/#primaryimage"},"thumbnailUrl":"https:\/\/www.efk.admin.ch\/wp-content\/uploads\/publikationen\/berichte\/wirtschaft_und_verwaltung\/beschaffungswesen\/24158\/pa-24158_beschaffungsprozess-scaled.jpg","datePublished":"2025-08-13T21:00:00+00:00","dateModified":"2025-08-14T08:24:54+00:00","description":"Mise en oeuvre du processus d\u2019achat harmonis\u00e9 de la Conf\u00e9d\u00e9ration","breadcrumb":{"@id":"https:\/\/www.efk.admin.ch\/fr\/audit\/mise-en-oeuvre-du-processus-dachat-harmonise-de-la-confederation\/#breadcrumb"},"inLanguage":"fr-FR","potentialAction":[{"@type":"ReadAction","target":["https:\/\/www.efk.admin.ch\/fr\/audit\/mise-en-oeuvre-du-processus-dachat-harmonise-de-la-confederation\/"]}]},{"@type":"ImageObject","inLanguage":"fr-FR","@id":"https:\/\/www.efk.admin.ch\/fr\/audit\/mise-en-oeuvre-du-processus-dachat-harmonise-de-la-confederation\/#primaryimage","url":"https:\/\/www.efk.admin.ch\/wp-content\/uploads\/publikationen\/berichte\/wirtschaft_und_verwaltung\/beschaffungswesen\/24158\/pa-24158_beschaffungsprozess-scaled.jpg","contentUrl":"https:\/\/www.efk.admin.ch\/wp-content\/uploads\/publikationen\/berichte\/wirtschaft_und_verwaltung\/beschaffungswesen\/24158\/pa-24158_beschaffungsprozess-scaled.jpg","width":2560,"height":1430},{"@type":"BreadcrumbList","@id":"https:\/\/www.efk.admin.ch\/fr\/audit\/mise-en-oeuvre-du-processus-dachat-harmonise-de-la-confederation\/#breadcrumb","itemListElement":[{"@type":"ListItem","position":1,"name":"Home","item":"https:\/\/www.efk.admin.ch\/fr\/"},{"@type":"ListItem","position":2,"name":"Rapport","item":"https:\/\/www.efk.admin.ch\/fr\/audit\/"},{"@type":"ListItem","position":3,"name":"Mise en oeuvre du processus d\u2019achat harmonis\u00e9 de la Conf\u00e9d\u00e9ration"}]},{"@type":"WebSite","@id":"https:\/\/www.efk.admin.ch\/fr\/#website","url":"https:\/\/www.efk.admin.ch\/fr\/","name":"Informationen \u00fcber das oberste Finanzaufsichtsorgan der Schweiz","description":"Le Contr\u00f4le f\u00e9d\u00e9ral des finances (CDF) est l'organe supr\u00eame de surveillance financi\u00e8re de la Conf\u00e9d\u00e9ration suisse.","publisher":{"@id":"https:\/\/www.efk.admin.ch\/fr\/#organization"},"alternateName":"EFK","potentialAction":[{"@type":"SearchAction","target":{"@type":"EntryPoint","urlTemplate":"https:\/\/www.efk.admin.ch\/fr\/?s={search_term_string}"},"query-input":{"@type":"PropertyValueSpecification","valueRequired":true,"valueName":"search_term_string"}}],"inLanguage":"fr-FR"},{"@type":"Organization","@id":"https:\/\/www.efk.admin.ch\/fr\/#organization","name":"Contr\u00f4le f\u00e9d\u00e9ral des finances (CDF)","alternateName":"EFK","url":"https:\/\/www.efk.admin.ch\/fr\/","logo":{"@type":"ImageObject","inLanguage":"fr-FR","@id":"https:\/\/www.efk.admin.ch\/fr\/#\/schema\/logo\/image\/","url":"https:\/\/www.efk.admin.ch\/wp-content\/uploads\/efk_cdf_logo_ohne_claim.png","contentUrl":"https:\/\/www.efk.admin.ch\/wp-content\/uploads\/efk_cdf_logo_ohne_claim.png","width":268,"height":258,"caption":"Contr\u00f4le f\u00e9d\u00e9ral des finances (CDF)"},"image":{"@id":"https:\/\/www.efk.admin.ch\/fr\/#\/schema\/logo\/image\/"},"sameAs":["https:\/\/www.instagram.com\/efk_cdf_sfao\/","https:\/\/www.youtube.com\/channel\/UCm-bXj227VE5sJzhB-ihdvw\/featured","https:\/\/www.linkedin.com\/company\/11081578\/"]}]}},"_links":{"self":[{"href":"https:\/\/www.efk.admin.ch\/fr\/wp-json\/wp\/v2\/audit\/39521","targetHints":{"allow":["GET"]}}],"collection":[{"href":"https:\/\/www.efk.admin.ch\/fr\/wp-json\/wp\/v2\/audit"}],"about":[{"href":"https:\/\/www.efk.admin.ch\/fr\/wp-json\/wp\/v2\/types\/audit"}],"acf:post":[{"embeddable":true,"href":"https:\/\/www.efk.admin.ch\/fr\/wp-json\/wp\/v2\/office\/22350"}],"wp:featuredmedia":[{"embeddable":true,"href":"https:\/\/www.efk.admin.ch\/fr\/wp-json\/wp\/v2\/media\/39519"}],"wp:attachment":[{"href":"https:\/\/www.efk.admin.ch\/fr\/wp-json\/wp\/v2\/media?parent=39521"}],"wp:term":[{"taxonomy":"audit_category","embeddable":true,"href":"https:\/\/www.efk.admin.ch\/fr\/wp-json\/wp\/v2\/audit_category?post=39521"},{"taxonomy":"audit_type","embeddable":true,"href":"https:\/\/www.efk.admin.ch\/fr\/wp-json\/wp\/v2\/audit_type?post=39521"}],"curies":[{"name":"wp","href":"https:\/\/api.w.org\/{rel}","templated":true}]}}