{"id":39129,"date":"2025-06-30T23:00:00","date_gmt":"2025-06-30T21:00:00","guid":{"rendered":"https:\/\/www.efk.admin.ch\/?post_type=audit&#038;p=39129"},"modified":"2025-06-26T09:09:28","modified_gmt":"2025-06-26T07:09:28","slug":"mesures-de-soutien-a-lautonomie-dans-le-logement-pour-les-personnes-en-situation-de-handicap","status":"publish","type":"audit","link":"https:\/\/www.efk.admin.ch\/fr\/audit\/mesures-de-soutien-a-lautonomie-dans-le-logement-pour-les-personnes-en-situation-de-handicap\/","title":{"rendered":"Mesures de soutien \u00e0 l\u2019autonomie dans le logement pour les personnes en situation de handicap"},"content":{"rendered":"\n<p>La Suisse a ratifi\u00e9 en 2014 la convention de l\u2019ONU relative aux droits des personnes handicap\u00e9es. Elle s\u2019est ainsi engag\u00e9e \u00e0 promouvoir l\u2019\u00e9galit\u00e9 des droits et l\u2019inclusion des personnes en situation de handicap, entre autres \u00e0 encourager leur autonomie dans le logement. Il s\u2019agit de mettre \u00e0 disposition des personnes concern\u00e9es une gamme de prestations de soutien \u00e0 domicile.<br><br>Tant les cantons que la Conf\u00e9d\u00e9ration ont des comp\u00e9tences dans ce domaine. Les cantons sont ainsi comp\u00e9tents pour l\u2019aide et les soins \u00e0 domicile des personnes en situation de handicap, et participent au financement des soins \u00e0 domicile. Le choix de financer ou non l\u2019aide \u00e0 domicile est laiss\u00e9 \u00e0 leur appr\u00e9ciation. Ils mettent aussi \u00e0 disposition les logements en institution et financent ceux-ci. L\u2019assurance invalidit\u00e9 (AI) soutient l\u2019autonomie des personnes invalides \u00e0 travers deux instruments principaux, l\u2019allocation pour impotent (API) et la contribution d\u2019assistance. Pour les assur\u00e9s adultes, les co\u00fbts de ces deux prestations repr\u00e9sentent plus de 400 millions de francs par an (environ 320 millions de francs pour l\u2019API et 90 millions de francs pour la contribution d\u2019assistance). Pour l\u2019ann\u00e9e 2023, ceci repr\u00e9sente environ 4 % des d\u00e9penses totales de l\u2019AI. Ce dispositif est compl\u00e9t\u00e9 par d\u2019autres prestations des assurances sociales et des cantons, par exemple le remboursement des frais de maladie et d\u2019invalidit\u00e9 dans le cadre des prestations compl\u00e9mentaires.<br><br>Le Contr\u00f4le f\u00e9d\u00e9ral des finances (CDF) a \u00e9valu\u00e9 la coh\u00e9rence des prestations octroy\u00e9es aux b\u00e9n\u00e9ficiaires adultes de l\u2019AI afin de favoriser leur autonomie dans le logement. Il s\u2019agissait d\u2019\u00e9valuer si le dispositif qu\u2019elles constituent dans leur globalit\u00e9 est con\u00e7u de mani\u00e8re \u00e0 favoriser l\u2019autonomie dans le logement, si l\u2019acc\u00e8s aux prestations est garanti pour les b\u00e9n\u00e9ficiaires, si la Conf\u00e9d\u00e9ration dispose des instruments de pilotage n\u00e9cessaires et si les prestations permettent aux b\u00e9n\u00e9ficiaires de vivre dans le logement de leur choix et au moindre co\u00fbt.<\/p>\n\n\n\n<figure class=\"wp-block-image size-large\"><img loading=\"lazy\" decoding=\"async\" width=\"1024\" height=\"683\" src=\"https:\/\/www.efk.admin.ch\/wp-content\/uploads\/publikationen\/berichte\/bildung_und_soziales\/sozialeversicherung_und_altersvorsorge\/24680\/handicap-1024x683.jpg\" alt=\"\" class=\"wp-image-39118\" srcset=\"https:\/\/www.efk.admin.ch\/wp-content\/uploads\/publikationen\/berichte\/bildung_und_soziales\/sozialeversicherung_und_altersvorsorge\/24680\/handicap-1024x683.jpg 1024w, https:\/\/www.efk.admin.ch\/wp-content\/uploads\/publikationen\/berichte\/bildung_und_soziales\/sozialeversicherung_und_altersvorsorge\/24680\/handicap-300x200.jpg 300w, https:\/\/www.efk.admin.ch\/wp-content\/uploads\/publikationen\/berichte\/bildung_und_soziales\/sozialeversicherung_und_altersvorsorge\/24680\/handicap-768x512.jpg 768w, https:\/\/www.efk.admin.ch\/wp-content\/uploads\/publikationen\/berichte\/bildung_und_soziales\/sozialeversicherung_und_altersvorsorge\/24680\/handicap-1536x1024.jpg 1536w, https:\/\/www.efk.admin.ch\/wp-content\/uploads\/publikationen\/berichte\/bildung_und_soziales\/sozialeversicherung_und_altersvorsorge\/24680\/handicap-2048x1366.jpg 2048w, https:\/\/www.efk.admin.ch\/wp-content\/uploads\/publikationen\/berichte\/bildung_und_soziales\/sozialeversicherung_und_altersvorsorge\/24680\/handicap.jpg 1680w\" sizes=\"auto, (max-width: 1024px) 100vw, 1024px\" \/><\/figure>\n","protected":false},"featured_media":39120,"menu_order":0,"template":"","audit_category":[35],"audit_type":[205],"class_list":["post-39129","audit","type-audit","status-publish","has-post-thumbnail","hentry","audit_category-assurances-sociales-et-prevoyance-vieillesse","audit_type-evaluation-fr"],"acf":{"audit_lang":null,"audit_numbers":[{"audit_number":"24680"}],"audit_office":[7907,39125],"audit_office_text":"","audit_date":"20250630","bgo":false,"keywords":"","audit_office_local":""},"yoast_head":"<!-- This site is optimized with the Yoast SEO Premium plugin v27.4 (Yoast SEO v27.4) - https:\/\/yoast.com\/product\/yoast-seo-premium-wordpress\/ -->\n<title>Mesures de soutien \u00e0 l\u2019autonomie dans le logement pour les personnes en situation de handicap - Contr\u00f4le f\u00e9d\u00e9ral des finances (CDF)<\/title>\n<meta name=\"description\" content=\"Mesures de soutien \u00e0 l\u2019autonomie dans le logement pour les personnes en situation de handicap\" \/>\n<meta name=\"robots\" content=\"index, follow, max-snippet:-1, max-image-preview:large, max-video-preview:-1\" \/>\n<link rel=\"canonical\" href=\"https:\/\/www.efk.admin.ch\/fr\/audit\/mesures-de-soutien-a-lautonomie-dans-le-logement-pour-les-personnes-en-situation-de-handicap\/\" \/>\n<meta property=\"og:locale\" content=\"fr_FR\" \/>\n<meta property=\"og:type\" content=\"article\" \/>\n<meta property=\"og:title\" content=\"Mesures de soutien \u00e0 l\u2019autonomie dans le logement pour les personnes en situation de handicap\" \/>\n<meta property=\"og:description\" content=\"Mesures de soutien \u00e0 l\u2019autonomie dans le logement pour les personnes en situation de handicap\" \/>\n<meta property=\"og:url\" content=\"https:\/\/www.efk.admin.ch\/fr\/audit\/mesures-de-soutien-a-lautonomie-dans-le-logement-pour-les-personnes-en-situation-de-handicap\/\" \/>\n<meta property=\"og:site_name\" content=\"Contr\u00f4le f\u00e9d\u00e9ral des finances (CDF)\" \/>\n<meta property=\"og:image\" content=\"https:\/\/www.efk.admin.ch\/wp-content\/uploads\/publikationen\/berichte\/bildung_und_soziales\/sozialeversicherung_und_altersvorsorge\/24680\/handicap.jpg\" \/>\n\t<meta property=\"og:image:width\" content=\"1680\" \/>\n\t<meta property=\"og:image:height\" content=\"1121\" \/>\n\t<meta property=\"og:image:type\" content=\"image\/jpeg\" \/>\n<meta name=\"twitter:card\" content=\"summary_large_image\" \/>\n<meta name=\"twitter:label1\" content=\"Dur\u00e9e de lecture estim\u00e9e\" \/>\n\t<meta name=\"twitter:data1\" content=\"3 minutes\" \/>\n<script type=\"application\/ld+json\" class=\"yoast-schema-graph\">{\"@context\":\"https:\\\/\\\/schema.org\",\"@graph\":[{\"@type\":\"WebPage\",\"@id\":\"https:\\\/\\\/www.efk.admin.ch\\\/fr\\\/audit\\\/mesures-de-soutien-a-lautonomie-dans-le-logement-pour-les-personnes-en-situation-de-handicap\\\/\",\"url\":\"https:\\\/\\\/www.efk.admin.ch\\\/fr\\\/audit\\\/mesures-de-soutien-a-lautonomie-dans-le-logement-pour-les-personnes-en-situation-de-handicap\\\/\",\"name\":\"Mesures de soutien \u00e0 l\u2019autonomie dans le logement pour les personnes en situation de handicap - Contr\u00f4le f\u00e9d\u00e9ral des finances (CDF)\",\"isPartOf\":{\"@id\":\"https:\\\/\\\/www.efk.admin.ch\\\/fr\\\/#website\"},\"primaryImageOfPage\":{\"@id\":\"https:\\\/\\\/www.efk.admin.ch\\\/fr\\\/audit\\\/mesures-de-soutien-a-lautonomie-dans-le-logement-pour-les-personnes-en-situation-de-handicap\\\/#primaryimage\"},\"image\":{\"@id\":\"https:\\\/\\\/www.efk.admin.ch\\\/fr\\\/audit\\\/mesures-de-soutien-a-lautonomie-dans-le-logement-pour-les-personnes-en-situation-de-handicap\\\/#primaryimage\"},\"thumbnailUrl\":\"https:\\\/\\\/www.efk.admin.ch\\\/wp-content\\\/uploads\\\/publikationen\\\/berichte\\\/bildung_und_soziales\\\/sozialeversicherung_und_altersvorsorge\\\/24680\\\/handicap.jpg\",\"datePublished\":\"2025-06-30T21:00:00+00:00\",\"description\":\"Mesures de soutien \u00e0 l\u2019autonomie dans le logement pour les personnes en situation de handicap\",\"breadcrumb\":{\"@id\":\"https:\\\/\\\/www.efk.admin.ch\\\/fr\\\/audit\\\/mesures-de-soutien-a-lautonomie-dans-le-logement-pour-les-personnes-en-situation-de-handicap\\\/#breadcrumb\"},\"inLanguage\":\"fr-FR\",\"potentialAction\":[{\"@type\":\"ReadAction\",\"target\":[\"https:\\\/\\\/www.efk.admin.ch\\\/fr\\\/audit\\\/mesures-de-soutien-a-lautonomie-dans-le-logement-pour-les-personnes-en-situation-de-handicap\\\/\"]}]},{\"@type\":\"ImageObject\",\"inLanguage\":\"fr-FR\",\"@id\":\"https:\\\/\\\/www.efk.admin.ch\\\/fr\\\/audit\\\/mesures-de-soutien-a-lautonomie-dans-le-logement-pour-les-personnes-en-situation-de-handicap\\\/#primaryimage\",\"url\":\"https:\\\/\\\/www.efk.admin.ch\\\/wp-content\\\/uploads\\\/publikationen\\\/berichte\\\/bildung_und_soziales\\\/sozialeversicherung_und_altersvorsorge\\\/24680\\\/handicap.jpg\",\"contentUrl\":\"https:\\\/\\\/www.efk.admin.ch\\\/wp-content\\\/uploads\\\/publikationen\\\/berichte\\\/bildung_und_soziales\\\/sozialeversicherung_und_altersvorsorge\\\/24680\\\/handicap.jpg\",\"width\":1680,\"height\":1121},{\"@type\":\"BreadcrumbList\",\"@id\":\"https:\\\/\\\/www.efk.admin.ch\\\/fr\\\/audit\\\/mesures-de-soutien-a-lautonomie-dans-le-logement-pour-les-personnes-en-situation-de-handicap\\\/#breadcrumb\",\"itemListElement\":[{\"@type\":\"ListItem\",\"position\":1,\"name\":\"Home\",\"item\":\"https:\\\/\\\/www.efk.admin.ch\\\/fr\\\/\"},{\"@type\":\"ListItem\",\"position\":2,\"name\":\"Rapport\",\"item\":\"https:\\\/\\\/www.efk.admin.ch\\\/fr\\\/audit\\\/\"},{\"@type\":\"ListItem\",\"position\":3,\"name\":\"Mesures de soutien \u00e0 l\u2019autonomie dans le logement pour les personnes en situation de handicap\"}]},{\"@type\":\"WebSite\",\"@id\":\"https:\\\/\\\/www.efk.admin.ch\\\/fr\\\/#website\",\"url\":\"https:\\\/\\\/www.efk.admin.ch\\\/fr\\\/\",\"name\":\"Informationen \u00fcber das oberste Finanzaufsichtsorgan der Schweiz\",\"description\":\"Le Contr\u00f4le f\u00e9d\u00e9ral des finances (CDF) est l'organe supr\u00eame de surveillance financi\u00e8re de la Conf\u00e9d\u00e9ration suisse.\",\"publisher\":{\"@id\":\"https:\\\/\\\/www.efk.admin.ch\\\/fr\\\/#organization\"},\"alternateName\":\"EFK\",\"potentialAction\":[{\"@type\":\"SearchAction\",\"target\":{\"@type\":\"EntryPoint\",\"urlTemplate\":\"https:\\\/\\\/www.efk.admin.ch\\\/fr\\\/?s={search_term_string}\"},\"query-input\":{\"@type\":\"PropertyValueSpecification\",\"valueRequired\":true,\"valueName\":\"search_term_string\"}}],\"inLanguage\":\"fr-FR\"},{\"@type\":\"Organization\",\"@id\":\"https:\\\/\\\/www.efk.admin.ch\\\/fr\\\/#organization\",\"name\":\"Contr\u00f4le f\u00e9d\u00e9ral des finances (CDF)\",\"alternateName\":\"EFK\",\"url\":\"https:\\\/\\\/www.efk.admin.ch\\\/fr\\\/\",\"logo\":{\"@type\":\"ImageObject\",\"inLanguage\":\"fr-FR\",\"@id\":\"https:\\\/\\\/www.efk.admin.ch\\\/fr\\\/#\\\/schema\\\/logo\\\/image\\\/\",\"url\":\"https:\\\/\\\/www.efk.admin.ch\\\/wp-content\\\/uploads\\\/efk_cdf_logo_ohne_claim.png\",\"contentUrl\":\"https:\\\/\\\/www.efk.admin.ch\\\/wp-content\\\/uploads\\\/efk_cdf_logo_ohne_claim.png\",\"width\":268,\"height\":258,\"caption\":\"Contr\u00f4le f\u00e9d\u00e9ral des finances (CDF)\"},\"image\":{\"@id\":\"https:\\\/\\\/www.efk.admin.ch\\\/fr\\\/#\\\/schema\\\/logo\\\/image\\\/\"},\"sameAs\":[\"https:\\\/\\\/www.instagram.com\\\/efk_cdf_sfao\\\/\",\"https:\\\/\\\/www.youtube.com\\\/channel\\\/UCm-bXj227VE5sJzhB-ihdvw\\\/featured\",\"https:\\\/\\\/www.linkedin.com\\\/company\\\/11081578\\\/\"]}]}<\/script>\n<!-- \/ Yoast SEO Premium plugin. -->","yoast_head_json":{"title":"Mesures de soutien \u00e0 l\u2019autonomie dans le logement pour les personnes en situation de handicap - Contr\u00f4le f\u00e9d\u00e9ral des finances (CDF)","description":"Mesures de soutien \u00e0 l\u2019autonomie dans le logement pour les personnes en situation de handicap","robots":{"index":"index","follow":"follow","max-snippet":"max-snippet:-1","max-image-preview":"max-image-preview:large","max-video-preview":"max-video-preview:-1"},"canonical":"https:\/\/www.efk.admin.ch\/fr\/audit\/mesures-de-soutien-a-lautonomie-dans-le-logement-pour-les-personnes-en-situation-de-handicap\/","og_locale":"fr_FR","og_type":"article","og_title":"Mesures de soutien \u00e0 l\u2019autonomie dans le logement pour les personnes en situation de handicap","og_description":"Mesures de soutien \u00e0 l\u2019autonomie dans le logement pour les personnes en situation de handicap","og_url":"https:\/\/www.efk.admin.ch\/fr\/audit\/mesures-de-soutien-a-lautonomie-dans-le-logement-pour-les-personnes-en-situation-de-handicap\/","og_site_name":"Contr\u00f4le f\u00e9d\u00e9ral des finances (CDF)","og_image":[{"width":1680,"height":1121,"url":"https:\/\/www.efk.admin.ch\/wp-content\/uploads\/publikationen\/berichte\/bildung_und_soziales\/sozialeversicherung_und_altersvorsorge\/24680\/handicap.jpg","type":"image\/jpeg"}],"twitter_card":"summary_large_image","twitter_misc":{"Dur\u00e9e de lecture estim\u00e9e":"3 minutes"},"schema":{"@context":"https:\/\/schema.org","@graph":[{"@type":"WebPage","@id":"https:\/\/www.efk.admin.ch\/fr\/audit\/mesures-de-soutien-a-lautonomie-dans-le-logement-pour-les-personnes-en-situation-de-handicap\/","url":"https:\/\/www.efk.admin.ch\/fr\/audit\/mesures-de-soutien-a-lautonomie-dans-le-logement-pour-les-personnes-en-situation-de-handicap\/","name":"Mesures de soutien \u00e0 l\u2019autonomie dans le logement pour les personnes en situation de handicap - Contr\u00f4le f\u00e9d\u00e9ral des finances (CDF)","isPartOf":{"@id":"https:\/\/www.efk.admin.ch\/fr\/#website"},"primaryImageOfPage":{"@id":"https:\/\/www.efk.admin.ch\/fr\/audit\/mesures-de-soutien-a-lautonomie-dans-le-logement-pour-les-personnes-en-situation-de-handicap\/#primaryimage"},"image":{"@id":"https:\/\/www.efk.admin.ch\/fr\/audit\/mesures-de-soutien-a-lautonomie-dans-le-logement-pour-les-personnes-en-situation-de-handicap\/#primaryimage"},"thumbnailUrl":"https:\/\/www.efk.admin.ch\/wp-content\/uploads\/publikationen\/berichte\/bildung_und_soziales\/sozialeversicherung_und_altersvorsorge\/24680\/handicap.jpg","datePublished":"2025-06-30T21:00:00+00:00","description":"Mesures de soutien \u00e0 l\u2019autonomie dans le logement pour les personnes en situation de handicap","breadcrumb":{"@id":"https:\/\/www.efk.admin.ch\/fr\/audit\/mesures-de-soutien-a-lautonomie-dans-le-logement-pour-les-personnes-en-situation-de-handicap\/#breadcrumb"},"inLanguage":"fr-FR","potentialAction":[{"@type":"ReadAction","target":["https:\/\/www.efk.admin.ch\/fr\/audit\/mesures-de-soutien-a-lautonomie-dans-le-logement-pour-les-personnes-en-situation-de-handicap\/"]}]},{"@type":"ImageObject","inLanguage":"fr-FR","@id":"https:\/\/www.efk.admin.ch\/fr\/audit\/mesures-de-soutien-a-lautonomie-dans-le-logement-pour-les-personnes-en-situation-de-handicap\/#primaryimage","url":"https:\/\/www.efk.admin.ch\/wp-content\/uploads\/publikationen\/berichte\/bildung_und_soziales\/sozialeversicherung_und_altersvorsorge\/24680\/handicap.jpg","contentUrl":"https:\/\/www.efk.admin.ch\/wp-content\/uploads\/publikationen\/berichte\/bildung_und_soziales\/sozialeversicherung_und_altersvorsorge\/24680\/handicap.jpg","width":1680,"height":1121},{"@type":"BreadcrumbList","@id":"https:\/\/www.efk.admin.ch\/fr\/audit\/mesures-de-soutien-a-lautonomie-dans-le-logement-pour-les-personnes-en-situation-de-handicap\/#breadcrumb","itemListElement":[{"@type":"ListItem","position":1,"name":"Home","item":"https:\/\/www.efk.admin.ch\/fr\/"},{"@type":"ListItem","position":2,"name":"Rapport","item":"https:\/\/www.efk.admin.ch\/fr\/audit\/"},{"@type":"ListItem","position":3,"name":"Mesures de soutien \u00e0 l\u2019autonomie dans le logement pour les personnes en situation de handicap"}]},{"@type":"WebSite","@id":"https:\/\/www.efk.admin.ch\/fr\/#website","url":"https:\/\/www.efk.admin.ch\/fr\/","name":"Informationen \u00fcber das oberste Finanzaufsichtsorgan der Schweiz","description":"Le Contr\u00f4le f\u00e9d\u00e9ral des finances (CDF) est l'organe supr\u00eame de surveillance financi\u00e8re de la Conf\u00e9d\u00e9ration suisse.","publisher":{"@id":"https:\/\/www.efk.admin.ch\/fr\/#organization"},"alternateName":"EFK","potentialAction":[{"@type":"SearchAction","target":{"@type":"EntryPoint","urlTemplate":"https:\/\/www.efk.admin.ch\/fr\/?s={search_term_string}"},"query-input":{"@type":"PropertyValueSpecification","valueRequired":true,"valueName":"search_term_string"}}],"inLanguage":"fr-FR"},{"@type":"Organization","@id":"https:\/\/www.efk.admin.ch\/fr\/#organization","name":"Contr\u00f4le f\u00e9d\u00e9ral des finances (CDF)","alternateName":"EFK","url":"https:\/\/www.efk.admin.ch\/fr\/","logo":{"@type":"ImageObject","inLanguage":"fr-FR","@id":"https:\/\/www.efk.admin.ch\/fr\/#\/schema\/logo\/image\/","url":"https:\/\/www.efk.admin.ch\/wp-content\/uploads\/efk_cdf_logo_ohne_claim.png","contentUrl":"https:\/\/www.efk.admin.ch\/wp-content\/uploads\/efk_cdf_logo_ohne_claim.png","width":268,"height":258,"caption":"Contr\u00f4le f\u00e9d\u00e9ral des finances (CDF)"},"image":{"@id":"https:\/\/www.efk.admin.ch\/fr\/#\/schema\/logo\/image\/"},"sameAs":["https:\/\/www.instagram.com\/efk_cdf_sfao\/","https:\/\/www.youtube.com\/channel\/UCm-bXj227VE5sJzhB-ihdvw\/featured","https:\/\/www.linkedin.com\/company\/11081578\/"]}]}},"_links":{"self":[{"href":"https:\/\/www.efk.admin.ch\/fr\/wp-json\/wp\/v2\/audit\/39129","targetHints":{"allow":["GET"]}}],"collection":[{"href":"https:\/\/www.efk.admin.ch\/fr\/wp-json\/wp\/v2\/audit"}],"about":[{"href":"https:\/\/www.efk.admin.ch\/fr\/wp-json\/wp\/v2\/types\/audit"}],"acf:post":[{"embeddable":true,"href":"https:\/\/www.efk.admin.ch\/fr\/wp-json\/wp\/v2\/office\/39125"},{"embeddable":true,"href":"https:\/\/www.efk.admin.ch\/fr\/wp-json\/wp\/v2\/office\/7907"}],"wp:featuredmedia":[{"embeddable":true,"href":"https:\/\/www.efk.admin.ch\/fr\/wp-json\/wp\/v2\/media\/39120"}],"wp:attachment":[{"href":"https:\/\/www.efk.admin.ch\/fr\/wp-json\/wp\/v2\/media?parent=39129"}],"wp:term":[{"taxonomy":"audit_category","embeddable":true,"href":"https:\/\/www.efk.admin.ch\/fr\/wp-json\/wp\/v2\/audit_category?post=39129"},{"taxonomy":"audit_type","embeddable":true,"href":"https:\/\/www.efk.admin.ch\/fr\/wp-json\/wp\/v2\/audit_type?post=39129"}],"curies":[{"name":"wp","href":"https:\/\/api.w.org\/{rel}","templated":true}]}}