{"id":38205,"date":"2025-05-12T23:00:00","date_gmt":"2025-05-12T21:00:00","guid":{"rendered":"https:\/\/www.efk.admin.ch\/?post_type=audit&#038;p=38205"},"modified":"2025-05-12T07:37:31","modified_gmt":"2025-05-12T05:37:31","slug":"evacuation-de-lancien-depot-de-munitions-de-larmee-a-mitholz","status":"publish","type":"audit","link":"https:\/\/www.efk.admin.ch\/fr\/audit\/evacuation-de-lancien-depot-de-munitions-de-larmee-a-mitholz\/","title":{"rendered":"\u00c9vacuation de l&#8217;ancien d\u00e9p\u00f4t de munitions de l&#8217;arm\u00e9e \u00e0 Mitholz"},"content":{"rendered":"\n<p>Pendant la Seconde Guerre mondiale, l\u2019Arm\u00e9e suisse a construit un d\u00e9p\u00f4t souterrain de munitions \u00e0 Mitholz, dans le canton de Berne. En d\u00e9cembre 1947, plusieurs explosions sont survenues dans l\u2019installation. Des sp\u00e9cialistes estiment que jusqu\u2019\u00e0 3500 tonnes brutes de munitions, soit plusieurs centaines de tonnes de mati\u00e8res explosives, se trouvent encore dans les parties ensevelies de l\u2019installation et dans le c\u00f4ne d\u2019\u00e9boulis. En 2018, une \u00e9tude r\u00e9alis\u00e9e sur mandat du D\u00e9partement f\u00e9d\u00e9ral de la d\u00e9fense, de la protection de la population et des sports (DDPS) a r\u00e9v\u00e9l\u00e9 que le risque pour la population alentour et pour l\u2019environnement est plus \u00e9lev\u00e9 que ce qui avait \u00e9t\u00e9 suppos\u00e9 jusqu\u2019\u00e0 pr\u00e9sent.<br><br>Dans son message du 16 novembre 2022 sur un cr\u00e9dit d\u2019engagement pour l\u2019\u00e9limination des munitions de l\u2019ancien d\u00e9p\u00f4t de Mitholz, le Conseil f\u00e9d\u00e9ral a sollicit\u00e9 un cr\u00e9dit d\u2019engagement de 2,59 milliards de francs, approuv\u00e9 par les Chambres f\u00e9d\u00e9rales en 2023. Le projet rel\u00e8ve du secr\u00e9tariat g\u00e9n\u00e9ral du DDPS (SG-DDPS).<br><br>Le Contr\u00f4le f\u00e9d\u00e9ral des finances (CDF) a examin\u00e9 la direction et le pilotage de ce projet et des autres projets associ\u00e9s. Si les r\u00e9sultats de l\u2019audit pr\u00e9sentent un tableau globalement positif, le CDF voit n\u00e9anmoins des points \u00e0 am\u00e9liorer, notamment sur le plan de la gestion des risques et de la qualit\u00e9, ainsi qu\u2019au niveau de la coh\u00e9sion entre les divers acteurs. Par manque d\u2019informations exactes, l\u2019entreprise reste grev\u00e9e d\u2019incertitudes et le risque ne s\u2019att\u00e9nuera que lentement, \u00e0 mesure que les travaux progressent.<\/p>\n\n\n\n<figure class=\"wp-block-image size-large\"><img loading=\"lazy\" decoding=\"async\" width=\"1024\" height=\"575\" src=\"https:\/\/www.efk.admin.ch\/wp-content\/uploads\/publikationen\/berichte\/sicherheit_und_umwelt\/verteidigung_und_armee\/24137\/mitholz_web-1024x575.jpg\" alt=\"\" class=\"wp-image-38144\" srcset=\"https:\/\/www.efk.admin.ch\/wp-content\/uploads\/publikationen\/berichte\/sicherheit_und_umwelt\/verteidigung_und_armee\/24137\/mitholz_web-1024x575.jpg 1024w, https:\/\/www.efk.admin.ch\/wp-content\/uploads\/publikationen\/berichte\/sicherheit_und_umwelt\/verteidigung_und_armee\/24137\/mitholz_web-300x168.jpg 300w, https:\/\/www.efk.admin.ch\/wp-content\/uploads\/publikationen\/berichte\/sicherheit_und_umwelt\/verteidigung_und_armee\/24137\/mitholz_web-768x432.jpg 768w, https:\/\/www.efk.admin.ch\/wp-content\/uploads\/publikationen\/berichte\/sicherheit_und_umwelt\/verteidigung_und_armee\/24137\/mitholz_web-1536x863.jpg 1536w, https:\/\/www.efk.admin.ch\/wp-content\/uploads\/publikationen\/berichte\/sicherheit_und_umwelt\/verteidigung_und_armee\/24137\/mitholz_web-2048x1151.jpg 2048w, https:\/\/www.efk.admin.ch\/wp-content\/uploads\/publikationen\/berichte\/sicherheit_und_umwelt\/verteidigung_und_armee\/24137\/mitholz_web.jpg 1300w\" sizes=\"auto, (max-width: 1024px) 100vw, 1024px\" \/><\/figure>\n\n\n\n<p><\/p>\n","protected":false},"featured_media":0,"menu_order":0,"template":"","audit_category":[39],"audit_type":[52],"class_list":["post-38205","audit","type-audit","status-publish","hentry","audit_category-defense-et-armee","audit_type-audit-fr"],"acf":{"audit_lang":null,"audit_numbers":[{"audit_number":"24137"}],"audit_office":[8039],"audit_office_text":"","audit_date":"20250512","bgo":false,"keywords":"","audit_office_local":""},"yoast_head":"<!-- This site is optimized with the Yoast SEO Premium plugin v27.4 (Yoast SEO v27.4) - https:\/\/yoast.com\/product\/yoast-seo-premium-wordpress\/ -->\n<title>\u00c9vacuation de l&#039;ancien d\u00e9p\u00f4t de munitions de l&#039;arm\u00e9e \u00e0 Mitholz - Contr\u00f4le f\u00e9d\u00e9ral des finances (CDF)<\/title>\n<meta name=\"description\" content=\"\u00c9vacuation de l&#039;ancien d\u00e9p\u00f4t de munitions de l&#039;arm\u00e9e \u00e0 Mitholz\" \/>\n<meta name=\"robots\" content=\"index, follow, max-snippet:-1, max-image-preview:large, max-video-preview:-1\" \/>\n<link rel=\"canonical\" href=\"https:\/\/www.efk.admin.ch\/fr\/audit\/evacuation-de-lancien-depot-de-munitions-de-larmee-a-mitholz\/\" \/>\n<meta property=\"og:locale\" content=\"fr_FR\" \/>\n<meta property=\"og:type\" content=\"article\" \/>\n<meta property=\"og:title\" content=\"\u00c9vacuation de l&#039;ancien d\u00e9p\u00f4t de munitions de l&#039;arm\u00e9e \u00e0 Mitholz\" \/>\n<meta property=\"og:description\" content=\"\u00c9vacuation de l&#039;ancien d\u00e9p\u00f4t de munitions de l&#039;arm\u00e9e \u00e0 Mitholz\" \/>\n<meta property=\"og:url\" content=\"https:\/\/www.efk.admin.ch\/fr\/audit\/evacuation-de-lancien-depot-de-munitions-de-larmee-a-mitholz\/\" \/>\n<meta property=\"og:site_name\" content=\"Contr\u00f4le f\u00e9d\u00e9ral des finances (CDF)\" \/>\n<meta property=\"og:image\" content=\"https:\/\/www.efk.admin.ch\/wp-content\/uploads\/publikationen\/berichte\/sicherheit_und_umwelt\/verteidigung_und_armee\/24137\/mitholz_web.jpg\" \/>\n\t<meta property=\"og:image:width\" content=\"1300\" \/>\n\t<meta property=\"og:image:height\" content=\"731\" \/>\n\t<meta property=\"og:image:type\" content=\"image\/jpeg\" \/>\n<meta name=\"twitter:card\" content=\"summary_large_image\" \/>\n<meta name=\"twitter:label1\" content=\"Dur\u00e9e de lecture estim\u00e9e\" \/>\n\t<meta name=\"twitter:data1\" content=\"2 minutes\" \/>\n<script type=\"application\/ld+json\" class=\"yoast-schema-graph\">{\"@context\":\"https:\\\/\\\/schema.org\",\"@graph\":[{\"@type\":\"WebPage\",\"@id\":\"https:\\\/\\\/www.efk.admin.ch\\\/fr\\\/audit\\\/evacuation-de-lancien-depot-de-munitions-de-larmee-a-mitholz\\\/\",\"url\":\"https:\\\/\\\/www.efk.admin.ch\\\/fr\\\/audit\\\/evacuation-de-lancien-depot-de-munitions-de-larmee-a-mitholz\\\/\",\"name\":\"\u00c9vacuation de l'ancien d\u00e9p\u00f4t de munitions de l'arm\u00e9e \u00e0 Mitholz - Contr\u00f4le f\u00e9d\u00e9ral des finances (CDF)\",\"isPartOf\":{\"@id\":\"https:\\\/\\\/www.efk.admin.ch\\\/fr\\\/#website\"},\"primaryImageOfPage\":{\"@id\":\"https:\\\/\\\/www.efk.admin.ch\\\/fr\\\/audit\\\/evacuation-de-lancien-depot-de-munitions-de-larmee-a-mitholz\\\/#primaryimage\"},\"image\":{\"@id\":\"https:\\\/\\\/www.efk.admin.ch\\\/fr\\\/audit\\\/evacuation-de-lancien-depot-de-munitions-de-larmee-a-mitholz\\\/#primaryimage\"},\"thumbnailUrl\":\"https:\\\/\\\/www.efk.admin.ch\\\/wp-content\\\/uploads\\\/publikationen\\\/berichte\\\/sicherheit_und_umwelt\\\/verteidigung_und_armee\\\/24137\\\/mitholz_web-1024x575.jpg\",\"datePublished\":\"2025-05-12T21:00:00+00:00\",\"description\":\"\u00c9vacuation de l'ancien d\u00e9p\u00f4t de munitions de l'arm\u00e9e \u00e0 Mitholz\",\"breadcrumb\":{\"@id\":\"https:\\\/\\\/www.efk.admin.ch\\\/fr\\\/audit\\\/evacuation-de-lancien-depot-de-munitions-de-larmee-a-mitholz\\\/#breadcrumb\"},\"inLanguage\":\"fr-FR\",\"potentialAction\":[{\"@type\":\"ReadAction\",\"target\":[\"https:\\\/\\\/www.efk.admin.ch\\\/fr\\\/audit\\\/evacuation-de-lancien-depot-de-munitions-de-larmee-a-mitholz\\\/\"]}]},{\"@type\":\"ImageObject\",\"inLanguage\":\"fr-FR\",\"@id\":\"https:\\\/\\\/www.efk.admin.ch\\\/fr\\\/audit\\\/evacuation-de-lancien-depot-de-munitions-de-larmee-a-mitholz\\\/#primaryimage\",\"url\":\"https:\\\/\\\/www.efk.admin.ch\\\/wp-content\\\/uploads\\\/publikationen\\\/berichte\\\/sicherheit_und_umwelt\\\/verteidigung_und_armee\\\/24137\\\/mitholz_web-1024x575.jpg\",\"contentUrl\":\"https:\\\/\\\/www.efk.admin.ch\\\/wp-content\\\/uploads\\\/publikationen\\\/berichte\\\/sicherheit_und_umwelt\\\/verteidigung_und_armee\\\/24137\\\/mitholz_web-1024x575.jpg\"},{\"@type\":\"BreadcrumbList\",\"@id\":\"https:\\\/\\\/www.efk.admin.ch\\\/fr\\\/audit\\\/evacuation-de-lancien-depot-de-munitions-de-larmee-a-mitholz\\\/#breadcrumb\",\"itemListElement\":[{\"@type\":\"ListItem\",\"position\":1,\"name\":\"Home\",\"item\":\"https:\\\/\\\/www.efk.admin.ch\\\/fr\\\/\"},{\"@type\":\"ListItem\",\"position\":2,\"name\":\"Rapport\",\"item\":\"https:\\\/\\\/www.efk.admin.ch\\\/fr\\\/audit\\\/\"},{\"@type\":\"ListItem\",\"position\":3,\"name\":\"\u00c9vacuation de l&#8217;ancien d\u00e9p\u00f4t de munitions de l&#8217;arm\u00e9e \u00e0 Mitholz\"}]},{\"@type\":\"WebSite\",\"@id\":\"https:\\\/\\\/www.efk.admin.ch\\\/fr\\\/#website\",\"url\":\"https:\\\/\\\/www.efk.admin.ch\\\/fr\\\/\",\"name\":\"Informationen \u00fcber das oberste Finanzaufsichtsorgan der Schweiz\",\"description\":\"Le Contr\u00f4le f\u00e9d\u00e9ral des finances (CDF) est l'organe supr\u00eame de surveillance financi\u00e8re de la Conf\u00e9d\u00e9ration suisse.\",\"publisher\":{\"@id\":\"https:\\\/\\\/www.efk.admin.ch\\\/fr\\\/#organization\"},\"alternateName\":\"EFK\",\"potentialAction\":[{\"@type\":\"SearchAction\",\"target\":{\"@type\":\"EntryPoint\",\"urlTemplate\":\"https:\\\/\\\/www.efk.admin.ch\\\/fr\\\/?s={search_term_string}\"},\"query-input\":{\"@type\":\"PropertyValueSpecification\",\"valueRequired\":true,\"valueName\":\"search_term_string\"}}],\"inLanguage\":\"fr-FR\"},{\"@type\":\"Organization\",\"@id\":\"https:\\\/\\\/www.efk.admin.ch\\\/fr\\\/#organization\",\"name\":\"Contr\u00f4le f\u00e9d\u00e9ral des finances (CDF)\",\"alternateName\":\"EFK\",\"url\":\"https:\\\/\\\/www.efk.admin.ch\\\/fr\\\/\",\"logo\":{\"@type\":\"ImageObject\",\"inLanguage\":\"fr-FR\",\"@id\":\"https:\\\/\\\/www.efk.admin.ch\\\/fr\\\/#\\\/schema\\\/logo\\\/image\\\/\",\"url\":\"https:\\\/\\\/www.efk.admin.ch\\\/wp-content\\\/uploads\\\/efk_cdf_logo_ohne_claim.png\",\"contentUrl\":\"https:\\\/\\\/www.efk.admin.ch\\\/wp-content\\\/uploads\\\/efk_cdf_logo_ohne_claim.png\",\"width\":268,\"height\":258,\"caption\":\"Contr\u00f4le f\u00e9d\u00e9ral des finances (CDF)\"},\"image\":{\"@id\":\"https:\\\/\\\/www.efk.admin.ch\\\/fr\\\/#\\\/schema\\\/logo\\\/image\\\/\"},\"sameAs\":[\"https:\\\/\\\/www.instagram.com\\\/efk_cdf_sfao\\\/\",\"https:\\\/\\\/www.youtube.com\\\/channel\\\/UCm-bXj227VE5sJzhB-ihdvw\\\/featured\",\"https:\\\/\\\/www.linkedin.com\\\/company\\\/11081578\\\/\"]}]}<\/script>\n<!-- \/ Yoast SEO Premium plugin. -->","yoast_head_json":{"title":"\u00c9vacuation de l'ancien d\u00e9p\u00f4t de munitions de l'arm\u00e9e \u00e0 Mitholz - Contr\u00f4le f\u00e9d\u00e9ral des finances (CDF)","description":"\u00c9vacuation de l'ancien d\u00e9p\u00f4t de munitions de l'arm\u00e9e \u00e0 Mitholz","robots":{"index":"index","follow":"follow","max-snippet":"max-snippet:-1","max-image-preview":"max-image-preview:large","max-video-preview":"max-video-preview:-1"},"canonical":"https:\/\/www.efk.admin.ch\/fr\/audit\/evacuation-de-lancien-depot-de-munitions-de-larmee-a-mitholz\/","og_locale":"fr_FR","og_type":"article","og_title":"\u00c9vacuation de l'ancien d\u00e9p\u00f4t de munitions de l'arm\u00e9e \u00e0 Mitholz","og_description":"\u00c9vacuation de l'ancien d\u00e9p\u00f4t de munitions de l'arm\u00e9e \u00e0 Mitholz","og_url":"https:\/\/www.efk.admin.ch\/fr\/audit\/evacuation-de-lancien-depot-de-munitions-de-larmee-a-mitholz\/","og_site_name":"Contr\u00f4le f\u00e9d\u00e9ral des finances (CDF)","og_image":[{"width":1300,"height":731,"url":"https:\/\/www.efk.admin.ch\/wp-content\/uploads\/publikationen\/berichte\/sicherheit_und_umwelt\/verteidigung_und_armee\/24137\/mitholz_web.jpg","type":"image\/jpeg"}],"twitter_card":"summary_large_image","twitter_misc":{"Dur\u00e9e de lecture estim\u00e9e":"2 minutes"},"schema":{"@context":"https:\/\/schema.org","@graph":[{"@type":"WebPage","@id":"https:\/\/www.efk.admin.ch\/fr\/audit\/evacuation-de-lancien-depot-de-munitions-de-larmee-a-mitholz\/","url":"https:\/\/www.efk.admin.ch\/fr\/audit\/evacuation-de-lancien-depot-de-munitions-de-larmee-a-mitholz\/","name":"\u00c9vacuation de l'ancien d\u00e9p\u00f4t de munitions de l'arm\u00e9e \u00e0 Mitholz - Contr\u00f4le f\u00e9d\u00e9ral des finances (CDF)","isPartOf":{"@id":"https:\/\/www.efk.admin.ch\/fr\/#website"},"primaryImageOfPage":{"@id":"https:\/\/www.efk.admin.ch\/fr\/audit\/evacuation-de-lancien-depot-de-munitions-de-larmee-a-mitholz\/#primaryimage"},"image":{"@id":"https:\/\/www.efk.admin.ch\/fr\/audit\/evacuation-de-lancien-depot-de-munitions-de-larmee-a-mitholz\/#primaryimage"},"thumbnailUrl":"https:\/\/www.efk.admin.ch\/wp-content\/uploads\/publikationen\/berichte\/sicherheit_und_umwelt\/verteidigung_und_armee\/24137\/mitholz_web-1024x575.jpg","datePublished":"2025-05-12T21:00:00+00:00","description":"\u00c9vacuation de l'ancien d\u00e9p\u00f4t de munitions de l'arm\u00e9e \u00e0 Mitholz","breadcrumb":{"@id":"https:\/\/www.efk.admin.ch\/fr\/audit\/evacuation-de-lancien-depot-de-munitions-de-larmee-a-mitholz\/#breadcrumb"},"inLanguage":"fr-FR","potentialAction":[{"@type":"ReadAction","target":["https:\/\/www.efk.admin.ch\/fr\/audit\/evacuation-de-lancien-depot-de-munitions-de-larmee-a-mitholz\/"]}]},{"@type":"ImageObject","inLanguage":"fr-FR","@id":"https:\/\/www.efk.admin.ch\/fr\/audit\/evacuation-de-lancien-depot-de-munitions-de-larmee-a-mitholz\/#primaryimage","url":"https:\/\/www.efk.admin.ch\/wp-content\/uploads\/publikationen\/berichte\/sicherheit_und_umwelt\/verteidigung_und_armee\/24137\/mitholz_web-1024x575.jpg","contentUrl":"https:\/\/www.efk.admin.ch\/wp-content\/uploads\/publikationen\/berichte\/sicherheit_und_umwelt\/verteidigung_und_armee\/24137\/mitholz_web-1024x575.jpg"},{"@type":"BreadcrumbList","@id":"https:\/\/www.efk.admin.ch\/fr\/audit\/evacuation-de-lancien-depot-de-munitions-de-larmee-a-mitholz\/#breadcrumb","itemListElement":[{"@type":"ListItem","position":1,"name":"Home","item":"https:\/\/www.efk.admin.ch\/fr\/"},{"@type":"ListItem","position":2,"name":"Rapport","item":"https:\/\/www.efk.admin.ch\/fr\/audit\/"},{"@type":"ListItem","position":3,"name":"\u00c9vacuation de l&#8217;ancien d\u00e9p\u00f4t de munitions de l&#8217;arm\u00e9e \u00e0 Mitholz"}]},{"@type":"WebSite","@id":"https:\/\/www.efk.admin.ch\/fr\/#website","url":"https:\/\/www.efk.admin.ch\/fr\/","name":"Informationen \u00fcber das oberste Finanzaufsichtsorgan der Schweiz","description":"Le Contr\u00f4le f\u00e9d\u00e9ral des finances (CDF) est l'organe supr\u00eame de surveillance financi\u00e8re de la Conf\u00e9d\u00e9ration suisse.","publisher":{"@id":"https:\/\/www.efk.admin.ch\/fr\/#organization"},"alternateName":"EFK","potentialAction":[{"@type":"SearchAction","target":{"@type":"EntryPoint","urlTemplate":"https:\/\/www.efk.admin.ch\/fr\/?s={search_term_string}"},"query-input":{"@type":"PropertyValueSpecification","valueRequired":true,"valueName":"search_term_string"}}],"inLanguage":"fr-FR"},{"@type":"Organization","@id":"https:\/\/www.efk.admin.ch\/fr\/#organization","name":"Contr\u00f4le f\u00e9d\u00e9ral des finances (CDF)","alternateName":"EFK","url":"https:\/\/www.efk.admin.ch\/fr\/","logo":{"@type":"ImageObject","inLanguage":"fr-FR","@id":"https:\/\/www.efk.admin.ch\/fr\/#\/schema\/logo\/image\/","url":"https:\/\/www.efk.admin.ch\/wp-content\/uploads\/efk_cdf_logo_ohne_claim.png","contentUrl":"https:\/\/www.efk.admin.ch\/wp-content\/uploads\/efk_cdf_logo_ohne_claim.png","width":268,"height":258,"caption":"Contr\u00f4le f\u00e9d\u00e9ral des finances (CDF)"},"image":{"@id":"https:\/\/www.efk.admin.ch\/fr\/#\/schema\/logo\/image\/"},"sameAs":["https:\/\/www.instagram.com\/efk_cdf_sfao\/","https:\/\/www.youtube.com\/channel\/UCm-bXj227VE5sJzhB-ihdvw\/featured","https:\/\/www.linkedin.com\/company\/11081578\/"]}]}},"_links":{"self":[{"href":"https:\/\/www.efk.admin.ch\/fr\/wp-json\/wp\/v2\/audit\/38205","targetHints":{"allow":["GET"]}}],"collection":[{"href":"https:\/\/www.efk.admin.ch\/fr\/wp-json\/wp\/v2\/audit"}],"about":[{"href":"https:\/\/www.efk.admin.ch\/fr\/wp-json\/wp\/v2\/types\/audit"}],"acf:post":[{"embeddable":true,"href":"https:\/\/www.efk.admin.ch\/fr\/wp-json\/wp\/v2\/office\/8039"}],"wp:attachment":[{"href":"https:\/\/www.efk.admin.ch\/fr\/wp-json\/wp\/v2\/media?parent=38205"}],"wp:term":[{"taxonomy":"audit_category","embeddable":true,"href":"https:\/\/www.efk.admin.ch\/fr\/wp-json\/wp\/v2\/audit_category?post=38205"},{"taxonomy":"audit_type","embeddable":true,"href":"https:\/\/www.efk.admin.ch\/fr\/wp-json\/wp\/v2\/audit_type?post=38205"}],"curies":[{"name":"wp","href":"https:\/\/api.w.org\/{rel}","templated":true}]}}