{"id":38036,"date":"2025-04-30T23:00:00","date_gmt":"2025-04-30T21:00:00","guid":{"rendered":"https:\/\/www.efk.admin.ch\/?post_type=audit&#038;p=38036"},"modified":"2025-04-28T15:48:31","modified_gmt":"2025-04-28T13:48:31","slug":"projet-cle-dazit-axe-sur-le-developpement-et-lintroduction-de-la-gestion-du-trafic-des-marchandises-passar-2-0","status":"publish","type":"audit","link":"https:\/\/www.efk.admin.ch\/fr\/audit\/projet-cle-dazit-axe-sur-le-developpement-et-lintroduction-de-la-gestion-du-trafic-des-marchandises-passar-2-0\/","title":{"rendered":"Projet cl\u00e9 DaziT ax\u00e9 sur le d\u00e9veloppement et l&#8217;introduction de la gestion du trafic des marchandises \u2013 Passar 2.0"},"content":{"rendered":"\n<p>L\u2019Office f\u00e9d\u00e9ral de la douane et de la s\u00e9curit\u00e9 des fronti\u00e8res (OFDF) est en pleine mutation en raison du programme de transformation DaziT, qui vise \u00e0 le moderniser en profondeur et \u00e0 num\u00e9riser ses processus. Lanc\u00e9 en 2018, ce programme dot\u00e9 d\u2019un budget total de 400 millions s\u2019ach\u00e8vera fin 2026.<br><br>DaziT a notamment pour but de simplifier, d\u2019harmoniser et de num\u00e9riser de bout en bout la perception des droits de douane et de l\u2019imp\u00f4t sur les importations ainsi que le processus de d\u00e9claration des marchandises. En 2026, les syst\u00e8mes actuels c\u00e9deront leur place au nouveau syst\u00e8me de gestion du trafic des marchandises \u00ab Passar \u00bb, qui facilitera les importations de marchandises. Gr\u00e2ce \u00e0 ces derni\u00e8res, l\u2019OFDF g\u00e9n\u00e8re pr\u00e8s de 13 milliards par an. Dans le cadre du pr\u00e9sent audit, le CDF a examin\u00e9 si les conditions d\u2019une mise en service r\u00e9glementaire, contr\u00f4l\u00e9e et s\u00fbre de Passar 2.0 \u00e9taient r\u00e9unies. L\u2019audit a r\u00e9v\u00e9l\u00e9 quelques lacunes relatives au syst\u00e8me de contr\u00f4le interne (SCI), \u00e0 l\u2019exploitation du cloud, \u00e0 la s\u00e9curit\u00e9 de l\u2019information et \u00e0 l\u2019introduction de Passar.<\/p>\n\n\n\n<p><\/p>\n","protected":false},"featured_media":0,"menu_order":0,"template":"","audit_category":[79],"audit_type":[52],"class_list":["post-38036","audit","type-audit","status-publish","hentry","audit_category-projets-informatiques","audit_type-audit-fr"],"acf":{"audit_lang":null,"audit_numbers":[{"audit_number":"24511"}],"audit_office":[7940],"audit_office_text":"","audit_date":"20250430","bgo":false,"keywords":"","audit_office_local":""},"yoast_head":"<!-- This site is optimized with the Yoast SEO Premium plugin v27.4 (Yoast SEO v27.4) - https:\/\/yoast.com\/product\/yoast-seo-premium-wordpress\/ -->\n<title>Projet cl\u00e9 DaziT ax\u00e9 sur le d\u00e9veloppement et l&#039;introduction de la gestion du trafic des marchandises \u2013 Passar 2.0 - Contr\u00f4le f\u00e9d\u00e9ral des finances (CDF)<\/title>\n<meta name=\"description\" content=\"Projet cl\u00e9 DaziT ax\u00e9 sur le d\u00e9veloppement et l&#039;introduction de la gestion du trafic des marchandises \u2013 Passar 2.0\" \/>\n<meta name=\"robots\" content=\"index, follow, max-snippet:-1, max-image-preview:large, max-video-preview:-1\" \/>\n<link rel=\"canonical\" href=\"https:\/\/www.efk.admin.ch\/fr\/audit\/projet-cle-dazit-axe-sur-le-developpement-et-lintroduction-de-la-gestion-du-trafic-des-marchandises-passar-2-0\/\" \/>\n<meta property=\"og:locale\" content=\"fr_FR\" \/>\n<meta property=\"og:type\" content=\"article\" \/>\n<meta property=\"og:title\" content=\"Projet cl\u00e9 DaziT ax\u00e9 sur le d\u00e9veloppement et l&#039;introduction de la gestion du trafic des marchandises \u2013 Passar 2.0\" \/>\n<meta property=\"og:description\" content=\"Projet cl\u00e9 DaziT ax\u00e9 sur le d\u00e9veloppement et l&#039;introduction de la gestion du trafic des marchandises \u2013 Passar 2.0\" \/>\n<meta property=\"og:url\" content=\"https:\/\/www.efk.admin.ch\/fr\/audit\/projet-cle-dazit-axe-sur-le-developpement-et-lintroduction-de-la-gestion-du-trafic-des-marchandises-passar-2-0\/\" \/>\n<meta property=\"og:site_name\" content=\"Contr\u00f4le f\u00e9d\u00e9ral des finances (CDF)\" \/>\n<meta property=\"og:image\" content=\"https:\/\/www.efk.admin.ch\/wp-content\/uploads\/test\/palais.jpg\" \/>\n\t<meta property=\"og:image:width\" content=\"750\" \/>\n\t<meta property=\"og:image:height\" content=\"500\" \/>\n\t<meta property=\"og:image:type\" content=\"image\/jpeg\" \/>\n<meta name=\"twitter:card\" content=\"summary_large_image\" \/>\n<meta name=\"twitter:label1\" content=\"Dur\u00e9e de lecture estim\u00e9e\" \/>\n\t<meta name=\"twitter:data1\" content=\"1 minute\" \/>\n<script type=\"application\/ld+json\" class=\"yoast-schema-graph\">{\"@context\":\"https:\\\/\\\/schema.org\",\"@graph\":[{\"@type\":\"WebPage\",\"@id\":\"https:\\\/\\\/www.efk.admin.ch\\\/fr\\\/audit\\\/projet-cle-dazit-axe-sur-le-developpement-et-lintroduction-de-la-gestion-du-trafic-des-marchandises-passar-2-0\\\/\",\"url\":\"https:\\\/\\\/www.efk.admin.ch\\\/fr\\\/audit\\\/projet-cle-dazit-axe-sur-le-developpement-et-lintroduction-de-la-gestion-du-trafic-des-marchandises-passar-2-0\\\/\",\"name\":\"Projet cl\u00e9 DaziT ax\u00e9 sur le d\u00e9veloppement et l'introduction de la gestion du trafic des marchandises \u2013 Passar 2.0 - Contr\u00f4le f\u00e9d\u00e9ral des finances (CDF)\",\"isPartOf\":{\"@id\":\"https:\\\/\\\/www.efk.admin.ch\\\/fr\\\/#website\"},\"datePublished\":\"2025-04-30T21:00:00+00:00\",\"description\":\"Projet cl\u00e9 DaziT ax\u00e9 sur le d\u00e9veloppement et l'introduction de la gestion du trafic des marchandises \u2013 Passar 2.0\",\"breadcrumb\":{\"@id\":\"https:\\\/\\\/www.efk.admin.ch\\\/fr\\\/audit\\\/projet-cle-dazit-axe-sur-le-developpement-et-lintroduction-de-la-gestion-du-trafic-des-marchandises-passar-2-0\\\/#breadcrumb\"},\"inLanguage\":\"fr-FR\",\"potentialAction\":[{\"@type\":\"ReadAction\",\"target\":[\"https:\\\/\\\/www.efk.admin.ch\\\/fr\\\/audit\\\/projet-cle-dazit-axe-sur-le-developpement-et-lintroduction-de-la-gestion-du-trafic-des-marchandises-passar-2-0\\\/\"]}]},{\"@type\":\"BreadcrumbList\",\"@id\":\"https:\\\/\\\/www.efk.admin.ch\\\/fr\\\/audit\\\/projet-cle-dazit-axe-sur-le-developpement-et-lintroduction-de-la-gestion-du-trafic-des-marchandises-passar-2-0\\\/#breadcrumb\",\"itemListElement\":[{\"@type\":\"ListItem\",\"position\":1,\"name\":\"Home\",\"item\":\"https:\\\/\\\/www.efk.admin.ch\\\/fr\\\/\"},{\"@type\":\"ListItem\",\"position\":2,\"name\":\"Rapport\",\"item\":\"https:\\\/\\\/www.efk.admin.ch\\\/fr\\\/audit\\\/\"},{\"@type\":\"ListItem\",\"position\":3,\"name\":\"Projet cl\u00e9 DaziT ax\u00e9 sur le d\u00e9veloppement et l&#8217;introduction de la gestion du trafic des marchandises \u2013 Passar 2.0\"}]},{\"@type\":\"WebSite\",\"@id\":\"https:\\\/\\\/www.efk.admin.ch\\\/fr\\\/#website\",\"url\":\"https:\\\/\\\/www.efk.admin.ch\\\/fr\\\/\",\"name\":\"Informationen \u00fcber das oberste Finanzaufsichtsorgan der Schweiz\",\"description\":\"Le Contr\u00f4le f\u00e9d\u00e9ral des finances (CDF) est l'organe supr\u00eame de surveillance financi\u00e8re de la Conf\u00e9d\u00e9ration suisse.\",\"publisher\":{\"@id\":\"https:\\\/\\\/www.efk.admin.ch\\\/fr\\\/#organization\"},\"alternateName\":\"EFK\",\"potentialAction\":[{\"@type\":\"SearchAction\",\"target\":{\"@type\":\"EntryPoint\",\"urlTemplate\":\"https:\\\/\\\/www.efk.admin.ch\\\/fr\\\/?s={search_term_string}\"},\"query-input\":{\"@type\":\"PropertyValueSpecification\",\"valueRequired\":true,\"valueName\":\"search_term_string\"}}],\"inLanguage\":\"fr-FR\"},{\"@type\":\"Organization\",\"@id\":\"https:\\\/\\\/www.efk.admin.ch\\\/fr\\\/#organization\",\"name\":\"Contr\u00f4le f\u00e9d\u00e9ral des finances (CDF)\",\"alternateName\":\"EFK\",\"url\":\"https:\\\/\\\/www.efk.admin.ch\\\/fr\\\/\",\"logo\":{\"@type\":\"ImageObject\",\"inLanguage\":\"fr-FR\",\"@id\":\"https:\\\/\\\/www.efk.admin.ch\\\/fr\\\/#\\\/schema\\\/logo\\\/image\\\/\",\"url\":\"https:\\\/\\\/www.efk.admin.ch\\\/wp-content\\\/uploads\\\/efk_cdf_logo_ohne_claim.png\",\"contentUrl\":\"https:\\\/\\\/www.efk.admin.ch\\\/wp-content\\\/uploads\\\/efk_cdf_logo_ohne_claim.png\",\"width\":268,\"height\":258,\"caption\":\"Contr\u00f4le f\u00e9d\u00e9ral des finances (CDF)\"},\"image\":{\"@id\":\"https:\\\/\\\/www.efk.admin.ch\\\/fr\\\/#\\\/schema\\\/logo\\\/image\\\/\"},\"sameAs\":[\"https:\\\/\\\/www.instagram.com\\\/efk_cdf_sfao\\\/\",\"https:\\\/\\\/www.youtube.com\\\/channel\\\/UCm-bXj227VE5sJzhB-ihdvw\\\/featured\",\"https:\\\/\\\/www.linkedin.com\\\/company\\\/11081578\\\/\"]}]}<\/script>\n<!-- \/ Yoast SEO Premium plugin. -->","yoast_head_json":{"title":"Projet cl\u00e9 DaziT ax\u00e9 sur le d\u00e9veloppement et l'introduction de la gestion du trafic des marchandises \u2013 Passar 2.0 - Contr\u00f4le f\u00e9d\u00e9ral des finances (CDF)","description":"Projet cl\u00e9 DaziT ax\u00e9 sur le d\u00e9veloppement et l'introduction de la gestion du trafic des marchandises \u2013 Passar 2.0","robots":{"index":"index","follow":"follow","max-snippet":"max-snippet:-1","max-image-preview":"max-image-preview:large","max-video-preview":"max-video-preview:-1"},"canonical":"https:\/\/www.efk.admin.ch\/fr\/audit\/projet-cle-dazit-axe-sur-le-developpement-et-lintroduction-de-la-gestion-du-trafic-des-marchandises-passar-2-0\/","og_locale":"fr_FR","og_type":"article","og_title":"Projet cl\u00e9 DaziT ax\u00e9 sur le d\u00e9veloppement et l'introduction de la gestion du trafic des marchandises \u2013 Passar 2.0","og_description":"Projet cl\u00e9 DaziT ax\u00e9 sur le d\u00e9veloppement et l'introduction de la gestion du trafic des marchandises \u2013 Passar 2.0","og_url":"https:\/\/www.efk.admin.ch\/fr\/audit\/projet-cle-dazit-axe-sur-le-developpement-et-lintroduction-de-la-gestion-du-trafic-des-marchandises-passar-2-0\/","og_site_name":"Contr\u00f4le f\u00e9d\u00e9ral des finances (CDF)","og_image":[{"width":750,"height":500,"url":"https:\/\/www.efk.admin.ch\/wp-content\/uploads\/test\/palais.jpg","type":"image\/jpeg"}],"twitter_card":"summary_large_image","twitter_misc":{"Dur\u00e9e de lecture estim\u00e9e":"1 minute"},"schema":{"@context":"https:\/\/schema.org","@graph":[{"@type":"WebPage","@id":"https:\/\/www.efk.admin.ch\/fr\/audit\/projet-cle-dazit-axe-sur-le-developpement-et-lintroduction-de-la-gestion-du-trafic-des-marchandises-passar-2-0\/","url":"https:\/\/www.efk.admin.ch\/fr\/audit\/projet-cle-dazit-axe-sur-le-developpement-et-lintroduction-de-la-gestion-du-trafic-des-marchandises-passar-2-0\/","name":"Projet cl\u00e9 DaziT ax\u00e9 sur le d\u00e9veloppement et l'introduction de la gestion du trafic des marchandises \u2013 Passar 2.0 - Contr\u00f4le f\u00e9d\u00e9ral des finances (CDF)","isPartOf":{"@id":"https:\/\/www.efk.admin.ch\/fr\/#website"},"datePublished":"2025-04-30T21:00:00+00:00","description":"Projet cl\u00e9 DaziT ax\u00e9 sur le d\u00e9veloppement et l'introduction de la gestion du trafic des marchandises \u2013 Passar 2.0","breadcrumb":{"@id":"https:\/\/www.efk.admin.ch\/fr\/audit\/projet-cle-dazit-axe-sur-le-developpement-et-lintroduction-de-la-gestion-du-trafic-des-marchandises-passar-2-0\/#breadcrumb"},"inLanguage":"fr-FR","potentialAction":[{"@type":"ReadAction","target":["https:\/\/www.efk.admin.ch\/fr\/audit\/projet-cle-dazit-axe-sur-le-developpement-et-lintroduction-de-la-gestion-du-trafic-des-marchandises-passar-2-0\/"]}]},{"@type":"BreadcrumbList","@id":"https:\/\/www.efk.admin.ch\/fr\/audit\/projet-cle-dazit-axe-sur-le-developpement-et-lintroduction-de-la-gestion-du-trafic-des-marchandises-passar-2-0\/#breadcrumb","itemListElement":[{"@type":"ListItem","position":1,"name":"Home","item":"https:\/\/www.efk.admin.ch\/fr\/"},{"@type":"ListItem","position":2,"name":"Rapport","item":"https:\/\/www.efk.admin.ch\/fr\/audit\/"},{"@type":"ListItem","position":3,"name":"Projet cl\u00e9 DaziT ax\u00e9 sur le d\u00e9veloppement et l&#8217;introduction de la gestion du trafic des marchandises \u2013 Passar 2.0"}]},{"@type":"WebSite","@id":"https:\/\/www.efk.admin.ch\/fr\/#website","url":"https:\/\/www.efk.admin.ch\/fr\/","name":"Informationen \u00fcber das oberste Finanzaufsichtsorgan der Schweiz","description":"Le Contr\u00f4le f\u00e9d\u00e9ral des finances (CDF) est l'organe supr\u00eame de surveillance financi\u00e8re de la Conf\u00e9d\u00e9ration suisse.","publisher":{"@id":"https:\/\/www.efk.admin.ch\/fr\/#organization"},"alternateName":"EFK","potentialAction":[{"@type":"SearchAction","target":{"@type":"EntryPoint","urlTemplate":"https:\/\/www.efk.admin.ch\/fr\/?s={search_term_string}"},"query-input":{"@type":"PropertyValueSpecification","valueRequired":true,"valueName":"search_term_string"}}],"inLanguage":"fr-FR"},{"@type":"Organization","@id":"https:\/\/www.efk.admin.ch\/fr\/#organization","name":"Contr\u00f4le f\u00e9d\u00e9ral des finances (CDF)","alternateName":"EFK","url":"https:\/\/www.efk.admin.ch\/fr\/","logo":{"@type":"ImageObject","inLanguage":"fr-FR","@id":"https:\/\/www.efk.admin.ch\/fr\/#\/schema\/logo\/image\/","url":"https:\/\/www.efk.admin.ch\/wp-content\/uploads\/efk_cdf_logo_ohne_claim.png","contentUrl":"https:\/\/www.efk.admin.ch\/wp-content\/uploads\/efk_cdf_logo_ohne_claim.png","width":268,"height":258,"caption":"Contr\u00f4le f\u00e9d\u00e9ral des finances (CDF)"},"image":{"@id":"https:\/\/www.efk.admin.ch\/fr\/#\/schema\/logo\/image\/"},"sameAs":["https:\/\/www.instagram.com\/efk_cdf_sfao\/","https:\/\/www.youtube.com\/channel\/UCm-bXj227VE5sJzhB-ihdvw\/featured","https:\/\/www.linkedin.com\/company\/11081578\/"]}]}},"_links":{"self":[{"href":"https:\/\/www.efk.admin.ch\/fr\/wp-json\/wp\/v2\/audit\/38036","targetHints":{"allow":["GET"]}}],"collection":[{"href":"https:\/\/www.efk.admin.ch\/fr\/wp-json\/wp\/v2\/audit"}],"about":[{"href":"https:\/\/www.efk.admin.ch\/fr\/wp-json\/wp\/v2\/types\/audit"}],"acf:post":[{"embeddable":true,"href":"https:\/\/www.efk.admin.ch\/fr\/wp-json\/wp\/v2\/office\/7940"}],"wp:attachment":[{"href":"https:\/\/www.efk.admin.ch\/fr\/wp-json\/wp\/v2\/media?parent=38036"}],"wp:term":[{"taxonomy":"audit_category","embeddable":true,"href":"https:\/\/www.efk.admin.ch\/fr\/wp-json\/wp\/v2\/audit_category?post=38036"},{"taxonomy":"audit_type","embeddable":true,"href":"https:\/\/www.efk.admin.ch\/fr\/wp-json\/wp\/v2\/audit_type?post=38036"}],"curies":[{"name":"wp","href":"https:\/\/api.w.org\/{rel}","templated":true}]}}