{"id":38001,"date":"2025-04-30T23:00:00","date_gmt":"2025-04-30T21:00:00","guid":{"rendered":"https:\/\/www.efk.admin.ch\/?post_type=audit&#038;p=38001"},"modified":"2025-04-28T13:51:43","modified_gmt":"2025-04-28T11:51:43","slug":"projet-cle-migration-du-cc-campus-ofit-2020","status":"publish","type":"audit","link":"https:\/\/www.efk.admin.ch\/fr\/audit\/projet-cle-migration-du-cc-campus-ofit-2020\/","title":{"rendered":"Projet cl\u00e9 Migration du CC CAMPUS OFIT 2020"},"content":{"rendered":"\n<p>La construction du centre de calcul (CC) CAMPUS, \u00e0 Frauenfeld, a concr\u00e9tis\u00e9 une partie de la strat\u00e9gie de mise en r\u00e9seau des centres de calcul de l\u2019administration f\u00e9d\u00e9rale centrale adopt\u00e9e par le Conseil f\u00e9d\u00e9ral en 2014. Ce nouveau CC vise \u00e0 remplacer le CC TITANIC II afin de garantir la g\u00e9o-redondance du CC PRIMUS, \u00e0 Berne. Le projet cl\u00e9 de la Conf\u00e9d\u00e9ration Migration du CC CAMPUS OFIT 2020 a \u00e9t\u00e9 lanc\u00e9 en 2017 pour assurer l\u2019am\u00e9nagement du CC CAMPUS et la migration du CC TITANIC II. L\u2019Office f\u00e9d\u00e9ral de l\u2019informatique et de la t\u00e9l\u00e9communication (OFIT) pr\u00e9voit actuellement que ses charges totales se monteront \u00e0 31,1 millions de francs.<br><br>Au moment de l\u2019audit, le projet cl\u00e9 de l\u2019OFIT touchait \u00e0 sa fin, celle-ci \u00e9tant pr\u00e9vue pour le milieu de l\u2019ann\u00e9e 2025. Dans son audit, le Contr\u00f4le f\u00e9d\u00e9ral des finances (CDF) a \u00e9valu\u00e9 si le nouveau CC de Frauenfeld apportera les avantages escompt\u00e9s.<br><br>L\u2019audit montre que les services requis sont en place au CC CAMPUS, de sorte que les conditions sont r\u00e9unies pour proc\u00e9der \u00e0 la migration des applications. Les recommandations formul\u00e9es par le CDF dans son audit 22739 ont \u00e9t\u00e9 appliqu\u00e9es. Le CC TITANIC II a \u00e9t\u00e9 vid\u00e9 et sera restitu\u00e9 \u00e0 l\u2019Office f\u00e9d\u00e9ral des constructions et de la logistique avant la fin 2024, comme pr\u00e9vu. La plupart des applications h\u00e9berg\u00e9es au CC TITANIC II ont cependant \u00e9t\u00e9 transf\u00e9r\u00e9es sur le site PRIMUS.<br><br>En ce qui concerne les \u00e9quipements et les mesures de s\u00e9curit\u00e9, le site CAMPUS est un centre de calcul moderne et s\u00fbr. Il h\u00e9bergera des applications m\u00e9tiers au fil de projets de migration \u00e0 financer par les b\u00e9n\u00e9ficiaires de prestations. Ces transferts s\u2019inscriront principalement dans le cadre de la planification du cycle de vie des applications, une compensation des charges avec le site PRIMUS n\u2019interviendra pas \u00e0 court terme. Le site PRIMUS pr\u00e9sente un risque important de concentration. En outre, on ignore quand et comment il convient de proc\u00e9der \u00e0 l\u2019\u00e9valuation p\u00e9riodique des risques li\u00e9s au site de Frauenfeld \u00e0 pr\u00e9sent que le projet de construction est achev\u00e9.<\/p>\n","protected":false},"featured_media":0,"menu_order":0,"template":"","audit_category":[79],"audit_type":[52],"class_list":["post-38001","audit","type-audit","status-publish","hentry","audit_category-projets-informatiques","audit_type-audit-fr"],"acf":{"audit_lang":null,"audit_numbers":[{"audit_number":"24136"}],"audit_office":[7941],"audit_office_text":"","audit_date":"20250430","bgo":false,"keywords":"","audit_office_local":""},"yoast_head":"<!-- This site is optimized with the Yoast SEO Premium plugin v27.4 (Yoast SEO v27.4) - https:\/\/yoast.com\/product\/yoast-seo-premium-wordpress\/ -->\n<title>Projet cl\u00e9 Migration du CC CAMPUS OFIT 2020 - Contr\u00f4le f\u00e9d\u00e9ral des finances (CDF)<\/title>\n<meta name=\"description\" content=\"Projet cl\u00e9 Migration du CC CAMPUS OFIT 2020\" \/>\n<meta name=\"robots\" content=\"index, follow, max-snippet:-1, max-image-preview:large, max-video-preview:-1\" \/>\n<link rel=\"canonical\" href=\"https:\/\/www.efk.admin.ch\/fr\/audit\/projet-cle-migration-du-cc-campus-ofit-2020\/\" \/>\n<meta property=\"og:locale\" content=\"fr_FR\" \/>\n<meta property=\"og:type\" content=\"article\" \/>\n<meta property=\"og:title\" content=\"Projet cl\u00e9 Migration du CC CAMPUS OFIT 2020\" \/>\n<meta property=\"og:description\" content=\"Projet cl\u00e9 Migration du CC CAMPUS OFIT 2020\" \/>\n<meta property=\"og:url\" content=\"https:\/\/www.efk.admin.ch\/fr\/audit\/projet-cle-migration-du-cc-campus-ofit-2020\/\" \/>\n<meta property=\"og:site_name\" content=\"Contr\u00f4le f\u00e9d\u00e9ral des finances (CDF)\" \/>\n<meta property=\"og:image\" content=\"https:\/\/www.efk.admin.ch\/wp-content\/uploads\/test\/palais.jpg\" \/>\n\t<meta property=\"og:image:width\" content=\"750\" \/>\n\t<meta property=\"og:image:height\" content=\"500\" \/>\n\t<meta property=\"og:image:type\" content=\"image\/jpeg\" \/>\n<meta name=\"twitter:card\" content=\"summary_large_image\" \/>\n<meta name=\"twitter:label1\" content=\"Dur\u00e9e de lecture estim\u00e9e\" \/>\n\t<meta name=\"twitter:data1\" content=\"2 minutes\" \/>\n<script type=\"application\/ld+json\" class=\"yoast-schema-graph\">{\"@context\":\"https:\\\/\\\/schema.org\",\"@graph\":[{\"@type\":\"WebPage\",\"@id\":\"https:\\\/\\\/www.efk.admin.ch\\\/fr\\\/audit\\\/projet-cle-migration-du-cc-campus-ofit-2020\\\/\",\"url\":\"https:\\\/\\\/www.efk.admin.ch\\\/fr\\\/audit\\\/projet-cle-migration-du-cc-campus-ofit-2020\\\/\",\"name\":\"Projet cl\u00e9 Migration du CC CAMPUS OFIT 2020 - Contr\u00f4le f\u00e9d\u00e9ral des finances (CDF)\",\"isPartOf\":{\"@id\":\"https:\\\/\\\/www.efk.admin.ch\\\/fr\\\/#website\"},\"datePublished\":\"2025-04-30T21:00:00+00:00\",\"description\":\"Projet cl\u00e9 Migration du CC CAMPUS OFIT 2020\",\"breadcrumb\":{\"@id\":\"https:\\\/\\\/www.efk.admin.ch\\\/fr\\\/audit\\\/projet-cle-migration-du-cc-campus-ofit-2020\\\/#breadcrumb\"},\"inLanguage\":\"fr-FR\",\"potentialAction\":[{\"@type\":\"ReadAction\",\"target\":[\"https:\\\/\\\/www.efk.admin.ch\\\/fr\\\/audit\\\/projet-cle-migration-du-cc-campus-ofit-2020\\\/\"]}]},{\"@type\":\"BreadcrumbList\",\"@id\":\"https:\\\/\\\/www.efk.admin.ch\\\/fr\\\/audit\\\/projet-cle-migration-du-cc-campus-ofit-2020\\\/#breadcrumb\",\"itemListElement\":[{\"@type\":\"ListItem\",\"position\":1,\"name\":\"Home\",\"item\":\"https:\\\/\\\/www.efk.admin.ch\\\/fr\\\/\"},{\"@type\":\"ListItem\",\"position\":2,\"name\":\"Rapport\",\"item\":\"https:\\\/\\\/www.efk.admin.ch\\\/fr\\\/audit\\\/\"},{\"@type\":\"ListItem\",\"position\":3,\"name\":\"Projet cl\u00e9 Migration du CC CAMPUS OFIT 2020\"}]},{\"@type\":\"WebSite\",\"@id\":\"https:\\\/\\\/www.efk.admin.ch\\\/fr\\\/#website\",\"url\":\"https:\\\/\\\/www.efk.admin.ch\\\/fr\\\/\",\"name\":\"Informationen \u00fcber das oberste Finanzaufsichtsorgan der Schweiz\",\"description\":\"Le Contr\u00f4le f\u00e9d\u00e9ral des finances (CDF) est l'organe supr\u00eame de surveillance financi\u00e8re de la Conf\u00e9d\u00e9ration suisse.\",\"publisher\":{\"@id\":\"https:\\\/\\\/www.efk.admin.ch\\\/fr\\\/#organization\"},\"alternateName\":\"EFK\",\"potentialAction\":[{\"@type\":\"SearchAction\",\"target\":{\"@type\":\"EntryPoint\",\"urlTemplate\":\"https:\\\/\\\/www.efk.admin.ch\\\/fr\\\/?s={search_term_string}\"},\"query-input\":{\"@type\":\"PropertyValueSpecification\",\"valueRequired\":true,\"valueName\":\"search_term_string\"}}],\"inLanguage\":\"fr-FR\"},{\"@type\":\"Organization\",\"@id\":\"https:\\\/\\\/www.efk.admin.ch\\\/fr\\\/#organization\",\"name\":\"Contr\u00f4le f\u00e9d\u00e9ral des finances (CDF)\",\"alternateName\":\"EFK\",\"url\":\"https:\\\/\\\/www.efk.admin.ch\\\/fr\\\/\",\"logo\":{\"@type\":\"ImageObject\",\"inLanguage\":\"fr-FR\",\"@id\":\"https:\\\/\\\/www.efk.admin.ch\\\/fr\\\/#\\\/schema\\\/logo\\\/image\\\/\",\"url\":\"https:\\\/\\\/www.efk.admin.ch\\\/wp-content\\\/uploads\\\/efk_cdf_logo_ohne_claim.png\",\"contentUrl\":\"https:\\\/\\\/www.efk.admin.ch\\\/wp-content\\\/uploads\\\/efk_cdf_logo_ohne_claim.png\",\"width\":268,\"height\":258,\"caption\":\"Contr\u00f4le f\u00e9d\u00e9ral des finances (CDF)\"},\"image\":{\"@id\":\"https:\\\/\\\/www.efk.admin.ch\\\/fr\\\/#\\\/schema\\\/logo\\\/image\\\/\"},\"sameAs\":[\"https:\\\/\\\/www.instagram.com\\\/efk_cdf_sfao\\\/\",\"https:\\\/\\\/www.youtube.com\\\/channel\\\/UCm-bXj227VE5sJzhB-ihdvw\\\/featured\",\"https:\\\/\\\/www.linkedin.com\\\/company\\\/11081578\\\/\"]}]}<\/script>\n<!-- \/ Yoast SEO Premium plugin. -->","yoast_head_json":{"title":"Projet cl\u00e9 Migration du CC CAMPUS OFIT 2020 - Contr\u00f4le f\u00e9d\u00e9ral des finances (CDF)","description":"Projet cl\u00e9 Migration du CC CAMPUS OFIT 2020","robots":{"index":"index","follow":"follow","max-snippet":"max-snippet:-1","max-image-preview":"max-image-preview:large","max-video-preview":"max-video-preview:-1"},"canonical":"https:\/\/www.efk.admin.ch\/fr\/audit\/projet-cle-migration-du-cc-campus-ofit-2020\/","og_locale":"fr_FR","og_type":"article","og_title":"Projet cl\u00e9 Migration du CC CAMPUS OFIT 2020","og_description":"Projet cl\u00e9 Migration du CC CAMPUS OFIT 2020","og_url":"https:\/\/www.efk.admin.ch\/fr\/audit\/projet-cle-migration-du-cc-campus-ofit-2020\/","og_site_name":"Contr\u00f4le f\u00e9d\u00e9ral des finances (CDF)","og_image":[{"width":750,"height":500,"url":"https:\/\/www.efk.admin.ch\/wp-content\/uploads\/test\/palais.jpg","type":"image\/jpeg"}],"twitter_card":"summary_large_image","twitter_misc":{"Dur\u00e9e de lecture estim\u00e9e":"2 minutes"},"schema":{"@context":"https:\/\/schema.org","@graph":[{"@type":"WebPage","@id":"https:\/\/www.efk.admin.ch\/fr\/audit\/projet-cle-migration-du-cc-campus-ofit-2020\/","url":"https:\/\/www.efk.admin.ch\/fr\/audit\/projet-cle-migration-du-cc-campus-ofit-2020\/","name":"Projet cl\u00e9 Migration du CC CAMPUS OFIT 2020 - Contr\u00f4le f\u00e9d\u00e9ral des finances (CDF)","isPartOf":{"@id":"https:\/\/www.efk.admin.ch\/fr\/#website"},"datePublished":"2025-04-30T21:00:00+00:00","description":"Projet cl\u00e9 Migration du CC CAMPUS OFIT 2020","breadcrumb":{"@id":"https:\/\/www.efk.admin.ch\/fr\/audit\/projet-cle-migration-du-cc-campus-ofit-2020\/#breadcrumb"},"inLanguage":"fr-FR","potentialAction":[{"@type":"ReadAction","target":["https:\/\/www.efk.admin.ch\/fr\/audit\/projet-cle-migration-du-cc-campus-ofit-2020\/"]}]},{"@type":"BreadcrumbList","@id":"https:\/\/www.efk.admin.ch\/fr\/audit\/projet-cle-migration-du-cc-campus-ofit-2020\/#breadcrumb","itemListElement":[{"@type":"ListItem","position":1,"name":"Home","item":"https:\/\/www.efk.admin.ch\/fr\/"},{"@type":"ListItem","position":2,"name":"Rapport","item":"https:\/\/www.efk.admin.ch\/fr\/audit\/"},{"@type":"ListItem","position":3,"name":"Projet cl\u00e9 Migration du CC CAMPUS OFIT 2020"}]},{"@type":"WebSite","@id":"https:\/\/www.efk.admin.ch\/fr\/#website","url":"https:\/\/www.efk.admin.ch\/fr\/","name":"Informationen \u00fcber das oberste Finanzaufsichtsorgan der Schweiz","description":"Le Contr\u00f4le f\u00e9d\u00e9ral des finances (CDF) est l'organe supr\u00eame de surveillance financi\u00e8re de la Conf\u00e9d\u00e9ration suisse.","publisher":{"@id":"https:\/\/www.efk.admin.ch\/fr\/#organization"},"alternateName":"EFK","potentialAction":[{"@type":"SearchAction","target":{"@type":"EntryPoint","urlTemplate":"https:\/\/www.efk.admin.ch\/fr\/?s={search_term_string}"},"query-input":{"@type":"PropertyValueSpecification","valueRequired":true,"valueName":"search_term_string"}}],"inLanguage":"fr-FR"},{"@type":"Organization","@id":"https:\/\/www.efk.admin.ch\/fr\/#organization","name":"Contr\u00f4le f\u00e9d\u00e9ral des finances (CDF)","alternateName":"EFK","url":"https:\/\/www.efk.admin.ch\/fr\/","logo":{"@type":"ImageObject","inLanguage":"fr-FR","@id":"https:\/\/www.efk.admin.ch\/fr\/#\/schema\/logo\/image\/","url":"https:\/\/www.efk.admin.ch\/wp-content\/uploads\/efk_cdf_logo_ohne_claim.png","contentUrl":"https:\/\/www.efk.admin.ch\/wp-content\/uploads\/efk_cdf_logo_ohne_claim.png","width":268,"height":258,"caption":"Contr\u00f4le f\u00e9d\u00e9ral des finances (CDF)"},"image":{"@id":"https:\/\/www.efk.admin.ch\/fr\/#\/schema\/logo\/image\/"},"sameAs":["https:\/\/www.instagram.com\/efk_cdf_sfao\/","https:\/\/www.youtube.com\/channel\/UCm-bXj227VE5sJzhB-ihdvw\/featured","https:\/\/www.linkedin.com\/company\/11081578\/"]}]}},"_links":{"self":[{"href":"https:\/\/www.efk.admin.ch\/fr\/wp-json\/wp\/v2\/audit\/38001","targetHints":{"allow":["GET"]}}],"collection":[{"href":"https:\/\/www.efk.admin.ch\/fr\/wp-json\/wp\/v2\/audit"}],"about":[{"href":"https:\/\/www.efk.admin.ch\/fr\/wp-json\/wp\/v2\/types\/audit"}],"acf:post":[{"embeddable":true,"href":"https:\/\/www.efk.admin.ch\/fr\/wp-json\/wp\/v2\/office\/7941"}],"wp:attachment":[{"href":"https:\/\/www.efk.admin.ch\/fr\/wp-json\/wp\/v2\/media?parent=38001"}],"wp:term":[{"taxonomy":"audit_category","embeddable":true,"href":"https:\/\/www.efk.admin.ch\/fr\/wp-json\/wp\/v2\/audit_category?post=38001"},{"taxonomy":"audit_type","embeddable":true,"href":"https:\/\/www.efk.admin.ch\/fr\/wp-json\/wp\/v2\/audit_type?post=38001"}],"curies":[{"name":"wp","href":"https:\/\/api.w.org\/{rel}","templated":true}]}}