{"id":37831,"date":"2025-04-28T23:00:00","date_gmt":"2025-04-28T21:00:00","guid":{"rendered":"https:\/\/www.efk.admin.ch\/?post_type=audit&#038;p=37831"},"modified":"2025-04-28T09:36:57","modified_gmt":"2025-04-28T07:36:57","slug":"mecanismes-visant-un-usage-approprie-de-limagerie-medicale","status":"publish","type":"audit","link":"https:\/\/www.efk.admin.ch\/fr\/audit\/mecanismes-visant-un-usage-approprie-de-limagerie-medicale\/","title":{"rendered":"M\u00e9canismes visant un usage appropri\u00e9 de l\u2019imagerie m\u00e9dicale"},"content":{"rendered":"\n<p>L\u2019imagerie m\u00e9dicale constitue un instrument essentiel de la m\u00e9decine moderne. Avec 2,1 milliards de francs en 2023, l\u2019imagerie repr\u00e9sentait un sixi\u00e8me du volume des prestations ambulatoires relevant de l\u2019assurance-maladie obligatoire (LAMal), avec une hausse des co\u00fbts de plus de 5 % en moyenne ces derni\u00e8res ann\u00e9es. Cette consommation \u00e9lev\u00e9e est \u00e0 mettre en relation avec la densit\u00e9 par habitant en Suisse des appareils de tomodensitom\u00e9trie (CT) et des appareils \u00e0 r\u00e9sonnance magn\u00e9tique (IRM) qui est la plus \u00e9lev\u00e9e d\u2019Europe.<br><br>Le recours \u00e0 l\u2019imagerie m\u00e9dicale n\u2019est pratiquement pas r\u00e9gul\u00e9 par la LAMal. Le choix du recours \u00e0 l\u2019imagerie m\u00e9dicale est laiss\u00e9 \u00e0 la libre appr\u00e9ciation des m\u00e9decins, lesquels s\u2019orientent gr\u00e2ce \u00e0 des recommandations \u00e9mises par des associations internationales de praticiens. Comme toute prestation de l\u2019assurance obligatoire des soins, l\u2019usage de l\u2019imagerie m\u00e9dicale doit toutefois respecter les principes d\u2019efficacit\u00e9, d\u2019ad\u00e9quation et d\u2019\u00e9conomicit\u00e9 (EAE). Le respect de ces principes doit \u00eatre contr\u00f4l\u00e9 par les assureurs-maladie \u00e0 partir des donn\u00e9es de facturation.<br><br>Le Contr\u00f4le f\u00e9d\u00e9ral des finances (CDF) a analys\u00e9 l\u2019emploi des principales techniques d\u2019imagerie pour des cas particuliers et tire un bilan mitig\u00e9 du syst\u00e8me d\u2019encadrement actuel. Cet environnement lib\u00e9ral d\u00e9bouche par exemple sur des diff\u00e9rences importantes, que ce soit entre m\u00e9decins pour les ultrasons de grossesse ou entre cantons pour les CT et les IRM.<\/p>\n\n\n\n<figure class=\"wp-block-image size-large\"><img loading=\"lazy\" decoding=\"async\" width=\"1024\" height=\"665\" src=\"https:\/\/www.efk.admin.ch\/wp-content\/uploads\/publikationen\/berichte\/bildung_und_soziales\/gesundheit\/22613\/wik_ueberblick_pa22613_f-1024x665.jpg\" alt=\"\" class=\"wp-image-37820\" srcset=\"https:\/\/www.efk.admin.ch\/wp-content\/uploads\/publikationen\/berichte\/bildung_und_soziales\/gesundheit\/22613\/wik_ueberblick_pa22613_f-1024x665.jpg 1024w, https:\/\/www.efk.admin.ch\/wp-content\/uploads\/publikationen\/berichte\/bildung_und_soziales\/gesundheit\/22613\/wik_ueberblick_pa22613_f-300x195.jpg 300w, https:\/\/www.efk.admin.ch\/wp-content\/uploads\/publikationen\/berichte\/bildung_und_soziales\/gesundheit\/22613\/wik_ueberblick_pa22613_f-768x499.jpg 768w, https:\/\/www.efk.admin.ch\/wp-content\/uploads\/publikationen\/berichte\/bildung_und_soziales\/gesundheit\/22613\/wik_ueberblick_pa22613_f-1536x998.jpg 1536w, https:\/\/www.efk.admin.ch\/wp-content\/uploads\/publikationen\/berichte\/bildung_und_soziales\/gesundheit\/22613\/wik_ueberblick_pa22613_f-2048x1331.jpg 2048w\" sizes=\"auto, (max-width: 1024px) 100vw, 1024px\" \/><\/figure>\n","protected":false},"featured_media":0,"menu_order":0,"template":"","audit_category":[76],"audit_type":[205],"class_list":["post-37831","audit","type-audit","status-publish","hentry","audit_category-sante","audit_type-evaluation-fr"],"acf":{"audit_lang":null,"audit_numbers":[{"audit_number":"22613"}],"audit_office":[7904],"audit_office_text":"","audit_date":"20250428","bgo":false,"keywords":"","audit_office_local":""},"yoast_head":"<!-- This site is optimized with the Yoast SEO Premium plugin v27.4 (Yoast SEO v27.4) - https:\/\/yoast.com\/product\/yoast-seo-premium-wordpress\/ -->\n<title>M\u00e9canismes visant un usage appropri\u00e9 de l\u2019imagerie m\u00e9dicale - Contr\u00f4le f\u00e9d\u00e9ral des finances (CDF)<\/title>\n<meta name=\"description\" content=\"M\u00e9canismes visant un usage appropri\u00e9 de l\u2019imagerie m\u00e9dicale\" \/>\n<meta name=\"robots\" content=\"index, follow, max-snippet:-1, max-image-preview:large, max-video-preview:-1\" \/>\n<link rel=\"canonical\" href=\"https:\/\/www.efk.admin.ch\/fr\/audit\/mecanismes-visant-un-usage-approprie-de-limagerie-medicale\/\" \/>\n<meta property=\"og:locale\" content=\"fr_FR\" \/>\n<meta property=\"og:type\" content=\"article\" \/>\n<meta property=\"og:title\" content=\"M\u00e9canismes visant un usage appropri\u00e9 de l\u2019imagerie m\u00e9dicale\" \/>\n<meta property=\"og:description\" content=\"M\u00e9canismes visant un usage appropri\u00e9 de l\u2019imagerie m\u00e9dicale\" \/>\n<meta property=\"og:url\" content=\"https:\/\/www.efk.admin.ch\/fr\/audit\/mecanismes-visant-un-usage-approprie-de-limagerie-medicale\/\" \/>\n<meta property=\"og:site_name\" content=\"Contr\u00f4le f\u00e9d\u00e9ral des finances (CDF)\" \/>\n<meta property=\"og:image\" content=\"https:\/\/www.efk.admin.ch\/wp-content\/uploads\/publikationen\/berichte\/bildung_und_soziales\/gesundheit\/22613\/wik_ueberblick_pa22613_f.jpg\" \/>\n\t<meta property=\"og:image:width\" content=\"2126\" \/>\n\t<meta property=\"og:image:height\" content=\"1382\" \/>\n\t<meta property=\"og:image:type\" content=\"image\/jpeg\" \/>\n<meta name=\"twitter:card\" content=\"summary_large_image\" \/>\n<meta name=\"twitter:label1\" content=\"Dur\u00e9e de lecture estim\u00e9e\" \/>\n\t<meta name=\"twitter:data1\" content=\"2 minutes\" \/>\n<script type=\"application\/ld+json\" class=\"yoast-schema-graph\">{\"@context\":\"https:\\\/\\\/schema.org\",\"@graph\":[{\"@type\":\"WebPage\",\"@id\":\"https:\\\/\\\/www.efk.admin.ch\\\/fr\\\/audit\\\/mecanismes-visant-un-usage-approprie-de-limagerie-medicale\\\/\",\"url\":\"https:\\\/\\\/www.efk.admin.ch\\\/fr\\\/audit\\\/mecanismes-visant-un-usage-approprie-de-limagerie-medicale\\\/\",\"name\":\"M\u00e9canismes visant un usage appropri\u00e9 de l\u2019imagerie m\u00e9dicale - Contr\u00f4le f\u00e9d\u00e9ral des finances (CDF)\",\"isPartOf\":{\"@id\":\"https:\\\/\\\/www.efk.admin.ch\\\/fr\\\/#website\"},\"primaryImageOfPage\":{\"@id\":\"https:\\\/\\\/www.efk.admin.ch\\\/fr\\\/audit\\\/mecanismes-visant-un-usage-approprie-de-limagerie-medicale\\\/#primaryimage\"},\"image\":{\"@id\":\"https:\\\/\\\/www.efk.admin.ch\\\/fr\\\/audit\\\/mecanismes-visant-un-usage-approprie-de-limagerie-medicale\\\/#primaryimage\"},\"thumbnailUrl\":\"https:\\\/\\\/www.efk.admin.ch\\\/wp-content\\\/uploads\\\/publikationen\\\/berichte\\\/bildung_und_soziales\\\/gesundheit\\\/22613\\\/wik_ueberblick_pa22613_f-1024x665.jpg\",\"datePublished\":\"2025-04-28T21:00:00+00:00\",\"description\":\"M\u00e9canismes visant un usage appropri\u00e9 de l\u2019imagerie m\u00e9dicale\",\"breadcrumb\":{\"@id\":\"https:\\\/\\\/www.efk.admin.ch\\\/fr\\\/audit\\\/mecanismes-visant-un-usage-approprie-de-limagerie-medicale\\\/#breadcrumb\"},\"inLanguage\":\"fr-FR\",\"potentialAction\":[{\"@type\":\"ReadAction\",\"target\":[\"https:\\\/\\\/www.efk.admin.ch\\\/fr\\\/audit\\\/mecanismes-visant-un-usage-approprie-de-limagerie-medicale\\\/\"]}]},{\"@type\":\"ImageObject\",\"inLanguage\":\"fr-FR\",\"@id\":\"https:\\\/\\\/www.efk.admin.ch\\\/fr\\\/audit\\\/mecanismes-visant-un-usage-approprie-de-limagerie-medicale\\\/#primaryimage\",\"url\":\"https:\\\/\\\/www.efk.admin.ch\\\/wp-content\\\/uploads\\\/publikationen\\\/berichte\\\/bildung_und_soziales\\\/gesundheit\\\/22613\\\/wik_ueberblick_pa22613_f-1024x665.jpg\",\"contentUrl\":\"https:\\\/\\\/www.efk.admin.ch\\\/wp-content\\\/uploads\\\/publikationen\\\/berichte\\\/bildung_und_soziales\\\/gesundheit\\\/22613\\\/wik_ueberblick_pa22613_f-1024x665.jpg\"},{\"@type\":\"BreadcrumbList\",\"@id\":\"https:\\\/\\\/www.efk.admin.ch\\\/fr\\\/audit\\\/mecanismes-visant-un-usage-approprie-de-limagerie-medicale\\\/#breadcrumb\",\"itemListElement\":[{\"@type\":\"ListItem\",\"position\":1,\"name\":\"Home\",\"item\":\"https:\\\/\\\/www.efk.admin.ch\\\/fr\\\/\"},{\"@type\":\"ListItem\",\"position\":2,\"name\":\"Rapport\",\"item\":\"https:\\\/\\\/www.efk.admin.ch\\\/fr\\\/audit\\\/\"},{\"@type\":\"ListItem\",\"position\":3,\"name\":\"M\u00e9canismes visant un usage appropri\u00e9 de l\u2019imagerie m\u00e9dicale\"}]},{\"@type\":\"WebSite\",\"@id\":\"https:\\\/\\\/www.efk.admin.ch\\\/fr\\\/#website\",\"url\":\"https:\\\/\\\/www.efk.admin.ch\\\/fr\\\/\",\"name\":\"Informationen \u00fcber das oberste Finanzaufsichtsorgan der Schweiz\",\"description\":\"Le Contr\u00f4le f\u00e9d\u00e9ral des finances (CDF) est l'organe supr\u00eame de surveillance financi\u00e8re de la Conf\u00e9d\u00e9ration suisse.\",\"publisher\":{\"@id\":\"https:\\\/\\\/www.efk.admin.ch\\\/fr\\\/#organization\"},\"alternateName\":\"EFK\",\"potentialAction\":[{\"@type\":\"SearchAction\",\"target\":{\"@type\":\"EntryPoint\",\"urlTemplate\":\"https:\\\/\\\/www.efk.admin.ch\\\/fr\\\/?s={search_term_string}\"},\"query-input\":{\"@type\":\"PropertyValueSpecification\",\"valueRequired\":true,\"valueName\":\"search_term_string\"}}],\"inLanguage\":\"fr-FR\"},{\"@type\":\"Organization\",\"@id\":\"https:\\\/\\\/www.efk.admin.ch\\\/fr\\\/#organization\",\"name\":\"Contr\u00f4le f\u00e9d\u00e9ral des finances (CDF)\",\"alternateName\":\"EFK\",\"url\":\"https:\\\/\\\/www.efk.admin.ch\\\/fr\\\/\",\"logo\":{\"@type\":\"ImageObject\",\"inLanguage\":\"fr-FR\",\"@id\":\"https:\\\/\\\/www.efk.admin.ch\\\/fr\\\/#\\\/schema\\\/logo\\\/image\\\/\",\"url\":\"https:\\\/\\\/www.efk.admin.ch\\\/wp-content\\\/uploads\\\/efk_cdf_logo_ohne_claim.png\",\"contentUrl\":\"https:\\\/\\\/www.efk.admin.ch\\\/wp-content\\\/uploads\\\/efk_cdf_logo_ohne_claim.png\",\"width\":268,\"height\":258,\"caption\":\"Contr\u00f4le f\u00e9d\u00e9ral des finances (CDF)\"},\"image\":{\"@id\":\"https:\\\/\\\/www.efk.admin.ch\\\/fr\\\/#\\\/schema\\\/logo\\\/image\\\/\"},\"sameAs\":[\"https:\\\/\\\/www.instagram.com\\\/efk_cdf_sfao\\\/\",\"https:\\\/\\\/www.youtube.com\\\/channel\\\/UCm-bXj227VE5sJzhB-ihdvw\\\/featured\",\"https:\\\/\\\/www.linkedin.com\\\/company\\\/11081578\\\/\"]}]}<\/script>\n<!-- \/ Yoast SEO Premium plugin. -->","yoast_head_json":{"title":"M\u00e9canismes visant un usage appropri\u00e9 de l\u2019imagerie m\u00e9dicale - Contr\u00f4le f\u00e9d\u00e9ral des finances (CDF)","description":"M\u00e9canismes visant un usage appropri\u00e9 de l\u2019imagerie m\u00e9dicale","robots":{"index":"index","follow":"follow","max-snippet":"max-snippet:-1","max-image-preview":"max-image-preview:large","max-video-preview":"max-video-preview:-1"},"canonical":"https:\/\/www.efk.admin.ch\/fr\/audit\/mecanismes-visant-un-usage-approprie-de-limagerie-medicale\/","og_locale":"fr_FR","og_type":"article","og_title":"M\u00e9canismes visant un usage appropri\u00e9 de l\u2019imagerie m\u00e9dicale","og_description":"M\u00e9canismes visant un usage appropri\u00e9 de l\u2019imagerie m\u00e9dicale","og_url":"https:\/\/www.efk.admin.ch\/fr\/audit\/mecanismes-visant-un-usage-approprie-de-limagerie-medicale\/","og_site_name":"Contr\u00f4le f\u00e9d\u00e9ral des finances (CDF)","og_image":[{"width":2126,"height":1382,"url":"https:\/\/www.efk.admin.ch\/wp-content\/uploads\/publikationen\/berichte\/bildung_und_soziales\/gesundheit\/22613\/wik_ueberblick_pa22613_f.jpg","type":"image\/jpeg"}],"twitter_card":"summary_large_image","twitter_misc":{"Dur\u00e9e de lecture estim\u00e9e":"2 minutes"},"schema":{"@context":"https:\/\/schema.org","@graph":[{"@type":"WebPage","@id":"https:\/\/www.efk.admin.ch\/fr\/audit\/mecanismes-visant-un-usage-approprie-de-limagerie-medicale\/","url":"https:\/\/www.efk.admin.ch\/fr\/audit\/mecanismes-visant-un-usage-approprie-de-limagerie-medicale\/","name":"M\u00e9canismes visant un usage appropri\u00e9 de l\u2019imagerie m\u00e9dicale - Contr\u00f4le f\u00e9d\u00e9ral des finances (CDF)","isPartOf":{"@id":"https:\/\/www.efk.admin.ch\/fr\/#website"},"primaryImageOfPage":{"@id":"https:\/\/www.efk.admin.ch\/fr\/audit\/mecanismes-visant-un-usage-approprie-de-limagerie-medicale\/#primaryimage"},"image":{"@id":"https:\/\/www.efk.admin.ch\/fr\/audit\/mecanismes-visant-un-usage-approprie-de-limagerie-medicale\/#primaryimage"},"thumbnailUrl":"https:\/\/www.efk.admin.ch\/wp-content\/uploads\/publikationen\/berichte\/bildung_und_soziales\/gesundheit\/22613\/wik_ueberblick_pa22613_f-1024x665.jpg","datePublished":"2025-04-28T21:00:00+00:00","description":"M\u00e9canismes visant un usage appropri\u00e9 de l\u2019imagerie m\u00e9dicale","breadcrumb":{"@id":"https:\/\/www.efk.admin.ch\/fr\/audit\/mecanismes-visant-un-usage-approprie-de-limagerie-medicale\/#breadcrumb"},"inLanguage":"fr-FR","potentialAction":[{"@type":"ReadAction","target":["https:\/\/www.efk.admin.ch\/fr\/audit\/mecanismes-visant-un-usage-approprie-de-limagerie-medicale\/"]}]},{"@type":"ImageObject","inLanguage":"fr-FR","@id":"https:\/\/www.efk.admin.ch\/fr\/audit\/mecanismes-visant-un-usage-approprie-de-limagerie-medicale\/#primaryimage","url":"https:\/\/www.efk.admin.ch\/wp-content\/uploads\/publikationen\/berichte\/bildung_und_soziales\/gesundheit\/22613\/wik_ueberblick_pa22613_f-1024x665.jpg","contentUrl":"https:\/\/www.efk.admin.ch\/wp-content\/uploads\/publikationen\/berichte\/bildung_und_soziales\/gesundheit\/22613\/wik_ueberblick_pa22613_f-1024x665.jpg"},{"@type":"BreadcrumbList","@id":"https:\/\/www.efk.admin.ch\/fr\/audit\/mecanismes-visant-un-usage-approprie-de-limagerie-medicale\/#breadcrumb","itemListElement":[{"@type":"ListItem","position":1,"name":"Home","item":"https:\/\/www.efk.admin.ch\/fr\/"},{"@type":"ListItem","position":2,"name":"Rapport","item":"https:\/\/www.efk.admin.ch\/fr\/audit\/"},{"@type":"ListItem","position":3,"name":"M\u00e9canismes visant un usage appropri\u00e9 de l\u2019imagerie m\u00e9dicale"}]},{"@type":"WebSite","@id":"https:\/\/www.efk.admin.ch\/fr\/#website","url":"https:\/\/www.efk.admin.ch\/fr\/","name":"Informationen \u00fcber das oberste Finanzaufsichtsorgan der Schweiz","description":"Le Contr\u00f4le f\u00e9d\u00e9ral des finances (CDF) est l'organe supr\u00eame de surveillance financi\u00e8re de la Conf\u00e9d\u00e9ration suisse.","publisher":{"@id":"https:\/\/www.efk.admin.ch\/fr\/#organization"},"alternateName":"EFK","potentialAction":[{"@type":"SearchAction","target":{"@type":"EntryPoint","urlTemplate":"https:\/\/www.efk.admin.ch\/fr\/?s={search_term_string}"},"query-input":{"@type":"PropertyValueSpecification","valueRequired":true,"valueName":"search_term_string"}}],"inLanguage":"fr-FR"},{"@type":"Organization","@id":"https:\/\/www.efk.admin.ch\/fr\/#organization","name":"Contr\u00f4le f\u00e9d\u00e9ral des finances (CDF)","alternateName":"EFK","url":"https:\/\/www.efk.admin.ch\/fr\/","logo":{"@type":"ImageObject","inLanguage":"fr-FR","@id":"https:\/\/www.efk.admin.ch\/fr\/#\/schema\/logo\/image\/","url":"https:\/\/www.efk.admin.ch\/wp-content\/uploads\/efk_cdf_logo_ohne_claim.png","contentUrl":"https:\/\/www.efk.admin.ch\/wp-content\/uploads\/efk_cdf_logo_ohne_claim.png","width":268,"height":258,"caption":"Contr\u00f4le f\u00e9d\u00e9ral des finances (CDF)"},"image":{"@id":"https:\/\/www.efk.admin.ch\/fr\/#\/schema\/logo\/image\/"},"sameAs":["https:\/\/www.instagram.com\/efk_cdf_sfao\/","https:\/\/www.youtube.com\/channel\/UCm-bXj227VE5sJzhB-ihdvw\/featured","https:\/\/www.linkedin.com\/company\/11081578\/"]}]}},"_links":{"self":[{"href":"https:\/\/www.efk.admin.ch\/fr\/wp-json\/wp\/v2\/audit\/37831","targetHints":{"allow":["GET"]}}],"collection":[{"href":"https:\/\/www.efk.admin.ch\/fr\/wp-json\/wp\/v2\/audit"}],"about":[{"href":"https:\/\/www.efk.admin.ch\/fr\/wp-json\/wp\/v2\/types\/audit"}],"acf:post":[{"embeddable":true,"href":"https:\/\/www.efk.admin.ch\/fr\/wp-json\/wp\/v2\/office\/7904"}],"wp:attachment":[{"href":"https:\/\/www.efk.admin.ch\/fr\/wp-json\/wp\/v2\/media?parent=37831"}],"wp:term":[{"taxonomy":"audit_category","embeddable":true,"href":"https:\/\/www.efk.admin.ch\/fr\/wp-json\/wp\/v2\/audit_category?post=37831"},{"taxonomy":"audit_type","embeddable":true,"href":"https:\/\/www.efk.admin.ch\/fr\/wp-json\/wp\/v2\/audit_type?post=37831"}],"curies":[{"name":"wp","href":"https:\/\/api.w.org\/{rel}","templated":true}]}}