{"id":37627,"date":"2025-04-09T23:00:00","date_gmt":"2025-04-09T21:00:00","guid":{"rendered":"https:\/\/www.efk.admin.ch\/?post_type=audit&#038;p=37627"},"modified":"2025-04-09T11:45:49","modified_gmt":"2025-04-09T09:45:49","slug":"mise-en-oeuvre-du-cadre-reglementaire-public-dans-linfrastructure-ferroviaire","status":"publish","type":"audit","link":"https:\/\/www.efk.admin.ch\/fr\/audit\/mise-en-oeuvre-du-cadre-reglementaire-public-dans-linfrastructure-ferroviaire\/","title":{"rendered":"Mise en \u0153uvre du cadre r\u00e9glementaire public dans l\u2019infrastructure ferroviaire"},"content":{"rendered":"\n<p>Chaque ann\u00e9e, la Conf\u00e9d\u00e9ration investit pr\u00e8s de 5 milliards de francs dans l\u2019infrastructure ferroviaire suisse&nbsp;: environ 1,5 milliard est allou\u00e9 au d\u00e9veloppement de cette derni\u00e8re, tandis que le reste du montant sert \u00e0 financer l\u2019exploitation et le maintien de la qualit\u00e9 des installations. Dans tout le pays, 35 gestionnaires d\u2019infrastructure (GI) exploitent et entretiennent un r\u00e9seau de quelque 5300 kilom\u00e8tres.<br><br>L\u2019infrastructure ferroviaire doit satisfaire \u00e0 un certain nombre de lois, d\u2019ordonnances, de dispositions d\u2019ex\u00e9cution et de directives, qui, ensemble, forment la r\u00e9glementation officielle. Celle-ci a principalement trait \u00e0 des questions de s\u00e9curit\u00e9 et de qualit\u00e9, et peut parfois se r\u00e9percuter sur le co\u00fbt des projets.<br><br>Le Contr\u00f4le f\u00e9d\u00e9ral des finances (CDF) a donc examin\u00e9 si les aspects financiers avaient bien \u00e9t\u00e9 pris en compte lors de l\u2019\u00e9laboration, de la r\u00e9vision et de l\u2019application de la r\u00e9glementation officielle relative \u00e0 l\u2019infrastructure ferroviaire. Chef de file en la mati\u00e8re, l\u2019Office f\u00e9d\u00e9ral des transports (OFT) place les aspects relatifs \u00e0 la s\u00e9curit\u00e9 en t\u00eate de ses priorit\u00e9s. Il \u00e9value les cons\u00e9quences financi\u00e8res des modifications apport\u00e9es \u00e0 la r\u00e9glementation en appliquant majoritairement des m\u00e9thodes qualitatives. En cons\u00e9quence, il faut retravailler la pr\u00e9sentation financi\u00e8re de ces modifications et continuer \u00e0 \u00e9valuer leurs effets.<br><br>Les GI cherchent \u00e0 optimiser la rentabilit\u00e9 de leurs projets tout en respectant la r\u00e9glementation officielle en vigueur.<\/p>\n\n\n\n<figure class=\"wp-block-image size-large\"><img loading=\"lazy\" decoding=\"async\" width=\"1024\" height=\"607\" src=\"https:\/\/www.efk.admin.ch\/wp-content\/uploads\/publikationen\/berichte\/sicherheit_und_umwelt\/verkehr_und_umwelt\/24707\/wik_ueberblick_pa24707_f-1024x607.jpg\" alt=\"\" class=\"wp-image-37667\" srcset=\"https:\/\/www.efk.admin.ch\/wp-content\/uploads\/publikationen\/berichte\/sicherheit_und_umwelt\/verkehr_und_umwelt\/24707\/wik_ueberblick_pa24707_f-1024x607.jpg 1024w, https:\/\/www.efk.admin.ch\/wp-content\/uploads\/publikationen\/berichte\/sicherheit_und_umwelt\/verkehr_und_umwelt\/24707\/wik_ueberblick_pa24707_f-300x178.jpg 300w, https:\/\/www.efk.admin.ch\/wp-content\/uploads\/publikationen\/berichte\/sicherheit_und_umwelt\/verkehr_und_umwelt\/24707\/wik_ueberblick_pa24707_f-768x456.jpg 768w, https:\/\/www.efk.admin.ch\/wp-content\/uploads\/publikationen\/berichte\/sicherheit_und_umwelt\/verkehr_und_umwelt\/24707\/wik_ueberblick_pa24707_f-1536x911.jpg 1536w, https:\/\/www.efk.admin.ch\/wp-content\/uploads\/publikationen\/berichte\/sicherheit_und_umwelt\/verkehr_und_umwelt\/24707\/wik_ueberblick_pa24707_f-2048x1215.jpg 2048w, https:\/\/www.efk.admin.ch\/wp-content\/uploads\/publikationen\/berichte\/sicherheit_und_umwelt\/verkehr_und_umwelt\/24707\/wik_ueberblick_pa24707_f.jpg 1890w\" sizes=\"auto, (max-width: 1024px) 100vw, 1024px\" \/><\/figure>\n","protected":false},"featured_media":0,"menu_order":0,"template":"","audit_category":[47],"audit_type":[124],"class_list":["post-37627","audit","type-audit","status-publish","hentry","audit_category-transports-et-environnement","audit_type-audit-de-construction"],"acf":{"audit_lang":null,"audit_numbers":[{"audit_number":"24707"}],"audit_office":[7956,8023,8025,22397],"audit_office_text":"","audit_date":"20250409","bgo":false,"keywords":"","audit_office_local":""},"yoast_head":"<!-- This site is optimized with the Yoast SEO Premium plugin v27.4 (Yoast SEO v27.4) - https:\/\/yoast.com\/product\/yoast-seo-premium-wordpress\/ -->\n<title>Mise en \u0153uvre du cadre r\u00e9glementaire public dans l\u2019infrastructure ferroviaire - Contr\u00f4le f\u00e9d\u00e9ral des finances (CDF)<\/title>\n<meta name=\"description\" content=\"Mise en \u0153uvre du cadre r\u00e9glementaire public dans l\u2019infrastructure ferroviaire\" \/>\n<meta name=\"robots\" content=\"index, follow, max-snippet:-1, max-image-preview:large, max-video-preview:-1\" \/>\n<link rel=\"canonical\" href=\"https:\/\/www.efk.admin.ch\/fr\/audit\/mise-en-oeuvre-du-cadre-reglementaire-public-dans-linfrastructure-ferroviaire\/\" \/>\n<meta property=\"og:locale\" content=\"fr_FR\" \/>\n<meta property=\"og:type\" content=\"article\" \/>\n<meta property=\"og:title\" content=\"Mise en \u0153uvre du cadre r\u00e9glementaire public dans l\u2019infrastructure ferroviaire\" \/>\n<meta property=\"og:description\" content=\"Mise en \u0153uvre du cadre r\u00e9glementaire public dans l\u2019infrastructure ferroviaire\" \/>\n<meta property=\"og:url\" content=\"https:\/\/www.efk.admin.ch\/fr\/audit\/mise-en-oeuvre-du-cadre-reglementaire-public-dans-linfrastructure-ferroviaire\/\" \/>\n<meta property=\"og:site_name\" content=\"Contr\u00f4le f\u00e9d\u00e9ral des finances (CDF)\" \/>\n<meta property=\"og:image\" content=\"https:\/\/www.efk.admin.ch\/wp-content\/uploads\/publikationen\/berichte\/sicherheit_und_umwelt\/verkehr_und_umwelt\/24707\/wik_ueberblick_pa24707_f.jpg\" \/>\n\t<meta property=\"og:image:width\" content=\"1890\" \/>\n\t<meta property=\"og:image:height\" content=\"1122\" \/>\n\t<meta property=\"og:image:type\" content=\"image\/jpeg\" \/>\n<meta name=\"twitter:card\" content=\"summary_large_image\" \/>\n<meta name=\"twitter:label1\" content=\"Dur\u00e9e de lecture estim\u00e9e\" \/>\n\t<meta name=\"twitter:data1\" content=\"2 minutes\" \/>\n<script type=\"application\/ld+json\" class=\"yoast-schema-graph\">{\"@context\":\"https:\\\/\\\/schema.org\",\"@graph\":[{\"@type\":\"WebPage\",\"@id\":\"https:\\\/\\\/www.efk.admin.ch\\\/fr\\\/audit\\\/mise-en-oeuvre-du-cadre-reglementaire-public-dans-linfrastructure-ferroviaire\\\/\",\"url\":\"https:\\\/\\\/www.efk.admin.ch\\\/fr\\\/audit\\\/mise-en-oeuvre-du-cadre-reglementaire-public-dans-linfrastructure-ferroviaire\\\/\",\"name\":\"Mise en \u0153uvre du cadre r\u00e9glementaire public dans l\u2019infrastructure ferroviaire - Contr\u00f4le f\u00e9d\u00e9ral des finances (CDF)\",\"isPartOf\":{\"@id\":\"https:\\\/\\\/www.efk.admin.ch\\\/fr\\\/#website\"},\"primaryImageOfPage\":{\"@id\":\"https:\\\/\\\/www.efk.admin.ch\\\/fr\\\/audit\\\/mise-en-oeuvre-du-cadre-reglementaire-public-dans-linfrastructure-ferroviaire\\\/#primaryimage\"},\"image\":{\"@id\":\"https:\\\/\\\/www.efk.admin.ch\\\/fr\\\/audit\\\/mise-en-oeuvre-du-cadre-reglementaire-public-dans-linfrastructure-ferroviaire\\\/#primaryimage\"},\"thumbnailUrl\":\"https:\\\/\\\/www.efk.admin.ch\\\/wp-content\\\/uploads\\\/publikationen\\\/berichte\\\/sicherheit_und_umwelt\\\/verkehr_und_umwelt\\\/24707\\\/wik_ueberblick_pa24707_f-1024x607.jpg\",\"datePublished\":\"2025-04-09T21:00:00+00:00\",\"description\":\"Mise en \u0153uvre du cadre r\u00e9glementaire public dans l\u2019infrastructure ferroviaire\",\"breadcrumb\":{\"@id\":\"https:\\\/\\\/www.efk.admin.ch\\\/fr\\\/audit\\\/mise-en-oeuvre-du-cadre-reglementaire-public-dans-linfrastructure-ferroviaire\\\/#breadcrumb\"},\"inLanguage\":\"fr-FR\",\"potentialAction\":[{\"@type\":\"ReadAction\",\"target\":[\"https:\\\/\\\/www.efk.admin.ch\\\/fr\\\/audit\\\/mise-en-oeuvre-du-cadre-reglementaire-public-dans-linfrastructure-ferroviaire\\\/\"]}]},{\"@type\":\"ImageObject\",\"inLanguage\":\"fr-FR\",\"@id\":\"https:\\\/\\\/www.efk.admin.ch\\\/fr\\\/audit\\\/mise-en-oeuvre-du-cadre-reglementaire-public-dans-linfrastructure-ferroviaire\\\/#primaryimage\",\"url\":\"https:\\\/\\\/www.efk.admin.ch\\\/wp-content\\\/uploads\\\/publikationen\\\/berichte\\\/sicherheit_und_umwelt\\\/verkehr_und_umwelt\\\/24707\\\/wik_ueberblick_pa24707_f-1024x607.jpg\",\"contentUrl\":\"https:\\\/\\\/www.efk.admin.ch\\\/wp-content\\\/uploads\\\/publikationen\\\/berichte\\\/sicherheit_und_umwelt\\\/verkehr_und_umwelt\\\/24707\\\/wik_ueberblick_pa24707_f-1024x607.jpg\"},{\"@type\":\"BreadcrumbList\",\"@id\":\"https:\\\/\\\/www.efk.admin.ch\\\/fr\\\/audit\\\/mise-en-oeuvre-du-cadre-reglementaire-public-dans-linfrastructure-ferroviaire\\\/#breadcrumb\",\"itemListElement\":[{\"@type\":\"ListItem\",\"position\":1,\"name\":\"Home\",\"item\":\"https:\\\/\\\/www.efk.admin.ch\\\/fr\\\/\"},{\"@type\":\"ListItem\",\"position\":2,\"name\":\"Rapport\",\"item\":\"https:\\\/\\\/www.efk.admin.ch\\\/fr\\\/audit\\\/\"},{\"@type\":\"ListItem\",\"position\":3,\"name\":\"Mise en \u0153uvre du cadre r\u00e9glementaire public dans l\u2019infrastructure ferroviaire\"}]},{\"@type\":\"WebSite\",\"@id\":\"https:\\\/\\\/www.efk.admin.ch\\\/fr\\\/#website\",\"url\":\"https:\\\/\\\/www.efk.admin.ch\\\/fr\\\/\",\"name\":\"Informationen \u00fcber das oberste Finanzaufsichtsorgan der Schweiz\",\"description\":\"Le Contr\u00f4le f\u00e9d\u00e9ral des finances (CDF) est l'organe supr\u00eame de surveillance financi\u00e8re de la Conf\u00e9d\u00e9ration suisse.\",\"publisher\":{\"@id\":\"https:\\\/\\\/www.efk.admin.ch\\\/fr\\\/#organization\"},\"alternateName\":\"EFK\",\"potentialAction\":[{\"@type\":\"SearchAction\",\"target\":{\"@type\":\"EntryPoint\",\"urlTemplate\":\"https:\\\/\\\/www.efk.admin.ch\\\/fr\\\/?s={search_term_string}\"},\"query-input\":{\"@type\":\"PropertyValueSpecification\",\"valueRequired\":true,\"valueName\":\"search_term_string\"}}],\"inLanguage\":\"fr-FR\"},{\"@type\":\"Organization\",\"@id\":\"https:\\\/\\\/www.efk.admin.ch\\\/fr\\\/#organization\",\"name\":\"Contr\u00f4le f\u00e9d\u00e9ral des finances (CDF)\",\"alternateName\":\"EFK\",\"url\":\"https:\\\/\\\/www.efk.admin.ch\\\/fr\\\/\",\"logo\":{\"@type\":\"ImageObject\",\"inLanguage\":\"fr-FR\",\"@id\":\"https:\\\/\\\/www.efk.admin.ch\\\/fr\\\/#\\\/schema\\\/logo\\\/image\\\/\",\"url\":\"https:\\\/\\\/www.efk.admin.ch\\\/wp-content\\\/uploads\\\/efk_cdf_logo_ohne_claim.png\",\"contentUrl\":\"https:\\\/\\\/www.efk.admin.ch\\\/wp-content\\\/uploads\\\/efk_cdf_logo_ohne_claim.png\",\"width\":268,\"height\":258,\"caption\":\"Contr\u00f4le f\u00e9d\u00e9ral des finances (CDF)\"},\"image\":{\"@id\":\"https:\\\/\\\/www.efk.admin.ch\\\/fr\\\/#\\\/schema\\\/logo\\\/image\\\/\"},\"sameAs\":[\"https:\\\/\\\/www.instagram.com\\\/efk_cdf_sfao\\\/\",\"https:\\\/\\\/www.youtube.com\\\/channel\\\/UCm-bXj227VE5sJzhB-ihdvw\\\/featured\",\"https:\\\/\\\/www.linkedin.com\\\/company\\\/11081578\\\/\"]}]}<\/script>\n<!-- \/ Yoast SEO Premium plugin. -->","yoast_head_json":{"title":"Mise en \u0153uvre du cadre r\u00e9glementaire public dans l\u2019infrastructure ferroviaire - Contr\u00f4le f\u00e9d\u00e9ral des finances (CDF)","description":"Mise en \u0153uvre du cadre r\u00e9glementaire public dans l\u2019infrastructure ferroviaire","robots":{"index":"index","follow":"follow","max-snippet":"max-snippet:-1","max-image-preview":"max-image-preview:large","max-video-preview":"max-video-preview:-1"},"canonical":"https:\/\/www.efk.admin.ch\/fr\/audit\/mise-en-oeuvre-du-cadre-reglementaire-public-dans-linfrastructure-ferroviaire\/","og_locale":"fr_FR","og_type":"article","og_title":"Mise en \u0153uvre du cadre r\u00e9glementaire public dans l\u2019infrastructure ferroviaire","og_description":"Mise en \u0153uvre du cadre r\u00e9glementaire public dans l\u2019infrastructure ferroviaire","og_url":"https:\/\/www.efk.admin.ch\/fr\/audit\/mise-en-oeuvre-du-cadre-reglementaire-public-dans-linfrastructure-ferroviaire\/","og_site_name":"Contr\u00f4le f\u00e9d\u00e9ral des finances (CDF)","og_image":[{"width":1890,"height":1122,"url":"https:\/\/www.efk.admin.ch\/wp-content\/uploads\/publikationen\/berichte\/sicherheit_und_umwelt\/verkehr_und_umwelt\/24707\/wik_ueberblick_pa24707_f.jpg","type":"image\/jpeg"}],"twitter_card":"summary_large_image","twitter_misc":{"Dur\u00e9e de lecture estim\u00e9e":"2 minutes"},"schema":{"@context":"https:\/\/schema.org","@graph":[{"@type":"WebPage","@id":"https:\/\/www.efk.admin.ch\/fr\/audit\/mise-en-oeuvre-du-cadre-reglementaire-public-dans-linfrastructure-ferroviaire\/","url":"https:\/\/www.efk.admin.ch\/fr\/audit\/mise-en-oeuvre-du-cadre-reglementaire-public-dans-linfrastructure-ferroviaire\/","name":"Mise en \u0153uvre du cadre r\u00e9glementaire public dans l\u2019infrastructure ferroviaire - Contr\u00f4le f\u00e9d\u00e9ral des finances (CDF)","isPartOf":{"@id":"https:\/\/www.efk.admin.ch\/fr\/#website"},"primaryImageOfPage":{"@id":"https:\/\/www.efk.admin.ch\/fr\/audit\/mise-en-oeuvre-du-cadre-reglementaire-public-dans-linfrastructure-ferroviaire\/#primaryimage"},"image":{"@id":"https:\/\/www.efk.admin.ch\/fr\/audit\/mise-en-oeuvre-du-cadre-reglementaire-public-dans-linfrastructure-ferroviaire\/#primaryimage"},"thumbnailUrl":"https:\/\/www.efk.admin.ch\/wp-content\/uploads\/publikationen\/berichte\/sicherheit_und_umwelt\/verkehr_und_umwelt\/24707\/wik_ueberblick_pa24707_f-1024x607.jpg","datePublished":"2025-04-09T21:00:00+00:00","description":"Mise en \u0153uvre du cadre r\u00e9glementaire public dans l\u2019infrastructure ferroviaire","breadcrumb":{"@id":"https:\/\/www.efk.admin.ch\/fr\/audit\/mise-en-oeuvre-du-cadre-reglementaire-public-dans-linfrastructure-ferroviaire\/#breadcrumb"},"inLanguage":"fr-FR","potentialAction":[{"@type":"ReadAction","target":["https:\/\/www.efk.admin.ch\/fr\/audit\/mise-en-oeuvre-du-cadre-reglementaire-public-dans-linfrastructure-ferroviaire\/"]}]},{"@type":"ImageObject","inLanguage":"fr-FR","@id":"https:\/\/www.efk.admin.ch\/fr\/audit\/mise-en-oeuvre-du-cadre-reglementaire-public-dans-linfrastructure-ferroviaire\/#primaryimage","url":"https:\/\/www.efk.admin.ch\/wp-content\/uploads\/publikationen\/berichte\/sicherheit_und_umwelt\/verkehr_und_umwelt\/24707\/wik_ueberblick_pa24707_f-1024x607.jpg","contentUrl":"https:\/\/www.efk.admin.ch\/wp-content\/uploads\/publikationen\/berichte\/sicherheit_und_umwelt\/verkehr_und_umwelt\/24707\/wik_ueberblick_pa24707_f-1024x607.jpg"},{"@type":"BreadcrumbList","@id":"https:\/\/www.efk.admin.ch\/fr\/audit\/mise-en-oeuvre-du-cadre-reglementaire-public-dans-linfrastructure-ferroviaire\/#breadcrumb","itemListElement":[{"@type":"ListItem","position":1,"name":"Home","item":"https:\/\/www.efk.admin.ch\/fr\/"},{"@type":"ListItem","position":2,"name":"Rapport","item":"https:\/\/www.efk.admin.ch\/fr\/audit\/"},{"@type":"ListItem","position":3,"name":"Mise en \u0153uvre du cadre r\u00e9glementaire public dans l\u2019infrastructure ferroviaire"}]},{"@type":"WebSite","@id":"https:\/\/www.efk.admin.ch\/fr\/#website","url":"https:\/\/www.efk.admin.ch\/fr\/","name":"Informationen \u00fcber das oberste Finanzaufsichtsorgan der Schweiz","description":"Le Contr\u00f4le f\u00e9d\u00e9ral des finances (CDF) est l'organe supr\u00eame de surveillance financi\u00e8re de la Conf\u00e9d\u00e9ration suisse.","publisher":{"@id":"https:\/\/www.efk.admin.ch\/fr\/#organization"},"alternateName":"EFK","potentialAction":[{"@type":"SearchAction","target":{"@type":"EntryPoint","urlTemplate":"https:\/\/www.efk.admin.ch\/fr\/?s={search_term_string}"},"query-input":{"@type":"PropertyValueSpecification","valueRequired":true,"valueName":"search_term_string"}}],"inLanguage":"fr-FR"},{"@type":"Organization","@id":"https:\/\/www.efk.admin.ch\/fr\/#organization","name":"Contr\u00f4le f\u00e9d\u00e9ral des finances (CDF)","alternateName":"EFK","url":"https:\/\/www.efk.admin.ch\/fr\/","logo":{"@type":"ImageObject","inLanguage":"fr-FR","@id":"https:\/\/www.efk.admin.ch\/fr\/#\/schema\/logo\/image\/","url":"https:\/\/www.efk.admin.ch\/wp-content\/uploads\/efk_cdf_logo_ohne_claim.png","contentUrl":"https:\/\/www.efk.admin.ch\/wp-content\/uploads\/efk_cdf_logo_ohne_claim.png","width":268,"height":258,"caption":"Contr\u00f4le f\u00e9d\u00e9ral des finances (CDF)"},"image":{"@id":"https:\/\/www.efk.admin.ch\/fr\/#\/schema\/logo\/image\/"},"sameAs":["https:\/\/www.instagram.com\/efk_cdf_sfao\/","https:\/\/www.youtube.com\/channel\/UCm-bXj227VE5sJzhB-ihdvw\/featured","https:\/\/www.linkedin.com\/company\/11081578\/"]}]}},"_links":{"self":[{"href":"https:\/\/www.efk.admin.ch\/fr\/wp-json\/wp\/v2\/audit\/37627","targetHints":{"allow":["GET"]}}],"collection":[{"href":"https:\/\/www.efk.admin.ch\/fr\/wp-json\/wp\/v2\/audit"}],"about":[{"href":"https:\/\/www.efk.admin.ch\/fr\/wp-json\/wp\/v2\/types\/audit"}],"acf:post":[{"embeddable":true,"href":"https:\/\/www.efk.admin.ch\/fr\/wp-json\/wp\/v2\/office\/22397"},{"embeddable":true,"href":"https:\/\/www.efk.admin.ch\/fr\/wp-json\/wp\/v2\/office\/8025"},{"embeddable":true,"href":"https:\/\/www.efk.admin.ch\/fr\/wp-json\/wp\/v2\/office\/8023"},{"embeddable":true,"href":"https:\/\/www.efk.admin.ch\/fr\/wp-json\/wp\/v2\/office\/7956"}],"wp:attachment":[{"href":"https:\/\/www.efk.admin.ch\/fr\/wp-json\/wp\/v2\/media?parent=37627"}],"wp:term":[{"taxonomy":"audit_category","embeddable":true,"href":"https:\/\/www.efk.admin.ch\/fr\/wp-json\/wp\/v2\/audit_category?post=37627"},{"taxonomy":"audit_type","embeddable":true,"href":"https:\/\/www.efk.admin.ch\/fr\/wp-json\/wp\/v2\/audit_type?post=37627"}],"curies":[{"name":"wp","href":"https:\/\/api.w.org\/{rel}","templated":true}]}}