{"id":37422,"date":"2025-04-02T23:00:00","date_gmt":"2025-04-02T21:00:00","guid":{"rendered":"https:\/\/www.efk.admin.ch\/?post_type=audit&#038;p=37422"},"modified":"2025-04-01T16:33:42","modified_gmt":"2025-04-01T14:33:42","slug":"projet-cle-gestion-nationale-des-donnees-nadb","status":"publish","type":"audit","link":"https:\/\/www.efk.admin.ch\/fr\/audit\/projet-cle-gestion-nationale-des-donnees-nadb\/","title":{"rendered":"Projet cl\u00e9 \u00ab Gestion nationale des donn\u00e9es \u00bb (NaDB)"},"content":{"rendered":"\n<p>En 2019, le Conseil f\u00e9d\u00e9ral a charg\u00e9 l\u2019Office f\u00e9d\u00e9ral de la statistique (OFS) de lancer le programme \u00ab\u00a0Gestion nationale des donn\u00e9es\u00a0\u00bb (NaDB) et a confirm\u00e9 son mandat l\u2019ann\u00e9e suivante. Ce programme vise \u00e0 promouvoir l\u2019utilisation multiple des donn\u00e9es au sein de l\u2019administration f\u00e9d\u00e9rale et, partant, \u00e0 accro\u00eetre l\u2019efficacit\u00e9 des processus administratifs. D\u2019une part, il comprend l\u2019\u00e9laboration de bases, qui inclut notamment la cr\u00e9ation et l\u2019exploitation d\u2019une plateforme d\u2019interop\u00e9rabilit\u00e9 (I14Y). D\u2019autre part, il consiste en plusieurs projets pilotes qui permettent d\u2019examiner des questions de faisabilit\u00e9, d\u2019acqu\u00e9rir de l\u2019exp\u00e9rience et de poursuivre l\u2019harmonisation des donn\u00e9es \u00e0 l\u2019\u00e9chelle de l\u2019administration f\u00e9d\u00e9rale. Le budget du programme, fix\u00e9 \u00e0 37,7 millions de francs, est en grande partie couvert par la contribution financi\u00e8re de l\u2019OFS, qui s\u2019\u00e9l\u00e8ve \u00e0 pr\u00e8s de 30 millions de francs. En 2023, le Conseil f\u00e9d\u00e9ral a d\u00e9cid\u00e9 de prolonger le programme jusqu\u2019en 2026, afin de poursuivre l\u2019harmonisation et la standardisation des donn\u00e9es dans le cadre de la r\u00e9partition des comp\u00e9tences existante.<br><br>Le Contr\u00f4le f\u00e9d\u00e9ral des finances (CDF) a examin\u00e9 une premi\u00e8re fois le programme en 2021 et formul\u00e9 six recommandations. Son deuxi\u00e8me audit, qui fait l\u2019objet du pr\u00e9sent rapport, visait \u00e0 \u00e9valuer la pertinence de l\u2019int\u00e9gration du NaDB dans les structures de donn\u00e9es et de r\u00e9partition des comp\u00e9tences de la Conf\u00e9d\u00e9ration et dans celles de l\u2019OFS. Il portait \u00e9galement sur la mise en oeuvre des recommandations formul\u00e9es lors du premier audit.<\/p>\n\n\n\n<figure class=\"wp-block-image size-large\"><img loading=\"lazy\" decoding=\"async\" width=\"1024\" height=\"556\" src=\"https:\/\/www.efk.admin.ch\/wp-content\/uploads\/publikationen\/berichte\/wirtschaft_und_verwaltung\/informatikprojekte\/24113\/wik_ueberblick_pa24113_f-1024x556.jpg\" alt=\"\" class=\"wp-image-37465\" srcset=\"https:\/\/www.efk.admin.ch\/wp-content\/uploads\/publikationen\/berichte\/wirtschaft_und_verwaltung\/informatikprojekte\/24113\/wik_ueberblick_pa24113_f-1024x556.jpg 1024w, https:\/\/www.efk.admin.ch\/wp-content\/uploads\/publikationen\/berichte\/wirtschaft_und_verwaltung\/informatikprojekte\/24113\/wik_ueberblick_pa24113_f-300x163.jpg 300w, https:\/\/www.efk.admin.ch\/wp-content\/uploads\/publikationen\/berichte\/wirtschaft_und_verwaltung\/informatikprojekte\/24113\/wik_ueberblick_pa24113_f-768x418.jpg 768w, https:\/\/www.efk.admin.ch\/wp-content\/uploads\/publikationen\/berichte\/wirtschaft_und_verwaltung\/informatikprojekte\/24113\/wik_ueberblick_pa24113_f-1536x835.jpg 1536w, https:\/\/www.efk.admin.ch\/wp-content\/uploads\/publikationen\/berichte\/wirtschaft_und_verwaltung\/informatikprojekte\/24113\/wik_ueberblick_pa24113_f-2048x1113.jpg 2048w, https:\/\/www.efk.admin.ch\/wp-content\/uploads\/publikationen\/berichte\/wirtschaft_und_verwaltung\/informatikprojekte\/24113\/wik_ueberblick_pa24113_f.jpg 1890w\" sizes=\"auto, (max-width: 1024px) 100vw, 1024px\" \/><\/figure>\n","protected":false},"featured_media":0,"menu_order":0,"template":"","audit_category":[79],"audit_type":[52],"class_list":["post-37422","audit","type-audit","status-publish","hentry","audit_category-projets-informatiques","audit_type-audit-fr"],"acf":{"audit_lang":null,"audit_numbers":[{"audit_number":"24113"}],"audit_office":[7906],"audit_office_text":"","audit_date":"20250402","bgo":false,"keywords":"","audit_office_local":""},"yoast_head":"<!-- This site is optimized with the Yoast SEO Premium plugin v27.4 (Yoast SEO v27.4) - https:\/\/yoast.com\/product\/yoast-seo-premium-wordpress\/ -->\n<title>Projet cl\u00e9 \u00ab Gestion nationale des donn\u00e9es \u00bb (NaDB) - Contr\u00f4le f\u00e9d\u00e9ral des finances (CDF)<\/title>\n<meta name=\"description\" content=\"Projet cl\u00e9 \u00ab Gestion nationale des donn\u00e9es \u00bb (NaDB)\" \/>\n<meta name=\"robots\" content=\"index, follow, max-snippet:-1, max-image-preview:large, max-video-preview:-1\" \/>\n<link rel=\"canonical\" href=\"https:\/\/www.efk.admin.ch\/fr\/audit\/projet-cle-gestion-nationale-des-donnees-nadb\/\" \/>\n<meta property=\"og:locale\" content=\"fr_FR\" \/>\n<meta property=\"og:type\" content=\"article\" \/>\n<meta property=\"og:title\" content=\"Projet cl\u00e9 \u00ab Gestion nationale des donn\u00e9es \u00bb (NaDB)\" \/>\n<meta property=\"og:description\" content=\"Projet cl\u00e9 \u00ab Gestion nationale des donn\u00e9es \u00bb (NaDB)\" \/>\n<meta property=\"og:url\" content=\"https:\/\/www.efk.admin.ch\/fr\/audit\/projet-cle-gestion-nationale-des-donnees-nadb\/\" \/>\n<meta property=\"og:site_name\" content=\"Contr\u00f4le f\u00e9d\u00e9ral des finances (CDF)\" \/>\n<meta property=\"og:image\" content=\"https:\/\/www.efk.admin.ch\/wp-content\/uploads\/publikationen\/berichte\/wirtschaft_und_verwaltung\/informatikprojekte\/24113\/wik_ueberblick_pa24113_f.jpg\" \/>\n\t<meta property=\"og:image:width\" content=\"1890\" \/>\n\t<meta property=\"og:image:height\" content=\"1028\" \/>\n\t<meta property=\"og:image:type\" content=\"image\/jpeg\" \/>\n<meta name=\"twitter:card\" content=\"summary_large_image\" \/>\n<meta name=\"twitter:label1\" content=\"Dur\u00e9e de lecture estim\u00e9e\" \/>\n\t<meta name=\"twitter:data1\" content=\"2 minutes\" \/>\n<script type=\"application\/ld+json\" class=\"yoast-schema-graph\">{\"@context\":\"https:\\\/\\\/schema.org\",\"@graph\":[{\"@type\":\"WebPage\",\"@id\":\"https:\\\/\\\/www.efk.admin.ch\\\/fr\\\/audit\\\/projet-cle-gestion-nationale-des-donnees-nadb\\\/\",\"url\":\"https:\\\/\\\/www.efk.admin.ch\\\/fr\\\/audit\\\/projet-cle-gestion-nationale-des-donnees-nadb\\\/\",\"name\":\"Projet cl\u00e9 \u00ab Gestion nationale des donn\u00e9es \u00bb (NaDB) - Contr\u00f4le f\u00e9d\u00e9ral des finances (CDF)\",\"isPartOf\":{\"@id\":\"https:\\\/\\\/www.efk.admin.ch\\\/fr\\\/#website\"},\"primaryImageOfPage\":{\"@id\":\"https:\\\/\\\/www.efk.admin.ch\\\/fr\\\/audit\\\/projet-cle-gestion-nationale-des-donnees-nadb\\\/#primaryimage\"},\"image\":{\"@id\":\"https:\\\/\\\/www.efk.admin.ch\\\/fr\\\/audit\\\/projet-cle-gestion-nationale-des-donnees-nadb\\\/#primaryimage\"},\"thumbnailUrl\":\"https:\\\/\\\/www.efk.admin.ch\\\/wp-content\\\/uploads\\\/publikationen\\\/berichte\\\/wirtschaft_und_verwaltung\\\/informatikprojekte\\\/24113\\\/wik_ueberblick_pa24113_f-1024x556.jpg\",\"datePublished\":\"2025-04-02T21:00:00+00:00\",\"description\":\"Projet cl\u00e9 \u00ab Gestion nationale des donn\u00e9es \u00bb (NaDB)\",\"breadcrumb\":{\"@id\":\"https:\\\/\\\/www.efk.admin.ch\\\/fr\\\/audit\\\/projet-cle-gestion-nationale-des-donnees-nadb\\\/#breadcrumb\"},\"inLanguage\":\"fr-FR\",\"potentialAction\":[{\"@type\":\"ReadAction\",\"target\":[\"https:\\\/\\\/www.efk.admin.ch\\\/fr\\\/audit\\\/projet-cle-gestion-nationale-des-donnees-nadb\\\/\"]}]},{\"@type\":\"ImageObject\",\"inLanguage\":\"fr-FR\",\"@id\":\"https:\\\/\\\/www.efk.admin.ch\\\/fr\\\/audit\\\/projet-cle-gestion-nationale-des-donnees-nadb\\\/#primaryimage\",\"url\":\"https:\\\/\\\/www.efk.admin.ch\\\/wp-content\\\/uploads\\\/publikationen\\\/berichte\\\/wirtschaft_und_verwaltung\\\/informatikprojekte\\\/24113\\\/wik_ueberblick_pa24113_f-1024x556.jpg\",\"contentUrl\":\"https:\\\/\\\/www.efk.admin.ch\\\/wp-content\\\/uploads\\\/publikationen\\\/berichte\\\/wirtschaft_und_verwaltung\\\/informatikprojekte\\\/24113\\\/wik_ueberblick_pa24113_f-1024x556.jpg\"},{\"@type\":\"BreadcrumbList\",\"@id\":\"https:\\\/\\\/www.efk.admin.ch\\\/fr\\\/audit\\\/projet-cle-gestion-nationale-des-donnees-nadb\\\/#breadcrumb\",\"itemListElement\":[{\"@type\":\"ListItem\",\"position\":1,\"name\":\"Home\",\"item\":\"https:\\\/\\\/www.efk.admin.ch\\\/fr\\\/\"},{\"@type\":\"ListItem\",\"position\":2,\"name\":\"Rapport\",\"item\":\"https:\\\/\\\/www.efk.admin.ch\\\/fr\\\/audit\\\/\"},{\"@type\":\"ListItem\",\"position\":3,\"name\":\"Projet cl\u00e9 \u00ab Gestion nationale des donn\u00e9es \u00bb (NaDB)\"}]},{\"@type\":\"WebSite\",\"@id\":\"https:\\\/\\\/www.efk.admin.ch\\\/fr\\\/#website\",\"url\":\"https:\\\/\\\/www.efk.admin.ch\\\/fr\\\/\",\"name\":\"Informationen \u00fcber das oberste Finanzaufsichtsorgan der Schweiz\",\"description\":\"Le Contr\u00f4le f\u00e9d\u00e9ral des finances (CDF) est l'organe supr\u00eame de surveillance financi\u00e8re de la Conf\u00e9d\u00e9ration suisse.\",\"publisher\":{\"@id\":\"https:\\\/\\\/www.efk.admin.ch\\\/fr\\\/#organization\"},\"alternateName\":\"EFK\",\"potentialAction\":[{\"@type\":\"SearchAction\",\"target\":{\"@type\":\"EntryPoint\",\"urlTemplate\":\"https:\\\/\\\/www.efk.admin.ch\\\/fr\\\/?s={search_term_string}\"},\"query-input\":{\"@type\":\"PropertyValueSpecification\",\"valueRequired\":true,\"valueName\":\"search_term_string\"}}],\"inLanguage\":\"fr-FR\"},{\"@type\":\"Organization\",\"@id\":\"https:\\\/\\\/www.efk.admin.ch\\\/fr\\\/#organization\",\"name\":\"Contr\u00f4le f\u00e9d\u00e9ral des finances (CDF)\",\"alternateName\":\"EFK\",\"url\":\"https:\\\/\\\/www.efk.admin.ch\\\/fr\\\/\",\"logo\":{\"@type\":\"ImageObject\",\"inLanguage\":\"fr-FR\",\"@id\":\"https:\\\/\\\/www.efk.admin.ch\\\/fr\\\/#\\\/schema\\\/logo\\\/image\\\/\",\"url\":\"https:\\\/\\\/www.efk.admin.ch\\\/wp-content\\\/uploads\\\/efk_cdf_logo_ohne_claim.png\",\"contentUrl\":\"https:\\\/\\\/www.efk.admin.ch\\\/wp-content\\\/uploads\\\/efk_cdf_logo_ohne_claim.png\",\"width\":268,\"height\":258,\"caption\":\"Contr\u00f4le f\u00e9d\u00e9ral des finances (CDF)\"},\"image\":{\"@id\":\"https:\\\/\\\/www.efk.admin.ch\\\/fr\\\/#\\\/schema\\\/logo\\\/image\\\/\"},\"sameAs\":[\"https:\\\/\\\/www.instagram.com\\\/efk_cdf_sfao\\\/\",\"https:\\\/\\\/www.youtube.com\\\/channel\\\/UCm-bXj227VE5sJzhB-ihdvw\\\/featured\",\"https:\\\/\\\/www.linkedin.com\\\/company\\\/11081578\\\/\"]}]}<\/script>\n<!-- \/ Yoast SEO Premium plugin. -->","yoast_head_json":{"title":"Projet cl\u00e9 \u00ab Gestion nationale des donn\u00e9es \u00bb (NaDB) - Contr\u00f4le f\u00e9d\u00e9ral des finances (CDF)","description":"Projet cl\u00e9 \u00ab Gestion nationale des donn\u00e9es \u00bb (NaDB)","robots":{"index":"index","follow":"follow","max-snippet":"max-snippet:-1","max-image-preview":"max-image-preview:large","max-video-preview":"max-video-preview:-1"},"canonical":"https:\/\/www.efk.admin.ch\/fr\/audit\/projet-cle-gestion-nationale-des-donnees-nadb\/","og_locale":"fr_FR","og_type":"article","og_title":"Projet cl\u00e9 \u00ab Gestion nationale des donn\u00e9es \u00bb (NaDB)","og_description":"Projet cl\u00e9 \u00ab Gestion nationale des donn\u00e9es \u00bb (NaDB)","og_url":"https:\/\/www.efk.admin.ch\/fr\/audit\/projet-cle-gestion-nationale-des-donnees-nadb\/","og_site_name":"Contr\u00f4le f\u00e9d\u00e9ral des finances (CDF)","og_image":[{"width":1890,"height":1028,"url":"https:\/\/www.efk.admin.ch\/wp-content\/uploads\/publikationen\/berichte\/wirtschaft_und_verwaltung\/informatikprojekte\/24113\/wik_ueberblick_pa24113_f.jpg","type":"image\/jpeg"}],"twitter_card":"summary_large_image","twitter_misc":{"Dur\u00e9e de lecture estim\u00e9e":"2 minutes"},"schema":{"@context":"https:\/\/schema.org","@graph":[{"@type":"WebPage","@id":"https:\/\/www.efk.admin.ch\/fr\/audit\/projet-cle-gestion-nationale-des-donnees-nadb\/","url":"https:\/\/www.efk.admin.ch\/fr\/audit\/projet-cle-gestion-nationale-des-donnees-nadb\/","name":"Projet cl\u00e9 \u00ab Gestion nationale des donn\u00e9es \u00bb (NaDB) - Contr\u00f4le f\u00e9d\u00e9ral des finances (CDF)","isPartOf":{"@id":"https:\/\/www.efk.admin.ch\/fr\/#website"},"primaryImageOfPage":{"@id":"https:\/\/www.efk.admin.ch\/fr\/audit\/projet-cle-gestion-nationale-des-donnees-nadb\/#primaryimage"},"image":{"@id":"https:\/\/www.efk.admin.ch\/fr\/audit\/projet-cle-gestion-nationale-des-donnees-nadb\/#primaryimage"},"thumbnailUrl":"https:\/\/www.efk.admin.ch\/wp-content\/uploads\/publikationen\/berichte\/wirtschaft_und_verwaltung\/informatikprojekte\/24113\/wik_ueberblick_pa24113_f-1024x556.jpg","datePublished":"2025-04-02T21:00:00+00:00","description":"Projet cl\u00e9 \u00ab Gestion nationale des donn\u00e9es \u00bb (NaDB)","breadcrumb":{"@id":"https:\/\/www.efk.admin.ch\/fr\/audit\/projet-cle-gestion-nationale-des-donnees-nadb\/#breadcrumb"},"inLanguage":"fr-FR","potentialAction":[{"@type":"ReadAction","target":["https:\/\/www.efk.admin.ch\/fr\/audit\/projet-cle-gestion-nationale-des-donnees-nadb\/"]}]},{"@type":"ImageObject","inLanguage":"fr-FR","@id":"https:\/\/www.efk.admin.ch\/fr\/audit\/projet-cle-gestion-nationale-des-donnees-nadb\/#primaryimage","url":"https:\/\/www.efk.admin.ch\/wp-content\/uploads\/publikationen\/berichte\/wirtschaft_und_verwaltung\/informatikprojekte\/24113\/wik_ueberblick_pa24113_f-1024x556.jpg","contentUrl":"https:\/\/www.efk.admin.ch\/wp-content\/uploads\/publikationen\/berichte\/wirtschaft_und_verwaltung\/informatikprojekte\/24113\/wik_ueberblick_pa24113_f-1024x556.jpg"},{"@type":"BreadcrumbList","@id":"https:\/\/www.efk.admin.ch\/fr\/audit\/projet-cle-gestion-nationale-des-donnees-nadb\/#breadcrumb","itemListElement":[{"@type":"ListItem","position":1,"name":"Home","item":"https:\/\/www.efk.admin.ch\/fr\/"},{"@type":"ListItem","position":2,"name":"Rapport","item":"https:\/\/www.efk.admin.ch\/fr\/audit\/"},{"@type":"ListItem","position":3,"name":"Projet cl\u00e9 \u00ab Gestion nationale des donn\u00e9es \u00bb (NaDB)"}]},{"@type":"WebSite","@id":"https:\/\/www.efk.admin.ch\/fr\/#website","url":"https:\/\/www.efk.admin.ch\/fr\/","name":"Informationen \u00fcber das oberste Finanzaufsichtsorgan der Schweiz","description":"Le Contr\u00f4le f\u00e9d\u00e9ral des finances (CDF) est l'organe supr\u00eame de surveillance financi\u00e8re de la Conf\u00e9d\u00e9ration suisse.","publisher":{"@id":"https:\/\/www.efk.admin.ch\/fr\/#organization"},"alternateName":"EFK","potentialAction":[{"@type":"SearchAction","target":{"@type":"EntryPoint","urlTemplate":"https:\/\/www.efk.admin.ch\/fr\/?s={search_term_string}"},"query-input":{"@type":"PropertyValueSpecification","valueRequired":true,"valueName":"search_term_string"}}],"inLanguage":"fr-FR"},{"@type":"Organization","@id":"https:\/\/www.efk.admin.ch\/fr\/#organization","name":"Contr\u00f4le f\u00e9d\u00e9ral des finances (CDF)","alternateName":"EFK","url":"https:\/\/www.efk.admin.ch\/fr\/","logo":{"@type":"ImageObject","inLanguage":"fr-FR","@id":"https:\/\/www.efk.admin.ch\/fr\/#\/schema\/logo\/image\/","url":"https:\/\/www.efk.admin.ch\/wp-content\/uploads\/efk_cdf_logo_ohne_claim.png","contentUrl":"https:\/\/www.efk.admin.ch\/wp-content\/uploads\/efk_cdf_logo_ohne_claim.png","width":268,"height":258,"caption":"Contr\u00f4le f\u00e9d\u00e9ral des finances (CDF)"},"image":{"@id":"https:\/\/www.efk.admin.ch\/fr\/#\/schema\/logo\/image\/"},"sameAs":["https:\/\/www.instagram.com\/efk_cdf_sfao\/","https:\/\/www.youtube.com\/channel\/UCm-bXj227VE5sJzhB-ihdvw\/featured","https:\/\/www.linkedin.com\/company\/11081578\/"]}]}},"_links":{"self":[{"href":"https:\/\/www.efk.admin.ch\/fr\/wp-json\/wp\/v2\/audit\/37422","targetHints":{"allow":["GET"]}}],"collection":[{"href":"https:\/\/www.efk.admin.ch\/fr\/wp-json\/wp\/v2\/audit"}],"about":[{"href":"https:\/\/www.efk.admin.ch\/fr\/wp-json\/wp\/v2\/types\/audit"}],"acf:post":[{"embeddable":true,"href":"https:\/\/www.efk.admin.ch\/fr\/wp-json\/wp\/v2\/office\/7906"}],"wp:attachment":[{"href":"https:\/\/www.efk.admin.ch\/fr\/wp-json\/wp\/v2\/media?parent=37422"}],"wp:term":[{"taxonomy":"audit_category","embeddable":true,"href":"https:\/\/www.efk.admin.ch\/fr\/wp-json\/wp\/v2\/audit_category?post=37422"},{"taxonomy":"audit_type","embeddable":true,"href":"https:\/\/www.efk.admin.ch\/fr\/wp-json\/wp\/v2\/audit_type?post=37422"}],"curies":[{"name":"wp","href":"https:\/\/api.w.org\/{rel}","templated":true}]}}