{"id":37346,"date":"2025-03-31T23:00:00","date_gmt":"2025-03-31T21:00:00","guid":{"rendered":"https:\/\/www.efk.admin.ch\/?post_type=audit&#038;p=37346"},"modified":"2025-04-01T08:58:50","modified_gmt":"2025-04-01T06:58:50","slug":"transformation-numerique-projet-de-renouvellement-des-applications-du-registre-du-commerce","status":"publish","type":"audit","link":"https:\/\/www.efk.admin.ch\/fr\/audit\/transformation-numerique-projet-de-renouvellement-des-applications-du-registre-du-commerce\/","title":{"rendered":"Transformation num\u00e9rique : Projet de renouvellement des applications du registre du commerce"},"content":{"rendered":"\n<p>Le registre du commerce suisse est une banque de donn\u00e9es officielle qui contient les principales informations juridiques sur les personnes morales. Sa gestion rel\u00e8ve de la comp\u00e9tence des cantons. L\u2019Office f\u00e9d\u00e9ral du registre du commerce (OFRC), au sein de l\u2019Office f\u00e9d\u00e9ral de la justice (OFJ), exerce la haute surveillance sur la tenue du registre du commerce.<br><br>Le registre du commerce est un syst\u00e8me tr\u00e8s r\u00e9glement\u00e9 et fig\u00e9, dont les processus pr\u00e9sentent des interactions complexes entre les autorit\u00e9s charg\u00e9es de sa tenue sur le plan cantonal et national. En 2018 d\u00e9j\u00e0, le Contr\u00f4le f\u00e9d\u00e9ral des finances (CDF) a recommand\u00e9 \u00e0 l\u2019OFJ d\u2019\u00e9tudier les possibilit\u00e9s l\u00e9gales, techniques et financi\u00e8res de simplifier \u00e0 moyen terme l\u2019environnement informatique d\u00e9di\u00e9 au registre du commerce.<br><br>Le CDF a examin\u00e9 l\u2019\u00e9tat d\u2019avancement du renouvellement des applications du registre du commerce.<\/p>\n\n\n\n<figure class=\"wp-block-image size-large\"><img loading=\"lazy\" decoding=\"async\" width=\"1024\" height=\"556\" src=\"https:\/\/www.efk.admin.ch\/wp-content\/uploads\/publikationen\/berichte\/wirtschaft_und_verwaltung\/informatikprojekte\/24273\/wik_ueberblick_pa24273_f-1024x556.jpg\" alt=\"\" class=\"wp-image-37325\" srcset=\"https:\/\/www.efk.admin.ch\/wp-content\/uploads\/publikationen\/berichte\/wirtschaft_und_verwaltung\/informatikprojekte\/24273\/wik_ueberblick_pa24273_f-1024x556.jpg 1024w, https:\/\/www.efk.admin.ch\/wp-content\/uploads\/publikationen\/berichte\/wirtschaft_und_verwaltung\/informatikprojekte\/24273\/wik_ueberblick_pa24273_f-300x163.jpg 300w, https:\/\/www.efk.admin.ch\/wp-content\/uploads\/publikationen\/berichte\/wirtschaft_und_verwaltung\/informatikprojekte\/24273\/wik_ueberblick_pa24273_f-768x418.jpg 768w, https:\/\/www.efk.admin.ch\/wp-content\/uploads\/publikationen\/berichte\/wirtschaft_und_verwaltung\/informatikprojekte\/24273\/wik_ueberblick_pa24273_f-1536x835.jpg 1536w, https:\/\/www.efk.admin.ch\/wp-content\/uploads\/publikationen\/berichte\/wirtschaft_und_verwaltung\/informatikprojekte\/24273\/wik_ueberblick_pa24273_f-2048x1113.jpg 2048w, https:\/\/www.efk.admin.ch\/wp-content\/uploads\/publikationen\/berichte\/wirtschaft_und_verwaltung\/informatikprojekte\/24273\/wik_ueberblick_pa24273_f.jpg 1890w\" sizes=\"auto, (max-width: 1024px) 100vw, 1024px\" \/><\/figure>\n","protected":false},"featured_media":0,"menu_order":0,"template":"","audit_category":[79],"audit_type":[52],"class_list":["post-37346","audit","type-audit","status-publish","hentry","audit_category-projets-informatiques","audit_type-audit-fr"],"acf":{"audit_lang":null,"audit_numbers":[{"audit_number":"24273"}],"audit_office":[7915],"audit_office_text":"","audit_date":"20250331","bgo":false,"keywords":"","audit_office_local":""},"yoast_head":"<!-- This site is optimized with the Yoast SEO Premium plugin v27.4 (Yoast SEO v27.4) - https:\/\/yoast.com\/product\/yoast-seo-premium-wordpress\/ -->\n<title>Transformation num\u00e9rique : Projet de renouvellement des applications du registre du commerce - Contr\u00f4le f\u00e9d\u00e9ral des finances (CDF)<\/title>\n<meta name=\"description\" content=\"Transformation num\u00e9rique : Projet de renouvellement des applications du registre du commerce\" \/>\n<meta name=\"robots\" content=\"index, follow, max-snippet:-1, max-image-preview:large, max-video-preview:-1\" \/>\n<link rel=\"canonical\" href=\"https:\/\/www.efk.admin.ch\/fr\/audit\/transformation-numerique-projet-de-renouvellement-des-applications-du-registre-du-commerce\/\" \/>\n<meta property=\"og:locale\" content=\"fr_FR\" \/>\n<meta property=\"og:type\" content=\"article\" \/>\n<meta property=\"og:title\" content=\"Transformation num\u00e9rique : Projet de renouvellement des applications du registre du commerce\" \/>\n<meta property=\"og:description\" content=\"Transformation num\u00e9rique : Projet de renouvellement des applications du registre du commerce\" \/>\n<meta property=\"og:url\" content=\"https:\/\/www.efk.admin.ch\/fr\/audit\/transformation-numerique-projet-de-renouvellement-des-applications-du-registre-du-commerce\/\" \/>\n<meta property=\"og:site_name\" content=\"Contr\u00f4le f\u00e9d\u00e9ral des finances (CDF)\" \/>\n<meta property=\"article:modified_time\" content=\"2025-04-01T06:58:50+00:00\" \/>\n<meta property=\"og:image\" content=\"https:\/\/www.efk.admin.ch\/wp-content\/uploads\/publikationen\/berichte\/wirtschaft_und_verwaltung\/informatikprojekte\/24273\/wik_ueberblick_pa24273_f.jpg\" \/>\n\t<meta property=\"og:image:width\" content=\"1890\" \/>\n\t<meta property=\"og:image:height\" content=\"1028\" \/>\n\t<meta property=\"og:image:type\" content=\"image\/jpeg\" \/>\n<meta name=\"twitter:card\" content=\"summary_large_image\" \/>\n<meta name=\"twitter:label1\" content=\"Dur\u00e9e de lecture estim\u00e9e\" \/>\n\t<meta name=\"twitter:data1\" content=\"1 minute\" \/>\n<script type=\"application\/ld+json\" class=\"yoast-schema-graph\">{\"@context\":\"https:\\\/\\\/schema.org\",\"@graph\":[{\"@type\":\"WebPage\",\"@id\":\"https:\\\/\\\/www.efk.admin.ch\\\/fr\\\/audit\\\/transformation-numerique-projet-de-renouvellement-des-applications-du-registre-du-commerce\\\/\",\"url\":\"https:\\\/\\\/www.efk.admin.ch\\\/fr\\\/audit\\\/transformation-numerique-projet-de-renouvellement-des-applications-du-registre-du-commerce\\\/\",\"name\":\"Transformation num\u00e9rique : Projet de renouvellement des applications du registre du commerce - Contr\u00f4le f\u00e9d\u00e9ral des finances (CDF)\",\"isPartOf\":{\"@id\":\"https:\\\/\\\/www.efk.admin.ch\\\/fr\\\/#website\"},\"primaryImageOfPage\":{\"@id\":\"https:\\\/\\\/www.efk.admin.ch\\\/fr\\\/audit\\\/transformation-numerique-projet-de-renouvellement-des-applications-du-registre-du-commerce\\\/#primaryimage\"},\"image\":{\"@id\":\"https:\\\/\\\/www.efk.admin.ch\\\/fr\\\/audit\\\/transformation-numerique-projet-de-renouvellement-des-applications-du-registre-du-commerce\\\/#primaryimage\"},\"thumbnailUrl\":\"https:\\\/\\\/www.efk.admin.ch\\\/wp-content\\\/uploads\\\/publikationen\\\/berichte\\\/wirtschaft_und_verwaltung\\\/informatikprojekte\\\/24273\\\/wik_ueberblick_pa24273_f-1024x556.jpg\",\"datePublished\":\"2025-03-31T21:00:00+00:00\",\"dateModified\":\"2025-04-01T06:58:50+00:00\",\"description\":\"Transformation num\u00e9rique : Projet de renouvellement des applications du registre du commerce\",\"breadcrumb\":{\"@id\":\"https:\\\/\\\/www.efk.admin.ch\\\/fr\\\/audit\\\/transformation-numerique-projet-de-renouvellement-des-applications-du-registre-du-commerce\\\/#breadcrumb\"},\"inLanguage\":\"fr-FR\",\"potentialAction\":[{\"@type\":\"ReadAction\",\"target\":[\"https:\\\/\\\/www.efk.admin.ch\\\/fr\\\/audit\\\/transformation-numerique-projet-de-renouvellement-des-applications-du-registre-du-commerce\\\/\"]}]},{\"@type\":\"ImageObject\",\"inLanguage\":\"fr-FR\",\"@id\":\"https:\\\/\\\/www.efk.admin.ch\\\/fr\\\/audit\\\/transformation-numerique-projet-de-renouvellement-des-applications-du-registre-du-commerce\\\/#primaryimage\",\"url\":\"https:\\\/\\\/www.efk.admin.ch\\\/wp-content\\\/uploads\\\/publikationen\\\/berichte\\\/wirtschaft_und_verwaltung\\\/informatikprojekte\\\/24273\\\/wik_ueberblick_pa24273_f-1024x556.jpg\",\"contentUrl\":\"https:\\\/\\\/www.efk.admin.ch\\\/wp-content\\\/uploads\\\/publikationen\\\/berichte\\\/wirtschaft_und_verwaltung\\\/informatikprojekte\\\/24273\\\/wik_ueberblick_pa24273_f-1024x556.jpg\"},{\"@type\":\"BreadcrumbList\",\"@id\":\"https:\\\/\\\/www.efk.admin.ch\\\/fr\\\/audit\\\/transformation-numerique-projet-de-renouvellement-des-applications-du-registre-du-commerce\\\/#breadcrumb\",\"itemListElement\":[{\"@type\":\"ListItem\",\"position\":1,\"name\":\"Home\",\"item\":\"https:\\\/\\\/www.efk.admin.ch\\\/fr\\\/\"},{\"@type\":\"ListItem\",\"position\":2,\"name\":\"Rapport\",\"item\":\"https:\\\/\\\/www.efk.admin.ch\\\/fr\\\/audit\\\/\"},{\"@type\":\"ListItem\",\"position\":3,\"name\":\"Transformation num\u00e9rique : Projet de renouvellement des applications du registre du commerce\"}]},{\"@type\":\"WebSite\",\"@id\":\"https:\\\/\\\/www.efk.admin.ch\\\/fr\\\/#website\",\"url\":\"https:\\\/\\\/www.efk.admin.ch\\\/fr\\\/\",\"name\":\"Informationen \u00fcber das oberste Finanzaufsichtsorgan der Schweiz\",\"description\":\"Le Contr\u00f4le f\u00e9d\u00e9ral des finances (CDF) est l'organe supr\u00eame de surveillance financi\u00e8re de la Conf\u00e9d\u00e9ration suisse.\",\"publisher\":{\"@id\":\"https:\\\/\\\/www.efk.admin.ch\\\/fr\\\/#organization\"},\"alternateName\":\"EFK\",\"potentialAction\":[{\"@type\":\"SearchAction\",\"target\":{\"@type\":\"EntryPoint\",\"urlTemplate\":\"https:\\\/\\\/www.efk.admin.ch\\\/fr\\\/?s={search_term_string}\"},\"query-input\":{\"@type\":\"PropertyValueSpecification\",\"valueRequired\":true,\"valueName\":\"search_term_string\"}}],\"inLanguage\":\"fr-FR\"},{\"@type\":\"Organization\",\"@id\":\"https:\\\/\\\/www.efk.admin.ch\\\/fr\\\/#organization\",\"name\":\"Contr\u00f4le f\u00e9d\u00e9ral des finances (CDF)\",\"alternateName\":\"EFK\",\"url\":\"https:\\\/\\\/www.efk.admin.ch\\\/fr\\\/\",\"logo\":{\"@type\":\"ImageObject\",\"inLanguage\":\"fr-FR\",\"@id\":\"https:\\\/\\\/www.efk.admin.ch\\\/fr\\\/#\\\/schema\\\/logo\\\/image\\\/\",\"url\":\"https:\\\/\\\/www.efk.admin.ch\\\/wp-content\\\/uploads\\\/efk_cdf_logo_ohne_claim.png\",\"contentUrl\":\"https:\\\/\\\/www.efk.admin.ch\\\/wp-content\\\/uploads\\\/efk_cdf_logo_ohne_claim.png\",\"width\":268,\"height\":258,\"caption\":\"Contr\u00f4le f\u00e9d\u00e9ral des finances (CDF)\"},\"image\":{\"@id\":\"https:\\\/\\\/www.efk.admin.ch\\\/fr\\\/#\\\/schema\\\/logo\\\/image\\\/\"},\"sameAs\":[\"https:\\\/\\\/www.instagram.com\\\/efk_cdf_sfao\\\/\",\"https:\\\/\\\/www.youtube.com\\\/channel\\\/UCm-bXj227VE5sJzhB-ihdvw\\\/featured\",\"https:\\\/\\\/www.linkedin.com\\\/company\\\/11081578\\\/\"]}]}<\/script>\n<!-- \/ Yoast SEO Premium plugin. -->","yoast_head_json":{"title":"Transformation num\u00e9rique : Projet de renouvellement des applications du registre du commerce - Contr\u00f4le f\u00e9d\u00e9ral des finances (CDF)","description":"Transformation num\u00e9rique : Projet de renouvellement des applications du registre du commerce","robots":{"index":"index","follow":"follow","max-snippet":"max-snippet:-1","max-image-preview":"max-image-preview:large","max-video-preview":"max-video-preview:-1"},"canonical":"https:\/\/www.efk.admin.ch\/fr\/audit\/transformation-numerique-projet-de-renouvellement-des-applications-du-registre-du-commerce\/","og_locale":"fr_FR","og_type":"article","og_title":"Transformation num\u00e9rique : Projet de renouvellement des applications du registre du commerce","og_description":"Transformation num\u00e9rique : Projet de renouvellement des applications du registre du commerce","og_url":"https:\/\/www.efk.admin.ch\/fr\/audit\/transformation-numerique-projet-de-renouvellement-des-applications-du-registre-du-commerce\/","og_site_name":"Contr\u00f4le f\u00e9d\u00e9ral des finances (CDF)","article_modified_time":"2025-04-01T06:58:50+00:00","og_image":[{"width":1890,"height":1028,"url":"https:\/\/www.efk.admin.ch\/wp-content\/uploads\/publikationen\/berichte\/wirtschaft_und_verwaltung\/informatikprojekte\/24273\/wik_ueberblick_pa24273_f.jpg","type":"image\/jpeg"}],"twitter_card":"summary_large_image","twitter_misc":{"Dur\u00e9e de lecture estim\u00e9e":"1 minute"},"schema":{"@context":"https:\/\/schema.org","@graph":[{"@type":"WebPage","@id":"https:\/\/www.efk.admin.ch\/fr\/audit\/transformation-numerique-projet-de-renouvellement-des-applications-du-registre-du-commerce\/","url":"https:\/\/www.efk.admin.ch\/fr\/audit\/transformation-numerique-projet-de-renouvellement-des-applications-du-registre-du-commerce\/","name":"Transformation num\u00e9rique : Projet de renouvellement des applications du registre du commerce - Contr\u00f4le f\u00e9d\u00e9ral des finances (CDF)","isPartOf":{"@id":"https:\/\/www.efk.admin.ch\/fr\/#website"},"primaryImageOfPage":{"@id":"https:\/\/www.efk.admin.ch\/fr\/audit\/transformation-numerique-projet-de-renouvellement-des-applications-du-registre-du-commerce\/#primaryimage"},"image":{"@id":"https:\/\/www.efk.admin.ch\/fr\/audit\/transformation-numerique-projet-de-renouvellement-des-applications-du-registre-du-commerce\/#primaryimage"},"thumbnailUrl":"https:\/\/www.efk.admin.ch\/wp-content\/uploads\/publikationen\/berichte\/wirtschaft_und_verwaltung\/informatikprojekte\/24273\/wik_ueberblick_pa24273_f-1024x556.jpg","datePublished":"2025-03-31T21:00:00+00:00","dateModified":"2025-04-01T06:58:50+00:00","description":"Transformation num\u00e9rique : Projet de renouvellement des applications du registre du commerce","breadcrumb":{"@id":"https:\/\/www.efk.admin.ch\/fr\/audit\/transformation-numerique-projet-de-renouvellement-des-applications-du-registre-du-commerce\/#breadcrumb"},"inLanguage":"fr-FR","potentialAction":[{"@type":"ReadAction","target":["https:\/\/www.efk.admin.ch\/fr\/audit\/transformation-numerique-projet-de-renouvellement-des-applications-du-registre-du-commerce\/"]}]},{"@type":"ImageObject","inLanguage":"fr-FR","@id":"https:\/\/www.efk.admin.ch\/fr\/audit\/transformation-numerique-projet-de-renouvellement-des-applications-du-registre-du-commerce\/#primaryimage","url":"https:\/\/www.efk.admin.ch\/wp-content\/uploads\/publikationen\/berichte\/wirtschaft_und_verwaltung\/informatikprojekte\/24273\/wik_ueberblick_pa24273_f-1024x556.jpg","contentUrl":"https:\/\/www.efk.admin.ch\/wp-content\/uploads\/publikationen\/berichte\/wirtschaft_und_verwaltung\/informatikprojekte\/24273\/wik_ueberblick_pa24273_f-1024x556.jpg"},{"@type":"BreadcrumbList","@id":"https:\/\/www.efk.admin.ch\/fr\/audit\/transformation-numerique-projet-de-renouvellement-des-applications-du-registre-du-commerce\/#breadcrumb","itemListElement":[{"@type":"ListItem","position":1,"name":"Home","item":"https:\/\/www.efk.admin.ch\/fr\/"},{"@type":"ListItem","position":2,"name":"Rapport","item":"https:\/\/www.efk.admin.ch\/fr\/audit\/"},{"@type":"ListItem","position":3,"name":"Transformation num\u00e9rique : Projet de renouvellement des applications du registre du commerce"}]},{"@type":"WebSite","@id":"https:\/\/www.efk.admin.ch\/fr\/#website","url":"https:\/\/www.efk.admin.ch\/fr\/","name":"Informationen \u00fcber das oberste Finanzaufsichtsorgan der Schweiz","description":"Le Contr\u00f4le f\u00e9d\u00e9ral des finances (CDF) est l'organe supr\u00eame de surveillance financi\u00e8re de la Conf\u00e9d\u00e9ration suisse.","publisher":{"@id":"https:\/\/www.efk.admin.ch\/fr\/#organization"},"alternateName":"EFK","potentialAction":[{"@type":"SearchAction","target":{"@type":"EntryPoint","urlTemplate":"https:\/\/www.efk.admin.ch\/fr\/?s={search_term_string}"},"query-input":{"@type":"PropertyValueSpecification","valueRequired":true,"valueName":"search_term_string"}}],"inLanguage":"fr-FR"},{"@type":"Organization","@id":"https:\/\/www.efk.admin.ch\/fr\/#organization","name":"Contr\u00f4le f\u00e9d\u00e9ral des finances (CDF)","alternateName":"EFK","url":"https:\/\/www.efk.admin.ch\/fr\/","logo":{"@type":"ImageObject","inLanguage":"fr-FR","@id":"https:\/\/www.efk.admin.ch\/fr\/#\/schema\/logo\/image\/","url":"https:\/\/www.efk.admin.ch\/wp-content\/uploads\/efk_cdf_logo_ohne_claim.png","contentUrl":"https:\/\/www.efk.admin.ch\/wp-content\/uploads\/efk_cdf_logo_ohne_claim.png","width":268,"height":258,"caption":"Contr\u00f4le f\u00e9d\u00e9ral des finances (CDF)"},"image":{"@id":"https:\/\/www.efk.admin.ch\/fr\/#\/schema\/logo\/image\/"},"sameAs":["https:\/\/www.instagram.com\/efk_cdf_sfao\/","https:\/\/www.youtube.com\/channel\/UCm-bXj227VE5sJzhB-ihdvw\/featured","https:\/\/www.linkedin.com\/company\/11081578\/"]}]}},"_links":{"self":[{"href":"https:\/\/www.efk.admin.ch\/fr\/wp-json\/wp\/v2\/audit\/37346","targetHints":{"allow":["GET"]}}],"collection":[{"href":"https:\/\/www.efk.admin.ch\/fr\/wp-json\/wp\/v2\/audit"}],"about":[{"href":"https:\/\/www.efk.admin.ch\/fr\/wp-json\/wp\/v2\/types\/audit"}],"acf:post":[{"embeddable":true,"href":"https:\/\/www.efk.admin.ch\/fr\/wp-json\/wp\/v2\/office\/7915"}],"wp:attachment":[{"href":"https:\/\/www.efk.admin.ch\/fr\/wp-json\/wp\/v2\/media?parent=37346"}],"wp:term":[{"taxonomy":"audit_category","embeddable":true,"href":"https:\/\/www.efk.admin.ch\/fr\/wp-json\/wp\/v2\/audit_category?post=37346"},{"taxonomy":"audit_type","embeddable":true,"href":"https:\/\/www.efk.admin.ch\/fr\/wp-json\/wp\/v2\/audit_type?post=37346"}],"curies":[{"name":"wp","href":"https:\/\/api.w.org\/{rel}","templated":true}]}}