{"id":36946,"date":"2025-02-26T23:00:00","date_gmt":"2025-02-26T22:00:00","guid":{"rendered":"https:\/\/www.efk.admin.ch\/?post_type=audit&#038;p=36946"},"modified":"2025-09-05T09:01:21","modified_gmt":"2025-09-05T07:01:21","slug":"programme-batiments","status":"publish","type":"audit","link":"https:\/\/www.efk.admin.ch\/fr\/audit\/programme-batiments\/","title":{"rendered":"Programme B\u00e2timents"},"content":{"rendered":"\n<p>Le Programme B\u00e2timents est form\u00e9 d\u2019un train de mesures visant \u00e0 r\u00e9duire \u00e0 long terme les \u00e9missions de CO2 et \u00e0 abaisser la consommation d\u2019\u00e9lectricit\u00e9 en hiver. Les cantons en assurent la mise en oeuvre. Ils utilisent \u00e0 cet effet un mod\u00e8le d\u2019encouragement harmonis\u00e9. \u00c0 ce jour, ce sont les mesures ponctuelles d\u2019isolation thermique et de remplacement de chauffage ainsi que les r\u00e9novations compl\u00e8tes des b\u00e2timents qui se sont av\u00e9r\u00e9es les plus importantes sur le plan financier. La Conf\u00e9d\u00e9ration participe au Programme B\u00e2timents, dont elle couvre une grande partie des co\u00fbts, en allouant des contributions globales aux cantons. L\u2019Office f\u00e9d\u00e9ral de l\u2019\u00e9nergie (OFEN) est charg\u00e9 de l\u2019octroi de ces contributions. L\u2019OFEN collabore avec l\u2019Office f\u00e9d\u00e9ral de l\u2019environnement (OFEV) sur les questions de politique climatique.<br><br>Un tiers des recettes de la taxe sur le CO2 pr\u00e9lev\u00e9e sur les combustibles fossiles est pr\u00e9vu pour les contributions globales, mais au plus 450 millions de francs par an. Entre 2010 et 2023, les cantons ont vers\u00e9 au total 3,6 milliards de francs \u00e0 des projets. Entre 2016 et 2023, les paiements annuels sont pass\u00e9s d\u2019un peu plus de 150 millions \u00e0 pr\u00e8s de 530 millions de francs. Pr\u00e8s des deux tiers de ce montant provenaient de la taxe sur le CO2. En outre, 200 millions de francs issus de la caisse f\u00e9d\u00e9rale seront \u00e0 disposition chaque ann\u00e9e d\u00e8s 2025, dans le cadre d\u2019un programme d\u2019impulsion d\u2019une dur\u00e9e de dix ans, principalement pour le remplacement de grandes installations de chauffage \u00e0 combustible fossile ou de chauffage \u00e9lectrique.<br><br>Le Contr\u00f4le f\u00e9d\u00e9ral des finances (CDF) a examin\u00e9 si le Programme B\u00e2timents permet d\u2019atteindre de la mani\u00e8re la plus efficace et la plus \u00e9conomique possible les objectifs de la politique \u00e9nerg\u00e9tique et climatique en place dans le domaine du b\u00e2timent. Les r\u00e9sultats montrent que la conception comme la mise en oeuvre du programme offrent globalement de bonnes conditions \u00e0 cet \u00e9gard. Il existe toutefois des potentiels d\u2019am\u00e9lioration dans certains domaines. Le programme d\u2019all\u00e9gement des finances f\u00e9d\u00e9rales pr\u00e9vu par le Conseil f\u00e9d\u00e9ral, qui entra\u00eenera des r\u00e9percussions encore impr\u00e9visibles sur le Programme B\u00e2timents, ne faisait pas partie de l\u2019audit. Le CDF part toutefois du principe que les recommandations du pr\u00e9sent rapport restent pertinentes pour la future politique \u00e9nerg\u00e9tique et climatique dans le domaine du b\u00e2timent.<\/p>\n","protected":false},"featured_media":0,"menu_order":0,"template":"","audit_category":[73],"audit_type":[123],"class_list":["post-36946","audit","type-audit","status-publish","hentry","audit_category-energie-et-communication","audit_type-audit-de-subventions"],"acf":{"audit_lang":null,"audit_numbers":[{"audit_number":"23316"}],"audit_office":[7958],"audit_office_text":"","audit_date":"20250226","bgo":false,"keywords":"","audit_office_local":"OFEN"},"yoast_head":"<!-- This site is optimized with the Yoast SEO Premium plugin v27.4 (Yoast SEO v27.4) - https:\/\/yoast.com\/product\/yoast-seo-premium-wordpress\/ -->\n<title>Programme B\u00e2timents - Contr\u00f4le f\u00e9d\u00e9ral des finances (CDF)<\/title>\n<meta name=\"description\" content=\"Programme B\u00e2timents\" \/>\n<meta name=\"robots\" content=\"index, follow, max-snippet:-1, max-image-preview:large, max-video-preview:-1\" \/>\n<link rel=\"canonical\" href=\"https:\/\/www.efk.admin.ch\/fr\/audit\/programme-batiments\/\" \/>\n<meta property=\"og:locale\" content=\"fr_FR\" \/>\n<meta property=\"og:type\" content=\"article\" \/>\n<meta property=\"og:title\" content=\"Programme B\u00e2timents\" \/>\n<meta property=\"og:description\" content=\"Programme B\u00e2timents\" \/>\n<meta property=\"og:url\" content=\"https:\/\/www.efk.admin.ch\/fr\/audit\/programme-batiments\/\" \/>\n<meta property=\"og:site_name\" content=\"Contr\u00f4le f\u00e9d\u00e9ral des finances (CDF)\" \/>\n<meta property=\"article:modified_time\" content=\"2025-09-05T07:01:21+00:00\" \/>\n<meta property=\"og:image\" content=\"https:\/\/www.efk.admin.ch\/wp-content\/uploads\/test\/palais.jpg\" \/>\n\t<meta property=\"og:image:width\" content=\"750\" \/>\n\t<meta property=\"og:image:height\" content=\"500\" \/>\n\t<meta property=\"og:image:type\" content=\"image\/jpeg\" \/>\n<meta name=\"twitter:card\" content=\"summary_large_image\" \/>\n<meta name=\"twitter:label1\" content=\"Dur\u00e9e de lecture estim\u00e9e\" \/>\n\t<meta name=\"twitter:data1\" content=\"3 minutes\" \/>\n<script type=\"application\/ld+json\" class=\"yoast-schema-graph\">{\"@context\":\"https:\\\/\\\/schema.org\",\"@graph\":[{\"@type\":\"WebPage\",\"@id\":\"https:\\\/\\\/www.efk.admin.ch\\\/fr\\\/audit\\\/programme-batiments\\\/\",\"url\":\"https:\\\/\\\/www.efk.admin.ch\\\/fr\\\/audit\\\/programme-batiments\\\/\",\"name\":\"Programme B\u00e2timents - Contr\u00f4le f\u00e9d\u00e9ral des finances (CDF)\",\"isPartOf\":{\"@id\":\"https:\\\/\\\/www.efk.admin.ch\\\/fr\\\/#website\"},\"datePublished\":\"2025-02-26T22:00:00+00:00\",\"dateModified\":\"2025-09-05T07:01:21+00:00\",\"description\":\"Programme B\u00e2timents\",\"breadcrumb\":{\"@id\":\"https:\\\/\\\/www.efk.admin.ch\\\/fr\\\/audit\\\/programme-batiments\\\/#breadcrumb\"},\"inLanguage\":\"fr-FR\",\"potentialAction\":[{\"@type\":\"ReadAction\",\"target\":[\"https:\\\/\\\/www.efk.admin.ch\\\/fr\\\/audit\\\/programme-batiments\\\/\"]}]},{\"@type\":\"BreadcrumbList\",\"@id\":\"https:\\\/\\\/www.efk.admin.ch\\\/fr\\\/audit\\\/programme-batiments\\\/#breadcrumb\",\"itemListElement\":[{\"@type\":\"ListItem\",\"position\":1,\"name\":\"Home\",\"item\":\"https:\\\/\\\/www.efk.admin.ch\\\/fr\\\/\"},{\"@type\":\"ListItem\",\"position\":2,\"name\":\"Rapport\",\"item\":\"https:\\\/\\\/www.efk.admin.ch\\\/fr\\\/audit\\\/\"},{\"@type\":\"ListItem\",\"position\":3,\"name\":\"Programme B\u00e2timents\"}]},{\"@type\":\"WebSite\",\"@id\":\"https:\\\/\\\/www.efk.admin.ch\\\/fr\\\/#website\",\"url\":\"https:\\\/\\\/www.efk.admin.ch\\\/fr\\\/\",\"name\":\"Informationen \u00fcber das oberste Finanzaufsichtsorgan der Schweiz\",\"description\":\"Le Contr\u00f4le f\u00e9d\u00e9ral des finances (CDF) est l'organe supr\u00eame de surveillance financi\u00e8re de la Conf\u00e9d\u00e9ration suisse.\",\"publisher\":{\"@id\":\"https:\\\/\\\/www.efk.admin.ch\\\/fr\\\/#organization\"},\"alternateName\":\"EFK\",\"potentialAction\":[{\"@type\":\"SearchAction\",\"target\":{\"@type\":\"EntryPoint\",\"urlTemplate\":\"https:\\\/\\\/www.efk.admin.ch\\\/fr\\\/?s={search_term_string}\"},\"query-input\":{\"@type\":\"PropertyValueSpecification\",\"valueRequired\":true,\"valueName\":\"search_term_string\"}}],\"inLanguage\":\"fr-FR\"},{\"@type\":\"Organization\",\"@id\":\"https:\\\/\\\/www.efk.admin.ch\\\/fr\\\/#organization\",\"name\":\"Contr\u00f4le f\u00e9d\u00e9ral des finances (CDF)\",\"alternateName\":\"EFK\",\"url\":\"https:\\\/\\\/www.efk.admin.ch\\\/fr\\\/\",\"logo\":{\"@type\":\"ImageObject\",\"inLanguage\":\"fr-FR\",\"@id\":\"https:\\\/\\\/www.efk.admin.ch\\\/fr\\\/#\\\/schema\\\/logo\\\/image\\\/\",\"url\":\"https:\\\/\\\/www.efk.admin.ch\\\/wp-content\\\/uploads\\\/efk_cdf_logo_ohne_claim.png\",\"contentUrl\":\"https:\\\/\\\/www.efk.admin.ch\\\/wp-content\\\/uploads\\\/efk_cdf_logo_ohne_claim.png\",\"width\":268,\"height\":258,\"caption\":\"Contr\u00f4le f\u00e9d\u00e9ral des finances (CDF)\"},\"image\":{\"@id\":\"https:\\\/\\\/www.efk.admin.ch\\\/fr\\\/#\\\/schema\\\/logo\\\/image\\\/\"},\"sameAs\":[\"https:\\\/\\\/www.instagram.com\\\/efk_cdf_sfao\\\/\",\"https:\\\/\\\/www.youtube.com\\\/channel\\\/UCm-bXj227VE5sJzhB-ihdvw\\\/featured\",\"https:\\\/\\\/www.linkedin.com\\\/company\\\/11081578\\\/\"]}]}<\/script>\n<!-- \/ Yoast SEO Premium plugin. -->","yoast_head_json":{"title":"Programme B\u00e2timents - Contr\u00f4le f\u00e9d\u00e9ral des finances (CDF)","description":"Programme B\u00e2timents","robots":{"index":"index","follow":"follow","max-snippet":"max-snippet:-1","max-image-preview":"max-image-preview:large","max-video-preview":"max-video-preview:-1"},"canonical":"https:\/\/www.efk.admin.ch\/fr\/audit\/programme-batiments\/","og_locale":"fr_FR","og_type":"article","og_title":"Programme B\u00e2timents","og_description":"Programme B\u00e2timents","og_url":"https:\/\/www.efk.admin.ch\/fr\/audit\/programme-batiments\/","og_site_name":"Contr\u00f4le f\u00e9d\u00e9ral des finances (CDF)","article_modified_time":"2025-09-05T07:01:21+00:00","og_image":[{"width":750,"height":500,"url":"https:\/\/www.efk.admin.ch\/wp-content\/uploads\/test\/palais.jpg","type":"image\/jpeg"}],"twitter_card":"summary_large_image","twitter_misc":{"Dur\u00e9e de lecture estim\u00e9e":"3 minutes"},"schema":{"@context":"https:\/\/schema.org","@graph":[{"@type":"WebPage","@id":"https:\/\/www.efk.admin.ch\/fr\/audit\/programme-batiments\/","url":"https:\/\/www.efk.admin.ch\/fr\/audit\/programme-batiments\/","name":"Programme B\u00e2timents - Contr\u00f4le f\u00e9d\u00e9ral des finances (CDF)","isPartOf":{"@id":"https:\/\/www.efk.admin.ch\/fr\/#website"},"datePublished":"2025-02-26T22:00:00+00:00","dateModified":"2025-09-05T07:01:21+00:00","description":"Programme B\u00e2timents","breadcrumb":{"@id":"https:\/\/www.efk.admin.ch\/fr\/audit\/programme-batiments\/#breadcrumb"},"inLanguage":"fr-FR","potentialAction":[{"@type":"ReadAction","target":["https:\/\/www.efk.admin.ch\/fr\/audit\/programme-batiments\/"]}]},{"@type":"BreadcrumbList","@id":"https:\/\/www.efk.admin.ch\/fr\/audit\/programme-batiments\/#breadcrumb","itemListElement":[{"@type":"ListItem","position":1,"name":"Home","item":"https:\/\/www.efk.admin.ch\/fr\/"},{"@type":"ListItem","position":2,"name":"Rapport","item":"https:\/\/www.efk.admin.ch\/fr\/audit\/"},{"@type":"ListItem","position":3,"name":"Programme B\u00e2timents"}]},{"@type":"WebSite","@id":"https:\/\/www.efk.admin.ch\/fr\/#website","url":"https:\/\/www.efk.admin.ch\/fr\/","name":"Informationen \u00fcber das oberste Finanzaufsichtsorgan der Schweiz","description":"Le Contr\u00f4le f\u00e9d\u00e9ral des finances (CDF) est l'organe supr\u00eame de surveillance financi\u00e8re de la Conf\u00e9d\u00e9ration suisse.","publisher":{"@id":"https:\/\/www.efk.admin.ch\/fr\/#organization"},"alternateName":"EFK","potentialAction":[{"@type":"SearchAction","target":{"@type":"EntryPoint","urlTemplate":"https:\/\/www.efk.admin.ch\/fr\/?s={search_term_string}"},"query-input":{"@type":"PropertyValueSpecification","valueRequired":true,"valueName":"search_term_string"}}],"inLanguage":"fr-FR"},{"@type":"Organization","@id":"https:\/\/www.efk.admin.ch\/fr\/#organization","name":"Contr\u00f4le f\u00e9d\u00e9ral des finances (CDF)","alternateName":"EFK","url":"https:\/\/www.efk.admin.ch\/fr\/","logo":{"@type":"ImageObject","inLanguage":"fr-FR","@id":"https:\/\/www.efk.admin.ch\/fr\/#\/schema\/logo\/image\/","url":"https:\/\/www.efk.admin.ch\/wp-content\/uploads\/efk_cdf_logo_ohne_claim.png","contentUrl":"https:\/\/www.efk.admin.ch\/wp-content\/uploads\/efk_cdf_logo_ohne_claim.png","width":268,"height":258,"caption":"Contr\u00f4le f\u00e9d\u00e9ral des finances (CDF)"},"image":{"@id":"https:\/\/www.efk.admin.ch\/fr\/#\/schema\/logo\/image\/"},"sameAs":["https:\/\/www.instagram.com\/efk_cdf_sfao\/","https:\/\/www.youtube.com\/channel\/UCm-bXj227VE5sJzhB-ihdvw\/featured","https:\/\/www.linkedin.com\/company\/11081578\/"]}]}},"_links":{"self":[{"href":"https:\/\/www.efk.admin.ch\/fr\/wp-json\/wp\/v2\/audit\/36946","targetHints":{"allow":["GET"]}}],"collection":[{"href":"https:\/\/www.efk.admin.ch\/fr\/wp-json\/wp\/v2\/audit"}],"about":[{"href":"https:\/\/www.efk.admin.ch\/fr\/wp-json\/wp\/v2\/types\/audit"}],"acf:post":[{"embeddable":true,"href":"https:\/\/www.efk.admin.ch\/fr\/wp-json\/wp\/v2\/office\/7958"}],"wp:attachment":[{"href":"https:\/\/www.efk.admin.ch\/fr\/wp-json\/wp\/v2\/media?parent=36946"}],"wp:term":[{"taxonomy":"audit_category","embeddable":true,"href":"https:\/\/www.efk.admin.ch\/fr\/wp-json\/wp\/v2\/audit_category?post=36946"},{"taxonomy":"audit_type","embeddable":true,"href":"https:\/\/www.efk.admin.ch\/fr\/wp-json\/wp\/v2\/audit_type?post=36946"}],"curies":[{"name":"wp","href":"https:\/\/api.w.org\/{rel}","templated":true}]}}