{"id":36776,"date":"2025-02-19T23:00:00","date_gmt":"2025-02-19T22:00:00","guid":{"rendered":"https:\/\/www.efk.admin.ch\/?post_type=audit&#038;p=36776"},"modified":"2025-02-19T10:17:28","modified_gmt":"2025-02-19T09:17:28","slug":"projet-cle-nouveaux-systemes-de-production-nepro","status":"publish","type":"audit","link":"https:\/\/www.efk.admin.ch\/fr\/audit\/projet-cle-nouveaux-systemes-de-production-nepro\/","title":{"rendered":"Projet cl\u00e9 Nouveaux syst\u00e8mes de production NEPRO"},"content":{"rendered":"\n<p>L\u2019Office f\u00e9d\u00e9ral de topographie (swisstopo) modernise sa plateforme de production avec le programme \u00ab&nbsp;Nouveaux syst\u00e8mes de production&nbsp;\u00bb (NEPRO). Ce programme, d\u2019un co\u00fbt de 65 millions de francs, est indispensable, car la version du logiciel ArcMap utilis\u00e9e arrivera au terme de son cycle de vie \u00e0 la fin du mois de mars 2026. Parall\u00e8lement, l\u2019ensemble de la cha\u00eene de production des g\u00e9odonn\u00e9es a besoin d\u2019\u00eatre optimis\u00e9, de la saisie de prises de vue a\u00e9riennes de la Suisse \u00e0 la mise \u00e0 disposition de g\u00e9oproduits. Cette vaste palette de produits comprend aussi bien des cartes nationales imprim\u00e9es que leur version num\u00e9rique sous forme de visualiseur dans le g\u00e9oportail de la Conf\u00e9d\u00e9ration.<br><br>D\u2019une dur\u00e9e pr\u00e9vue de dix ans, le programme NEPRO en est \u00e0 la moiti\u00e9 de sa mise en oeuvre au moment de l\u2019audit. Certains projets se trouvent en phase de r\u00e9alisation. swisstopo a connu des d\u00e9buts difficiles face \u00e0 l\u2019ampleur du programme NEPRO. Ce d\u00e9fi et les faiblesses qui en d\u00e9coulent ont \u00e9t\u00e9 relev\u00e9s d\u00e8s 2022 lors du premier audit du Contr\u00f4le f\u00e9d\u00e9ral des finances (CDF), qui avait livr\u00e9 une \u00e9valuation critique de la situation. swisstopo a ensuite opt\u00e9 pour une nouvelle variante de mise en oeuvre mettant l\u2019accent sur la migration technique afin de remplir le mandat l\u00e9gal. Ce n\u2019est que dans une deuxi\u00e8me phase du programme que la cha\u00eene de production sera optimis\u00e9e dans le cadre de l\u2019exploitation courante. Ces points sont en cours d\u2019\u00e9laboration au moment de l\u2019audit et ne seront disponibles qu\u2019au mois d\u2019octobre 2024.<br><br>Le CDF estime que deux th\u00e8mes n\u00e9cessitent des mesures importantes. Premi\u00e8rement, il convient de mieux d\u00e9finir la promesse d\u2019utilit\u00e9 de NEPRO ainsi que les objectifs du programme en leur conf\u00e9rant un caract\u00e8re contraignant. Deuxi\u00e8mement, les cons\u00e9quences de la nouvelle variante de mise en oeuvre doivent \u00eatre analys\u00e9es et trait\u00e9es plus en profondeur. Le nouveau responsable du programme, qui a pris ses fonctions en avril 2024, a identifi\u00e9 les principales lacunes dans la configuration du programme. De premiers r\u00e9sultats positifs sont visibles, mais ils ne sont pas suffisants pour que l\u2019avancement actuel soit jug\u00e9 satisfaisant. Une grande partie des recommandations restent donc ouvertes, car elles concernent des bases essentielles pour le programme.<\/p>\n","protected":false},"featured_media":0,"menu_order":0,"template":"","audit_category":[79],"audit_type":[232],"class_list":["post-36776","audit","type-audit","status-publish","hentry","audit_category-projets-informatiques","audit_type-audit-informatique"],"acf":{"audit_lang":null,"audit_numbers":[{"audit_number":"24120"}],"audit_office":[7931],"audit_office_text":"","audit_date":"20250219","bgo":false,"keywords":"","audit_office_local":""},"yoast_head":"<!-- This site is optimized with the Yoast SEO Premium plugin v27.4 (Yoast SEO v27.4) - https:\/\/yoast.com\/product\/yoast-seo-premium-wordpress\/ -->\n<title>Projet cl\u00e9 Nouveaux syst\u00e8mes de production NEPRO - Contr\u00f4le f\u00e9d\u00e9ral des finances (CDF)<\/title>\n<meta name=\"description\" content=\"Projet cl\u00e9 Nouveaux syst\u00e8mes de production NEPRO\" \/>\n<meta name=\"robots\" content=\"index, follow, max-snippet:-1, max-image-preview:large, max-video-preview:-1\" \/>\n<link rel=\"canonical\" href=\"https:\/\/www.efk.admin.ch\/fr\/audit\/projet-cle-nouveaux-systemes-de-production-nepro\/\" \/>\n<meta property=\"og:locale\" content=\"fr_FR\" \/>\n<meta property=\"og:type\" content=\"article\" \/>\n<meta property=\"og:title\" content=\"Projet cl\u00e9 Nouveaux syst\u00e8mes de production NEPRO\" \/>\n<meta property=\"og:description\" content=\"Projet cl\u00e9 Nouveaux syst\u00e8mes de production NEPRO\" \/>\n<meta property=\"og:url\" content=\"https:\/\/www.efk.admin.ch\/fr\/audit\/projet-cle-nouveaux-systemes-de-production-nepro\/\" \/>\n<meta property=\"og:site_name\" content=\"Contr\u00f4le f\u00e9d\u00e9ral des finances (CDF)\" \/>\n<meta property=\"og:image\" content=\"https:\/\/www.efk.admin.ch\/wp-content\/uploads\/test\/palais.jpg\" \/>\n\t<meta property=\"og:image:width\" content=\"750\" \/>\n\t<meta property=\"og:image:height\" content=\"500\" \/>\n\t<meta property=\"og:image:type\" content=\"image\/jpeg\" \/>\n<meta name=\"twitter:card\" content=\"summary_large_image\" \/>\n<meta name=\"twitter:label1\" content=\"Dur\u00e9e de lecture estim\u00e9e\" \/>\n\t<meta name=\"twitter:data1\" content=\"3 minutes\" \/>\n<script type=\"application\/ld+json\" class=\"yoast-schema-graph\">{\"@context\":\"https:\\\/\\\/schema.org\",\"@graph\":[{\"@type\":\"WebPage\",\"@id\":\"https:\\\/\\\/www.efk.admin.ch\\\/fr\\\/audit\\\/projet-cle-nouveaux-systemes-de-production-nepro\\\/\",\"url\":\"https:\\\/\\\/www.efk.admin.ch\\\/fr\\\/audit\\\/projet-cle-nouveaux-systemes-de-production-nepro\\\/\",\"name\":\"Projet cl\u00e9 Nouveaux syst\u00e8mes de production NEPRO - Contr\u00f4le f\u00e9d\u00e9ral des finances (CDF)\",\"isPartOf\":{\"@id\":\"https:\\\/\\\/www.efk.admin.ch\\\/fr\\\/#website\"},\"datePublished\":\"2025-02-19T22:00:00+00:00\",\"description\":\"Projet cl\u00e9 Nouveaux syst\u00e8mes de production NEPRO\",\"breadcrumb\":{\"@id\":\"https:\\\/\\\/www.efk.admin.ch\\\/fr\\\/audit\\\/projet-cle-nouveaux-systemes-de-production-nepro\\\/#breadcrumb\"},\"inLanguage\":\"fr-FR\",\"potentialAction\":[{\"@type\":\"ReadAction\",\"target\":[\"https:\\\/\\\/www.efk.admin.ch\\\/fr\\\/audit\\\/projet-cle-nouveaux-systemes-de-production-nepro\\\/\"]}]},{\"@type\":\"BreadcrumbList\",\"@id\":\"https:\\\/\\\/www.efk.admin.ch\\\/fr\\\/audit\\\/projet-cle-nouveaux-systemes-de-production-nepro\\\/#breadcrumb\",\"itemListElement\":[{\"@type\":\"ListItem\",\"position\":1,\"name\":\"Home\",\"item\":\"https:\\\/\\\/www.efk.admin.ch\\\/fr\\\/\"},{\"@type\":\"ListItem\",\"position\":2,\"name\":\"Rapport\",\"item\":\"https:\\\/\\\/www.efk.admin.ch\\\/fr\\\/audit\\\/\"},{\"@type\":\"ListItem\",\"position\":3,\"name\":\"Projet cl\u00e9 Nouveaux syst\u00e8mes de production NEPRO\"}]},{\"@type\":\"WebSite\",\"@id\":\"https:\\\/\\\/www.efk.admin.ch\\\/fr\\\/#website\",\"url\":\"https:\\\/\\\/www.efk.admin.ch\\\/fr\\\/\",\"name\":\"Informationen \u00fcber das oberste Finanzaufsichtsorgan der Schweiz\",\"description\":\"Le Contr\u00f4le f\u00e9d\u00e9ral des finances (CDF) est l'organe supr\u00eame de surveillance financi\u00e8re de la Conf\u00e9d\u00e9ration suisse.\",\"publisher\":{\"@id\":\"https:\\\/\\\/www.efk.admin.ch\\\/fr\\\/#organization\"},\"alternateName\":\"EFK\",\"potentialAction\":[{\"@type\":\"SearchAction\",\"target\":{\"@type\":\"EntryPoint\",\"urlTemplate\":\"https:\\\/\\\/www.efk.admin.ch\\\/fr\\\/?s={search_term_string}\"},\"query-input\":{\"@type\":\"PropertyValueSpecification\",\"valueRequired\":true,\"valueName\":\"search_term_string\"}}],\"inLanguage\":\"fr-FR\"},{\"@type\":\"Organization\",\"@id\":\"https:\\\/\\\/www.efk.admin.ch\\\/fr\\\/#organization\",\"name\":\"Contr\u00f4le f\u00e9d\u00e9ral des finances (CDF)\",\"alternateName\":\"EFK\",\"url\":\"https:\\\/\\\/www.efk.admin.ch\\\/fr\\\/\",\"logo\":{\"@type\":\"ImageObject\",\"inLanguage\":\"fr-FR\",\"@id\":\"https:\\\/\\\/www.efk.admin.ch\\\/fr\\\/#\\\/schema\\\/logo\\\/image\\\/\",\"url\":\"https:\\\/\\\/www.efk.admin.ch\\\/wp-content\\\/uploads\\\/efk_cdf_logo_ohne_claim.png\",\"contentUrl\":\"https:\\\/\\\/www.efk.admin.ch\\\/wp-content\\\/uploads\\\/efk_cdf_logo_ohne_claim.png\",\"width\":268,\"height\":258,\"caption\":\"Contr\u00f4le f\u00e9d\u00e9ral des finances (CDF)\"},\"image\":{\"@id\":\"https:\\\/\\\/www.efk.admin.ch\\\/fr\\\/#\\\/schema\\\/logo\\\/image\\\/\"},\"sameAs\":[\"https:\\\/\\\/www.instagram.com\\\/efk_cdf_sfao\\\/\",\"https:\\\/\\\/www.youtube.com\\\/channel\\\/UCm-bXj227VE5sJzhB-ihdvw\\\/featured\",\"https:\\\/\\\/www.linkedin.com\\\/company\\\/11081578\\\/\"]}]}<\/script>\n<!-- \/ Yoast SEO Premium plugin. -->","yoast_head_json":{"title":"Projet cl\u00e9 Nouveaux syst\u00e8mes de production NEPRO - Contr\u00f4le f\u00e9d\u00e9ral des finances (CDF)","description":"Projet cl\u00e9 Nouveaux syst\u00e8mes de production NEPRO","robots":{"index":"index","follow":"follow","max-snippet":"max-snippet:-1","max-image-preview":"max-image-preview:large","max-video-preview":"max-video-preview:-1"},"canonical":"https:\/\/www.efk.admin.ch\/fr\/audit\/projet-cle-nouveaux-systemes-de-production-nepro\/","og_locale":"fr_FR","og_type":"article","og_title":"Projet cl\u00e9 Nouveaux syst\u00e8mes de production NEPRO","og_description":"Projet cl\u00e9 Nouveaux syst\u00e8mes de production NEPRO","og_url":"https:\/\/www.efk.admin.ch\/fr\/audit\/projet-cle-nouveaux-systemes-de-production-nepro\/","og_site_name":"Contr\u00f4le f\u00e9d\u00e9ral des finances (CDF)","og_image":[{"width":750,"height":500,"url":"https:\/\/www.efk.admin.ch\/wp-content\/uploads\/test\/palais.jpg","type":"image\/jpeg"}],"twitter_card":"summary_large_image","twitter_misc":{"Dur\u00e9e de lecture estim\u00e9e":"3 minutes"},"schema":{"@context":"https:\/\/schema.org","@graph":[{"@type":"WebPage","@id":"https:\/\/www.efk.admin.ch\/fr\/audit\/projet-cle-nouveaux-systemes-de-production-nepro\/","url":"https:\/\/www.efk.admin.ch\/fr\/audit\/projet-cle-nouveaux-systemes-de-production-nepro\/","name":"Projet cl\u00e9 Nouveaux syst\u00e8mes de production NEPRO - Contr\u00f4le f\u00e9d\u00e9ral des finances (CDF)","isPartOf":{"@id":"https:\/\/www.efk.admin.ch\/fr\/#website"},"datePublished":"2025-02-19T22:00:00+00:00","description":"Projet cl\u00e9 Nouveaux syst\u00e8mes de production NEPRO","breadcrumb":{"@id":"https:\/\/www.efk.admin.ch\/fr\/audit\/projet-cle-nouveaux-systemes-de-production-nepro\/#breadcrumb"},"inLanguage":"fr-FR","potentialAction":[{"@type":"ReadAction","target":["https:\/\/www.efk.admin.ch\/fr\/audit\/projet-cle-nouveaux-systemes-de-production-nepro\/"]}]},{"@type":"BreadcrumbList","@id":"https:\/\/www.efk.admin.ch\/fr\/audit\/projet-cle-nouveaux-systemes-de-production-nepro\/#breadcrumb","itemListElement":[{"@type":"ListItem","position":1,"name":"Home","item":"https:\/\/www.efk.admin.ch\/fr\/"},{"@type":"ListItem","position":2,"name":"Rapport","item":"https:\/\/www.efk.admin.ch\/fr\/audit\/"},{"@type":"ListItem","position":3,"name":"Projet cl\u00e9 Nouveaux syst\u00e8mes de production NEPRO"}]},{"@type":"WebSite","@id":"https:\/\/www.efk.admin.ch\/fr\/#website","url":"https:\/\/www.efk.admin.ch\/fr\/","name":"Informationen \u00fcber das oberste Finanzaufsichtsorgan der Schweiz","description":"Le Contr\u00f4le f\u00e9d\u00e9ral des finances (CDF) est l'organe supr\u00eame de surveillance financi\u00e8re de la Conf\u00e9d\u00e9ration suisse.","publisher":{"@id":"https:\/\/www.efk.admin.ch\/fr\/#organization"},"alternateName":"EFK","potentialAction":[{"@type":"SearchAction","target":{"@type":"EntryPoint","urlTemplate":"https:\/\/www.efk.admin.ch\/fr\/?s={search_term_string}"},"query-input":{"@type":"PropertyValueSpecification","valueRequired":true,"valueName":"search_term_string"}}],"inLanguage":"fr-FR"},{"@type":"Organization","@id":"https:\/\/www.efk.admin.ch\/fr\/#organization","name":"Contr\u00f4le f\u00e9d\u00e9ral des finances (CDF)","alternateName":"EFK","url":"https:\/\/www.efk.admin.ch\/fr\/","logo":{"@type":"ImageObject","inLanguage":"fr-FR","@id":"https:\/\/www.efk.admin.ch\/fr\/#\/schema\/logo\/image\/","url":"https:\/\/www.efk.admin.ch\/wp-content\/uploads\/efk_cdf_logo_ohne_claim.png","contentUrl":"https:\/\/www.efk.admin.ch\/wp-content\/uploads\/efk_cdf_logo_ohne_claim.png","width":268,"height":258,"caption":"Contr\u00f4le f\u00e9d\u00e9ral des finances (CDF)"},"image":{"@id":"https:\/\/www.efk.admin.ch\/fr\/#\/schema\/logo\/image\/"},"sameAs":["https:\/\/www.instagram.com\/efk_cdf_sfao\/","https:\/\/www.youtube.com\/channel\/UCm-bXj227VE5sJzhB-ihdvw\/featured","https:\/\/www.linkedin.com\/company\/11081578\/"]}]}},"_links":{"self":[{"href":"https:\/\/www.efk.admin.ch\/fr\/wp-json\/wp\/v2\/audit\/36776","targetHints":{"allow":["GET"]}}],"collection":[{"href":"https:\/\/www.efk.admin.ch\/fr\/wp-json\/wp\/v2\/audit"}],"about":[{"href":"https:\/\/www.efk.admin.ch\/fr\/wp-json\/wp\/v2\/types\/audit"}],"acf:post":[{"embeddable":true,"href":"https:\/\/www.efk.admin.ch\/fr\/wp-json\/wp\/v2\/office\/7931"}],"wp:attachment":[{"href":"https:\/\/www.efk.admin.ch\/fr\/wp-json\/wp\/v2\/media?parent=36776"}],"wp:term":[{"taxonomy":"audit_category","embeddable":true,"href":"https:\/\/www.efk.admin.ch\/fr\/wp-json\/wp\/v2\/audit_category?post=36776"},{"taxonomy":"audit_type","embeddable":true,"href":"https:\/\/www.efk.admin.ch\/fr\/wp-json\/wp\/v2\/audit_type?post=36776"}],"curies":[{"name":"wp","href":"https:\/\/api.w.org\/{rel}","templated":true}]}}