{"id":34221,"date":"2024-10-16T23:00:00","date_gmt":"2024-10-16T21:00:00","guid":{"rendered":"https:\/\/www.efk.admin.ch\/?post_type=audit&#038;p=34221"},"modified":"2024-10-17T15:03:22","modified_gmt":"2024-10-17T13:03:22","slug":"nouveau-batiment-de-laboratoire-quantum-matter-and-materials-center","status":"publish","type":"audit","link":"https:\/\/www.efk.admin.ch\/fr\/audit\/nouveau-batiment-de-laboratoire-quantum-matter-and-materials-center\/","title":{"rendered":"Nouveau b\u00e2timent de laboratoire Quantum Matter and Materials Center"},"content":{"rendered":"\n<p>L\u2019Institut Paul Scherrer (PSI) construit sur son campus un nouveau b\u00e2timent de laboratoire dot\u00e9 d\u2019une infrastructure de recherche ultramoderne. Le nouveau \u00ab Quantum Matter and Materials Center \u00bb regroupera ainsi la recherche sur les mat\u00e9riaux dans un seul b\u00e2timent. Les travaux ont d\u00e9but\u00e9 comme pr\u00e9vu en janvier 2024. La construction devrait co\u00fbter quelque 27 millions de francs et \u00eatre mise en service fin 2026 ou d\u00e9but 2027.<\/p>\n\n\n\n<p>Dans son audit, le Contr\u00f4le f\u00e9d\u00e9ral des finances a examin\u00e9 si le PSI disposait d\u2019une organisation de construction professionnelle satisfaisante. En ce qui concerne l\u2019ex\u00e9cution des travaux, il y a n\u00e9cessit\u00e9 d\u2019agir, et m\u00eame de mani\u00e8re urgente dans certains cas. Le projet a environ un an de retard par rapport \u00e0 la d\u00e9cision de cr\u00e9dit d\u2019engagement de 2022.<\/p>\n","protected":false},"featured_media":0,"menu_order":0,"template":"","audit_category":[67],"audit_type":[124],"class_list":["post-34221","audit","type-audit","status-publish","hentry","audit_category-formation-et-recherche","audit_type-audit-de-construction"],"acf":{"audit_lang":null,"audit_numbers":[{"audit_number":"23465"}],"audit_office":[8014],"audit_office_text":"","audit_date":"20241016","bgo":false,"keywords":"","audit_office_local":""},"yoast_head":"<!-- This site is optimized with the Yoast SEO Premium plugin v27.4 (Yoast SEO v27.4) - https:\/\/yoast.com\/product\/yoast-seo-premium-wordpress\/ -->\n<title>Nouveau b\u00e2timent de laboratoire Quantum Matter and Materials Center - Contr\u00f4le f\u00e9d\u00e9ral des finances (CDF)<\/title>\n<meta name=\"description\" content=\"Nouveau b\u00e2timent de laboratoire Quantum Matter and Materials Center\" \/>\n<meta name=\"robots\" content=\"index, follow, max-snippet:-1, max-image-preview:large, max-video-preview:-1\" \/>\n<link rel=\"canonical\" href=\"https:\/\/www.efk.admin.ch\/fr\/audit\/nouveau-batiment-de-laboratoire-quantum-matter-and-materials-center\/\" \/>\n<meta property=\"og:locale\" content=\"fr_FR\" \/>\n<meta property=\"og:type\" content=\"article\" \/>\n<meta property=\"og:title\" content=\"Nouveau b\u00e2timent de laboratoire Quantum Matter and Materials Center\" \/>\n<meta property=\"og:description\" content=\"Nouveau b\u00e2timent de laboratoire Quantum Matter and Materials Center\" \/>\n<meta property=\"og:url\" content=\"https:\/\/www.efk.admin.ch\/fr\/audit\/nouveau-batiment-de-laboratoire-quantum-matter-and-materials-center\/\" \/>\n<meta property=\"og:site_name\" content=\"Contr\u00f4le f\u00e9d\u00e9ral des finances (CDF)\" \/>\n<meta property=\"article:modified_time\" content=\"2024-10-17T13:03:22+00:00\" \/>\n<meta property=\"og:image\" content=\"https:\/\/www.efk.admin.ch\/wp-content\/uploads\/test\/palais.jpg\" \/>\n\t<meta property=\"og:image:width\" content=\"750\" \/>\n\t<meta property=\"og:image:height\" content=\"500\" \/>\n\t<meta property=\"og:image:type\" content=\"image\/jpeg\" \/>\n<meta name=\"twitter:card\" content=\"summary_large_image\" \/>\n<meta name=\"twitter:label1\" content=\"Dur\u00e9e de lecture estim\u00e9e\" \/>\n\t<meta name=\"twitter:data1\" content=\"1 minute\" \/>\n<script type=\"application\/ld+json\" class=\"yoast-schema-graph\">{\"@context\":\"https:\\\/\\\/schema.org\",\"@graph\":[{\"@type\":\"WebPage\",\"@id\":\"https:\\\/\\\/www.efk.admin.ch\\\/fr\\\/audit\\\/nouveau-batiment-de-laboratoire-quantum-matter-and-materials-center\\\/\",\"url\":\"https:\\\/\\\/www.efk.admin.ch\\\/fr\\\/audit\\\/nouveau-batiment-de-laboratoire-quantum-matter-and-materials-center\\\/\",\"name\":\"Nouveau b\u00e2timent de laboratoire Quantum Matter and Materials Center - Contr\u00f4le f\u00e9d\u00e9ral des finances (CDF)\",\"isPartOf\":{\"@id\":\"https:\\\/\\\/www.efk.admin.ch\\\/fr\\\/#website\"},\"datePublished\":\"2024-10-16T21:00:00+00:00\",\"dateModified\":\"2024-10-17T13:03:22+00:00\",\"description\":\"Nouveau b\u00e2timent de laboratoire Quantum Matter and Materials Center\",\"breadcrumb\":{\"@id\":\"https:\\\/\\\/www.efk.admin.ch\\\/fr\\\/audit\\\/nouveau-batiment-de-laboratoire-quantum-matter-and-materials-center\\\/#breadcrumb\"},\"inLanguage\":\"fr-FR\",\"potentialAction\":[{\"@type\":\"ReadAction\",\"target\":[\"https:\\\/\\\/www.efk.admin.ch\\\/fr\\\/audit\\\/nouveau-batiment-de-laboratoire-quantum-matter-and-materials-center\\\/\"]}]},{\"@type\":\"BreadcrumbList\",\"@id\":\"https:\\\/\\\/www.efk.admin.ch\\\/fr\\\/audit\\\/nouveau-batiment-de-laboratoire-quantum-matter-and-materials-center\\\/#breadcrumb\",\"itemListElement\":[{\"@type\":\"ListItem\",\"position\":1,\"name\":\"Home\",\"item\":\"https:\\\/\\\/www.efk.admin.ch\\\/fr\\\/\"},{\"@type\":\"ListItem\",\"position\":2,\"name\":\"Rapport\",\"item\":\"https:\\\/\\\/www.efk.admin.ch\\\/fr\\\/audit\\\/\"},{\"@type\":\"ListItem\",\"position\":3,\"name\":\"Nouveau b\u00e2timent de laboratoire Quantum Matter and Materials Center\"}]},{\"@type\":\"WebSite\",\"@id\":\"https:\\\/\\\/www.efk.admin.ch\\\/fr\\\/#website\",\"url\":\"https:\\\/\\\/www.efk.admin.ch\\\/fr\\\/\",\"name\":\"Informationen \u00fcber das oberste Finanzaufsichtsorgan der Schweiz\",\"description\":\"Le Contr\u00f4le f\u00e9d\u00e9ral des finances (CDF) est l'organe supr\u00eame de surveillance financi\u00e8re de la Conf\u00e9d\u00e9ration suisse.\",\"publisher\":{\"@id\":\"https:\\\/\\\/www.efk.admin.ch\\\/fr\\\/#organization\"},\"alternateName\":\"EFK\",\"potentialAction\":[{\"@type\":\"SearchAction\",\"target\":{\"@type\":\"EntryPoint\",\"urlTemplate\":\"https:\\\/\\\/www.efk.admin.ch\\\/fr\\\/?s={search_term_string}\"},\"query-input\":{\"@type\":\"PropertyValueSpecification\",\"valueRequired\":true,\"valueName\":\"search_term_string\"}}],\"inLanguage\":\"fr-FR\"},{\"@type\":\"Organization\",\"@id\":\"https:\\\/\\\/www.efk.admin.ch\\\/fr\\\/#organization\",\"name\":\"Contr\u00f4le f\u00e9d\u00e9ral des finances (CDF)\",\"alternateName\":\"EFK\",\"url\":\"https:\\\/\\\/www.efk.admin.ch\\\/fr\\\/\",\"logo\":{\"@type\":\"ImageObject\",\"inLanguage\":\"fr-FR\",\"@id\":\"https:\\\/\\\/www.efk.admin.ch\\\/fr\\\/#\\\/schema\\\/logo\\\/image\\\/\",\"url\":\"https:\\\/\\\/www.efk.admin.ch\\\/wp-content\\\/uploads\\\/efk_cdf_logo_ohne_claim.png\",\"contentUrl\":\"https:\\\/\\\/www.efk.admin.ch\\\/wp-content\\\/uploads\\\/efk_cdf_logo_ohne_claim.png\",\"width\":268,\"height\":258,\"caption\":\"Contr\u00f4le f\u00e9d\u00e9ral des finances (CDF)\"},\"image\":{\"@id\":\"https:\\\/\\\/www.efk.admin.ch\\\/fr\\\/#\\\/schema\\\/logo\\\/image\\\/\"},\"sameAs\":[\"https:\\\/\\\/www.instagram.com\\\/efk_cdf_sfao\\\/\",\"https:\\\/\\\/www.youtube.com\\\/channel\\\/UCm-bXj227VE5sJzhB-ihdvw\\\/featured\",\"https:\\\/\\\/www.linkedin.com\\\/company\\\/11081578\\\/\"]}]}<\/script>\n<!-- \/ Yoast SEO Premium plugin. -->","yoast_head_json":{"title":"Nouveau b\u00e2timent de laboratoire Quantum Matter and Materials Center - Contr\u00f4le f\u00e9d\u00e9ral des finances (CDF)","description":"Nouveau b\u00e2timent de laboratoire Quantum Matter and Materials Center","robots":{"index":"index","follow":"follow","max-snippet":"max-snippet:-1","max-image-preview":"max-image-preview:large","max-video-preview":"max-video-preview:-1"},"canonical":"https:\/\/www.efk.admin.ch\/fr\/audit\/nouveau-batiment-de-laboratoire-quantum-matter-and-materials-center\/","og_locale":"fr_FR","og_type":"article","og_title":"Nouveau b\u00e2timent de laboratoire Quantum Matter and Materials Center","og_description":"Nouveau b\u00e2timent de laboratoire Quantum Matter and Materials Center","og_url":"https:\/\/www.efk.admin.ch\/fr\/audit\/nouveau-batiment-de-laboratoire-quantum-matter-and-materials-center\/","og_site_name":"Contr\u00f4le f\u00e9d\u00e9ral des finances (CDF)","article_modified_time":"2024-10-17T13:03:22+00:00","og_image":[{"width":750,"height":500,"url":"https:\/\/www.efk.admin.ch\/wp-content\/uploads\/test\/palais.jpg","type":"image\/jpeg"}],"twitter_card":"summary_large_image","twitter_misc":{"Dur\u00e9e de lecture estim\u00e9e":"1 minute"},"schema":{"@context":"https:\/\/schema.org","@graph":[{"@type":"WebPage","@id":"https:\/\/www.efk.admin.ch\/fr\/audit\/nouveau-batiment-de-laboratoire-quantum-matter-and-materials-center\/","url":"https:\/\/www.efk.admin.ch\/fr\/audit\/nouveau-batiment-de-laboratoire-quantum-matter-and-materials-center\/","name":"Nouveau b\u00e2timent de laboratoire Quantum Matter and Materials Center - Contr\u00f4le f\u00e9d\u00e9ral des finances (CDF)","isPartOf":{"@id":"https:\/\/www.efk.admin.ch\/fr\/#website"},"datePublished":"2024-10-16T21:00:00+00:00","dateModified":"2024-10-17T13:03:22+00:00","description":"Nouveau b\u00e2timent de laboratoire Quantum Matter and Materials Center","breadcrumb":{"@id":"https:\/\/www.efk.admin.ch\/fr\/audit\/nouveau-batiment-de-laboratoire-quantum-matter-and-materials-center\/#breadcrumb"},"inLanguage":"fr-FR","potentialAction":[{"@type":"ReadAction","target":["https:\/\/www.efk.admin.ch\/fr\/audit\/nouveau-batiment-de-laboratoire-quantum-matter-and-materials-center\/"]}]},{"@type":"BreadcrumbList","@id":"https:\/\/www.efk.admin.ch\/fr\/audit\/nouveau-batiment-de-laboratoire-quantum-matter-and-materials-center\/#breadcrumb","itemListElement":[{"@type":"ListItem","position":1,"name":"Home","item":"https:\/\/www.efk.admin.ch\/fr\/"},{"@type":"ListItem","position":2,"name":"Rapport","item":"https:\/\/www.efk.admin.ch\/fr\/audit\/"},{"@type":"ListItem","position":3,"name":"Nouveau b\u00e2timent de laboratoire Quantum Matter and Materials Center"}]},{"@type":"WebSite","@id":"https:\/\/www.efk.admin.ch\/fr\/#website","url":"https:\/\/www.efk.admin.ch\/fr\/","name":"Informationen \u00fcber das oberste Finanzaufsichtsorgan der Schweiz","description":"Le Contr\u00f4le f\u00e9d\u00e9ral des finances (CDF) est l'organe supr\u00eame de surveillance financi\u00e8re de la Conf\u00e9d\u00e9ration suisse.","publisher":{"@id":"https:\/\/www.efk.admin.ch\/fr\/#organization"},"alternateName":"EFK","potentialAction":[{"@type":"SearchAction","target":{"@type":"EntryPoint","urlTemplate":"https:\/\/www.efk.admin.ch\/fr\/?s={search_term_string}"},"query-input":{"@type":"PropertyValueSpecification","valueRequired":true,"valueName":"search_term_string"}}],"inLanguage":"fr-FR"},{"@type":"Organization","@id":"https:\/\/www.efk.admin.ch\/fr\/#organization","name":"Contr\u00f4le f\u00e9d\u00e9ral des finances (CDF)","alternateName":"EFK","url":"https:\/\/www.efk.admin.ch\/fr\/","logo":{"@type":"ImageObject","inLanguage":"fr-FR","@id":"https:\/\/www.efk.admin.ch\/fr\/#\/schema\/logo\/image\/","url":"https:\/\/www.efk.admin.ch\/wp-content\/uploads\/efk_cdf_logo_ohne_claim.png","contentUrl":"https:\/\/www.efk.admin.ch\/wp-content\/uploads\/efk_cdf_logo_ohne_claim.png","width":268,"height":258,"caption":"Contr\u00f4le f\u00e9d\u00e9ral des finances (CDF)"},"image":{"@id":"https:\/\/www.efk.admin.ch\/fr\/#\/schema\/logo\/image\/"},"sameAs":["https:\/\/www.instagram.com\/efk_cdf_sfao\/","https:\/\/www.youtube.com\/channel\/UCm-bXj227VE5sJzhB-ihdvw\/featured","https:\/\/www.linkedin.com\/company\/11081578\/"]}]}},"_links":{"self":[{"href":"https:\/\/www.efk.admin.ch\/fr\/wp-json\/wp\/v2\/audit\/34221","targetHints":{"allow":["GET"]}}],"collection":[{"href":"https:\/\/www.efk.admin.ch\/fr\/wp-json\/wp\/v2\/audit"}],"about":[{"href":"https:\/\/www.efk.admin.ch\/fr\/wp-json\/wp\/v2\/types\/audit"}],"acf:post":[{"embeddable":true,"href":"https:\/\/www.efk.admin.ch\/fr\/wp-json\/wp\/v2\/office\/8014"}],"wp:attachment":[{"href":"https:\/\/www.efk.admin.ch\/fr\/wp-json\/wp\/v2\/media?parent=34221"}],"wp:term":[{"taxonomy":"audit_category","embeddable":true,"href":"https:\/\/www.efk.admin.ch\/fr\/wp-json\/wp\/v2\/audit_category?post=34221"},{"taxonomy":"audit_type","embeddable":true,"href":"https:\/\/www.efk.admin.ch\/fr\/wp-json\/wp\/v2\/audit_type?post=34221"}],"curies":[{"name":"wp","href":"https:\/\/api.w.org\/{rel}","templated":true}]}}