{"id":33376,"date":"2024-08-26T23:00:00","date_gmt":"2024-08-26T21:00:00","guid":{"rendered":"https:\/\/www.efk.admin.ch\/?post_type=audit&#038;p=33376"},"modified":"2024-08-23T12:11:47","modified_gmt":"2024-08-23T10:11:47","slug":"mesures-contre-la-penurie-de-personnel-qualifie-pour-une-selection-de-professions","status":"publish","type":"audit","link":"https:\/\/www.efk.admin.ch\/fr\/audit\/mesures-contre-la-penurie-de-personnel-qualifie-pour-une-selection-de-professions\/","title":{"rendered":"Mesures contre la p\u00e9nurie de personnel qualifi\u00e9 pour une s\u00e9lection de professions"},"content":{"rendered":"\n<p>A l\u2019instar de plusieurs pays voisins, la Suisse conna\u00eet une p\u00e9nurie de personnel qualifi\u00e9 dans plusieurs domaines. Depuis 2011, la Conf\u00e9d\u00e9ration a initi\u00e9 deux programmes distincts d\u00e9di\u00e9s \u00e0 la lutte contre la p\u00e9nurie de personnel qualifi\u00e9 et au renforcement du potentiel de main-d\u2019oeuvre indig\u00e8ne. Des budgets de plusieurs centaines de millions de francs ont \u00e9t\u00e9 mis \u00e0 disposition pour les mesures incluses dans ces programmes.<\/p>\n\n\n\n<figure class=\"wp-block-image size-large\"><img loading=\"lazy\" decoding=\"async\" width=\"1024\" height=\"639\" src=\"https:\/\/www.efk.admin.ch\/wp-content\/uploads\/publikationen\/berichte\/wirtschaft_und_verwaltung\/wirtschaft_und_landwirtschaft\/23467\/wik_ueberblick_pa23467_f-1024x639.jpg\" alt=\"\" class=\"wp-image-33304\" srcset=\"https:\/\/www.efk.admin.ch\/wp-content\/uploads\/publikationen\/berichte\/wirtschaft_und_verwaltung\/wirtschaft_und_landwirtschaft\/23467\/wik_ueberblick_pa23467_f-1024x639.jpg 1024w, https:\/\/www.efk.admin.ch\/wp-content\/uploads\/publikationen\/berichte\/wirtschaft_und_verwaltung\/wirtschaft_und_landwirtschaft\/23467\/wik_ueberblick_pa23467_f-300x187.jpg 300w, https:\/\/www.efk.admin.ch\/wp-content\/uploads\/publikationen\/berichte\/wirtschaft_und_verwaltung\/wirtschaft_und_landwirtschaft\/23467\/wik_ueberblick_pa23467_f-768x480.jpg 768w, https:\/\/www.efk.admin.ch\/wp-content\/uploads\/publikationen\/berichte\/wirtschaft_und_verwaltung\/wirtschaft_und_landwirtschaft\/23467\/wik_ueberblick_pa23467_f-1536x959.jpg 1536w, https:\/\/www.efk.admin.ch\/wp-content\/uploads\/publikationen\/berichte\/wirtschaft_und_verwaltung\/wirtschaft_und_landwirtschaft\/23467\/wik_ueberblick_pa23467_f-2048x1279.jpg 2048w, https:\/\/www.efk.admin.ch\/wp-content\/uploads\/publikationen\/berichte\/wirtschaft_und_verwaltung\/wirtschaft_und_landwirtschaft\/23467\/wik_ueberblick_pa23467_f.jpg 1890w\" sizes=\"auto, (max-width: 1024px) 100vw, 1024px\" \/><\/figure>\n","protected":false},"featured_media":0,"menu_order":0,"template":"","audit_category":[88],"audit_type":[50],"class_list":["post-33376","audit","type-audit","status-publish","hentry","audit_category-economie-et-agriculture","audit_type-pruefung"],"acf":{"audit_lang":null,"audit_numbers":[{"audit_number":"23467"}],"audit_office":[7945,7946,7918],"audit_office_text":"","audit_date":"20240826","bgo":false,"keywords":"","audit_office_local":""},"yoast_head":"<!-- This site is optimized with the Yoast SEO Premium plugin v27.4 (Yoast SEO v27.4) - https:\/\/yoast.com\/product\/yoast-seo-premium-wordpress\/ -->\n<title>Mesures contre la p\u00e9nurie de personnel qualifi\u00e9 pour une s\u00e9lection de professions - Contr\u00f4le f\u00e9d\u00e9ral des finances (CDF)<\/title>\n<meta name=\"description\" content=\"Mesures contre la p\u00e9nurie de personnel qualifi\u00e9 pour une s\u00e9lection de professions\" \/>\n<meta name=\"robots\" content=\"index, follow, max-snippet:-1, max-image-preview:large, max-video-preview:-1\" \/>\n<link rel=\"canonical\" href=\"https:\/\/www.efk.admin.ch\/fr\/audit\/mesures-contre-la-penurie-de-personnel-qualifie-pour-une-selection-de-professions\/\" \/>\n<meta property=\"og:locale\" content=\"fr_FR\" \/>\n<meta property=\"og:type\" content=\"article\" \/>\n<meta property=\"og:title\" content=\"Mesures contre la p\u00e9nurie de personnel qualifi\u00e9 pour une s\u00e9lection de professions\" \/>\n<meta property=\"og:description\" content=\"Mesures contre la p\u00e9nurie de personnel qualifi\u00e9 pour une s\u00e9lection de professions\" \/>\n<meta property=\"og:url\" content=\"https:\/\/www.efk.admin.ch\/fr\/audit\/mesures-contre-la-penurie-de-personnel-qualifie-pour-une-selection-de-professions\/\" \/>\n<meta property=\"og:site_name\" content=\"Contr\u00f4le f\u00e9d\u00e9ral des finances (CDF)\" \/>\n<meta property=\"og:image\" content=\"https:\/\/www.efk.admin.ch\/wp-content\/uploads\/publikationen\/berichte\/wirtschaft_und_verwaltung\/wirtschaft_und_landwirtschaft\/23467\/wik_ueberblick_pa23467_f-1024x639.jpg\" \/>\n<meta name=\"twitter:card\" content=\"summary_large_image\" \/>\n<meta name=\"twitter:label1\" content=\"Dur\u00e9e de lecture estim\u00e9e\" \/>\n\t<meta name=\"twitter:data1\" content=\"1 minute\" \/>\n<script type=\"application\/ld+json\" class=\"yoast-schema-graph\">{\"@context\":\"https:\\\/\\\/schema.org\",\"@graph\":[{\"@type\":\"WebPage\",\"@id\":\"https:\\\/\\\/www.efk.admin.ch\\\/fr\\\/audit\\\/mesures-contre-la-penurie-de-personnel-qualifie-pour-une-selection-de-professions\\\/\",\"url\":\"https:\\\/\\\/www.efk.admin.ch\\\/fr\\\/audit\\\/mesures-contre-la-penurie-de-personnel-qualifie-pour-une-selection-de-professions\\\/\",\"name\":\"Mesures contre la p\u00e9nurie de personnel qualifi\u00e9 pour une s\u00e9lection de professions - Contr\u00f4le f\u00e9d\u00e9ral des finances (CDF)\",\"isPartOf\":{\"@id\":\"https:\\\/\\\/www.efk.admin.ch\\\/fr\\\/#website\"},\"primaryImageOfPage\":{\"@id\":\"https:\\\/\\\/www.efk.admin.ch\\\/fr\\\/audit\\\/mesures-contre-la-penurie-de-personnel-qualifie-pour-une-selection-de-professions\\\/#primaryimage\"},\"image\":{\"@id\":\"https:\\\/\\\/www.efk.admin.ch\\\/fr\\\/audit\\\/mesures-contre-la-penurie-de-personnel-qualifie-pour-une-selection-de-professions\\\/#primaryimage\"},\"thumbnailUrl\":\"https:\\\/\\\/www.efk.admin.ch\\\/wp-content\\\/uploads\\\/publikationen\\\/berichte\\\/wirtschaft_und_verwaltung\\\/wirtschaft_und_landwirtschaft\\\/23467\\\/wik_ueberblick_pa23467_f-1024x639.jpg\",\"datePublished\":\"2024-08-26T21:00:00+00:00\",\"description\":\"Mesures contre la p\u00e9nurie de personnel qualifi\u00e9 pour une s\u00e9lection de professions\",\"breadcrumb\":{\"@id\":\"https:\\\/\\\/www.efk.admin.ch\\\/fr\\\/audit\\\/mesures-contre-la-penurie-de-personnel-qualifie-pour-une-selection-de-professions\\\/#breadcrumb\"},\"inLanguage\":\"fr-FR\",\"potentialAction\":[{\"@type\":\"ReadAction\",\"target\":[\"https:\\\/\\\/www.efk.admin.ch\\\/fr\\\/audit\\\/mesures-contre-la-penurie-de-personnel-qualifie-pour-une-selection-de-professions\\\/\"]}]},{\"@type\":\"ImageObject\",\"inLanguage\":\"fr-FR\",\"@id\":\"https:\\\/\\\/www.efk.admin.ch\\\/fr\\\/audit\\\/mesures-contre-la-penurie-de-personnel-qualifie-pour-une-selection-de-professions\\\/#primaryimage\",\"url\":\"https:\\\/\\\/www.efk.admin.ch\\\/wp-content\\\/uploads\\\/publikationen\\\/berichte\\\/wirtschaft_und_verwaltung\\\/wirtschaft_und_landwirtschaft\\\/23467\\\/wik_ueberblick_pa23467_f-1024x639.jpg\",\"contentUrl\":\"https:\\\/\\\/www.efk.admin.ch\\\/wp-content\\\/uploads\\\/publikationen\\\/berichte\\\/wirtschaft_und_verwaltung\\\/wirtschaft_und_landwirtschaft\\\/23467\\\/wik_ueberblick_pa23467_f-1024x639.jpg\"},{\"@type\":\"BreadcrumbList\",\"@id\":\"https:\\\/\\\/www.efk.admin.ch\\\/fr\\\/audit\\\/mesures-contre-la-penurie-de-personnel-qualifie-pour-une-selection-de-professions\\\/#breadcrumb\",\"itemListElement\":[{\"@type\":\"ListItem\",\"position\":1,\"name\":\"Home\",\"item\":\"https:\\\/\\\/www.efk.admin.ch\\\/fr\\\/\"},{\"@type\":\"ListItem\",\"position\":2,\"name\":\"Rapport\",\"item\":\"https:\\\/\\\/www.efk.admin.ch\\\/fr\\\/audit\\\/\"},{\"@type\":\"ListItem\",\"position\":3,\"name\":\"Mesures contre la p\u00e9nurie de personnel qualifi\u00e9 pour une s\u00e9lection de professions\"}]},{\"@type\":\"WebSite\",\"@id\":\"https:\\\/\\\/www.efk.admin.ch\\\/fr\\\/#website\",\"url\":\"https:\\\/\\\/www.efk.admin.ch\\\/fr\\\/\",\"name\":\"Informationen \u00fcber das oberste Finanzaufsichtsorgan der Schweiz\",\"description\":\"Le Contr\u00f4le f\u00e9d\u00e9ral des finances (CDF) est l'organe supr\u00eame de surveillance financi\u00e8re de la Conf\u00e9d\u00e9ration suisse.\",\"publisher\":{\"@id\":\"https:\\\/\\\/www.efk.admin.ch\\\/fr\\\/#organization\"},\"alternateName\":\"EFK\",\"potentialAction\":[{\"@type\":\"SearchAction\",\"target\":{\"@type\":\"EntryPoint\",\"urlTemplate\":\"https:\\\/\\\/www.efk.admin.ch\\\/fr\\\/?s={search_term_string}\"},\"query-input\":{\"@type\":\"PropertyValueSpecification\",\"valueRequired\":true,\"valueName\":\"search_term_string\"}}],\"inLanguage\":\"fr-FR\"},{\"@type\":\"Organization\",\"@id\":\"https:\\\/\\\/www.efk.admin.ch\\\/fr\\\/#organization\",\"name\":\"Contr\u00f4le f\u00e9d\u00e9ral des finances (CDF)\",\"alternateName\":\"EFK\",\"url\":\"https:\\\/\\\/www.efk.admin.ch\\\/fr\\\/\",\"logo\":{\"@type\":\"ImageObject\",\"inLanguage\":\"fr-FR\",\"@id\":\"https:\\\/\\\/www.efk.admin.ch\\\/fr\\\/#\\\/schema\\\/logo\\\/image\\\/\",\"url\":\"https:\\\/\\\/www.efk.admin.ch\\\/wp-content\\\/uploads\\\/efk_cdf_logo_ohne_claim.png\",\"contentUrl\":\"https:\\\/\\\/www.efk.admin.ch\\\/wp-content\\\/uploads\\\/efk_cdf_logo_ohne_claim.png\",\"width\":268,\"height\":258,\"caption\":\"Contr\u00f4le f\u00e9d\u00e9ral des finances (CDF)\"},\"image\":{\"@id\":\"https:\\\/\\\/www.efk.admin.ch\\\/fr\\\/#\\\/schema\\\/logo\\\/image\\\/\"},\"sameAs\":[\"https:\\\/\\\/www.instagram.com\\\/efk_cdf_sfao\\\/\",\"https:\\\/\\\/www.youtube.com\\\/channel\\\/UCm-bXj227VE5sJzhB-ihdvw\\\/featured\",\"https:\\\/\\\/www.linkedin.com\\\/company\\\/11081578\\\/\"]}]}<\/script>\n<!-- \/ Yoast SEO Premium plugin. -->","yoast_head_json":{"title":"Mesures contre la p\u00e9nurie de personnel qualifi\u00e9 pour une s\u00e9lection de professions - Contr\u00f4le f\u00e9d\u00e9ral des finances (CDF)","description":"Mesures contre la p\u00e9nurie de personnel qualifi\u00e9 pour une s\u00e9lection de professions","robots":{"index":"index","follow":"follow","max-snippet":"max-snippet:-1","max-image-preview":"max-image-preview:large","max-video-preview":"max-video-preview:-1"},"canonical":"https:\/\/www.efk.admin.ch\/fr\/audit\/mesures-contre-la-penurie-de-personnel-qualifie-pour-une-selection-de-professions\/","og_locale":"fr_FR","og_type":"article","og_title":"Mesures contre la p\u00e9nurie de personnel qualifi\u00e9 pour une s\u00e9lection de professions","og_description":"Mesures contre la p\u00e9nurie de personnel qualifi\u00e9 pour une s\u00e9lection de professions","og_url":"https:\/\/www.efk.admin.ch\/fr\/audit\/mesures-contre-la-penurie-de-personnel-qualifie-pour-une-selection-de-professions\/","og_site_name":"Contr\u00f4le f\u00e9d\u00e9ral des finances (CDF)","og_image":[{"url":"https:\/\/www.efk.admin.ch\/wp-content\/uploads\/publikationen\/berichte\/wirtschaft_und_verwaltung\/wirtschaft_und_landwirtschaft\/23467\/wik_ueberblick_pa23467_f-1024x639.jpg","type":"","width":"","height":""}],"twitter_card":"summary_large_image","twitter_misc":{"Dur\u00e9e de lecture estim\u00e9e":"1 minute"},"schema":{"@context":"https:\/\/schema.org","@graph":[{"@type":"WebPage","@id":"https:\/\/www.efk.admin.ch\/fr\/audit\/mesures-contre-la-penurie-de-personnel-qualifie-pour-une-selection-de-professions\/","url":"https:\/\/www.efk.admin.ch\/fr\/audit\/mesures-contre-la-penurie-de-personnel-qualifie-pour-une-selection-de-professions\/","name":"Mesures contre la p\u00e9nurie de personnel qualifi\u00e9 pour une s\u00e9lection de professions - Contr\u00f4le f\u00e9d\u00e9ral des finances (CDF)","isPartOf":{"@id":"https:\/\/www.efk.admin.ch\/fr\/#website"},"primaryImageOfPage":{"@id":"https:\/\/www.efk.admin.ch\/fr\/audit\/mesures-contre-la-penurie-de-personnel-qualifie-pour-une-selection-de-professions\/#primaryimage"},"image":{"@id":"https:\/\/www.efk.admin.ch\/fr\/audit\/mesures-contre-la-penurie-de-personnel-qualifie-pour-une-selection-de-professions\/#primaryimage"},"thumbnailUrl":"https:\/\/www.efk.admin.ch\/wp-content\/uploads\/publikationen\/berichte\/wirtschaft_und_verwaltung\/wirtschaft_und_landwirtschaft\/23467\/wik_ueberblick_pa23467_f-1024x639.jpg","datePublished":"2024-08-26T21:00:00+00:00","description":"Mesures contre la p\u00e9nurie de personnel qualifi\u00e9 pour une s\u00e9lection de professions","breadcrumb":{"@id":"https:\/\/www.efk.admin.ch\/fr\/audit\/mesures-contre-la-penurie-de-personnel-qualifie-pour-une-selection-de-professions\/#breadcrumb"},"inLanguage":"fr-FR","potentialAction":[{"@type":"ReadAction","target":["https:\/\/www.efk.admin.ch\/fr\/audit\/mesures-contre-la-penurie-de-personnel-qualifie-pour-une-selection-de-professions\/"]}]},{"@type":"ImageObject","inLanguage":"fr-FR","@id":"https:\/\/www.efk.admin.ch\/fr\/audit\/mesures-contre-la-penurie-de-personnel-qualifie-pour-une-selection-de-professions\/#primaryimage","url":"https:\/\/www.efk.admin.ch\/wp-content\/uploads\/publikationen\/berichte\/wirtschaft_und_verwaltung\/wirtschaft_und_landwirtschaft\/23467\/wik_ueberblick_pa23467_f-1024x639.jpg","contentUrl":"https:\/\/www.efk.admin.ch\/wp-content\/uploads\/publikationen\/berichte\/wirtschaft_und_verwaltung\/wirtschaft_und_landwirtschaft\/23467\/wik_ueberblick_pa23467_f-1024x639.jpg"},{"@type":"BreadcrumbList","@id":"https:\/\/www.efk.admin.ch\/fr\/audit\/mesures-contre-la-penurie-de-personnel-qualifie-pour-une-selection-de-professions\/#breadcrumb","itemListElement":[{"@type":"ListItem","position":1,"name":"Home","item":"https:\/\/www.efk.admin.ch\/fr\/"},{"@type":"ListItem","position":2,"name":"Rapport","item":"https:\/\/www.efk.admin.ch\/fr\/audit\/"},{"@type":"ListItem","position":3,"name":"Mesures contre la p\u00e9nurie de personnel qualifi\u00e9 pour une s\u00e9lection de professions"}]},{"@type":"WebSite","@id":"https:\/\/www.efk.admin.ch\/fr\/#website","url":"https:\/\/www.efk.admin.ch\/fr\/","name":"Informationen \u00fcber das oberste Finanzaufsichtsorgan der Schweiz","description":"Le Contr\u00f4le f\u00e9d\u00e9ral des finances (CDF) est l'organe supr\u00eame de surveillance financi\u00e8re de la Conf\u00e9d\u00e9ration suisse.","publisher":{"@id":"https:\/\/www.efk.admin.ch\/fr\/#organization"},"alternateName":"EFK","potentialAction":[{"@type":"SearchAction","target":{"@type":"EntryPoint","urlTemplate":"https:\/\/www.efk.admin.ch\/fr\/?s={search_term_string}"},"query-input":{"@type":"PropertyValueSpecification","valueRequired":true,"valueName":"search_term_string"}}],"inLanguage":"fr-FR"},{"@type":"Organization","@id":"https:\/\/www.efk.admin.ch\/fr\/#organization","name":"Contr\u00f4le f\u00e9d\u00e9ral des finances (CDF)","alternateName":"EFK","url":"https:\/\/www.efk.admin.ch\/fr\/","logo":{"@type":"ImageObject","inLanguage":"fr-FR","@id":"https:\/\/www.efk.admin.ch\/fr\/#\/schema\/logo\/image\/","url":"https:\/\/www.efk.admin.ch\/wp-content\/uploads\/efk_cdf_logo_ohne_claim.png","contentUrl":"https:\/\/www.efk.admin.ch\/wp-content\/uploads\/efk_cdf_logo_ohne_claim.png","width":268,"height":258,"caption":"Contr\u00f4le f\u00e9d\u00e9ral des finances (CDF)"},"image":{"@id":"https:\/\/www.efk.admin.ch\/fr\/#\/schema\/logo\/image\/"},"sameAs":["https:\/\/www.instagram.com\/efk_cdf_sfao\/","https:\/\/www.youtube.com\/channel\/UCm-bXj227VE5sJzhB-ihdvw\/featured","https:\/\/www.linkedin.com\/company\/11081578\/"]}]}},"_links":{"self":[{"href":"https:\/\/www.efk.admin.ch\/fr\/wp-json\/wp\/v2\/audit\/33376","targetHints":{"allow":["GET"]}}],"collection":[{"href":"https:\/\/www.efk.admin.ch\/fr\/wp-json\/wp\/v2\/audit"}],"about":[{"href":"https:\/\/www.efk.admin.ch\/fr\/wp-json\/wp\/v2\/types\/audit"}],"acf:post":[{"embeddable":true,"href":"https:\/\/www.efk.admin.ch\/fr\/wp-json\/wp\/v2\/office\/7918"},{"embeddable":true,"href":"https:\/\/www.efk.admin.ch\/fr\/wp-json\/wp\/v2\/office\/7946"},{"embeddable":true,"href":"https:\/\/www.efk.admin.ch\/fr\/wp-json\/wp\/v2\/office\/7945"}],"wp:attachment":[{"href":"https:\/\/www.efk.admin.ch\/fr\/wp-json\/wp\/v2\/media?parent=33376"}],"wp:term":[{"taxonomy":"audit_category","embeddable":true,"href":"https:\/\/www.efk.admin.ch\/fr\/wp-json\/wp\/v2\/audit_category?post=33376"},{"taxonomy":"audit_type","embeddable":true,"href":"https:\/\/www.efk.admin.ch\/fr\/wp-json\/wp\/v2\/audit_type?post=33376"}],"curies":[{"name":"wp","href":"https:\/\/api.w.org\/{rel}","templated":true}]}}