{"id":31877,"date":"2024-06-19T23:00:00","date_gmt":"2024-06-19T21:00:00","guid":{"rendered":"https:\/\/www.efk.admin.ch\/?post_type=audit&#038;p=31877"},"modified":"2024-06-17T13:30:35","modified_gmt":"2024-06-17T11:30:35","slug":"surveillance-sur-l-utilisation-des-contributions-federales-de-soutien-aux-personnes-a-statut-s","status":"publish","type":"audit","link":"https:\/\/www.efk.admin.ch\/fr\/audit\/surveillance-sur-l-utilisation-des-contributions-federales-de-soutien-aux-personnes-a-statut-s\/","title":{"rendered":"Surveillance sur l\u2019utilisation des contributions f\u00e9d\u00e9rales de soutien aux personnes \u00e0 statut S"},"content":{"rendered":"\n<p>En avril 2022, le Conseil f\u00e9d\u00e9ral a lanc\u00e9 le \u00ab Programme S \u00bb de soutien aux personnes r\u00e9sidant en Ukraine ayant fui leur pays. Le Secr\u00e9tariat d\u2019Etat aux migrations (SEM) a introduit ce dispositif un mois apr\u00e8s l\u2019activation du statut de protection provisoire. La fin de la guerre n\u2019\u00e9tant pas en vue, le Conseil f\u00e9d\u00e9ral a prolong\u00e9 la dur\u00e9e du statut S jusqu\u2019en mars 2025. A fin septembre 2023, 65 746 d\u00e9tenteurs du permis S r\u00e9sidaient en Suisse. Le Programme S vise \u00e0 donner aux ressortissants ukrainiens les moyens de participer \u00e0 la vie sociale et professionnelle en Suisse. Ce programme ad hoc s\u2019inspire des Programmes d\u2019int\u00e9gration cantonaux (PIC). A l\u2019introduction du Programme S, le SEM a encourag\u00e9 les cantons \u00e0 mettre en oeuvre l\u2019Agenda Int\u00e9gration Suisse (AIS). Entr\u00e9 en vigueur en 2019, cet agenda commun \u00e0 la Conf\u00e9d\u00e9ration et aux cantons d\u00e9finit des objectifs obligatoires et mesurables pour l\u2019int\u00e9gration des admis provisoires et des r\u00e9fugi\u00e9s. Le Conseil f\u00e9d\u00e9ral a introduit en novembre 2023 un objectif d\u2019int\u00e9gration au travail pour la population S. D\u2019ici fin 2024, 40 % des d\u00e9tenteurs du permis S devront travailler. Ceci signifie un doublement du taux moyen d\u2019emploi pour cette population.<\/p>\n\n\n\n<figure class=\"wp-block-image size-large\"><img loading=\"lazy\" decoding=\"async\" width=\"1024\" height=\"639\" src=\"https:\/\/www.efk.admin.ch\/wp-content\/uploads\/publikationen\/berichte\/sicherheit_und_umwelt\/justiz_und_polizei\/23243\/wik_ueberblick_pa23243_f-1024x639.jpg\" alt=\"\" class=\"wp-image-31849\" srcset=\"https:\/\/www.efk.admin.ch\/wp-content\/uploads\/publikationen\/berichte\/sicherheit_und_umwelt\/justiz_und_polizei\/23243\/wik_ueberblick_pa23243_f-1024x639.jpg 1024w, https:\/\/www.efk.admin.ch\/wp-content\/uploads\/publikationen\/berichte\/sicherheit_und_umwelt\/justiz_und_polizei\/23243\/wik_ueberblick_pa23243_f-300x187.jpg 300w, https:\/\/www.efk.admin.ch\/wp-content\/uploads\/publikationen\/berichte\/sicherheit_und_umwelt\/justiz_und_polizei\/23243\/wik_ueberblick_pa23243_f-768x480.jpg 768w, https:\/\/www.efk.admin.ch\/wp-content\/uploads\/publikationen\/berichte\/sicherheit_und_umwelt\/justiz_und_polizei\/23243\/wik_ueberblick_pa23243_f-1536x959.jpg 1536w, https:\/\/www.efk.admin.ch\/wp-content\/uploads\/publikationen\/berichte\/sicherheit_und_umwelt\/justiz_und_polizei\/23243\/wik_ueberblick_pa23243_f-2048x1279.jpg 2048w, https:\/\/www.efk.admin.ch\/wp-content\/uploads\/publikationen\/berichte\/sicherheit_und_umwelt\/justiz_und_polizei\/23243\/wik_ueberblick_pa23243_f.jpg 1890w\" sizes=\"auto, (max-width: 1024px) 100vw, 1024px\" \/><\/figure>\n","protected":false},"featured_media":0,"menu_order":0,"template":"","audit_category":[82],"audit_type":[123],"class_list":["post-31877","audit","type-audit","status-publish","hentry","audit_category-justice-et-police","audit_type-audit-de-subventions"],"acf":{"audit_lang":null,"audit_numbers":[{"audit_number":"23243"}],"audit_office":[7918],"audit_office_text":"","audit_date":"20240619","bgo":false,"keywords":"Programme S,statut de protection","audit_office_local":""},"yoast_head":"<!-- This site is optimized with the Yoast SEO Premium plugin v27.4 (Yoast SEO v27.4) - https:\/\/yoast.com\/product\/yoast-seo-premium-wordpress\/ -->\n<title>Surveillance sur l\u2019utilisation des contributions f\u00e9d\u00e9rales de soutien aux personnes \u00e0 statut S - Contr\u00f4le f\u00e9d\u00e9ral des finances (CDF)<\/title>\n<meta name=\"description\" content=\"Surveillance sur l\u2019utilisation des contributions f\u00e9d\u00e9rales de soutien aux personnes \u00e0 statut S\" \/>\n<meta name=\"robots\" content=\"index, follow, max-snippet:-1, max-image-preview:large, max-video-preview:-1\" \/>\n<link rel=\"canonical\" href=\"https:\/\/www.efk.admin.ch\/fr\/audit\/surveillance-sur-l-utilisation-des-contributions-federales-de-soutien-aux-personnes-a-statut-s\/\" \/>\n<meta property=\"og:locale\" content=\"fr_FR\" \/>\n<meta property=\"og:type\" content=\"article\" \/>\n<meta property=\"og:title\" content=\"Surveillance sur l\u2019utilisation des contributions f\u00e9d\u00e9rales de soutien aux personnes \u00e0 statut S\" \/>\n<meta property=\"og:description\" content=\"Surveillance sur l\u2019utilisation des contributions f\u00e9d\u00e9rales de soutien aux personnes \u00e0 statut S\" \/>\n<meta property=\"og:url\" content=\"https:\/\/www.efk.admin.ch\/fr\/audit\/surveillance-sur-l-utilisation-des-contributions-federales-de-soutien-aux-personnes-a-statut-s\/\" \/>\n<meta property=\"og:site_name\" content=\"Contr\u00f4le f\u00e9d\u00e9ral des finances (CDF)\" \/>\n<meta property=\"og:image\" content=\"https:\/\/www.efk.admin.ch\/wp-content\/uploads\/publikationen\/berichte\/sicherheit_und_umwelt\/justiz_und_polizei\/23243\/wik_ueberblick_pa23243_f-1024x639.jpg\" \/>\n<meta name=\"twitter:card\" content=\"summary_large_image\" \/>\n<meta name=\"twitter:label1\" content=\"Dur\u00e9e de lecture estim\u00e9e\" \/>\n\t<meta name=\"twitter:data1\" content=\"2 minutes\" \/>\n<script type=\"application\/ld+json\" class=\"yoast-schema-graph\">{\"@context\":\"https:\\\/\\\/schema.org\",\"@graph\":[{\"@type\":\"WebPage\",\"@id\":\"https:\\\/\\\/www.efk.admin.ch\\\/fr\\\/audit\\\/surveillance-sur-l-utilisation-des-contributions-federales-de-soutien-aux-personnes-a-statut-s\\\/\",\"url\":\"https:\\\/\\\/www.efk.admin.ch\\\/fr\\\/audit\\\/surveillance-sur-l-utilisation-des-contributions-federales-de-soutien-aux-personnes-a-statut-s\\\/\",\"name\":\"Surveillance sur l\u2019utilisation des contributions f\u00e9d\u00e9rales de soutien aux personnes \u00e0 statut S - Contr\u00f4le f\u00e9d\u00e9ral des finances (CDF)\",\"isPartOf\":{\"@id\":\"https:\\\/\\\/www.efk.admin.ch\\\/fr\\\/#website\"},\"primaryImageOfPage\":{\"@id\":\"https:\\\/\\\/www.efk.admin.ch\\\/fr\\\/audit\\\/surveillance-sur-l-utilisation-des-contributions-federales-de-soutien-aux-personnes-a-statut-s\\\/#primaryimage\"},\"image\":{\"@id\":\"https:\\\/\\\/www.efk.admin.ch\\\/fr\\\/audit\\\/surveillance-sur-l-utilisation-des-contributions-federales-de-soutien-aux-personnes-a-statut-s\\\/#primaryimage\"},\"thumbnailUrl\":\"https:\\\/\\\/www.efk.admin.ch\\\/wp-content\\\/uploads\\\/publikationen\\\/berichte\\\/sicherheit_und_umwelt\\\/justiz_und_polizei\\\/23243\\\/wik_ueberblick_pa23243_f-1024x639.jpg\",\"datePublished\":\"2024-06-19T21:00:00+00:00\",\"description\":\"Surveillance sur l\u2019utilisation des contributions f\u00e9d\u00e9rales de soutien aux personnes \u00e0 statut S\",\"breadcrumb\":{\"@id\":\"https:\\\/\\\/www.efk.admin.ch\\\/fr\\\/audit\\\/surveillance-sur-l-utilisation-des-contributions-federales-de-soutien-aux-personnes-a-statut-s\\\/#breadcrumb\"},\"inLanguage\":\"fr-FR\",\"potentialAction\":[{\"@type\":\"ReadAction\",\"target\":[\"https:\\\/\\\/www.efk.admin.ch\\\/fr\\\/audit\\\/surveillance-sur-l-utilisation-des-contributions-federales-de-soutien-aux-personnes-a-statut-s\\\/\"]}]},{\"@type\":\"ImageObject\",\"inLanguage\":\"fr-FR\",\"@id\":\"https:\\\/\\\/www.efk.admin.ch\\\/fr\\\/audit\\\/surveillance-sur-l-utilisation-des-contributions-federales-de-soutien-aux-personnes-a-statut-s\\\/#primaryimage\",\"url\":\"https:\\\/\\\/www.efk.admin.ch\\\/wp-content\\\/uploads\\\/publikationen\\\/berichte\\\/sicherheit_und_umwelt\\\/justiz_und_polizei\\\/23243\\\/wik_ueberblick_pa23243_f-1024x639.jpg\",\"contentUrl\":\"https:\\\/\\\/www.efk.admin.ch\\\/wp-content\\\/uploads\\\/publikationen\\\/berichte\\\/sicherheit_und_umwelt\\\/justiz_und_polizei\\\/23243\\\/wik_ueberblick_pa23243_f-1024x639.jpg\"},{\"@type\":\"BreadcrumbList\",\"@id\":\"https:\\\/\\\/www.efk.admin.ch\\\/fr\\\/audit\\\/surveillance-sur-l-utilisation-des-contributions-federales-de-soutien-aux-personnes-a-statut-s\\\/#breadcrumb\",\"itemListElement\":[{\"@type\":\"ListItem\",\"position\":1,\"name\":\"Home\",\"item\":\"https:\\\/\\\/www.efk.admin.ch\\\/fr\\\/\"},{\"@type\":\"ListItem\",\"position\":2,\"name\":\"Rapport\",\"item\":\"https:\\\/\\\/www.efk.admin.ch\\\/fr\\\/audit\\\/\"},{\"@type\":\"ListItem\",\"position\":3,\"name\":\"Surveillance sur l\u2019utilisation des contributions f\u00e9d\u00e9rales de soutien aux personnes \u00e0 statut S\"}]},{\"@type\":\"WebSite\",\"@id\":\"https:\\\/\\\/www.efk.admin.ch\\\/fr\\\/#website\",\"url\":\"https:\\\/\\\/www.efk.admin.ch\\\/fr\\\/\",\"name\":\"Informationen \u00fcber das oberste Finanzaufsichtsorgan der Schweiz\",\"description\":\"Le Contr\u00f4le f\u00e9d\u00e9ral des finances (CDF) est l'organe supr\u00eame de surveillance financi\u00e8re de la Conf\u00e9d\u00e9ration suisse.\",\"publisher\":{\"@id\":\"https:\\\/\\\/www.efk.admin.ch\\\/fr\\\/#organization\"},\"alternateName\":\"EFK\",\"potentialAction\":[{\"@type\":\"SearchAction\",\"target\":{\"@type\":\"EntryPoint\",\"urlTemplate\":\"https:\\\/\\\/www.efk.admin.ch\\\/fr\\\/?s={search_term_string}\"},\"query-input\":{\"@type\":\"PropertyValueSpecification\",\"valueRequired\":true,\"valueName\":\"search_term_string\"}}],\"inLanguage\":\"fr-FR\"},{\"@type\":\"Organization\",\"@id\":\"https:\\\/\\\/www.efk.admin.ch\\\/fr\\\/#organization\",\"name\":\"Contr\u00f4le f\u00e9d\u00e9ral des finances (CDF)\",\"alternateName\":\"EFK\",\"url\":\"https:\\\/\\\/www.efk.admin.ch\\\/fr\\\/\",\"logo\":{\"@type\":\"ImageObject\",\"inLanguage\":\"fr-FR\",\"@id\":\"https:\\\/\\\/www.efk.admin.ch\\\/fr\\\/#\\\/schema\\\/logo\\\/image\\\/\",\"url\":\"https:\\\/\\\/www.efk.admin.ch\\\/wp-content\\\/uploads\\\/efk_cdf_logo_ohne_claim.png\",\"contentUrl\":\"https:\\\/\\\/www.efk.admin.ch\\\/wp-content\\\/uploads\\\/efk_cdf_logo_ohne_claim.png\",\"width\":268,\"height\":258,\"caption\":\"Contr\u00f4le f\u00e9d\u00e9ral des finances (CDF)\"},\"image\":{\"@id\":\"https:\\\/\\\/www.efk.admin.ch\\\/fr\\\/#\\\/schema\\\/logo\\\/image\\\/\"},\"sameAs\":[\"https:\\\/\\\/www.instagram.com\\\/efk_cdf_sfao\\\/\",\"https:\\\/\\\/www.youtube.com\\\/channel\\\/UCm-bXj227VE5sJzhB-ihdvw\\\/featured\",\"https:\\\/\\\/www.linkedin.com\\\/company\\\/11081578\\\/\"]}]}<\/script>\n<!-- \/ Yoast SEO Premium plugin. -->","yoast_head_json":{"title":"Surveillance sur l\u2019utilisation des contributions f\u00e9d\u00e9rales de soutien aux personnes \u00e0 statut S - Contr\u00f4le f\u00e9d\u00e9ral des finances (CDF)","description":"Surveillance sur l\u2019utilisation des contributions f\u00e9d\u00e9rales de soutien aux personnes \u00e0 statut S","robots":{"index":"index","follow":"follow","max-snippet":"max-snippet:-1","max-image-preview":"max-image-preview:large","max-video-preview":"max-video-preview:-1"},"canonical":"https:\/\/www.efk.admin.ch\/fr\/audit\/surveillance-sur-l-utilisation-des-contributions-federales-de-soutien-aux-personnes-a-statut-s\/","og_locale":"fr_FR","og_type":"article","og_title":"Surveillance sur l\u2019utilisation des contributions f\u00e9d\u00e9rales de soutien aux personnes \u00e0 statut S","og_description":"Surveillance sur l\u2019utilisation des contributions f\u00e9d\u00e9rales de soutien aux personnes \u00e0 statut S","og_url":"https:\/\/www.efk.admin.ch\/fr\/audit\/surveillance-sur-l-utilisation-des-contributions-federales-de-soutien-aux-personnes-a-statut-s\/","og_site_name":"Contr\u00f4le f\u00e9d\u00e9ral des finances (CDF)","og_image":[{"url":"https:\/\/www.efk.admin.ch\/wp-content\/uploads\/publikationen\/berichte\/sicherheit_und_umwelt\/justiz_und_polizei\/23243\/wik_ueberblick_pa23243_f-1024x639.jpg","type":"","width":"","height":""}],"twitter_card":"summary_large_image","twitter_misc":{"Dur\u00e9e de lecture estim\u00e9e":"2 minutes"},"schema":{"@context":"https:\/\/schema.org","@graph":[{"@type":"WebPage","@id":"https:\/\/www.efk.admin.ch\/fr\/audit\/surveillance-sur-l-utilisation-des-contributions-federales-de-soutien-aux-personnes-a-statut-s\/","url":"https:\/\/www.efk.admin.ch\/fr\/audit\/surveillance-sur-l-utilisation-des-contributions-federales-de-soutien-aux-personnes-a-statut-s\/","name":"Surveillance sur l\u2019utilisation des contributions f\u00e9d\u00e9rales de soutien aux personnes \u00e0 statut S - Contr\u00f4le f\u00e9d\u00e9ral des finances (CDF)","isPartOf":{"@id":"https:\/\/www.efk.admin.ch\/fr\/#website"},"primaryImageOfPage":{"@id":"https:\/\/www.efk.admin.ch\/fr\/audit\/surveillance-sur-l-utilisation-des-contributions-federales-de-soutien-aux-personnes-a-statut-s\/#primaryimage"},"image":{"@id":"https:\/\/www.efk.admin.ch\/fr\/audit\/surveillance-sur-l-utilisation-des-contributions-federales-de-soutien-aux-personnes-a-statut-s\/#primaryimage"},"thumbnailUrl":"https:\/\/www.efk.admin.ch\/wp-content\/uploads\/publikationen\/berichte\/sicherheit_und_umwelt\/justiz_und_polizei\/23243\/wik_ueberblick_pa23243_f-1024x639.jpg","datePublished":"2024-06-19T21:00:00+00:00","description":"Surveillance sur l\u2019utilisation des contributions f\u00e9d\u00e9rales de soutien aux personnes \u00e0 statut S","breadcrumb":{"@id":"https:\/\/www.efk.admin.ch\/fr\/audit\/surveillance-sur-l-utilisation-des-contributions-federales-de-soutien-aux-personnes-a-statut-s\/#breadcrumb"},"inLanguage":"fr-FR","potentialAction":[{"@type":"ReadAction","target":["https:\/\/www.efk.admin.ch\/fr\/audit\/surveillance-sur-l-utilisation-des-contributions-federales-de-soutien-aux-personnes-a-statut-s\/"]}]},{"@type":"ImageObject","inLanguage":"fr-FR","@id":"https:\/\/www.efk.admin.ch\/fr\/audit\/surveillance-sur-l-utilisation-des-contributions-federales-de-soutien-aux-personnes-a-statut-s\/#primaryimage","url":"https:\/\/www.efk.admin.ch\/wp-content\/uploads\/publikationen\/berichte\/sicherheit_und_umwelt\/justiz_und_polizei\/23243\/wik_ueberblick_pa23243_f-1024x639.jpg","contentUrl":"https:\/\/www.efk.admin.ch\/wp-content\/uploads\/publikationen\/berichte\/sicherheit_und_umwelt\/justiz_und_polizei\/23243\/wik_ueberblick_pa23243_f-1024x639.jpg"},{"@type":"BreadcrumbList","@id":"https:\/\/www.efk.admin.ch\/fr\/audit\/surveillance-sur-l-utilisation-des-contributions-federales-de-soutien-aux-personnes-a-statut-s\/#breadcrumb","itemListElement":[{"@type":"ListItem","position":1,"name":"Home","item":"https:\/\/www.efk.admin.ch\/fr\/"},{"@type":"ListItem","position":2,"name":"Rapport","item":"https:\/\/www.efk.admin.ch\/fr\/audit\/"},{"@type":"ListItem","position":3,"name":"Surveillance sur l\u2019utilisation des contributions f\u00e9d\u00e9rales de soutien aux personnes \u00e0 statut S"}]},{"@type":"WebSite","@id":"https:\/\/www.efk.admin.ch\/fr\/#website","url":"https:\/\/www.efk.admin.ch\/fr\/","name":"Informationen \u00fcber das oberste Finanzaufsichtsorgan der Schweiz","description":"Le Contr\u00f4le f\u00e9d\u00e9ral des finances (CDF) est l'organe supr\u00eame de surveillance financi\u00e8re de la Conf\u00e9d\u00e9ration suisse.","publisher":{"@id":"https:\/\/www.efk.admin.ch\/fr\/#organization"},"alternateName":"EFK","potentialAction":[{"@type":"SearchAction","target":{"@type":"EntryPoint","urlTemplate":"https:\/\/www.efk.admin.ch\/fr\/?s={search_term_string}"},"query-input":{"@type":"PropertyValueSpecification","valueRequired":true,"valueName":"search_term_string"}}],"inLanguage":"fr-FR"},{"@type":"Organization","@id":"https:\/\/www.efk.admin.ch\/fr\/#organization","name":"Contr\u00f4le f\u00e9d\u00e9ral des finances (CDF)","alternateName":"EFK","url":"https:\/\/www.efk.admin.ch\/fr\/","logo":{"@type":"ImageObject","inLanguage":"fr-FR","@id":"https:\/\/www.efk.admin.ch\/fr\/#\/schema\/logo\/image\/","url":"https:\/\/www.efk.admin.ch\/wp-content\/uploads\/efk_cdf_logo_ohne_claim.png","contentUrl":"https:\/\/www.efk.admin.ch\/wp-content\/uploads\/efk_cdf_logo_ohne_claim.png","width":268,"height":258,"caption":"Contr\u00f4le f\u00e9d\u00e9ral des finances (CDF)"},"image":{"@id":"https:\/\/www.efk.admin.ch\/fr\/#\/schema\/logo\/image\/"},"sameAs":["https:\/\/www.instagram.com\/efk_cdf_sfao\/","https:\/\/www.youtube.com\/channel\/UCm-bXj227VE5sJzhB-ihdvw\/featured","https:\/\/www.linkedin.com\/company\/11081578\/"]}]}},"_links":{"self":[{"href":"https:\/\/www.efk.admin.ch\/fr\/wp-json\/wp\/v2\/audit\/31877","targetHints":{"allow":["GET"]}}],"collection":[{"href":"https:\/\/www.efk.admin.ch\/fr\/wp-json\/wp\/v2\/audit"}],"about":[{"href":"https:\/\/www.efk.admin.ch\/fr\/wp-json\/wp\/v2\/types\/audit"}],"acf:post":[{"embeddable":true,"href":"https:\/\/www.efk.admin.ch\/fr\/wp-json\/wp\/v2\/office\/7918"}],"wp:attachment":[{"href":"https:\/\/www.efk.admin.ch\/fr\/wp-json\/wp\/v2\/media?parent=31877"}],"wp:term":[{"taxonomy":"audit_category","embeddable":true,"href":"https:\/\/www.efk.admin.ch\/fr\/wp-json\/wp\/v2\/audit_category?post=31877"},{"taxonomy":"audit_type","embeddable":true,"href":"https:\/\/www.efk.admin.ch\/fr\/wp-json\/wp\/v2\/audit_type?post=31877"}],"curies":[{"name":"wp","href":"https:\/\/api.w.org\/{rel}","templated":true}]}}