{"id":31147,"date":"2024-05-16T11:50:35","date_gmt":"2024-05-16T09:50:35","guid":{"rendered":"https:\/\/www.efk.admin.ch\/prufung\/lehren-aus-der-covid-und-ukrainekrise-ueber-unterbrochene-lieferketten\/"},"modified":"2024-05-16T14:44:37","modified_gmt":"2024-05-16T12:44:37","slug":"enseignements-tires-des-crises-covid-et-ukrainienne-sur-l-interruption-des-chaines-d-approvisionnement","status":"publish","type":"audit","link":"https:\/\/www.efk.admin.ch\/fr\/audit\/enseignements-tires-des-crises-covid-et-ukrainienne-sur-l-interruption-des-chaines-d-approvisionnement\/","title":{"rendered":"Enseignements tir\u00e9s des crises COVID et ukrainienne sur l\u2019interruption des cha\u00eenes d\u2019approvisionnement"},"content":{"rendered":"\n<p>Les restrictions mondiales sur les flux commerciaux dues \u00e0 la pand\u00e9mie de COVID et \u00e0 la crise ukrainienne toujours en cours ont \u00e9galement entra\u00een\u00e9 des p\u00e9nuries de biens et services dans les entreprises en Suisse. Les cha\u00eenes d\u2019approvisionnement ont \u00e9t\u00e9 interrompues. Les services de la Conf\u00e9d\u00e9ration charg\u00e9s de soutenir l\u2019\u00e9conomie en cas de probl\u00e8mes li\u00e9s aux cha\u00eenes d\u2019approvisionnement sont l\u2019Office f\u00e9d\u00e9ral pour l\u2019approvisionnement \u00e9conomique du pays (OFAE), qui est charg\u00e9 de garantir l\u2019approvisionnement du pays en biens et en services vitaux. En outre, le Secr\u00e9tariat d\u2019\u00c9tat \u00e0 l\u2019\u00e9conomie (SECO) est responsable de la mise en place des conditions-cadres appropri\u00e9es en mati\u00e8re de politique \u00e9conomique et de la mise en \u0153uvre des sanctions. Par ailleurs, Switzerland Global Enterprise (S-GE), en sa qualit\u00e9 d\u2019organisation officielle suisse charg\u00e9e de la promotion des exportations et de la place \u00e9conomique, propose notamment aux entreprises un soutien et des conseils relatifs aux activit\u00e9s d\u2019exportation, aux relations commerciales internationales ou aux difficult\u00e9s d\u2019approvisionnement.<\/p>\n","protected":false},"featured_media":0,"menu_order":0,"template":"","audit_category":[88],"audit_type":[52],"class_list":["post-31147","audit","type-audit","status-publish","hentry","audit_category-economie-et-agriculture","audit_type-audit-fr"],"acf":{"audit_lang":null,"audit_numbers":[{"audit_number":"23493"}],"audit_office":[7948,7945,31303],"audit_office_text":"","audit_date":"20240129","bgo":false,"keywords":"pand\u00e9mie de COVID,crise ukrainienne,p\u00e9nuries de biens et services,cha\u00eenes d\u2019approvisionnement,Switzerland Global Enterprise (S-GE)","audit_office_local":""},"yoast_head":"<!-- This site is optimized with the Yoast SEO Premium plugin v27.4 (Yoast SEO v27.4) - https:\/\/yoast.com\/product\/yoast-seo-premium-wordpress\/ -->\n<title>Enseignements tir\u00e9s des crises COVID et ukrainienne sur l\u2019interruption des cha\u00eenes d\u2019approvisionnement - Contr\u00f4le f\u00e9d\u00e9ral des finances (CDF)<\/title>\n<meta name=\"description\" content=\"Enseignements tir\u00e9s des crises COVID et ukrainienne sur l\u2019interruption des cha\u00eenes d\u2019approvisionnement\" \/>\n<meta name=\"robots\" content=\"index, follow, max-snippet:-1, max-image-preview:large, max-video-preview:-1\" \/>\n<link rel=\"canonical\" href=\"https:\/\/www.efk.admin.ch\/fr\/audit\/enseignements-tires-des-crises-covid-et-ukrainienne-sur-l-interruption-des-chaines-d-approvisionnement\/\" \/>\n<meta property=\"og:locale\" content=\"fr_FR\" \/>\n<meta property=\"og:type\" content=\"article\" \/>\n<meta property=\"og:title\" content=\"Enseignements tir\u00e9s des crises COVID et ukrainienne sur l\u2019interruption des cha\u00eenes d\u2019approvisionnement\" \/>\n<meta property=\"og:description\" content=\"Enseignements tir\u00e9s des crises COVID et ukrainienne sur l\u2019interruption des cha\u00eenes d\u2019approvisionnement\" \/>\n<meta property=\"og:url\" content=\"https:\/\/www.efk.admin.ch\/fr\/audit\/enseignements-tires-des-crises-covid-et-ukrainienne-sur-l-interruption-des-chaines-d-approvisionnement\/\" \/>\n<meta property=\"og:site_name\" content=\"Contr\u00f4le f\u00e9d\u00e9ral des finances (CDF)\" \/>\n<meta property=\"article:modified_time\" content=\"2024-05-16T12:44:37+00:00\" \/>\n<meta property=\"og:image\" content=\"https:\/\/www.efk.admin.ch\/wp-content\/uploads\/test\/palais.jpg\" \/>\n\t<meta property=\"og:image:width\" content=\"750\" \/>\n\t<meta property=\"og:image:height\" content=\"500\" \/>\n\t<meta property=\"og:image:type\" content=\"image\/jpeg\" \/>\n<meta name=\"twitter:card\" content=\"summary_large_image\" \/>\n<meta name=\"twitter:label1\" content=\"Dur\u00e9e de lecture estim\u00e9e\" \/>\n\t<meta name=\"twitter:data1\" content=\"1 minute\" \/>\n<script type=\"application\/ld+json\" class=\"yoast-schema-graph\">{\"@context\":\"https:\\\/\\\/schema.org\",\"@graph\":[{\"@type\":\"WebPage\",\"@id\":\"https:\\\/\\\/www.efk.admin.ch\\\/fr\\\/audit\\\/enseignements-tires-des-crises-covid-et-ukrainienne-sur-l-interruption-des-chaines-d-approvisionnement\\\/\",\"url\":\"https:\\\/\\\/www.efk.admin.ch\\\/fr\\\/audit\\\/enseignements-tires-des-crises-covid-et-ukrainienne-sur-l-interruption-des-chaines-d-approvisionnement\\\/\",\"name\":\"Enseignements tir\u00e9s des crises COVID et ukrainienne sur l\u2019interruption des cha\u00eenes d\u2019approvisionnement - Contr\u00f4le f\u00e9d\u00e9ral des finances (CDF)\",\"isPartOf\":{\"@id\":\"https:\\\/\\\/www.efk.admin.ch\\\/fr\\\/#website\"},\"datePublished\":\"2024-05-16T09:50:35+00:00\",\"dateModified\":\"2024-05-16T12:44:37+00:00\",\"description\":\"Enseignements tir\u00e9s des crises COVID et ukrainienne sur l\u2019interruption des cha\u00eenes d\u2019approvisionnement\",\"breadcrumb\":{\"@id\":\"https:\\\/\\\/www.efk.admin.ch\\\/fr\\\/audit\\\/enseignements-tires-des-crises-covid-et-ukrainienne-sur-l-interruption-des-chaines-d-approvisionnement\\\/#breadcrumb\"},\"inLanguage\":\"fr-FR\",\"potentialAction\":[{\"@type\":\"ReadAction\",\"target\":[\"https:\\\/\\\/www.efk.admin.ch\\\/fr\\\/audit\\\/enseignements-tires-des-crises-covid-et-ukrainienne-sur-l-interruption-des-chaines-d-approvisionnement\\\/\"]}]},{\"@type\":\"BreadcrumbList\",\"@id\":\"https:\\\/\\\/www.efk.admin.ch\\\/fr\\\/audit\\\/enseignements-tires-des-crises-covid-et-ukrainienne-sur-l-interruption-des-chaines-d-approvisionnement\\\/#breadcrumb\",\"itemListElement\":[{\"@type\":\"ListItem\",\"position\":1,\"name\":\"Home\",\"item\":\"https:\\\/\\\/www.efk.admin.ch\\\/fr\\\/\"},{\"@type\":\"ListItem\",\"position\":2,\"name\":\"Rapport\",\"item\":\"https:\\\/\\\/www.efk.admin.ch\\\/fr\\\/audit\\\/\"},{\"@type\":\"ListItem\",\"position\":3,\"name\":\"Enseignements tir\u00e9s des crises COVID et ukrainienne sur l\u2019interruption des cha\u00eenes d\u2019approvisionnement\"}]},{\"@type\":\"WebSite\",\"@id\":\"https:\\\/\\\/www.efk.admin.ch\\\/fr\\\/#website\",\"url\":\"https:\\\/\\\/www.efk.admin.ch\\\/fr\\\/\",\"name\":\"Informationen \u00fcber das oberste Finanzaufsichtsorgan der Schweiz\",\"description\":\"Le Contr\u00f4le f\u00e9d\u00e9ral des finances (CDF) est l'organe supr\u00eame de surveillance financi\u00e8re de la Conf\u00e9d\u00e9ration suisse.\",\"publisher\":{\"@id\":\"https:\\\/\\\/www.efk.admin.ch\\\/fr\\\/#organization\"},\"alternateName\":\"EFK\",\"potentialAction\":[{\"@type\":\"SearchAction\",\"target\":{\"@type\":\"EntryPoint\",\"urlTemplate\":\"https:\\\/\\\/www.efk.admin.ch\\\/fr\\\/?s={search_term_string}\"},\"query-input\":{\"@type\":\"PropertyValueSpecification\",\"valueRequired\":true,\"valueName\":\"search_term_string\"}}],\"inLanguage\":\"fr-FR\"},{\"@type\":\"Organization\",\"@id\":\"https:\\\/\\\/www.efk.admin.ch\\\/fr\\\/#organization\",\"name\":\"Contr\u00f4le f\u00e9d\u00e9ral des finances (CDF)\",\"alternateName\":\"EFK\",\"url\":\"https:\\\/\\\/www.efk.admin.ch\\\/fr\\\/\",\"logo\":{\"@type\":\"ImageObject\",\"inLanguage\":\"fr-FR\",\"@id\":\"https:\\\/\\\/www.efk.admin.ch\\\/fr\\\/#\\\/schema\\\/logo\\\/image\\\/\",\"url\":\"https:\\\/\\\/www.efk.admin.ch\\\/wp-content\\\/uploads\\\/efk_cdf_logo_ohne_claim.png\",\"contentUrl\":\"https:\\\/\\\/www.efk.admin.ch\\\/wp-content\\\/uploads\\\/efk_cdf_logo_ohne_claim.png\",\"width\":268,\"height\":258,\"caption\":\"Contr\u00f4le f\u00e9d\u00e9ral des finances (CDF)\"},\"image\":{\"@id\":\"https:\\\/\\\/www.efk.admin.ch\\\/fr\\\/#\\\/schema\\\/logo\\\/image\\\/\"},\"sameAs\":[\"https:\\\/\\\/www.instagram.com\\\/efk_cdf_sfao\\\/\",\"https:\\\/\\\/www.youtube.com\\\/channel\\\/UCm-bXj227VE5sJzhB-ihdvw\\\/featured\",\"https:\\\/\\\/www.linkedin.com\\\/company\\\/11081578\\\/\"]}]}<\/script>\n<!-- \/ Yoast SEO Premium plugin. -->","yoast_head_json":{"title":"Enseignements tir\u00e9s des crises COVID et ukrainienne sur l\u2019interruption des cha\u00eenes d\u2019approvisionnement - Contr\u00f4le f\u00e9d\u00e9ral des finances (CDF)","description":"Enseignements tir\u00e9s des crises COVID et ukrainienne sur l\u2019interruption des cha\u00eenes d\u2019approvisionnement","robots":{"index":"index","follow":"follow","max-snippet":"max-snippet:-1","max-image-preview":"max-image-preview:large","max-video-preview":"max-video-preview:-1"},"canonical":"https:\/\/www.efk.admin.ch\/fr\/audit\/enseignements-tires-des-crises-covid-et-ukrainienne-sur-l-interruption-des-chaines-d-approvisionnement\/","og_locale":"fr_FR","og_type":"article","og_title":"Enseignements tir\u00e9s des crises COVID et ukrainienne sur l\u2019interruption des cha\u00eenes d\u2019approvisionnement","og_description":"Enseignements tir\u00e9s des crises COVID et ukrainienne sur l\u2019interruption des cha\u00eenes d\u2019approvisionnement","og_url":"https:\/\/www.efk.admin.ch\/fr\/audit\/enseignements-tires-des-crises-covid-et-ukrainienne-sur-l-interruption-des-chaines-d-approvisionnement\/","og_site_name":"Contr\u00f4le f\u00e9d\u00e9ral des finances (CDF)","article_modified_time":"2024-05-16T12:44:37+00:00","og_image":[{"width":750,"height":500,"url":"https:\/\/www.efk.admin.ch\/wp-content\/uploads\/test\/palais.jpg","type":"image\/jpeg"}],"twitter_card":"summary_large_image","twitter_misc":{"Dur\u00e9e de lecture estim\u00e9e":"1 minute"},"schema":{"@context":"https:\/\/schema.org","@graph":[{"@type":"WebPage","@id":"https:\/\/www.efk.admin.ch\/fr\/audit\/enseignements-tires-des-crises-covid-et-ukrainienne-sur-l-interruption-des-chaines-d-approvisionnement\/","url":"https:\/\/www.efk.admin.ch\/fr\/audit\/enseignements-tires-des-crises-covid-et-ukrainienne-sur-l-interruption-des-chaines-d-approvisionnement\/","name":"Enseignements tir\u00e9s des crises COVID et ukrainienne sur l\u2019interruption des cha\u00eenes d\u2019approvisionnement - Contr\u00f4le f\u00e9d\u00e9ral des finances (CDF)","isPartOf":{"@id":"https:\/\/www.efk.admin.ch\/fr\/#website"},"datePublished":"2024-05-16T09:50:35+00:00","dateModified":"2024-05-16T12:44:37+00:00","description":"Enseignements tir\u00e9s des crises COVID et ukrainienne sur l\u2019interruption des cha\u00eenes d\u2019approvisionnement","breadcrumb":{"@id":"https:\/\/www.efk.admin.ch\/fr\/audit\/enseignements-tires-des-crises-covid-et-ukrainienne-sur-l-interruption-des-chaines-d-approvisionnement\/#breadcrumb"},"inLanguage":"fr-FR","potentialAction":[{"@type":"ReadAction","target":["https:\/\/www.efk.admin.ch\/fr\/audit\/enseignements-tires-des-crises-covid-et-ukrainienne-sur-l-interruption-des-chaines-d-approvisionnement\/"]}]},{"@type":"BreadcrumbList","@id":"https:\/\/www.efk.admin.ch\/fr\/audit\/enseignements-tires-des-crises-covid-et-ukrainienne-sur-l-interruption-des-chaines-d-approvisionnement\/#breadcrumb","itemListElement":[{"@type":"ListItem","position":1,"name":"Home","item":"https:\/\/www.efk.admin.ch\/fr\/"},{"@type":"ListItem","position":2,"name":"Rapport","item":"https:\/\/www.efk.admin.ch\/fr\/audit\/"},{"@type":"ListItem","position":3,"name":"Enseignements tir\u00e9s des crises COVID et ukrainienne sur l\u2019interruption des cha\u00eenes d\u2019approvisionnement"}]},{"@type":"WebSite","@id":"https:\/\/www.efk.admin.ch\/fr\/#website","url":"https:\/\/www.efk.admin.ch\/fr\/","name":"Informationen \u00fcber das oberste Finanzaufsichtsorgan der Schweiz","description":"Le Contr\u00f4le f\u00e9d\u00e9ral des finances (CDF) est l'organe supr\u00eame de surveillance financi\u00e8re de la Conf\u00e9d\u00e9ration suisse.","publisher":{"@id":"https:\/\/www.efk.admin.ch\/fr\/#organization"},"alternateName":"EFK","potentialAction":[{"@type":"SearchAction","target":{"@type":"EntryPoint","urlTemplate":"https:\/\/www.efk.admin.ch\/fr\/?s={search_term_string}"},"query-input":{"@type":"PropertyValueSpecification","valueRequired":true,"valueName":"search_term_string"}}],"inLanguage":"fr-FR"},{"@type":"Organization","@id":"https:\/\/www.efk.admin.ch\/fr\/#organization","name":"Contr\u00f4le f\u00e9d\u00e9ral des finances (CDF)","alternateName":"EFK","url":"https:\/\/www.efk.admin.ch\/fr\/","logo":{"@type":"ImageObject","inLanguage":"fr-FR","@id":"https:\/\/www.efk.admin.ch\/fr\/#\/schema\/logo\/image\/","url":"https:\/\/www.efk.admin.ch\/wp-content\/uploads\/efk_cdf_logo_ohne_claim.png","contentUrl":"https:\/\/www.efk.admin.ch\/wp-content\/uploads\/efk_cdf_logo_ohne_claim.png","width":268,"height":258,"caption":"Contr\u00f4le f\u00e9d\u00e9ral des finances (CDF)"},"image":{"@id":"https:\/\/www.efk.admin.ch\/fr\/#\/schema\/logo\/image\/"},"sameAs":["https:\/\/www.instagram.com\/efk_cdf_sfao\/","https:\/\/www.youtube.com\/channel\/UCm-bXj227VE5sJzhB-ihdvw\/featured","https:\/\/www.linkedin.com\/company\/11081578\/"]}]}},"_links":{"self":[{"href":"https:\/\/www.efk.admin.ch\/fr\/wp-json\/wp\/v2\/audit\/31147","targetHints":{"allow":["GET"]}}],"collection":[{"href":"https:\/\/www.efk.admin.ch\/fr\/wp-json\/wp\/v2\/audit"}],"about":[{"href":"https:\/\/www.efk.admin.ch\/fr\/wp-json\/wp\/v2\/types\/audit"}],"acf:post":[{"embeddable":true,"href":"https:\/\/www.efk.admin.ch\/fr\/wp-json\/wp\/v2\/office\/31303"},{"embeddable":true,"href":"https:\/\/www.efk.admin.ch\/fr\/wp-json\/wp\/v2\/office\/7945"},{"embeddable":true,"href":"https:\/\/www.efk.admin.ch\/fr\/wp-json\/wp\/v2\/office\/7948"}],"wp:attachment":[{"href":"https:\/\/www.efk.admin.ch\/fr\/wp-json\/wp\/v2\/media?parent=31147"}],"wp:term":[{"taxonomy":"audit_category","embeddable":true,"href":"https:\/\/www.efk.admin.ch\/fr\/wp-json\/wp\/v2\/audit_category?post=31147"},{"taxonomy":"audit_type","embeddable":true,"href":"https:\/\/www.efk.admin.ch\/fr\/wp-json\/wp\/v2\/audit_type?post=31147"}],"curies":[{"name":"wp","href":"https:\/\/api.w.org\/{rel}","templated":true}]}}