{"id":31102,"date":"2024-02-07T23:00:00","date_gmt":"2024-02-07T22:00:00","guid":{"rendered":"https:\/\/www.efk.admin.ch\/prufung\/umsetzung-der-artikel-44-und-45-des-bundesgesetzes-ueber-das-oeffentliche-beschaffungswesen\/"},"modified":"2024-05-16T10:35:52","modified_gmt":"2024-05-16T08:35:52","slug":"mise-en-oeuvre-des-articles-44-et-45-de-la-loi-federale-sur-les-marches-publics","status":"publish","type":"audit","link":"https:\/\/www.efk.admin.ch\/fr\/audit\/mise-en-oeuvre-des-articles-44-et-45-de-la-loi-federale-sur-les-marches-publics\/","title":{"rendered":"Mise en \u0153uvre des articles\u00a044 et 45 de la loi f\u00e9d\u00e9rale sur les march\u00e9s publics"},"content":{"rendered":"\n<p>Au sein de l\u2019administration f\u00e9d\u00e9rale, certains soumissionnaires posent r\u00e9guli\u00e8rement probl\u00e8me dans le cadre des relations contractuelles. La possibilit\u00e9 d\u2019agir contre de tels soumissionnaires est une nouveaut\u00e9 de la loi r\u00e9vis\u00e9e sur les march\u00e9s publics (LMP). Les art.\u00a044 et 45 sont entr\u00e9s en vigueur le 1er\u00a0janvier\u00a02021. Le Contr\u00f4le f\u00e9d\u00e9ral des finances (CDF) s\u2019est int\u00e9ress\u00e9 \u00e0 la mani\u00e8re dont les diff\u00e9rents services d\u2019achat de la Conf\u00e9d\u00e9ration mettent en \u0153uvre ces bases l\u00e9gales.<\/p>\n","protected":false},"featured_media":0,"menu_order":0,"template":"","audit_category":[27],"audit_type":[50],"class_list":["post-31102","audit","type-audit","status-publish","hentry","audit_category-achats-publics","audit_type-pruefung"],"acf":{"audit_lang":null,"audit_numbers":[{"audit_number":"23737"}],"audit_office":[22350],"audit_office_text":"","audit_date":"20240207","bgo":false,"keywords":"","audit_office_local":""},"yoast_head":"<!-- This site is optimized with the Yoast SEO Premium plugin v27.4 (Yoast SEO v27.4) - https:\/\/yoast.com\/product\/yoast-seo-premium-wordpress\/ -->\n<title>Mise en \u0153uvre des articles\u00a044 et 45 de la loi f\u00e9d\u00e9rale sur les march\u00e9s publics - Contr\u00f4le f\u00e9d\u00e9ral des finances (CDF)<\/title>\n<meta name=\"description\" content=\"Mise en \u0153uvre des articles\u00a044 et 45 de la loi f\u00e9d\u00e9rale sur les march\u00e9s publics\" \/>\n<meta name=\"robots\" content=\"index, follow, max-snippet:-1, max-image-preview:large, max-video-preview:-1\" \/>\n<link rel=\"canonical\" href=\"https:\/\/www.efk.admin.ch\/fr\/audit\/mise-en-oeuvre-des-articles-44-et-45-de-la-loi-federale-sur-les-marches-publics\/\" \/>\n<meta property=\"og:locale\" content=\"fr_FR\" \/>\n<meta property=\"og:type\" content=\"article\" \/>\n<meta property=\"og:title\" content=\"Mise en \u0153uvre des articles\u00a044 et 45 de la loi f\u00e9d\u00e9rale sur les march\u00e9s publics\" \/>\n<meta property=\"og:description\" content=\"Mise en \u0153uvre des articles\u00a044 et 45 de la loi f\u00e9d\u00e9rale sur les march\u00e9s publics\" \/>\n<meta property=\"og:url\" content=\"https:\/\/www.efk.admin.ch\/fr\/audit\/mise-en-oeuvre-des-articles-44-et-45-de-la-loi-federale-sur-les-marches-publics\/\" \/>\n<meta property=\"og:site_name\" content=\"Contr\u00f4le f\u00e9d\u00e9ral des finances (CDF)\" \/>\n<meta property=\"article:modified_time\" content=\"2024-05-16T08:35:52+00:00\" \/>\n<meta property=\"og:image\" content=\"https:\/\/www.efk.admin.ch\/wp-content\/uploads\/test\/palais.jpg\" \/>\n\t<meta property=\"og:image:width\" content=\"750\" \/>\n\t<meta property=\"og:image:height\" content=\"500\" \/>\n\t<meta property=\"og:image:type\" content=\"image\/jpeg\" \/>\n<meta name=\"twitter:card\" content=\"summary_large_image\" \/>\n<script type=\"application\/ld+json\" class=\"yoast-schema-graph\">{\"@context\":\"https:\\\/\\\/schema.org\",\"@graph\":[{\"@type\":\"WebPage\",\"@id\":\"https:\\\/\\\/www.efk.admin.ch\\\/fr\\\/audit\\\/mise-en-oeuvre-des-articles-44-et-45-de-la-loi-federale-sur-les-marches-publics\\\/\",\"url\":\"https:\\\/\\\/www.efk.admin.ch\\\/fr\\\/audit\\\/mise-en-oeuvre-des-articles-44-et-45-de-la-loi-federale-sur-les-marches-publics\\\/\",\"name\":\"Mise en \u0153uvre des articles\u00a044 et 45 de la loi f\u00e9d\u00e9rale sur les march\u00e9s publics - Contr\u00f4le f\u00e9d\u00e9ral des finances (CDF)\",\"isPartOf\":{\"@id\":\"https:\\\/\\\/www.efk.admin.ch\\\/fr\\\/#website\"},\"datePublished\":\"2024-02-07T22:00:00+00:00\",\"dateModified\":\"2024-05-16T08:35:52+00:00\",\"description\":\"Mise en \u0153uvre des articles\u00a044 et 45 de la loi f\u00e9d\u00e9rale sur les march\u00e9s publics\",\"breadcrumb\":{\"@id\":\"https:\\\/\\\/www.efk.admin.ch\\\/fr\\\/audit\\\/mise-en-oeuvre-des-articles-44-et-45-de-la-loi-federale-sur-les-marches-publics\\\/#breadcrumb\"},\"inLanguage\":\"fr-FR\",\"potentialAction\":[{\"@type\":\"ReadAction\",\"target\":[\"https:\\\/\\\/www.efk.admin.ch\\\/fr\\\/audit\\\/mise-en-oeuvre-des-articles-44-et-45-de-la-loi-federale-sur-les-marches-publics\\\/\"]}]},{\"@type\":\"BreadcrumbList\",\"@id\":\"https:\\\/\\\/www.efk.admin.ch\\\/fr\\\/audit\\\/mise-en-oeuvre-des-articles-44-et-45-de-la-loi-federale-sur-les-marches-publics\\\/#breadcrumb\",\"itemListElement\":[{\"@type\":\"ListItem\",\"position\":1,\"name\":\"Home\",\"item\":\"https:\\\/\\\/www.efk.admin.ch\\\/fr\\\/\"},{\"@type\":\"ListItem\",\"position\":2,\"name\":\"Rapport\",\"item\":\"https:\\\/\\\/www.efk.admin.ch\\\/fr\\\/audit\\\/\"},{\"@type\":\"ListItem\",\"position\":3,\"name\":\"Mise en \u0153uvre des articles\u00a044 et 45 de la loi f\u00e9d\u00e9rale sur les march\u00e9s publics\"}]},{\"@type\":\"WebSite\",\"@id\":\"https:\\\/\\\/www.efk.admin.ch\\\/fr\\\/#website\",\"url\":\"https:\\\/\\\/www.efk.admin.ch\\\/fr\\\/\",\"name\":\"Informationen \u00fcber das oberste Finanzaufsichtsorgan der Schweiz\",\"description\":\"Le Contr\u00f4le f\u00e9d\u00e9ral des finances (CDF) est l'organe supr\u00eame de surveillance financi\u00e8re de la Conf\u00e9d\u00e9ration suisse.\",\"publisher\":{\"@id\":\"https:\\\/\\\/www.efk.admin.ch\\\/fr\\\/#organization\"},\"alternateName\":\"EFK\",\"potentialAction\":[{\"@type\":\"SearchAction\",\"target\":{\"@type\":\"EntryPoint\",\"urlTemplate\":\"https:\\\/\\\/www.efk.admin.ch\\\/fr\\\/?s={search_term_string}\"},\"query-input\":{\"@type\":\"PropertyValueSpecification\",\"valueRequired\":true,\"valueName\":\"search_term_string\"}}],\"inLanguage\":\"fr-FR\"},{\"@type\":\"Organization\",\"@id\":\"https:\\\/\\\/www.efk.admin.ch\\\/fr\\\/#organization\",\"name\":\"Contr\u00f4le f\u00e9d\u00e9ral des finances (CDF)\",\"alternateName\":\"EFK\",\"url\":\"https:\\\/\\\/www.efk.admin.ch\\\/fr\\\/\",\"logo\":{\"@type\":\"ImageObject\",\"inLanguage\":\"fr-FR\",\"@id\":\"https:\\\/\\\/www.efk.admin.ch\\\/fr\\\/#\\\/schema\\\/logo\\\/image\\\/\",\"url\":\"https:\\\/\\\/www.efk.admin.ch\\\/wp-content\\\/uploads\\\/efk_cdf_logo_ohne_claim.png\",\"contentUrl\":\"https:\\\/\\\/www.efk.admin.ch\\\/wp-content\\\/uploads\\\/efk_cdf_logo_ohne_claim.png\",\"width\":268,\"height\":258,\"caption\":\"Contr\u00f4le f\u00e9d\u00e9ral des finances (CDF)\"},\"image\":{\"@id\":\"https:\\\/\\\/www.efk.admin.ch\\\/fr\\\/#\\\/schema\\\/logo\\\/image\\\/\"},\"sameAs\":[\"https:\\\/\\\/www.instagram.com\\\/efk_cdf_sfao\\\/\",\"https:\\\/\\\/www.youtube.com\\\/channel\\\/UCm-bXj227VE5sJzhB-ihdvw\\\/featured\",\"https:\\\/\\\/www.linkedin.com\\\/company\\\/11081578\\\/\"]}]}<\/script>\n<!-- \/ Yoast SEO Premium plugin. -->","yoast_head_json":{"title":"Mise en \u0153uvre des articles\u00a044 et 45 de la loi f\u00e9d\u00e9rale sur les march\u00e9s publics - Contr\u00f4le f\u00e9d\u00e9ral des finances (CDF)","description":"Mise en \u0153uvre des articles\u00a044 et 45 de la loi f\u00e9d\u00e9rale sur les march\u00e9s publics","robots":{"index":"index","follow":"follow","max-snippet":"max-snippet:-1","max-image-preview":"max-image-preview:large","max-video-preview":"max-video-preview:-1"},"canonical":"https:\/\/www.efk.admin.ch\/fr\/audit\/mise-en-oeuvre-des-articles-44-et-45-de-la-loi-federale-sur-les-marches-publics\/","og_locale":"fr_FR","og_type":"article","og_title":"Mise en \u0153uvre des articles\u00a044 et 45 de la loi f\u00e9d\u00e9rale sur les march\u00e9s publics","og_description":"Mise en \u0153uvre des articles\u00a044 et 45 de la loi f\u00e9d\u00e9rale sur les march\u00e9s publics","og_url":"https:\/\/www.efk.admin.ch\/fr\/audit\/mise-en-oeuvre-des-articles-44-et-45-de-la-loi-federale-sur-les-marches-publics\/","og_site_name":"Contr\u00f4le f\u00e9d\u00e9ral des finances (CDF)","article_modified_time":"2024-05-16T08:35:52+00:00","og_image":[{"width":750,"height":500,"url":"https:\/\/www.efk.admin.ch\/wp-content\/uploads\/test\/palais.jpg","type":"image\/jpeg"}],"twitter_card":"summary_large_image","schema":{"@context":"https:\/\/schema.org","@graph":[{"@type":"WebPage","@id":"https:\/\/www.efk.admin.ch\/fr\/audit\/mise-en-oeuvre-des-articles-44-et-45-de-la-loi-federale-sur-les-marches-publics\/","url":"https:\/\/www.efk.admin.ch\/fr\/audit\/mise-en-oeuvre-des-articles-44-et-45-de-la-loi-federale-sur-les-marches-publics\/","name":"Mise en \u0153uvre des articles\u00a044 et 45 de la loi f\u00e9d\u00e9rale sur les march\u00e9s publics - Contr\u00f4le f\u00e9d\u00e9ral des finances (CDF)","isPartOf":{"@id":"https:\/\/www.efk.admin.ch\/fr\/#website"},"datePublished":"2024-02-07T22:00:00+00:00","dateModified":"2024-05-16T08:35:52+00:00","description":"Mise en \u0153uvre des articles\u00a044 et 45 de la loi f\u00e9d\u00e9rale sur les march\u00e9s publics","breadcrumb":{"@id":"https:\/\/www.efk.admin.ch\/fr\/audit\/mise-en-oeuvre-des-articles-44-et-45-de-la-loi-federale-sur-les-marches-publics\/#breadcrumb"},"inLanguage":"fr-FR","potentialAction":[{"@type":"ReadAction","target":["https:\/\/www.efk.admin.ch\/fr\/audit\/mise-en-oeuvre-des-articles-44-et-45-de-la-loi-federale-sur-les-marches-publics\/"]}]},{"@type":"BreadcrumbList","@id":"https:\/\/www.efk.admin.ch\/fr\/audit\/mise-en-oeuvre-des-articles-44-et-45-de-la-loi-federale-sur-les-marches-publics\/#breadcrumb","itemListElement":[{"@type":"ListItem","position":1,"name":"Home","item":"https:\/\/www.efk.admin.ch\/fr\/"},{"@type":"ListItem","position":2,"name":"Rapport","item":"https:\/\/www.efk.admin.ch\/fr\/audit\/"},{"@type":"ListItem","position":3,"name":"Mise en \u0153uvre des articles\u00a044 et 45 de la loi f\u00e9d\u00e9rale sur les march\u00e9s publics"}]},{"@type":"WebSite","@id":"https:\/\/www.efk.admin.ch\/fr\/#website","url":"https:\/\/www.efk.admin.ch\/fr\/","name":"Informationen \u00fcber das oberste Finanzaufsichtsorgan der Schweiz","description":"Le Contr\u00f4le f\u00e9d\u00e9ral des finances (CDF) est l'organe supr\u00eame de surveillance financi\u00e8re de la Conf\u00e9d\u00e9ration suisse.","publisher":{"@id":"https:\/\/www.efk.admin.ch\/fr\/#organization"},"alternateName":"EFK","potentialAction":[{"@type":"SearchAction","target":{"@type":"EntryPoint","urlTemplate":"https:\/\/www.efk.admin.ch\/fr\/?s={search_term_string}"},"query-input":{"@type":"PropertyValueSpecification","valueRequired":true,"valueName":"search_term_string"}}],"inLanguage":"fr-FR"},{"@type":"Organization","@id":"https:\/\/www.efk.admin.ch\/fr\/#organization","name":"Contr\u00f4le f\u00e9d\u00e9ral des finances (CDF)","alternateName":"EFK","url":"https:\/\/www.efk.admin.ch\/fr\/","logo":{"@type":"ImageObject","inLanguage":"fr-FR","@id":"https:\/\/www.efk.admin.ch\/fr\/#\/schema\/logo\/image\/","url":"https:\/\/www.efk.admin.ch\/wp-content\/uploads\/efk_cdf_logo_ohne_claim.png","contentUrl":"https:\/\/www.efk.admin.ch\/wp-content\/uploads\/efk_cdf_logo_ohne_claim.png","width":268,"height":258,"caption":"Contr\u00f4le f\u00e9d\u00e9ral des finances (CDF)"},"image":{"@id":"https:\/\/www.efk.admin.ch\/fr\/#\/schema\/logo\/image\/"},"sameAs":["https:\/\/www.instagram.com\/efk_cdf_sfao\/","https:\/\/www.youtube.com\/channel\/UCm-bXj227VE5sJzhB-ihdvw\/featured","https:\/\/www.linkedin.com\/company\/11081578\/"]}]}},"_links":{"self":[{"href":"https:\/\/www.efk.admin.ch\/fr\/wp-json\/wp\/v2\/audit\/31102","targetHints":{"allow":["GET"]}}],"collection":[{"href":"https:\/\/www.efk.admin.ch\/fr\/wp-json\/wp\/v2\/audit"}],"about":[{"href":"https:\/\/www.efk.admin.ch\/fr\/wp-json\/wp\/v2\/types\/audit"}],"acf:post":[{"embeddable":true,"href":"https:\/\/www.efk.admin.ch\/fr\/wp-json\/wp\/v2\/office\/22350"}],"wp:attachment":[{"href":"https:\/\/www.efk.admin.ch\/fr\/wp-json\/wp\/v2\/media?parent=31102"}],"wp:term":[{"taxonomy":"audit_category","embeddable":true,"href":"https:\/\/www.efk.admin.ch\/fr\/wp-json\/wp\/v2\/audit_category?post=31102"},{"taxonomy":"audit_type","embeddable":true,"href":"https:\/\/www.efk.admin.ch\/fr\/wp-json\/wp\/v2\/audit_type?post=31102"}],"curies":[{"name":"wp","href":"https:\/\/api.w.org\/{rel}","templated":true}]}}