{"id":31050,"date":"2024-02-05T23:00:00","date_gmt":"2024-02-05T22:00:00","guid":{"rendered":"https:\/\/www.efk.admin.ch\/prufung\/wirksamkeit-der-betrugsbekaempfung-bei-der-mehrwertsteuer\/"},"modified":"2024-05-16T09:58:19","modified_gmt":"2024-05-16T07:58:19","slug":"efficacite-de-la-lutte-contre-la-fraude-a-la-taxe-sur-la-valeur-ajoutee","status":"publish","type":"audit","link":"https:\/\/www.efk.admin.ch\/fr\/audit\/efficacite-de-la-lutte-contre-la-fraude-a-la-taxe-sur-la-valeur-ajoutee\/","title":{"rendered":"Efficacit\u00e9 de la lutte contre la fraude \u00e0 la taxe sur la valeur ajout\u00e9e"},"content":{"rendered":"\n<p>La fraude et l\u2019\u00e9vasion fiscales syst\u00e9matiques dans le domaine de la taxe sur la valeur ajout\u00e9e (TVA) entra\u00eenent des pertes fiscales de plusieurs milliards dans les autres pays europ\u00e9ens. En Suisse, il n\u2019existe pas d\u2019estimations accessibles au public des offices comp\u00e9tents, \u00e0 savoir l\u2019Administration f\u00e9d\u00e9rale des contributions (AFC) et l\u2019Office f\u00e9d\u00e9ral de la douane et de la s\u00e9curit\u00e9 des fronti\u00e8res (OFDF). M\u00eame si la Suisse n\u2019est pas concern\u00e9e par les enjeux de l\u2019Union europ\u00e9enne relatifs aux prestations intracommunautaires, il y a fort \u00e0 parier qu\u2019elle subit elle aussi des pertes fiscales.<\/p>\n","protected":false},"featured_media":0,"menu_order":0,"template":"","audit_category":[43],"audit_type":[52],"class_list":["post-31050","audit","type-audit","status-publish","hentry","audit_category-finances-publiques-et-impots","audit_type-audit-fr"],"acf":{"audit_lang":null,"audit_numbers":[{"audit_number":"23533"}],"audit_office":[7939,7940],"audit_office_text":"","audit_date":"20240205","bgo":false,"keywords":"","audit_office_local":""},"yoast_head":"<!-- This site is optimized with the Yoast SEO Premium plugin v27.4 (Yoast SEO v27.4) - https:\/\/yoast.com\/product\/yoast-seo-premium-wordpress\/ -->\n<title>Efficacit\u00e9 de la lutte contre la fraude \u00e0 la taxe sur la valeur ajout\u00e9e - Contr\u00f4le f\u00e9d\u00e9ral des finances (CDF)<\/title>\n<meta name=\"description\" content=\"Efficacit\u00e9 de la lutte contre la fraude \u00e0 la taxe sur la valeur ajout\u00e9e\" \/>\n<meta name=\"robots\" content=\"index, follow, max-snippet:-1, max-image-preview:large, max-video-preview:-1\" \/>\n<link rel=\"canonical\" href=\"https:\/\/www.efk.admin.ch\/fr\/audit\/efficacite-de-la-lutte-contre-la-fraude-a-la-taxe-sur-la-valeur-ajoutee\/\" \/>\n<meta property=\"og:locale\" content=\"fr_FR\" \/>\n<meta property=\"og:type\" content=\"article\" \/>\n<meta property=\"og:title\" content=\"Efficacit\u00e9 de la lutte contre la fraude \u00e0 la taxe sur la valeur ajout\u00e9e\" \/>\n<meta property=\"og:description\" content=\"Efficacit\u00e9 de la lutte contre la fraude \u00e0 la taxe sur la valeur ajout\u00e9e\" \/>\n<meta property=\"og:url\" content=\"https:\/\/www.efk.admin.ch\/fr\/audit\/efficacite-de-la-lutte-contre-la-fraude-a-la-taxe-sur-la-valeur-ajoutee\/\" \/>\n<meta property=\"og:site_name\" content=\"Contr\u00f4le f\u00e9d\u00e9ral des finances (CDF)\" \/>\n<meta property=\"article:modified_time\" content=\"2024-05-16T07:58:19+00:00\" \/>\n<meta property=\"og:image\" content=\"https:\/\/www.efk.admin.ch\/wp-content\/uploads\/test\/palais.jpg\" \/>\n\t<meta property=\"og:image:width\" content=\"750\" \/>\n\t<meta property=\"og:image:height\" content=\"500\" \/>\n\t<meta property=\"og:image:type\" content=\"image\/jpeg\" \/>\n<meta name=\"twitter:card\" content=\"summary_large_image\" \/>\n<meta name=\"twitter:label1\" content=\"Dur\u00e9e de lecture estim\u00e9e\" \/>\n\t<meta name=\"twitter:data1\" content=\"1 minute\" \/>\n<script type=\"application\/ld+json\" class=\"yoast-schema-graph\">{\"@context\":\"https:\\\/\\\/schema.org\",\"@graph\":[{\"@type\":\"WebPage\",\"@id\":\"https:\\\/\\\/www.efk.admin.ch\\\/fr\\\/audit\\\/efficacite-de-la-lutte-contre-la-fraude-a-la-taxe-sur-la-valeur-ajoutee\\\/\",\"url\":\"https:\\\/\\\/www.efk.admin.ch\\\/fr\\\/audit\\\/efficacite-de-la-lutte-contre-la-fraude-a-la-taxe-sur-la-valeur-ajoutee\\\/\",\"name\":\"Efficacit\u00e9 de la lutte contre la fraude \u00e0 la taxe sur la valeur ajout\u00e9e - Contr\u00f4le f\u00e9d\u00e9ral des finances (CDF)\",\"isPartOf\":{\"@id\":\"https:\\\/\\\/www.efk.admin.ch\\\/fr\\\/#website\"},\"datePublished\":\"2024-02-05T22:00:00+00:00\",\"dateModified\":\"2024-05-16T07:58:19+00:00\",\"description\":\"Efficacit\u00e9 de la lutte contre la fraude \u00e0 la taxe sur la valeur ajout\u00e9e\",\"breadcrumb\":{\"@id\":\"https:\\\/\\\/www.efk.admin.ch\\\/fr\\\/audit\\\/efficacite-de-la-lutte-contre-la-fraude-a-la-taxe-sur-la-valeur-ajoutee\\\/#breadcrumb\"},\"inLanguage\":\"fr-FR\",\"potentialAction\":[{\"@type\":\"ReadAction\",\"target\":[\"https:\\\/\\\/www.efk.admin.ch\\\/fr\\\/audit\\\/efficacite-de-la-lutte-contre-la-fraude-a-la-taxe-sur-la-valeur-ajoutee\\\/\"]}]},{\"@type\":\"BreadcrumbList\",\"@id\":\"https:\\\/\\\/www.efk.admin.ch\\\/fr\\\/audit\\\/efficacite-de-la-lutte-contre-la-fraude-a-la-taxe-sur-la-valeur-ajoutee\\\/#breadcrumb\",\"itemListElement\":[{\"@type\":\"ListItem\",\"position\":1,\"name\":\"Home\",\"item\":\"https:\\\/\\\/www.efk.admin.ch\\\/fr\\\/\"},{\"@type\":\"ListItem\",\"position\":2,\"name\":\"Rapport\",\"item\":\"https:\\\/\\\/www.efk.admin.ch\\\/fr\\\/audit\\\/\"},{\"@type\":\"ListItem\",\"position\":3,\"name\":\"Efficacit\u00e9 de la lutte contre la fraude \u00e0 la taxe sur la valeur ajout\u00e9e\"}]},{\"@type\":\"WebSite\",\"@id\":\"https:\\\/\\\/www.efk.admin.ch\\\/fr\\\/#website\",\"url\":\"https:\\\/\\\/www.efk.admin.ch\\\/fr\\\/\",\"name\":\"Informationen \u00fcber das oberste Finanzaufsichtsorgan der Schweiz\",\"description\":\"Le Contr\u00f4le f\u00e9d\u00e9ral des finances (CDF) est l'organe supr\u00eame de surveillance financi\u00e8re de la Conf\u00e9d\u00e9ration suisse.\",\"publisher\":{\"@id\":\"https:\\\/\\\/www.efk.admin.ch\\\/fr\\\/#organization\"},\"alternateName\":\"EFK\",\"potentialAction\":[{\"@type\":\"SearchAction\",\"target\":{\"@type\":\"EntryPoint\",\"urlTemplate\":\"https:\\\/\\\/www.efk.admin.ch\\\/fr\\\/?s={search_term_string}\"},\"query-input\":{\"@type\":\"PropertyValueSpecification\",\"valueRequired\":true,\"valueName\":\"search_term_string\"}}],\"inLanguage\":\"fr-FR\"},{\"@type\":\"Organization\",\"@id\":\"https:\\\/\\\/www.efk.admin.ch\\\/fr\\\/#organization\",\"name\":\"Contr\u00f4le f\u00e9d\u00e9ral des finances (CDF)\",\"alternateName\":\"EFK\",\"url\":\"https:\\\/\\\/www.efk.admin.ch\\\/fr\\\/\",\"logo\":{\"@type\":\"ImageObject\",\"inLanguage\":\"fr-FR\",\"@id\":\"https:\\\/\\\/www.efk.admin.ch\\\/fr\\\/#\\\/schema\\\/logo\\\/image\\\/\",\"url\":\"https:\\\/\\\/www.efk.admin.ch\\\/wp-content\\\/uploads\\\/efk_cdf_logo_ohne_claim.png\",\"contentUrl\":\"https:\\\/\\\/www.efk.admin.ch\\\/wp-content\\\/uploads\\\/efk_cdf_logo_ohne_claim.png\",\"width\":268,\"height\":258,\"caption\":\"Contr\u00f4le f\u00e9d\u00e9ral des finances (CDF)\"},\"image\":{\"@id\":\"https:\\\/\\\/www.efk.admin.ch\\\/fr\\\/#\\\/schema\\\/logo\\\/image\\\/\"},\"sameAs\":[\"https:\\\/\\\/www.instagram.com\\\/efk_cdf_sfao\\\/\",\"https:\\\/\\\/www.youtube.com\\\/channel\\\/UCm-bXj227VE5sJzhB-ihdvw\\\/featured\",\"https:\\\/\\\/www.linkedin.com\\\/company\\\/11081578\\\/\"]}]}<\/script>\n<!-- \/ Yoast SEO Premium plugin. -->","yoast_head_json":{"title":"Efficacit\u00e9 de la lutte contre la fraude \u00e0 la taxe sur la valeur ajout\u00e9e - Contr\u00f4le f\u00e9d\u00e9ral des finances (CDF)","description":"Efficacit\u00e9 de la lutte contre la fraude \u00e0 la taxe sur la valeur ajout\u00e9e","robots":{"index":"index","follow":"follow","max-snippet":"max-snippet:-1","max-image-preview":"max-image-preview:large","max-video-preview":"max-video-preview:-1"},"canonical":"https:\/\/www.efk.admin.ch\/fr\/audit\/efficacite-de-la-lutte-contre-la-fraude-a-la-taxe-sur-la-valeur-ajoutee\/","og_locale":"fr_FR","og_type":"article","og_title":"Efficacit\u00e9 de la lutte contre la fraude \u00e0 la taxe sur la valeur ajout\u00e9e","og_description":"Efficacit\u00e9 de la lutte contre la fraude \u00e0 la taxe sur la valeur ajout\u00e9e","og_url":"https:\/\/www.efk.admin.ch\/fr\/audit\/efficacite-de-la-lutte-contre-la-fraude-a-la-taxe-sur-la-valeur-ajoutee\/","og_site_name":"Contr\u00f4le f\u00e9d\u00e9ral des finances (CDF)","article_modified_time":"2024-05-16T07:58:19+00:00","og_image":[{"width":750,"height":500,"url":"https:\/\/www.efk.admin.ch\/wp-content\/uploads\/test\/palais.jpg","type":"image\/jpeg"}],"twitter_card":"summary_large_image","twitter_misc":{"Dur\u00e9e de lecture estim\u00e9e":"1 minute"},"schema":{"@context":"https:\/\/schema.org","@graph":[{"@type":"WebPage","@id":"https:\/\/www.efk.admin.ch\/fr\/audit\/efficacite-de-la-lutte-contre-la-fraude-a-la-taxe-sur-la-valeur-ajoutee\/","url":"https:\/\/www.efk.admin.ch\/fr\/audit\/efficacite-de-la-lutte-contre-la-fraude-a-la-taxe-sur-la-valeur-ajoutee\/","name":"Efficacit\u00e9 de la lutte contre la fraude \u00e0 la taxe sur la valeur ajout\u00e9e - Contr\u00f4le f\u00e9d\u00e9ral des finances (CDF)","isPartOf":{"@id":"https:\/\/www.efk.admin.ch\/fr\/#website"},"datePublished":"2024-02-05T22:00:00+00:00","dateModified":"2024-05-16T07:58:19+00:00","description":"Efficacit\u00e9 de la lutte contre la fraude \u00e0 la taxe sur la valeur ajout\u00e9e","breadcrumb":{"@id":"https:\/\/www.efk.admin.ch\/fr\/audit\/efficacite-de-la-lutte-contre-la-fraude-a-la-taxe-sur-la-valeur-ajoutee\/#breadcrumb"},"inLanguage":"fr-FR","potentialAction":[{"@type":"ReadAction","target":["https:\/\/www.efk.admin.ch\/fr\/audit\/efficacite-de-la-lutte-contre-la-fraude-a-la-taxe-sur-la-valeur-ajoutee\/"]}]},{"@type":"BreadcrumbList","@id":"https:\/\/www.efk.admin.ch\/fr\/audit\/efficacite-de-la-lutte-contre-la-fraude-a-la-taxe-sur-la-valeur-ajoutee\/#breadcrumb","itemListElement":[{"@type":"ListItem","position":1,"name":"Home","item":"https:\/\/www.efk.admin.ch\/fr\/"},{"@type":"ListItem","position":2,"name":"Rapport","item":"https:\/\/www.efk.admin.ch\/fr\/audit\/"},{"@type":"ListItem","position":3,"name":"Efficacit\u00e9 de la lutte contre la fraude \u00e0 la taxe sur la valeur ajout\u00e9e"}]},{"@type":"WebSite","@id":"https:\/\/www.efk.admin.ch\/fr\/#website","url":"https:\/\/www.efk.admin.ch\/fr\/","name":"Informationen \u00fcber das oberste Finanzaufsichtsorgan der Schweiz","description":"Le Contr\u00f4le f\u00e9d\u00e9ral des finances (CDF) est l'organe supr\u00eame de surveillance financi\u00e8re de la Conf\u00e9d\u00e9ration suisse.","publisher":{"@id":"https:\/\/www.efk.admin.ch\/fr\/#organization"},"alternateName":"EFK","potentialAction":[{"@type":"SearchAction","target":{"@type":"EntryPoint","urlTemplate":"https:\/\/www.efk.admin.ch\/fr\/?s={search_term_string}"},"query-input":{"@type":"PropertyValueSpecification","valueRequired":true,"valueName":"search_term_string"}}],"inLanguage":"fr-FR"},{"@type":"Organization","@id":"https:\/\/www.efk.admin.ch\/fr\/#organization","name":"Contr\u00f4le f\u00e9d\u00e9ral des finances (CDF)","alternateName":"EFK","url":"https:\/\/www.efk.admin.ch\/fr\/","logo":{"@type":"ImageObject","inLanguage":"fr-FR","@id":"https:\/\/www.efk.admin.ch\/fr\/#\/schema\/logo\/image\/","url":"https:\/\/www.efk.admin.ch\/wp-content\/uploads\/efk_cdf_logo_ohne_claim.png","contentUrl":"https:\/\/www.efk.admin.ch\/wp-content\/uploads\/efk_cdf_logo_ohne_claim.png","width":268,"height":258,"caption":"Contr\u00f4le f\u00e9d\u00e9ral des finances (CDF)"},"image":{"@id":"https:\/\/www.efk.admin.ch\/fr\/#\/schema\/logo\/image\/"},"sameAs":["https:\/\/www.instagram.com\/efk_cdf_sfao\/","https:\/\/www.youtube.com\/channel\/UCm-bXj227VE5sJzhB-ihdvw\/featured","https:\/\/www.linkedin.com\/company\/11081578\/"]}]}},"_links":{"self":[{"href":"https:\/\/www.efk.admin.ch\/fr\/wp-json\/wp\/v2\/audit\/31050","targetHints":{"allow":["GET"]}}],"collection":[{"href":"https:\/\/www.efk.admin.ch\/fr\/wp-json\/wp\/v2\/audit"}],"about":[{"href":"https:\/\/www.efk.admin.ch\/fr\/wp-json\/wp\/v2\/types\/audit"}],"acf:post":[{"embeddable":true,"href":"https:\/\/www.efk.admin.ch\/fr\/wp-json\/wp\/v2\/office\/7940"},{"embeddable":true,"href":"https:\/\/www.efk.admin.ch\/fr\/wp-json\/wp\/v2\/office\/7939"}],"wp:attachment":[{"href":"https:\/\/www.efk.admin.ch\/fr\/wp-json\/wp\/v2\/media?parent=31050"}],"wp:term":[{"taxonomy":"audit_category","embeddable":true,"href":"https:\/\/www.efk.admin.ch\/fr\/wp-json\/wp\/v2\/audit_category?post=31050"},{"taxonomy":"audit_type","embeddable":true,"href":"https:\/\/www.efk.admin.ch\/fr\/wp-json\/wp\/v2\/audit_type?post=31050"}],"curies":[{"name":"wp","href":"https:\/\/api.w.org\/{rel}","templated":true}]}}