{"id":31023,"date":"2024-01-31T23:00:00","date_gmt":"2024-01-31T22:00:00","guid":{"rendered":"https:\/\/www.efk.admin.ch\/prufung\/verwendung-der-vollzugskostenbeitraege-durch-die-paritaetischen-kommissionen\/"},"modified":"2024-05-16T12:10:44","modified_gmt":"2024-05-16T10:10:44","slug":"utilisation-des-contributions-aux-frais-d-execution-par-les-commissions-paritaires","status":"publish","type":"audit","link":"https:\/\/www.efk.admin.ch\/fr\/audit\/utilisation-des-contributions-aux-frais-d-execution-par-les-commissions-paritaires\/","title":{"rendered":"Utilisation des contributions aux frais d\u2019ex\u00e9cution par les commissions paritaires"},"content":{"rendered":"\n<p>La convention collective de travail (CCT) est une convention entre des employeurs ou des associations d\u2019employeurs et des associations de travailleurs (abr\u00e9g\u00e9\u00a0partenaires sociaux) conclue pour r\u00e9glementer les conditions de travail et les rapports entre les parties. Une CCT peut \u00eatre d\u00e9clar\u00e9e obligatoire sous certaines conditions l\u00e9gales et s\u2019applique alors \u00e0 tous, y compris aux non-membres d\u2019une association contractante d\u2019une branche. Au moment de l\u2019audit, il existait 46\u00a0CCT d\u00e9clar\u00e9es obligatoires concernant, selon les estimations, plus d\u2019un million de travailleurs et un peu moins de 70\u00a0000 employeurs.<\/p>\n","protected":false},"featured_media":0,"menu_order":0,"template":"","audit_category":[88],"audit_type":[52],"class_list":["post-31023","audit","type-audit","status-publish","hentry","audit_category-economie-et-agriculture","audit_type-audit-fr"],"acf":{"audit_lang":[{"lang":"d"}],"audit_numbers":[{"audit_number":"22443"}],"audit_office":[7945],"audit_office_text":"","audit_date":"20240131","bgo":false,"keywords":"convention collective de travail,CCT","audit_office_local":""},"yoast_head":"<!-- This site is optimized with the Yoast SEO Premium plugin v27.4 (Yoast SEO v27.4) - https:\/\/yoast.com\/product\/yoast-seo-premium-wordpress\/ -->\n<title>Utilisation des contributions aux frais d\u2019ex\u00e9cution par les commissions paritaires - Contr\u00f4le f\u00e9d\u00e9ral des finances (CDF)<\/title>\n<meta name=\"description\" content=\"Utilisation des contributions aux frais d\u2019ex\u00e9cution par les commissions paritaires\" \/>\n<meta name=\"robots\" content=\"index, follow, max-snippet:-1, max-image-preview:large, max-video-preview:-1\" \/>\n<link rel=\"canonical\" href=\"https:\/\/www.efk.admin.ch\/fr\/audit\/utilisation-des-contributions-aux-frais-d-execution-par-les-commissions-paritaires\/\" \/>\n<meta property=\"og:locale\" content=\"fr_FR\" \/>\n<meta property=\"og:type\" content=\"article\" \/>\n<meta property=\"og:title\" content=\"Utilisation des contributions aux frais d\u2019ex\u00e9cution par les commissions paritaires\" \/>\n<meta property=\"og:description\" content=\"Utilisation des contributions aux frais d\u2019ex\u00e9cution par les commissions paritaires\" \/>\n<meta property=\"og:url\" content=\"https:\/\/www.efk.admin.ch\/fr\/audit\/utilisation-des-contributions-aux-frais-d-execution-par-les-commissions-paritaires\/\" \/>\n<meta property=\"og:site_name\" content=\"Contr\u00f4le f\u00e9d\u00e9ral des finances (CDF)\" \/>\n<meta property=\"article:modified_time\" content=\"2024-05-16T10:10:44+00:00\" \/>\n<meta property=\"og:image\" content=\"https:\/\/www.efk.admin.ch\/wp-content\/uploads\/test\/palais.jpg\" \/>\n\t<meta property=\"og:image:width\" content=\"750\" \/>\n\t<meta property=\"og:image:height\" content=\"500\" \/>\n\t<meta property=\"og:image:type\" content=\"image\/jpeg\" \/>\n<meta name=\"twitter:card\" content=\"summary_large_image\" \/>\n<script type=\"application\/ld+json\" class=\"yoast-schema-graph\">{\"@context\":\"https:\\\/\\\/schema.org\",\"@graph\":[{\"@type\":\"WebPage\",\"@id\":\"https:\\\/\\\/www.efk.admin.ch\\\/fr\\\/audit\\\/utilisation-des-contributions-aux-frais-d-execution-par-les-commissions-paritaires\\\/\",\"url\":\"https:\\\/\\\/www.efk.admin.ch\\\/fr\\\/audit\\\/utilisation-des-contributions-aux-frais-d-execution-par-les-commissions-paritaires\\\/\",\"name\":\"Utilisation des contributions aux frais d\u2019ex\u00e9cution par les commissions paritaires - Contr\u00f4le f\u00e9d\u00e9ral des finances (CDF)\",\"isPartOf\":{\"@id\":\"https:\\\/\\\/www.efk.admin.ch\\\/fr\\\/#website\"},\"datePublished\":\"2024-01-31T22:00:00+00:00\",\"dateModified\":\"2024-05-16T10:10:44+00:00\",\"description\":\"Utilisation des contributions aux frais d\u2019ex\u00e9cution par les commissions paritaires\",\"breadcrumb\":{\"@id\":\"https:\\\/\\\/www.efk.admin.ch\\\/fr\\\/audit\\\/utilisation-des-contributions-aux-frais-d-execution-par-les-commissions-paritaires\\\/#breadcrumb\"},\"inLanguage\":\"fr-FR\",\"potentialAction\":[{\"@type\":\"ReadAction\",\"target\":[\"https:\\\/\\\/www.efk.admin.ch\\\/fr\\\/audit\\\/utilisation-des-contributions-aux-frais-d-execution-par-les-commissions-paritaires\\\/\"]}]},{\"@type\":\"BreadcrumbList\",\"@id\":\"https:\\\/\\\/www.efk.admin.ch\\\/fr\\\/audit\\\/utilisation-des-contributions-aux-frais-d-execution-par-les-commissions-paritaires\\\/#breadcrumb\",\"itemListElement\":[{\"@type\":\"ListItem\",\"position\":1,\"name\":\"Home\",\"item\":\"https:\\\/\\\/www.efk.admin.ch\\\/fr\\\/\"},{\"@type\":\"ListItem\",\"position\":2,\"name\":\"Rapport\",\"item\":\"https:\\\/\\\/www.efk.admin.ch\\\/fr\\\/audit\\\/\"},{\"@type\":\"ListItem\",\"position\":3,\"name\":\"Utilisation des contributions aux frais d\u2019ex\u00e9cution par les commissions paritaires\"}]},{\"@type\":\"WebSite\",\"@id\":\"https:\\\/\\\/www.efk.admin.ch\\\/fr\\\/#website\",\"url\":\"https:\\\/\\\/www.efk.admin.ch\\\/fr\\\/\",\"name\":\"Informationen \u00fcber das oberste Finanzaufsichtsorgan der Schweiz\",\"description\":\"Le Contr\u00f4le f\u00e9d\u00e9ral des finances (CDF) est l'organe supr\u00eame de surveillance financi\u00e8re de la Conf\u00e9d\u00e9ration suisse.\",\"publisher\":{\"@id\":\"https:\\\/\\\/www.efk.admin.ch\\\/fr\\\/#organization\"},\"alternateName\":\"EFK\",\"potentialAction\":[{\"@type\":\"SearchAction\",\"target\":{\"@type\":\"EntryPoint\",\"urlTemplate\":\"https:\\\/\\\/www.efk.admin.ch\\\/fr\\\/?s={search_term_string}\"},\"query-input\":{\"@type\":\"PropertyValueSpecification\",\"valueRequired\":true,\"valueName\":\"search_term_string\"}}],\"inLanguage\":\"fr-FR\"},{\"@type\":\"Organization\",\"@id\":\"https:\\\/\\\/www.efk.admin.ch\\\/fr\\\/#organization\",\"name\":\"Contr\u00f4le f\u00e9d\u00e9ral des finances (CDF)\",\"alternateName\":\"EFK\",\"url\":\"https:\\\/\\\/www.efk.admin.ch\\\/fr\\\/\",\"logo\":{\"@type\":\"ImageObject\",\"inLanguage\":\"fr-FR\",\"@id\":\"https:\\\/\\\/www.efk.admin.ch\\\/fr\\\/#\\\/schema\\\/logo\\\/image\\\/\",\"url\":\"https:\\\/\\\/www.efk.admin.ch\\\/wp-content\\\/uploads\\\/efk_cdf_logo_ohne_claim.png\",\"contentUrl\":\"https:\\\/\\\/www.efk.admin.ch\\\/wp-content\\\/uploads\\\/efk_cdf_logo_ohne_claim.png\",\"width\":268,\"height\":258,\"caption\":\"Contr\u00f4le f\u00e9d\u00e9ral des finances (CDF)\"},\"image\":{\"@id\":\"https:\\\/\\\/www.efk.admin.ch\\\/fr\\\/#\\\/schema\\\/logo\\\/image\\\/\"},\"sameAs\":[\"https:\\\/\\\/www.instagram.com\\\/efk_cdf_sfao\\\/\",\"https:\\\/\\\/www.youtube.com\\\/channel\\\/UCm-bXj227VE5sJzhB-ihdvw\\\/featured\",\"https:\\\/\\\/www.linkedin.com\\\/company\\\/11081578\\\/\"]}]}<\/script>\n<!-- \/ Yoast SEO Premium plugin. -->","yoast_head_json":{"title":"Utilisation des contributions aux frais d\u2019ex\u00e9cution par les commissions paritaires - Contr\u00f4le f\u00e9d\u00e9ral des finances (CDF)","description":"Utilisation des contributions aux frais d\u2019ex\u00e9cution par les commissions paritaires","robots":{"index":"index","follow":"follow","max-snippet":"max-snippet:-1","max-image-preview":"max-image-preview:large","max-video-preview":"max-video-preview:-1"},"canonical":"https:\/\/www.efk.admin.ch\/fr\/audit\/utilisation-des-contributions-aux-frais-d-execution-par-les-commissions-paritaires\/","og_locale":"fr_FR","og_type":"article","og_title":"Utilisation des contributions aux frais d\u2019ex\u00e9cution par les commissions paritaires","og_description":"Utilisation des contributions aux frais d\u2019ex\u00e9cution par les commissions paritaires","og_url":"https:\/\/www.efk.admin.ch\/fr\/audit\/utilisation-des-contributions-aux-frais-d-execution-par-les-commissions-paritaires\/","og_site_name":"Contr\u00f4le f\u00e9d\u00e9ral des finances (CDF)","article_modified_time":"2024-05-16T10:10:44+00:00","og_image":[{"width":750,"height":500,"url":"https:\/\/www.efk.admin.ch\/wp-content\/uploads\/test\/palais.jpg","type":"image\/jpeg"}],"twitter_card":"summary_large_image","schema":{"@context":"https:\/\/schema.org","@graph":[{"@type":"WebPage","@id":"https:\/\/www.efk.admin.ch\/fr\/audit\/utilisation-des-contributions-aux-frais-d-execution-par-les-commissions-paritaires\/","url":"https:\/\/www.efk.admin.ch\/fr\/audit\/utilisation-des-contributions-aux-frais-d-execution-par-les-commissions-paritaires\/","name":"Utilisation des contributions aux frais d\u2019ex\u00e9cution par les commissions paritaires - Contr\u00f4le f\u00e9d\u00e9ral des finances (CDF)","isPartOf":{"@id":"https:\/\/www.efk.admin.ch\/fr\/#website"},"datePublished":"2024-01-31T22:00:00+00:00","dateModified":"2024-05-16T10:10:44+00:00","description":"Utilisation des contributions aux frais d\u2019ex\u00e9cution par les commissions paritaires","breadcrumb":{"@id":"https:\/\/www.efk.admin.ch\/fr\/audit\/utilisation-des-contributions-aux-frais-d-execution-par-les-commissions-paritaires\/#breadcrumb"},"inLanguage":"fr-FR","potentialAction":[{"@type":"ReadAction","target":["https:\/\/www.efk.admin.ch\/fr\/audit\/utilisation-des-contributions-aux-frais-d-execution-par-les-commissions-paritaires\/"]}]},{"@type":"BreadcrumbList","@id":"https:\/\/www.efk.admin.ch\/fr\/audit\/utilisation-des-contributions-aux-frais-d-execution-par-les-commissions-paritaires\/#breadcrumb","itemListElement":[{"@type":"ListItem","position":1,"name":"Home","item":"https:\/\/www.efk.admin.ch\/fr\/"},{"@type":"ListItem","position":2,"name":"Rapport","item":"https:\/\/www.efk.admin.ch\/fr\/audit\/"},{"@type":"ListItem","position":3,"name":"Utilisation des contributions aux frais d\u2019ex\u00e9cution par les commissions paritaires"}]},{"@type":"WebSite","@id":"https:\/\/www.efk.admin.ch\/fr\/#website","url":"https:\/\/www.efk.admin.ch\/fr\/","name":"Informationen \u00fcber das oberste Finanzaufsichtsorgan der Schweiz","description":"Le Contr\u00f4le f\u00e9d\u00e9ral des finances (CDF) est l'organe supr\u00eame de surveillance financi\u00e8re de la Conf\u00e9d\u00e9ration suisse.","publisher":{"@id":"https:\/\/www.efk.admin.ch\/fr\/#organization"},"alternateName":"EFK","potentialAction":[{"@type":"SearchAction","target":{"@type":"EntryPoint","urlTemplate":"https:\/\/www.efk.admin.ch\/fr\/?s={search_term_string}"},"query-input":{"@type":"PropertyValueSpecification","valueRequired":true,"valueName":"search_term_string"}}],"inLanguage":"fr-FR"},{"@type":"Organization","@id":"https:\/\/www.efk.admin.ch\/fr\/#organization","name":"Contr\u00f4le f\u00e9d\u00e9ral des finances (CDF)","alternateName":"EFK","url":"https:\/\/www.efk.admin.ch\/fr\/","logo":{"@type":"ImageObject","inLanguage":"fr-FR","@id":"https:\/\/www.efk.admin.ch\/fr\/#\/schema\/logo\/image\/","url":"https:\/\/www.efk.admin.ch\/wp-content\/uploads\/efk_cdf_logo_ohne_claim.png","contentUrl":"https:\/\/www.efk.admin.ch\/wp-content\/uploads\/efk_cdf_logo_ohne_claim.png","width":268,"height":258,"caption":"Contr\u00f4le f\u00e9d\u00e9ral des finances (CDF)"},"image":{"@id":"https:\/\/www.efk.admin.ch\/fr\/#\/schema\/logo\/image\/"},"sameAs":["https:\/\/www.instagram.com\/efk_cdf_sfao\/","https:\/\/www.youtube.com\/channel\/UCm-bXj227VE5sJzhB-ihdvw\/featured","https:\/\/www.linkedin.com\/company\/11081578\/"]}]}},"_links":{"self":[{"href":"https:\/\/www.efk.admin.ch\/fr\/wp-json\/wp\/v2\/audit\/31023","targetHints":{"allow":["GET"]}}],"collection":[{"href":"https:\/\/www.efk.admin.ch\/fr\/wp-json\/wp\/v2\/audit"}],"about":[{"href":"https:\/\/www.efk.admin.ch\/fr\/wp-json\/wp\/v2\/types\/audit"}],"acf:post":[{"embeddable":true,"href":"https:\/\/www.efk.admin.ch\/fr\/wp-json\/wp\/v2\/office\/7945"}],"wp:attachment":[{"href":"https:\/\/www.efk.admin.ch\/fr\/wp-json\/wp\/v2\/media?parent=31023"}],"wp:term":[{"taxonomy":"audit_category","embeddable":true,"href":"https:\/\/www.efk.admin.ch\/fr\/wp-json\/wp\/v2\/audit_category?post=31023"},{"taxonomy":"audit_type","embeddable":true,"href":"https:\/\/www.efk.admin.ch\/fr\/wp-json\/wp\/v2\/audit_type?post=31023"}],"curies":[{"name":"wp","href":"https:\/\/api.w.org\/{rel}","templated":true}]}}