{"id":29763,"date":"2024-05-07T08:48:39","date_gmt":"2024-05-07T06:48:39","guid":{"rendered":"https:\/\/preview.efk.admin.ch\/prufung\/entwicklungszusammenarbeit-im-bereich-der-berufsbildung\/"},"modified":"2024-06-19T17:34:24","modified_gmt":"2024-06-19T15:34:24","slug":"cooperation-au-developpement-dans-le-domaine-de-la-formation-professionnelle","status":"publish","type":"audit","link":"https:\/\/www.efk.admin.ch\/fr\/audit\/cooperation-au-developpement-dans-le-domaine-de-la-formation-professionnelle\/","title":{"rendered":"Coop\u00e9ration au d\u00e9veloppement dans le domaine de la formation professionnelle"},"content":{"rendered":"\n<p>Le Contr\u00f4le f\u00e9d\u00e9ral des finances (CDF) a examin\u00e9 le soutien au d\u00e9veloppement de la formation professionnelle dans le cadre des projets de la Direction du d\u00e9veloppement et de la coop\u00e9ration (DDC). L\u2019acquisition de comp\u00e9tences professionnelles facilite l\u2019insertion des jeunes sur le march\u00e9 du travail et contribue \u00e0 la r\u00e9duction de la pauvret\u00e9, une priorit\u00e9 de la DDC. Sa strat\u00e9gie et ses interventions se r\u00e9f\u00e8rent aux Objectifs du d\u00e9veloppement durable (ODD) adopt\u00e9s par l\u2019ONU en 2015.<\/p>\n\n\n\n<figure class=\"wp-block-image size-large\"><img loading=\"lazy\" decoding=\"async\" width=\"1024\" height=\"639\" src=\"https:\/\/www.efk.admin.ch\/wp-content\/uploads\/publikationen\/berichte\/sicherheit_und_umwelt\/beziehungen_im_ausland\/21174\/wik_ueberblick_pa21174_f-1024x639.jpg\" alt=\"\" class=\"wp-image-29757\" srcset=\"https:\/\/www.efk.admin.ch\/wp-content\/uploads\/publikationen\/berichte\/sicherheit_und_umwelt\/beziehungen_im_ausland\/21174\/wik_ueberblick_pa21174_f-1024x639.jpg 1024w, https:\/\/www.efk.admin.ch\/wp-content\/uploads\/publikationen\/berichte\/sicherheit_und_umwelt\/beziehungen_im_ausland\/21174\/wik_ueberblick_pa21174_f-300x187.jpg 300w, https:\/\/www.efk.admin.ch\/wp-content\/uploads\/publikationen\/berichte\/sicherheit_und_umwelt\/beziehungen_im_ausland\/21174\/wik_ueberblick_pa21174_f-768x480.jpg 768w, https:\/\/www.efk.admin.ch\/wp-content\/uploads\/publikationen\/berichte\/sicherheit_und_umwelt\/beziehungen_im_ausland\/21174\/wik_ueberblick_pa21174_f-1536x959.jpg 1536w, https:\/\/www.efk.admin.ch\/wp-content\/uploads\/publikationen\/berichte\/sicherheit_und_umwelt\/beziehungen_im_ausland\/21174\/wik_ueberblick_pa21174_f-2048x1279.jpg 2048w, https:\/\/www.efk.admin.ch\/wp-content\/uploads\/publikationen\/berichte\/sicherheit_und_umwelt\/beziehungen_im_ausland\/21174\/wik_ueberblick_pa21174_f.jpg 1890w\" sizes=\"auto, (max-width: 1024px) 100vw, 1024px\" \/><\/figure>\n","protected":false},"featured_media":0,"menu_order":0,"template":"","audit_category":[64],"audit_type":[52],"class_list":["post-29763","audit","type-audit","status-publish","hentry","audit_category-relations-avec-l-etranger","audit_type-audit-fr"],"acf":{"audit_lang":null,"audit_numbers":[{"audit_number":"21174"}],"audit_office":[7914],"audit_office_text":"","audit_date":"20240506","bgo":false,"keywords":"D\u00e9veloppement de la formation professionnelle dans le cadre des projets de la Direction du d\u00e9veloppement et de la coop\u00e9ration (DDC),insertion des jeunes sur le march\u00e9 du travail,r\u00e9duction de la pauvret\u00e9,ONU,Sustainable Development Goals, SDG","audit_office_local":""},"yoast_head":"<!-- This site is optimized with the Yoast SEO Premium plugin v27.4 (Yoast SEO v27.4) - https:\/\/yoast.com\/product\/yoast-seo-premium-wordpress\/ -->\n<title>Coop\u00e9ration au d\u00e9veloppement dans le domaine de la formation professionnelle - Contr\u00f4le f\u00e9d\u00e9ral des finances (CDF)<\/title>\n<meta name=\"description\" content=\"Coop\u00e9ration au d\u00e9veloppement dans le domaine de la formation professionnelle\" \/>\n<meta name=\"robots\" content=\"index, follow, max-snippet:-1, max-image-preview:large, max-video-preview:-1\" \/>\n<link rel=\"canonical\" href=\"https:\/\/www.efk.admin.ch\/fr\/audit\/cooperation-au-developpement-dans-le-domaine-de-la-formation-professionnelle\/\" \/>\n<meta property=\"og:locale\" content=\"fr_FR\" \/>\n<meta property=\"og:type\" content=\"article\" \/>\n<meta property=\"og:title\" content=\"Coop\u00e9ration au d\u00e9veloppement dans le domaine de la formation professionnelle\" \/>\n<meta property=\"og:description\" content=\"Coop\u00e9ration au d\u00e9veloppement dans le domaine de la formation professionnelle\" \/>\n<meta property=\"og:url\" content=\"https:\/\/www.efk.admin.ch\/fr\/audit\/cooperation-au-developpement-dans-le-domaine-de-la-formation-professionnelle\/\" \/>\n<meta property=\"og:site_name\" content=\"Contr\u00f4le f\u00e9d\u00e9ral des finances (CDF)\" \/>\n<meta property=\"article:modified_time\" content=\"2024-06-19T15:34:24+00:00\" \/>\n<meta property=\"og:image\" content=\"https:\/\/www.efk.admin.ch\/wp-content\/uploads\/publikationen\/berichte\/sicherheit_und_umwelt\/beziehungen_im_ausland\/21174\/wik_ueberblick_pa21174_f-1024x639.jpg\" \/>\n<meta name=\"twitter:card\" content=\"summary_large_image\" \/>\n<meta name=\"twitter:label1\" content=\"Dur\u00e9e de lecture estim\u00e9e\" \/>\n\t<meta name=\"twitter:data1\" content=\"1 minute\" \/>\n<script type=\"application\/ld+json\" class=\"yoast-schema-graph\">{\"@context\":\"https:\\\/\\\/schema.org\",\"@graph\":[{\"@type\":\"WebPage\",\"@id\":\"https:\\\/\\\/www.efk.admin.ch\\\/fr\\\/audit\\\/cooperation-au-developpement-dans-le-domaine-de-la-formation-professionnelle\\\/\",\"url\":\"https:\\\/\\\/www.efk.admin.ch\\\/fr\\\/audit\\\/cooperation-au-developpement-dans-le-domaine-de-la-formation-professionnelle\\\/\",\"name\":\"Coop\u00e9ration au d\u00e9veloppement dans le domaine de la formation professionnelle - Contr\u00f4le f\u00e9d\u00e9ral des finances (CDF)\",\"isPartOf\":{\"@id\":\"https:\\\/\\\/www.efk.admin.ch\\\/fr\\\/#website\"},\"primaryImageOfPage\":{\"@id\":\"https:\\\/\\\/www.efk.admin.ch\\\/fr\\\/audit\\\/cooperation-au-developpement-dans-le-domaine-de-la-formation-professionnelle\\\/#primaryimage\"},\"image\":{\"@id\":\"https:\\\/\\\/www.efk.admin.ch\\\/fr\\\/audit\\\/cooperation-au-developpement-dans-le-domaine-de-la-formation-professionnelle\\\/#primaryimage\"},\"thumbnailUrl\":\"https:\\\/\\\/www.efk.admin.ch\\\/wp-content\\\/uploads\\\/publikationen\\\/berichte\\\/sicherheit_und_umwelt\\\/beziehungen_im_ausland\\\/21174\\\/wik_ueberblick_pa21174_f-1024x639.jpg\",\"datePublished\":\"2024-05-07T06:48:39+00:00\",\"dateModified\":\"2024-06-19T15:34:24+00:00\",\"description\":\"Coop\u00e9ration au d\u00e9veloppement dans le domaine de la formation professionnelle\",\"breadcrumb\":{\"@id\":\"https:\\\/\\\/www.efk.admin.ch\\\/fr\\\/audit\\\/cooperation-au-developpement-dans-le-domaine-de-la-formation-professionnelle\\\/#breadcrumb\"},\"inLanguage\":\"fr-FR\",\"potentialAction\":[{\"@type\":\"ReadAction\",\"target\":[\"https:\\\/\\\/www.efk.admin.ch\\\/fr\\\/audit\\\/cooperation-au-developpement-dans-le-domaine-de-la-formation-professionnelle\\\/\"]}]},{\"@type\":\"ImageObject\",\"inLanguage\":\"fr-FR\",\"@id\":\"https:\\\/\\\/www.efk.admin.ch\\\/fr\\\/audit\\\/cooperation-au-developpement-dans-le-domaine-de-la-formation-professionnelle\\\/#primaryimage\",\"url\":\"https:\\\/\\\/www.efk.admin.ch\\\/wp-content\\\/uploads\\\/publikationen\\\/berichte\\\/sicherheit_und_umwelt\\\/beziehungen_im_ausland\\\/21174\\\/wik_ueberblick_pa21174_f-1024x639.jpg\",\"contentUrl\":\"https:\\\/\\\/www.efk.admin.ch\\\/wp-content\\\/uploads\\\/publikationen\\\/berichte\\\/sicherheit_und_umwelt\\\/beziehungen_im_ausland\\\/21174\\\/wik_ueberblick_pa21174_f-1024x639.jpg\"},{\"@type\":\"BreadcrumbList\",\"@id\":\"https:\\\/\\\/www.efk.admin.ch\\\/fr\\\/audit\\\/cooperation-au-developpement-dans-le-domaine-de-la-formation-professionnelle\\\/#breadcrumb\",\"itemListElement\":[{\"@type\":\"ListItem\",\"position\":1,\"name\":\"Home\",\"item\":\"https:\\\/\\\/www.efk.admin.ch\\\/fr\\\/\"},{\"@type\":\"ListItem\",\"position\":2,\"name\":\"Rapport\",\"item\":\"https:\\\/\\\/www.efk.admin.ch\\\/fr\\\/audit\\\/\"},{\"@type\":\"ListItem\",\"position\":3,\"name\":\"Coop\u00e9ration au d\u00e9veloppement dans le domaine de la formation professionnelle\"}]},{\"@type\":\"WebSite\",\"@id\":\"https:\\\/\\\/www.efk.admin.ch\\\/fr\\\/#website\",\"url\":\"https:\\\/\\\/www.efk.admin.ch\\\/fr\\\/\",\"name\":\"Informationen \u00fcber das oberste Finanzaufsichtsorgan der Schweiz\",\"description\":\"Le Contr\u00f4le f\u00e9d\u00e9ral des finances (CDF) est l'organe supr\u00eame de surveillance financi\u00e8re de la Conf\u00e9d\u00e9ration suisse.\",\"publisher\":{\"@id\":\"https:\\\/\\\/www.efk.admin.ch\\\/fr\\\/#organization\"},\"alternateName\":\"EFK\",\"potentialAction\":[{\"@type\":\"SearchAction\",\"target\":{\"@type\":\"EntryPoint\",\"urlTemplate\":\"https:\\\/\\\/www.efk.admin.ch\\\/fr\\\/?s={search_term_string}\"},\"query-input\":{\"@type\":\"PropertyValueSpecification\",\"valueRequired\":true,\"valueName\":\"search_term_string\"}}],\"inLanguage\":\"fr-FR\"},{\"@type\":\"Organization\",\"@id\":\"https:\\\/\\\/www.efk.admin.ch\\\/fr\\\/#organization\",\"name\":\"Contr\u00f4le f\u00e9d\u00e9ral des finances (CDF)\",\"alternateName\":\"EFK\",\"url\":\"https:\\\/\\\/www.efk.admin.ch\\\/fr\\\/\",\"logo\":{\"@type\":\"ImageObject\",\"inLanguage\":\"fr-FR\",\"@id\":\"https:\\\/\\\/www.efk.admin.ch\\\/fr\\\/#\\\/schema\\\/logo\\\/image\\\/\",\"url\":\"https:\\\/\\\/www.efk.admin.ch\\\/wp-content\\\/uploads\\\/efk_cdf_logo_ohne_claim.png\",\"contentUrl\":\"https:\\\/\\\/www.efk.admin.ch\\\/wp-content\\\/uploads\\\/efk_cdf_logo_ohne_claim.png\",\"width\":268,\"height\":258,\"caption\":\"Contr\u00f4le f\u00e9d\u00e9ral des finances (CDF)\"},\"image\":{\"@id\":\"https:\\\/\\\/www.efk.admin.ch\\\/fr\\\/#\\\/schema\\\/logo\\\/image\\\/\"},\"sameAs\":[\"https:\\\/\\\/www.instagram.com\\\/efk_cdf_sfao\\\/\",\"https:\\\/\\\/www.youtube.com\\\/channel\\\/UCm-bXj227VE5sJzhB-ihdvw\\\/featured\",\"https:\\\/\\\/www.linkedin.com\\\/company\\\/11081578\\\/\"]}]}<\/script>\n<!-- \/ Yoast SEO Premium plugin. -->","yoast_head_json":{"title":"Coop\u00e9ration au d\u00e9veloppement dans le domaine de la formation professionnelle - Contr\u00f4le f\u00e9d\u00e9ral des finances (CDF)","description":"Coop\u00e9ration au d\u00e9veloppement dans le domaine de la formation professionnelle","robots":{"index":"index","follow":"follow","max-snippet":"max-snippet:-1","max-image-preview":"max-image-preview:large","max-video-preview":"max-video-preview:-1"},"canonical":"https:\/\/www.efk.admin.ch\/fr\/audit\/cooperation-au-developpement-dans-le-domaine-de-la-formation-professionnelle\/","og_locale":"fr_FR","og_type":"article","og_title":"Coop\u00e9ration au d\u00e9veloppement dans le domaine de la formation professionnelle","og_description":"Coop\u00e9ration au d\u00e9veloppement dans le domaine de la formation professionnelle","og_url":"https:\/\/www.efk.admin.ch\/fr\/audit\/cooperation-au-developpement-dans-le-domaine-de-la-formation-professionnelle\/","og_site_name":"Contr\u00f4le f\u00e9d\u00e9ral des finances (CDF)","article_modified_time":"2024-06-19T15:34:24+00:00","og_image":[{"url":"https:\/\/www.efk.admin.ch\/wp-content\/uploads\/publikationen\/berichte\/sicherheit_und_umwelt\/beziehungen_im_ausland\/21174\/wik_ueberblick_pa21174_f-1024x639.jpg","type":"","width":"","height":""}],"twitter_card":"summary_large_image","twitter_misc":{"Dur\u00e9e de lecture estim\u00e9e":"1 minute"},"schema":{"@context":"https:\/\/schema.org","@graph":[{"@type":"WebPage","@id":"https:\/\/www.efk.admin.ch\/fr\/audit\/cooperation-au-developpement-dans-le-domaine-de-la-formation-professionnelle\/","url":"https:\/\/www.efk.admin.ch\/fr\/audit\/cooperation-au-developpement-dans-le-domaine-de-la-formation-professionnelle\/","name":"Coop\u00e9ration au d\u00e9veloppement dans le domaine de la formation professionnelle - Contr\u00f4le f\u00e9d\u00e9ral des finances (CDF)","isPartOf":{"@id":"https:\/\/www.efk.admin.ch\/fr\/#website"},"primaryImageOfPage":{"@id":"https:\/\/www.efk.admin.ch\/fr\/audit\/cooperation-au-developpement-dans-le-domaine-de-la-formation-professionnelle\/#primaryimage"},"image":{"@id":"https:\/\/www.efk.admin.ch\/fr\/audit\/cooperation-au-developpement-dans-le-domaine-de-la-formation-professionnelle\/#primaryimage"},"thumbnailUrl":"https:\/\/www.efk.admin.ch\/wp-content\/uploads\/publikationen\/berichte\/sicherheit_und_umwelt\/beziehungen_im_ausland\/21174\/wik_ueberblick_pa21174_f-1024x639.jpg","datePublished":"2024-05-07T06:48:39+00:00","dateModified":"2024-06-19T15:34:24+00:00","description":"Coop\u00e9ration au d\u00e9veloppement dans le domaine de la formation professionnelle","breadcrumb":{"@id":"https:\/\/www.efk.admin.ch\/fr\/audit\/cooperation-au-developpement-dans-le-domaine-de-la-formation-professionnelle\/#breadcrumb"},"inLanguage":"fr-FR","potentialAction":[{"@type":"ReadAction","target":["https:\/\/www.efk.admin.ch\/fr\/audit\/cooperation-au-developpement-dans-le-domaine-de-la-formation-professionnelle\/"]}]},{"@type":"ImageObject","inLanguage":"fr-FR","@id":"https:\/\/www.efk.admin.ch\/fr\/audit\/cooperation-au-developpement-dans-le-domaine-de-la-formation-professionnelle\/#primaryimage","url":"https:\/\/www.efk.admin.ch\/wp-content\/uploads\/publikationen\/berichte\/sicherheit_und_umwelt\/beziehungen_im_ausland\/21174\/wik_ueberblick_pa21174_f-1024x639.jpg","contentUrl":"https:\/\/www.efk.admin.ch\/wp-content\/uploads\/publikationen\/berichte\/sicherheit_und_umwelt\/beziehungen_im_ausland\/21174\/wik_ueberblick_pa21174_f-1024x639.jpg"},{"@type":"BreadcrumbList","@id":"https:\/\/www.efk.admin.ch\/fr\/audit\/cooperation-au-developpement-dans-le-domaine-de-la-formation-professionnelle\/#breadcrumb","itemListElement":[{"@type":"ListItem","position":1,"name":"Home","item":"https:\/\/www.efk.admin.ch\/fr\/"},{"@type":"ListItem","position":2,"name":"Rapport","item":"https:\/\/www.efk.admin.ch\/fr\/audit\/"},{"@type":"ListItem","position":3,"name":"Coop\u00e9ration au d\u00e9veloppement dans le domaine de la formation professionnelle"}]},{"@type":"WebSite","@id":"https:\/\/www.efk.admin.ch\/fr\/#website","url":"https:\/\/www.efk.admin.ch\/fr\/","name":"Informationen \u00fcber das oberste Finanzaufsichtsorgan der Schweiz","description":"Le Contr\u00f4le f\u00e9d\u00e9ral des finances (CDF) est l'organe supr\u00eame de surveillance financi\u00e8re de la Conf\u00e9d\u00e9ration suisse.","publisher":{"@id":"https:\/\/www.efk.admin.ch\/fr\/#organization"},"alternateName":"EFK","potentialAction":[{"@type":"SearchAction","target":{"@type":"EntryPoint","urlTemplate":"https:\/\/www.efk.admin.ch\/fr\/?s={search_term_string}"},"query-input":{"@type":"PropertyValueSpecification","valueRequired":true,"valueName":"search_term_string"}}],"inLanguage":"fr-FR"},{"@type":"Organization","@id":"https:\/\/www.efk.admin.ch\/fr\/#organization","name":"Contr\u00f4le f\u00e9d\u00e9ral des finances (CDF)","alternateName":"EFK","url":"https:\/\/www.efk.admin.ch\/fr\/","logo":{"@type":"ImageObject","inLanguage":"fr-FR","@id":"https:\/\/www.efk.admin.ch\/fr\/#\/schema\/logo\/image\/","url":"https:\/\/www.efk.admin.ch\/wp-content\/uploads\/efk_cdf_logo_ohne_claim.png","contentUrl":"https:\/\/www.efk.admin.ch\/wp-content\/uploads\/efk_cdf_logo_ohne_claim.png","width":268,"height":258,"caption":"Contr\u00f4le f\u00e9d\u00e9ral des finances (CDF)"},"image":{"@id":"https:\/\/www.efk.admin.ch\/fr\/#\/schema\/logo\/image\/"},"sameAs":["https:\/\/www.instagram.com\/efk_cdf_sfao\/","https:\/\/www.youtube.com\/channel\/UCm-bXj227VE5sJzhB-ihdvw\/featured","https:\/\/www.linkedin.com\/company\/11081578\/"]}]}},"_links":{"self":[{"href":"https:\/\/www.efk.admin.ch\/fr\/wp-json\/wp\/v2\/audit\/29763","targetHints":{"allow":["GET"]}}],"collection":[{"href":"https:\/\/www.efk.admin.ch\/fr\/wp-json\/wp\/v2\/audit"}],"about":[{"href":"https:\/\/www.efk.admin.ch\/fr\/wp-json\/wp\/v2\/types\/audit"}],"acf:post":[{"embeddable":true,"href":"https:\/\/www.efk.admin.ch\/fr\/wp-json\/wp\/v2\/office\/7914"}],"wp:attachment":[{"href":"https:\/\/www.efk.admin.ch\/fr\/wp-json\/wp\/v2\/media?parent=29763"}],"wp:term":[{"taxonomy":"audit_category","embeddable":true,"href":"https:\/\/www.efk.admin.ch\/fr\/wp-json\/wp\/v2\/audit_category?post=29763"},{"taxonomy":"audit_type","embeddable":true,"href":"https:\/\/www.efk.admin.ch\/fr\/wp-json\/wp\/v2\/audit_type?post=29763"}],"curies":[{"name":"wp","href":"https:\/\/api.w.org\/{rel}","templated":true}]}}