{"id":27308,"date":"2024-04-12T11:42:02","date_gmt":"2024-04-12T09:42:02","guid":{"rendered":"https:\/\/preview.efk.admin.ch\/?post_type=audit&#038;p=27308"},"modified":"2024-04-12T11:43:19","modified_gmt":"2024-04-12T09:43:19","slug":"surveillance-des-diffuseurs-prives-de-radio-et-de-television","status":"publish","type":"audit","link":"https:\/\/www.efk.admin.ch\/fr\/audit\/surveillance-des-diffuseurs-prives-de-radio-et-de-television\/","title":{"rendered":"Surveillance des diffuseurs priv\u00e9s de radio et de t\u00e9l\u00e9vision"},"content":{"rendered":"\n<p>L\u2019Office f\u00e9d\u00e9ral de la communication (OFCOM) est charg\u00e9 de la surveillance financi\u00e8re des diffuseurs priv\u00e9s de programmes de radio et de t\u00e9l\u00e9vision titulaires d\u2019une concession et du respect de leurs obligations d\u00e9coulant de cette derni\u00e8re. La plupart des diffuseurs titulaires d\u2019une concession re\u00e7oivent une quote-part de la redevance de radio-t\u00e9l\u00e9vision afin de pouvoir remplir le mandat de prestations pr\u00e9vu par leur concession. Depuis 2019, la quote-part de la redevance de radio-t\u00e9l\u00e9vision distribu\u00e9e chaque ann\u00e9e aux diffuseurs priv\u00e9s s\u2019\u00e9l\u00e8ve \u00e0 quelque 81\u00a0millions de francs. En outre, les diffuseurs priv\u00e9s ont re\u00e7u des subventions suppl\u00e9mentaires d\u2019environ 7\u00a0millions de francs en 2022. La surveillance financi\u00e8re vise \u00e0 garantir l\u2019utilisation \u00e9conomique et conforme de la redevance et des autres subventions.<\/p>\n","protected":false},"featured_media":0,"menu_order":0,"template":"","audit_category":[73],"audit_type":[52],"class_list":["post-27308","audit","type-audit","status-publish","hentry","audit_category-energie-et-communication","audit_type-audit-fr"],"acf":{"audit_lang":[{"lang":"d"},{"lang":"f"}],"audit_numbers":[{"audit_number":"23120"}],"audit_office":7960,"audit_office_text":"","audit_date":"20240410","bgo":false,"keywords":"Surveillance, priv\u00e9, radio, diffuseur de t\u00e9l\u00e9vision, Office f\u00e9d\u00e9ral de la communication, OFCOM, concession, diffuseur, redevance, taxe de t\u00e9l\u00e9vision, subvention, surveillance financi\u00e8re","audit_office_local":""},"yoast_head":"<!-- This site is optimized with the Yoast SEO Premium plugin v27.4 (Yoast SEO v27.4) - https:\/\/yoast.com\/product\/yoast-seo-premium-wordpress\/ -->\n<title>Surveillance des diffuseurs priv\u00e9s de radio et de t\u00e9l\u00e9vision - Contr\u00f4le f\u00e9d\u00e9ral des finances (CDF)<\/title>\n<meta name=\"description\" content=\"Surveillance des diffuseurs priv\u00e9s de radio et de t\u00e9l\u00e9vision\" \/>\n<meta name=\"robots\" content=\"index, follow, max-snippet:-1, max-image-preview:large, max-video-preview:-1\" \/>\n<link rel=\"canonical\" href=\"https:\/\/www.efk.admin.ch\/fr\/audit\/surveillance-des-diffuseurs-prives-de-radio-et-de-television\/\" \/>\n<meta property=\"og:locale\" content=\"fr_FR\" \/>\n<meta property=\"og:type\" content=\"article\" \/>\n<meta property=\"og:title\" content=\"Surveillance des diffuseurs priv\u00e9s de radio et de t\u00e9l\u00e9vision\" \/>\n<meta property=\"og:description\" content=\"Surveillance des diffuseurs priv\u00e9s de radio et de t\u00e9l\u00e9vision\" \/>\n<meta property=\"og:url\" content=\"https:\/\/www.efk.admin.ch\/fr\/audit\/surveillance-des-diffuseurs-prives-de-radio-et-de-television\/\" \/>\n<meta property=\"og:site_name\" content=\"Contr\u00f4le f\u00e9d\u00e9ral des finances (CDF)\" \/>\n<meta property=\"article:modified_time\" content=\"2024-04-12T09:43:19+00:00\" \/>\n<meta property=\"og:image\" content=\"https:\/\/www.efk.admin.ch\/wp-content\/uploads\/test\/palais.jpg\" \/>\n\t<meta property=\"og:image:width\" content=\"750\" \/>\n\t<meta property=\"og:image:height\" content=\"500\" \/>\n\t<meta property=\"og:image:type\" content=\"image\/jpeg\" \/>\n<meta name=\"twitter:card\" content=\"summary_large_image\" \/>\n<meta name=\"twitter:label1\" content=\"Dur\u00e9e de lecture estim\u00e9e\" \/>\n\t<meta name=\"twitter:data1\" content=\"1 minute\" \/>\n<script type=\"application\/ld+json\" class=\"yoast-schema-graph\">{\"@context\":\"https:\\\/\\\/schema.org\",\"@graph\":[{\"@type\":\"WebPage\",\"@id\":\"https:\\\/\\\/www.efk.admin.ch\\\/fr\\\/audit\\\/surveillance-des-diffuseurs-prives-de-radio-et-de-television\\\/\",\"url\":\"https:\\\/\\\/www.efk.admin.ch\\\/fr\\\/audit\\\/surveillance-des-diffuseurs-prives-de-radio-et-de-television\\\/\",\"name\":\"Surveillance des diffuseurs priv\u00e9s de radio et de t\u00e9l\u00e9vision - Contr\u00f4le f\u00e9d\u00e9ral des finances (CDF)\",\"isPartOf\":{\"@id\":\"https:\\\/\\\/www.efk.admin.ch\\\/fr\\\/#website\"},\"datePublished\":\"2024-04-12T09:42:02+00:00\",\"dateModified\":\"2024-04-12T09:43:19+00:00\",\"description\":\"Surveillance des diffuseurs priv\u00e9s de radio et de t\u00e9l\u00e9vision\",\"breadcrumb\":{\"@id\":\"https:\\\/\\\/www.efk.admin.ch\\\/fr\\\/audit\\\/surveillance-des-diffuseurs-prives-de-radio-et-de-television\\\/#breadcrumb\"},\"inLanguage\":\"fr-FR\",\"potentialAction\":[{\"@type\":\"ReadAction\",\"target\":[\"https:\\\/\\\/www.efk.admin.ch\\\/fr\\\/audit\\\/surveillance-des-diffuseurs-prives-de-radio-et-de-television\\\/\"]}]},{\"@type\":\"BreadcrumbList\",\"@id\":\"https:\\\/\\\/www.efk.admin.ch\\\/fr\\\/audit\\\/surveillance-des-diffuseurs-prives-de-radio-et-de-television\\\/#breadcrumb\",\"itemListElement\":[{\"@type\":\"ListItem\",\"position\":1,\"name\":\"Home\",\"item\":\"https:\\\/\\\/www.efk.admin.ch\\\/fr\\\/\"},{\"@type\":\"ListItem\",\"position\":2,\"name\":\"Rapport\",\"item\":\"https:\\\/\\\/www.efk.admin.ch\\\/fr\\\/audit\\\/\"},{\"@type\":\"ListItem\",\"position\":3,\"name\":\"Surveillance des diffuseurs priv\u00e9s de radio et de t\u00e9l\u00e9vision\"}]},{\"@type\":\"WebSite\",\"@id\":\"https:\\\/\\\/www.efk.admin.ch\\\/fr\\\/#website\",\"url\":\"https:\\\/\\\/www.efk.admin.ch\\\/fr\\\/\",\"name\":\"Informationen \u00fcber das oberste Finanzaufsichtsorgan der Schweiz\",\"description\":\"Le Contr\u00f4le f\u00e9d\u00e9ral des finances (CDF) est l'organe supr\u00eame de surveillance financi\u00e8re de la Conf\u00e9d\u00e9ration suisse.\",\"publisher\":{\"@id\":\"https:\\\/\\\/www.efk.admin.ch\\\/fr\\\/#organization\"},\"alternateName\":\"EFK\",\"potentialAction\":[{\"@type\":\"SearchAction\",\"target\":{\"@type\":\"EntryPoint\",\"urlTemplate\":\"https:\\\/\\\/www.efk.admin.ch\\\/fr\\\/?s={search_term_string}\"},\"query-input\":{\"@type\":\"PropertyValueSpecification\",\"valueRequired\":true,\"valueName\":\"search_term_string\"}}],\"inLanguage\":\"fr-FR\"},{\"@type\":\"Organization\",\"@id\":\"https:\\\/\\\/www.efk.admin.ch\\\/fr\\\/#organization\",\"name\":\"Contr\u00f4le f\u00e9d\u00e9ral des finances (CDF)\",\"alternateName\":\"EFK\",\"url\":\"https:\\\/\\\/www.efk.admin.ch\\\/fr\\\/\",\"logo\":{\"@type\":\"ImageObject\",\"inLanguage\":\"fr-FR\",\"@id\":\"https:\\\/\\\/www.efk.admin.ch\\\/fr\\\/#\\\/schema\\\/logo\\\/image\\\/\",\"url\":\"https:\\\/\\\/www.efk.admin.ch\\\/wp-content\\\/uploads\\\/efk_cdf_logo_ohne_claim.png\",\"contentUrl\":\"https:\\\/\\\/www.efk.admin.ch\\\/wp-content\\\/uploads\\\/efk_cdf_logo_ohne_claim.png\",\"width\":268,\"height\":258,\"caption\":\"Contr\u00f4le f\u00e9d\u00e9ral des finances (CDF)\"},\"image\":{\"@id\":\"https:\\\/\\\/www.efk.admin.ch\\\/fr\\\/#\\\/schema\\\/logo\\\/image\\\/\"},\"sameAs\":[\"https:\\\/\\\/www.instagram.com\\\/efk_cdf_sfao\\\/\",\"https:\\\/\\\/www.youtube.com\\\/channel\\\/UCm-bXj227VE5sJzhB-ihdvw\\\/featured\",\"https:\\\/\\\/www.linkedin.com\\\/company\\\/11081578\\\/\"]}]}<\/script>\n<!-- \/ Yoast SEO Premium plugin. -->","yoast_head_json":{"title":"Surveillance des diffuseurs priv\u00e9s de radio et de t\u00e9l\u00e9vision - Contr\u00f4le f\u00e9d\u00e9ral des finances (CDF)","description":"Surveillance des diffuseurs priv\u00e9s de radio et de t\u00e9l\u00e9vision","robots":{"index":"index","follow":"follow","max-snippet":"max-snippet:-1","max-image-preview":"max-image-preview:large","max-video-preview":"max-video-preview:-1"},"canonical":"https:\/\/www.efk.admin.ch\/fr\/audit\/surveillance-des-diffuseurs-prives-de-radio-et-de-television\/","og_locale":"fr_FR","og_type":"article","og_title":"Surveillance des diffuseurs priv\u00e9s de radio et de t\u00e9l\u00e9vision","og_description":"Surveillance des diffuseurs priv\u00e9s de radio et de t\u00e9l\u00e9vision","og_url":"https:\/\/www.efk.admin.ch\/fr\/audit\/surveillance-des-diffuseurs-prives-de-radio-et-de-television\/","og_site_name":"Contr\u00f4le f\u00e9d\u00e9ral des finances (CDF)","article_modified_time":"2024-04-12T09:43:19+00:00","og_image":[{"width":750,"height":500,"url":"https:\/\/www.efk.admin.ch\/wp-content\/uploads\/test\/palais.jpg","type":"image\/jpeg"}],"twitter_card":"summary_large_image","twitter_misc":{"Dur\u00e9e de lecture estim\u00e9e":"1 minute"},"schema":{"@context":"https:\/\/schema.org","@graph":[{"@type":"WebPage","@id":"https:\/\/www.efk.admin.ch\/fr\/audit\/surveillance-des-diffuseurs-prives-de-radio-et-de-television\/","url":"https:\/\/www.efk.admin.ch\/fr\/audit\/surveillance-des-diffuseurs-prives-de-radio-et-de-television\/","name":"Surveillance des diffuseurs priv\u00e9s de radio et de t\u00e9l\u00e9vision - Contr\u00f4le f\u00e9d\u00e9ral des finances (CDF)","isPartOf":{"@id":"https:\/\/www.efk.admin.ch\/fr\/#website"},"datePublished":"2024-04-12T09:42:02+00:00","dateModified":"2024-04-12T09:43:19+00:00","description":"Surveillance des diffuseurs priv\u00e9s de radio et de t\u00e9l\u00e9vision","breadcrumb":{"@id":"https:\/\/www.efk.admin.ch\/fr\/audit\/surveillance-des-diffuseurs-prives-de-radio-et-de-television\/#breadcrumb"},"inLanguage":"fr-FR","potentialAction":[{"@type":"ReadAction","target":["https:\/\/www.efk.admin.ch\/fr\/audit\/surveillance-des-diffuseurs-prives-de-radio-et-de-television\/"]}]},{"@type":"BreadcrumbList","@id":"https:\/\/www.efk.admin.ch\/fr\/audit\/surveillance-des-diffuseurs-prives-de-radio-et-de-television\/#breadcrumb","itemListElement":[{"@type":"ListItem","position":1,"name":"Home","item":"https:\/\/www.efk.admin.ch\/fr\/"},{"@type":"ListItem","position":2,"name":"Rapport","item":"https:\/\/www.efk.admin.ch\/fr\/audit\/"},{"@type":"ListItem","position":3,"name":"Surveillance des diffuseurs priv\u00e9s de radio et de t\u00e9l\u00e9vision"}]},{"@type":"WebSite","@id":"https:\/\/www.efk.admin.ch\/fr\/#website","url":"https:\/\/www.efk.admin.ch\/fr\/","name":"Informationen \u00fcber das oberste Finanzaufsichtsorgan der Schweiz","description":"Le Contr\u00f4le f\u00e9d\u00e9ral des finances (CDF) est l'organe supr\u00eame de surveillance financi\u00e8re de la Conf\u00e9d\u00e9ration suisse.","publisher":{"@id":"https:\/\/www.efk.admin.ch\/fr\/#organization"},"alternateName":"EFK","potentialAction":[{"@type":"SearchAction","target":{"@type":"EntryPoint","urlTemplate":"https:\/\/www.efk.admin.ch\/fr\/?s={search_term_string}"},"query-input":{"@type":"PropertyValueSpecification","valueRequired":true,"valueName":"search_term_string"}}],"inLanguage":"fr-FR"},{"@type":"Organization","@id":"https:\/\/www.efk.admin.ch\/fr\/#organization","name":"Contr\u00f4le f\u00e9d\u00e9ral des finances (CDF)","alternateName":"EFK","url":"https:\/\/www.efk.admin.ch\/fr\/","logo":{"@type":"ImageObject","inLanguage":"fr-FR","@id":"https:\/\/www.efk.admin.ch\/fr\/#\/schema\/logo\/image\/","url":"https:\/\/www.efk.admin.ch\/wp-content\/uploads\/efk_cdf_logo_ohne_claim.png","contentUrl":"https:\/\/www.efk.admin.ch\/wp-content\/uploads\/efk_cdf_logo_ohne_claim.png","width":268,"height":258,"caption":"Contr\u00f4le f\u00e9d\u00e9ral des finances (CDF)"},"image":{"@id":"https:\/\/www.efk.admin.ch\/fr\/#\/schema\/logo\/image\/"},"sameAs":["https:\/\/www.instagram.com\/efk_cdf_sfao\/","https:\/\/www.youtube.com\/channel\/UCm-bXj227VE5sJzhB-ihdvw\/featured","https:\/\/www.linkedin.com\/company\/11081578\/"]}]}},"_links":{"self":[{"href":"https:\/\/www.efk.admin.ch\/fr\/wp-json\/wp\/v2\/audit\/27308","targetHints":{"allow":["GET"]}}],"collection":[{"href":"https:\/\/www.efk.admin.ch\/fr\/wp-json\/wp\/v2\/audit"}],"about":[{"href":"https:\/\/www.efk.admin.ch\/fr\/wp-json\/wp\/v2\/types\/audit"}],"acf:post":[{"embeddable":true,"href":"https:\/\/www.efk.admin.ch\/fr\/wp-json\/wp\/v2\/office\/7960"}],"wp:attachment":[{"href":"https:\/\/www.efk.admin.ch\/fr\/wp-json\/wp\/v2\/media?parent=27308"}],"wp:term":[{"taxonomy":"audit_category","embeddable":true,"href":"https:\/\/www.efk.admin.ch\/fr\/wp-json\/wp\/v2\/audit_category?post=27308"},{"taxonomy":"audit_type","embeddable":true,"href":"https:\/\/www.efk.admin.ch\/fr\/wp-json\/wp\/v2\/audit_type?post=27308"}],"curies":[{"name":"wp","href":"https:\/\/api.w.org\/{rel}","templated":true}]}}