{"id":27011,"date":"2024-04-11T18:02:56","date_gmt":"2024-04-11T16:02:56","guid":{"rendered":"https:\/\/preview.efk.admin.ch\/?post_type=audit&#038;p=27011"},"modified":"2024-04-11T18:06:40","modified_gmt":"2024-04-11T16:06:40","slug":"mise-en-oeuvre-des-mesures-transitoires-suisses-relatives-a-horizon-europe","status":"publish","type":"audit","link":"https:\/\/www.efk.admin.ch\/fr\/audit\/mise-en-oeuvre-des-mesures-transitoires-suisses-relatives-a-horizon-europe\/","title":{"rendered":"Mise en \u0153uvre des mesures transitoires suisses relatives \u00e0 Horizon Europe\u00a0"},"content":{"rendered":"\n<p>Depuis 2021, la Suisse n\u2019est plus associ\u00e9e au programme-cadre de l\u2019Union europ\u00e9enne (UE) pour la recherche et l\u2019innovation. Il s\u2019agit du plus vaste programme commun d\u2019encouragement de la recherche et de l\u2019innovation de l\u2019UE. La perte du statut de pays associ\u00e9 exclut la Suisse d\u2019environ un tiers des volets du programme. Une participation suisse reste possible pour les deux tiers restants, mais elle doit \u00eatre financ\u00e9e directement par la Conf\u00e9d\u00e9ration. Les mesures transitoires visent \u00e0 couvrir les volets non accessibles du programme dans les appels d\u2019offres nationaux et \u00e0 combler les lacunes dans l\u2019encouragement de la recherche en Suisse.<\/p>\n\n\n\n<figure class=\"wp-block-image size-large\"><img loading=\"lazy\" decoding=\"async\" width=\"1024\" height=\"640\" src=\"https:\/\/www.efk.admin.ch\/wp-content\/uploads\/publikationen\/berichte\/bildung_und_soziales\/bildung_und_forschung\/23450\/wik_ueberblick_pa23450_f-1024x640.jpg\" alt=\"\" class=\"wp-image-27004\" srcset=\"https:\/\/www.efk.admin.ch\/wp-content\/uploads\/publikationen\/berichte\/bildung_und_soziales\/bildung_und_forschung\/23450\/wik_ueberblick_pa23450_f-1024x640.jpg 1024w, https:\/\/www.efk.admin.ch\/wp-content\/uploads\/publikationen\/berichte\/bildung_und_soziales\/bildung_und_forschung\/23450\/wik_ueberblick_pa23450_f-300x187.jpg 300w, https:\/\/www.efk.admin.ch\/wp-content\/uploads\/publikationen\/berichte\/bildung_und_soziales\/bildung_und_forschung\/23450\/wik_ueberblick_pa23450_f-768x480.jpg 768w, https:\/\/www.efk.admin.ch\/wp-content\/uploads\/publikationen\/berichte\/bildung_und_soziales\/bildung_und_forschung\/23450\/wik_ueberblick_pa23450_f-1536x960.jpg 1536w, https:\/\/www.efk.admin.ch\/wp-content\/uploads\/publikationen\/berichte\/bildung_und_soziales\/bildung_und_forschung\/23450\/wik_ueberblick_pa23450_f-2048x1280.jpg 2048w, https:\/\/www.efk.admin.ch\/wp-content\/uploads\/publikationen\/berichte\/bildung_und_soziales\/bildung_und_forschung\/23450\/wik_ueberblick_pa23450_f.jpg 1280w\" sizes=\"auto, (max-width: 1024px) 100vw, 1024px\" \/><\/figure>\n","protected":false},"featured_media":0,"menu_order":0,"template":"","audit_category":[67],"audit_type":[52],"class_list":["post-27011","audit","type-audit","status-publish","hentry","audit_category-formation-et-recherche","audit_type-audit-fr"],"acf":{"audit_lang":[{"lang":"d"},{"lang":"f"}],"audit_numbers":[{"audit_number":"23450"}],"audit_office":[7946,7994,27008],"audit_office_text":"","audit_date":"20240320","bgo":false,"keywords":" Mesures transitoires, Horizon Europe, SEFRI, Secr\u00e9tariat d'Etat \u00e0 la formation, \u00e0 la recherche et \u00e0 l'innovation, Fonds national suisse, Innosuisse, Union europ\u00e9enne, UE, programme-cadre, science, promotion, appels d'offres ","audit_office_local":""},"yoast_head":"<!-- This site is optimized with the Yoast SEO Premium plugin v27.4 (Yoast SEO v27.4) - https:\/\/yoast.com\/product\/yoast-seo-premium-wordpress\/ -->\n<title>Mise en \u0153uvre des mesures transitoires suisses relatives \u00e0 Horizon Europe\u00a0 - Contr\u00f4le f\u00e9d\u00e9ral des finances (CDF)<\/title>\n<meta name=\"description\" content=\"Mise en \u0153uvre des mesures transitoires suisses relatives \u00e0 Horizon Europe\u00a0\" \/>\n<meta name=\"robots\" content=\"index, follow, max-snippet:-1, max-image-preview:large, max-video-preview:-1\" \/>\n<link rel=\"canonical\" href=\"https:\/\/www.efk.admin.ch\/fr\/audit\/mise-en-oeuvre-des-mesures-transitoires-suisses-relatives-a-horizon-europe\/\" \/>\n<meta property=\"og:locale\" content=\"fr_FR\" \/>\n<meta property=\"og:type\" content=\"article\" \/>\n<meta property=\"og:title\" content=\"Mise en \u0153uvre des mesures transitoires suisses relatives \u00e0 Horizon Europe\u00a0\" \/>\n<meta property=\"og:description\" content=\"Mise en \u0153uvre des mesures transitoires suisses relatives \u00e0 Horizon Europe\u00a0\" \/>\n<meta property=\"og:url\" content=\"https:\/\/www.efk.admin.ch\/fr\/audit\/mise-en-oeuvre-des-mesures-transitoires-suisses-relatives-a-horizon-europe\/\" \/>\n<meta property=\"og:site_name\" content=\"Contr\u00f4le f\u00e9d\u00e9ral des finances (CDF)\" \/>\n<meta property=\"article:modified_time\" content=\"2024-04-11T16:06:40+00:00\" \/>\n<meta property=\"og:image\" content=\"https:\/\/www.efk.admin.ch\/wp-content\/uploads\/publikationen\/berichte\/bildung_und_soziales\/bildung_und_forschung\/23450\/wik_ueberblick_pa23450_f-1024x640.jpg\" \/>\n<meta name=\"twitter:card\" content=\"summary_large_image\" \/>\n<meta name=\"twitter:label1\" content=\"Dur\u00e9e de lecture estim\u00e9e\" \/>\n\t<meta name=\"twitter:data1\" content=\"1 minute\" \/>\n<script type=\"application\/ld+json\" class=\"yoast-schema-graph\">{\"@context\":\"https:\\\/\\\/schema.org\",\"@graph\":[{\"@type\":\"WebPage\",\"@id\":\"https:\\\/\\\/www.efk.admin.ch\\\/fr\\\/audit\\\/mise-en-oeuvre-des-mesures-transitoires-suisses-relatives-a-horizon-europe\\\/\",\"url\":\"https:\\\/\\\/www.efk.admin.ch\\\/fr\\\/audit\\\/mise-en-oeuvre-des-mesures-transitoires-suisses-relatives-a-horizon-europe\\\/\",\"name\":\"Mise en \u0153uvre des mesures transitoires suisses relatives \u00e0 Horizon Europe\u00a0 - Contr\u00f4le f\u00e9d\u00e9ral des finances (CDF)\",\"isPartOf\":{\"@id\":\"https:\\\/\\\/www.efk.admin.ch\\\/fr\\\/#website\"},\"primaryImageOfPage\":{\"@id\":\"https:\\\/\\\/www.efk.admin.ch\\\/fr\\\/audit\\\/mise-en-oeuvre-des-mesures-transitoires-suisses-relatives-a-horizon-europe\\\/#primaryimage\"},\"image\":{\"@id\":\"https:\\\/\\\/www.efk.admin.ch\\\/fr\\\/audit\\\/mise-en-oeuvre-des-mesures-transitoires-suisses-relatives-a-horizon-europe\\\/#primaryimage\"},\"thumbnailUrl\":\"https:\\\/\\\/www.efk.admin.ch\\\/wp-content\\\/uploads\\\/publikationen\\\/berichte\\\/bildung_und_soziales\\\/bildung_und_forschung\\\/23450\\\/wik_ueberblick_pa23450_f-1024x640.jpg\",\"datePublished\":\"2024-04-11T16:02:56+00:00\",\"dateModified\":\"2024-04-11T16:06:40+00:00\",\"description\":\"Mise en \u0153uvre des mesures transitoires suisses relatives \u00e0 Horizon Europe\u00a0\",\"breadcrumb\":{\"@id\":\"https:\\\/\\\/www.efk.admin.ch\\\/fr\\\/audit\\\/mise-en-oeuvre-des-mesures-transitoires-suisses-relatives-a-horizon-europe\\\/#breadcrumb\"},\"inLanguage\":\"fr-FR\",\"potentialAction\":[{\"@type\":\"ReadAction\",\"target\":[\"https:\\\/\\\/www.efk.admin.ch\\\/fr\\\/audit\\\/mise-en-oeuvre-des-mesures-transitoires-suisses-relatives-a-horizon-europe\\\/\"]}]},{\"@type\":\"ImageObject\",\"inLanguage\":\"fr-FR\",\"@id\":\"https:\\\/\\\/www.efk.admin.ch\\\/fr\\\/audit\\\/mise-en-oeuvre-des-mesures-transitoires-suisses-relatives-a-horizon-europe\\\/#primaryimage\",\"url\":\"https:\\\/\\\/www.efk.admin.ch\\\/wp-content\\\/uploads\\\/publikationen\\\/berichte\\\/bildung_und_soziales\\\/bildung_und_forschung\\\/23450\\\/wik_ueberblick_pa23450_f-1024x640.jpg\",\"contentUrl\":\"https:\\\/\\\/www.efk.admin.ch\\\/wp-content\\\/uploads\\\/publikationen\\\/berichte\\\/bildung_und_soziales\\\/bildung_und_forschung\\\/23450\\\/wik_ueberblick_pa23450_f-1024x640.jpg\"},{\"@type\":\"BreadcrumbList\",\"@id\":\"https:\\\/\\\/www.efk.admin.ch\\\/fr\\\/audit\\\/mise-en-oeuvre-des-mesures-transitoires-suisses-relatives-a-horizon-europe\\\/#breadcrumb\",\"itemListElement\":[{\"@type\":\"ListItem\",\"position\":1,\"name\":\"Home\",\"item\":\"https:\\\/\\\/www.efk.admin.ch\\\/fr\\\/\"},{\"@type\":\"ListItem\",\"position\":2,\"name\":\"Rapport\",\"item\":\"https:\\\/\\\/www.efk.admin.ch\\\/fr\\\/audit\\\/\"},{\"@type\":\"ListItem\",\"position\":3,\"name\":\"Mise en \u0153uvre des mesures transitoires suisses relatives \u00e0 Horizon Europe\u00a0\"}]},{\"@type\":\"WebSite\",\"@id\":\"https:\\\/\\\/www.efk.admin.ch\\\/fr\\\/#website\",\"url\":\"https:\\\/\\\/www.efk.admin.ch\\\/fr\\\/\",\"name\":\"Informationen \u00fcber das oberste Finanzaufsichtsorgan der Schweiz\",\"description\":\"Le Contr\u00f4le f\u00e9d\u00e9ral des finances (CDF) est l'organe supr\u00eame de surveillance financi\u00e8re de la Conf\u00e9d\u00e9ration suisse.\",\"publisher\":{\"@id\":\"https:\\\/\\\/www.efk.admin.ch\\\/fr\\\/#organization\"},\"alternateName\":\"EFK\",\"potentialAction\":[{\"@type\":\"SearchAction\",\"target\":{\"@type\":\"EntryPoint\",\"urlTemplate\":\"https:\\\/\\\/www.efk.admin.ch\\\/fr\\\/?s={search_term_string}\"},\"query-input\":{\"@type\":\"PropertyValueSpecification\",\"valueRequired\":true,\"valueName\":\"search_term_string\"}}],\"inLanguage\":\"fr-FR\"},{\"@type\":\"Organization\",\"@id\":\"https:\\\/\\\/www.efk.admin.ch\\\/fr\\\/#organization\",\"name\":\"Contr\u00f4le f\u00e9d\u00e9ral des finances (CDF)\",\"alternateName\":\"EFK\",\"url\":\"https:\\\/\\\/www.efk.admin.ch\\\/fr\\\/\",\"logo\":{\"@type\":\"ImageObject\",\"inLanguage\":\"fr-FR\",\"@id\":\"https:\\\/\\\/www.efk.admin.ch\\\/fr\\\/#\\\/schema\\\/logo\\\/image\\\/\",\"url\":\"https:\\\/\\\/www.efk.admin.ch\\\/wp-content\\\/uploads\\\/efk_cdf_logo_ohne_claim.png\",\"contentUrl\":\"https:\\\/\\\/www.efk.admin.ch\\\/wp-content\\\/uploads\\\/efk_cdf_logo_ohne_claim.png\",\"width\":268,\"height\":258,\"caption\":\"Contr\u00f4le f\u00e9d\u00e9ral des finances (CDF)\"},\"image\":{\"@id\":\"https:\\\/\\\/www.efk.admin.ch\\\/fr\\\/#\\\/schema\\\/logo\\\/image\\\/\"},\"sameAs\":[\"https:\\\/\\\/www.instagram.com\\\/efk_cdf_sfao\\\/\",\"https:\\\/\\\/www.youtube.com\\\/channel\\\/UCm-bXj227VE5sJzhB-ihdvw\\\/featured\",\"https:\\\/\\\/www.linkedin.com\\\/company\\\/11081578\\\/\"]}]}<\/script>\n<!-- \/ Yoast SEO Premium plugin. -->","yoast_head_json":{"title":"Mise en \u0153uvre des mesures transitoires suisses relatives \u00e0 Horizon Europe\u00a0 - Contr\u00f4le f\u00e9d\u00e9ral des finances (CDF)","description":"Mise en \u0153uvre des mesures transitoires suisses relatives \u00e0 Horizon Europe\u00a0","robots":{"index":"index","follow":"follow","max-snippet":"max-snippet:-1","max-image-preview":"max-image-preview:large","max-video-preview":"max-video-preview:-1"},"canonical":"https:\/\/www.efk.admin.ch\/fr\/audit\/mise-en-oeuvre-des-mesures-transitoires-suisses-relatives-a-horizon-europe\/","og_locale":"fr_FR","og_type":"article","og_title":"Mise en \u0153uvre des mesures transitoires suisses relatives \u00e0 Horizon Europe\u00a0","og_description":"Mise en \u0153uvre des mesures transitoires suisses relatives \u00e0 Horizon Europe\u00a0","og_url":"https:\/\/www.efk.admin.ch\/fr\/audit\/mise-en-oeuvre-des-mesures-transitoires-suisses-relatives-a-horizon-europe\/","og_site_name":"Contr\u00f4le f\u00e9d\u00e9ral des finances (CDF)","article_modified_time":"2024-04-11T16:06:40+00:00","og_image":[{"url":"https:\/\/www.efk.admin.ch\/wp-content\/uploads\/publikationen\/berichte\/bildung_und_soziales\/bildung_und_forschung\/23450\/wik_ueberblick_pa23450_f-1024x640.jpg","type":"","width":"","height":""}],"twitter_card":"summary_large_image","twitter_misc":{"Dur\u00e9e de lecture estim\u00e9e":"1 minute"},"schema":{"@context":"https:\/\/schema.org","@graph":[{"@type":"WebPage","@id":"https:\/\/www.efk.admin.ch\/fr\/audit\/mise-en-oeuvre-des-mesures-transitoires-suisses-relatives-a-horizon-europe\/","url":"https:\/\/www.efk.admin.ch\/fr\/audit\/mise-en-oeuvre-des-mesures-transitoires-suisses-relatives-a-horizon-europe\/","name":"Mise en \u0153uvre des mesures transitoires suisses relatives \u00e0 Horizon Europe\u00a0 - Contr\u00f4le f\u00e9d\u00e9ral des finances (CDF)","isPartOf":{"@id":"https:\/\/www.efk.admin.ch\/fr\/#website"},"primaryImageOfPage":{"@id":"https:\/\/www.efk.admin.ch\/fr\/audit\/mise-en-oeuvre-des-mesures-transitoires-suisses-relatives-a-horizon-europe\/#primaryimage"},"image":{"@id":"https:\/\/www.efk.admin.ch\/fr\/audit\/mise-en-oeuvre-des-mesures-transitoires-suisses-relatives-a-horizon-europe\/#primaryimage"},"thumbnailUrl":"https:\/\/www.efk.admin.ch\/wp-content\/uploads\/publikationen\/berichte\/bildung_und_soziales\/bildung_und_forschung\/23450\/wik_ueberblick_pa23450_f-1024x640.jpg","datePublished":"2024-04-11T16:02:56+00:00","dateModified":"2024-04-11T16:06:40+00:00","description":"Mise en \u0153uvre des mesures transitoires suisses relatives \u00e0 Horizon Europe\u00a0","breadcrumb":{"@id":"https:\/\/www.efk.admin.ch\/fr\/audit\/mise-en-oeuvre-des-mesures-transitoires-suisses-relatives-a-horizon-europe\/#breadcrumb"},"inLanguage":"fr-FR","potentialAction":[{"@type":"ReadAction","target":["https:\/\/www.efk.admin.ch\/fr\/audit\/mise-en-oeuvre-des-mesures-transitoires-suisses-relatives-a-horizon-europe\/"]}]},{"@type":"ImageObject","inLanguage":"fr-FR","@id":"https:\/\/www.efk.admin.ch\/fr\/audit\/mise-en-oeuvre-des-mesures-transitoires-suisses-relatives-a-horizon-europe\/#primaryimage","url":"https:\/\/www.efk.admin.ch\/wp-content\/uploads\/publikationen\/berichte\/bildung_und_soziales\/bildung_und_forschung\/23450\/wik_ueberblick_pa23450_f-1024x640.jpg","contentUrl":"https:\/\/www.efk.admin.ch\/wp-content\/uploads\/publikationen\/berichte\/bildung_und_soziales\/bildung_und_forschung\/23450\/wik_ueberblick_pa23450_f-1024x640.jpg"},{"@type":"BreadcrumbList","@id":"https:\/\/www.efk.admin.ch\/fr\/audit\/mise-en-oeuvre-des-mesures-transitoires-suisses-relatives-a-horizon-europe\/#breadcrumb","itemListElement":[{"@type":"ListItem","position":1,"name":"Home","item":"https:\/\/www.efk.admin.ch\/fr\/"},{"@type":"ListItem","position":2,"name":"Rapport","item":"https:\/\/www.efk.admin.ch\/fr\/audit\/"},{"@type":"ListItem","position":3,"name":"Mise en \u0153uvre des mesures transitoires suisses relatives \u00e0 Horizon Europe\u00a0"}]},{"@type":"WebSite","@id":"https:\/\/www.efk.admin.ch\/fr\/#website","url":"https:\/\/www.efk.admin.ch\/fr\/","name":"Informationen \u00fcber das oberste Finanzaufsichtsorgan der Schweiz","description":"Le Contr\u00f4le f\u00e9d\u00e9ral des finances (CDF) est l'organe supr\u00eame de surveillance financi\u00e8re de la Conf\u00e9d\u00e9ration suisse.","publisher":{"@id":"https:\/\/www.efk.admin.ch\/fr\/#organization"},"alternateName":"EFK","potentialAction":[{"@type":"SearchAction","target":{"@type":"EntryPoint","urlTemplate":"https:\/\/www.efk.admin.ch\/fr\/?s={search_term_string}"},"query-input":{"@type":"PropertyValueSpecification","valueRequired":true,"valueName":"search_term_string"}}],"inLanguage":"fr-FR"},{"@type":"Organization","@id":"https:\/\/www.efk.admin.ch\/fr\/#organization","name":"Contr\u00f4le f\u00e9d\u00e9ral des finances (CDF)","alternateName":"EFK","url":"https:\/\/www.efk.admin.ch\/fr\/","logo":{"@type":"ImageObject","inLanguage":"fr-FR","@id":"https:\/\/www.efk.admin.ch\/fr\/#\/schema\/logo\/image\/","url":"https:\/\/www.efk.admin.ch\/wp-content\/uploads\/efk_cdf_logo_ohne_claim.png","contentUrl":"https:\/\/www.efk.admin.ch\/wp-content\/uploads\/efk_cdf_logo_ohne_claim.png","width":268,"height":258,"caption":"Contr\u00f4le f\u00e9d\u00e9ral des finances (CDF)"},"image":{"@id":"https:\/\/www.efk.admin.ch\/fr\/#\/schema\/logo\/image\/"},"sameAs":["https:\/\/www.instagram.com\/efk_cdf_sfao\/","https:\/\/www.youtube.com\/channel\/UCm-bXj227VE5sJzhB-ihdvw\/featured","https:\/\/www.linkedin.com\/company\/11081578\/"]}]}},"_links":{"self":[{"href":"https:\/\/www.efk.admin.ch\/fr\/wp-json\/wp\/v2\/audit\/27011","targetHints":{"allow":["GET"]}}],"collection":[{"href":"https:\/\/www.efk.admin.ch\/fr\/wp-json\/wp\/v2\/audit"}],"about":[{"href":"https:\/\/www.efk.admin.ch\/fr\/wp-json\/wp\/v2\/types\/audit"}],"acf:post":[{"embeddable":true,"href":"https:\/\/www.efk.admin.ch\/fr\/wp-json\/wp\/v2\/office\/27008"},{"embeddable":true,"href":"https:\/\/www.efk.admin.ch\/fr\/wp-json\/wp\/v2\/office\/7994"},{"embeddable":true,"href":"https:\/\/www.efk.admin.ch\/fr\/wp-json\/wp\/v2\/office\/7946"}],"wp:attachment":[{"href":"https:\/\/www.efk.admin.ch\/fr\/wp-json\/wp\/v2\/media?parent=27011"}],"wp:term":[{"taxonomy":"audit_category","embeddable":true,"href":"https:\/\/www.efk.admin.ch\/fr\/wp-json\/wp\/v2\/audit_category?post=27011"},{"taxonomy":"audit_type","embeddable":true,"href":"https:\/\/www.efk.admin.ch\/fr\/wp-json\/wp\/v2\/audit_type?post=27011"}],"curies":[{"name":"wp","href":"https:\/\/api.w.org\/{rel}","templated":true}]}}