{"id":26869,"date":"2024-04-10T17:24:15","date_gmt":"2024-04-10T15:24:15","guid":{"rendered":"https:\/\/preview.efk.admin.ch\/?post_type=audit&#038;p=26869"},"modified":"2024-04-10T17:29:55","modified_gmt":"2024-04-10T15:29:55","slug":"projet-tni-cle-rzplus-securisation-de-la-puissance-de-calcul","status":"publish","type":"audit","link":"https:\/\/www.efk.admin.ch\/fr\/audit\/projet-tni-cle-rzplus-securisation-de-la-puissance-de-calcul\/","title":{"rendered":"Projet TNI cl\u00e9 RZPlus \u2013 S\u00e9curisation de la puissance de calcul"},"content":{"rendered":"\n<p>M\u00e9t\u00e9oSuisse est une infrastructure critique qui fournit des services indispensables \u00e0 la Suisse, tels que des alertes lors d\u2019intemp\u00e9ries, des analyses concernant la propagation de polluants etc. Si ces services sont interrompus ou s\u2019ils sont fournis de mani\u00e8re limit\u00e9e, des vies humaines peuvent \u00eatre mises en danger et entra\u00eener d\u2019importants dommages \u00e9conomiques. Avec le programme RZPlus, M\u00e9t\u00e9oSuisse augmente la s\u00e9curisation de ses prestations. Pour ce faire, elle met en place une nouvelle g\u00e9oredondance des applications sp\u00e9cialis\u00e9es critiques et des moyens TIC n\u00e9cessaires et adapte les processus d\u2019exploitation TIC. Sur la base de services en nuage public\u00a0<em>(public cloud services)<\/em>\u00a0et d\u2019architectures appropri\u00e9es, les applications sp\u00e9cialis\u00e9es sont d\u00e9coupl\u00e9es autant que possible les unes des autres, ce qui permet d\u2019augmenter encore la s\u00e9curisation de ses services. RZPlus s\u2019\u00e9tend de 2022 \u00e0 2028 et co\u00fbte environ 39 millions de francs. Le Contr\u00f4le f\u00e9d\u00e9ral des finances (CDF) a audit\u00e9 le programme pour la premi\u00e8re fois et met l\u2019accent sur le pilotage du programme et la gestion des risques.<\/p>\n\n\n\n<figure class=\"wp-block-image size-large\"><img loading=\"lazy\" decoding=\"async\" width=\"1024\" height=\"640\" src=\"https:\/\/www.efk.admin.ch\/wp-content\/uploads\/publikationen\/berichte\/wirtschaft_und_verwaltung\/informatikprojekte\/23623\/wik_ueberblick_pa23623_f-1024x640.jpg\" alt=\"\" class=\"wp-image-26866\" srcset=\"https:\/\/www.efk.admin.ch\/wp-content\/uploads\/publikationen\/berichte\/wirtschaft_und_verwaltung\/informatikprojekte\/23623\/wik_ueberblick_pa23623_f-1024x640.jpg 1024w, https:\/\/www.efk.admin.ch\/wp-content\/uploads\/publikationen\/berichte\/wirtschaft_und_verwaltung\/informatikprojekte\/23623\/wik_ueberblick_pa23623_f-300x187.jpg 300w, https:\/\/www.efk.admin.ch\/wp-content\/uploads\/publikationen\/berichte\/wirtschaft_und_verwaltung\/informatikprojekte\/23623\/wik_ueberblick_pa23623_f-768x480.jpg 768w, https:\/\/www.efk.admin.ch\/wp-content\/uploads\/publikationen\/berichte\/wirtschaft_und_verwaltung\/informatikprojekte\/23623\/wik_ueberblick_pa23623_f-1536x960.jpg 1536w, https:\/\/www.efk.admin.ch\/wp-content\/uploads\/publikationen\/berichte\/wirtschaft_und_verwaltung\/informatikprojekte\/23623\/wik_ueberblick_pa23623_f-2048x1280.jpg 2048w, https:\/\/www.efk.admin.ch\/wp-content\/uploads\/publikationen\/berichte\/wirtschaft_und_verwaltung\/informatikprojekte\/23623\/wik_ueberblick_pa23623_f.jpg 1280w\" sizes=\"auto, (max-width: 1024px) 100vw, 1024px\" \/><\/figure>\n","protected":false},"featured_media":0,"menu_order":0,"template":"","audit_category":[79],"audit_type":[52],"class_list":["post-26869","audit","type-audit","status-publish","hentry","audit_category-projets-informatiques","audit_type-audit-fr"],"acf":{"audit_lang":[{"lang":"d"}],"audit_numbers":[{"audit_number":"23623"}],"audit_office":7903,"audit_office_text":"","audit_date":"20240325","bgo":false,"keywords":"TNI, projet cl\u00e9, RZPlus, M\u00e9t\u00e9osuisse, Office f\u00e9d\u00e9ral de m\u00e9t\u00e9orologie et de climatologie, TIC, processus d'exploitation, TIC, programme, gestion de programme, gestion des risques, infrastructure, services, alerte aux intemp\u00e9ries, analyse de la propagation, polluants, dommages","audit_office_local":""},"yoast_head":"<!-- This site is optimized with the Yoast SEO Premium plugin v27.4 (Yoast SEO v27.4) - https:\/\/yoast.com\/product\/yoast-seo-premium-wordpress\/ -->\n<title>Projet TNI cl\u00e9 RZPlus \u2013 S\u00e9curisation de la puissance de calcul - Contr\u00f4le f\u00e9d\u00e9ral des finances (CDF)<\/title>\n<meta name=\"description\" content=\"Projet TNI cl\u00e9 RZPlus \u2013 S\u00e9curisation de la puissance de calcul\" \/>\n<meta name=\"robots\" content=\"index, follow, max-snippet:-1, max-image-preview:large, max-video-preview:-1\" \/>\n<link rel=\"canonical\" href=\"https:\/\/www.efk.admin.ch\/fr\/audit\/projet-tni-cle-rzplus-securisation-de-la-puissance-de-calcul\/\" \/>\n<meta property=\"og:locale\" content=\"fr_FR\" \/>\n<meta property=\"og:type\" content=\"article\" \/>\n<meta property=\"og:title\" content=\"Projet TNI cl\u00e9 RZPlus \u2013 S\u00e9curisation de la puissance de calcul\" \/>\n<meta property=\"og:description\" content=\"Projet TNI cl\u00e9 RZPlus \u2013 S\u00e9curisation de la puissance de calcul\" \/>\n<meta property=\"og:url\" content=\"https:\/\/www.efk.admin.ch\/fr\/audit\/projet-tni-cle-rzplus-securisation-de-la-puissance-de-calcul\/\" \/>\n<meta property=\"og:site_name\" content=\"Contr\u00f4le f\u00e9d\u00e9ral des finances (CDF)\" \/>\n<meta property=\"article:modified_time\" content=\"2024-04-10T15:29:55+00:00\" \/>\n<meta property=\"og:image\" content=\"https:\/\/www.efk.admin.ch\/wp-content\/uploads\/publikationen\/berichte\/wirtschaft_und_verwaltung\/informatikprojekte\/23623\/wik_ueberblick_pa23623_f-1024x640.jpg\" \/>\n<meta name=\"twitter:card\" content=\"summary_large_image\" \/>\n<meta name=\"twitter:label1\" content=\"Dur\u00e9e de lecture estim\u00e9e\" \/>\n\t<meta name=\"twitter:data1\" content=\"1 minute\" \/>\n<script type=\"application\/ld+json\" class=\"yoast-schema-graph\">{\"@context\":\"https:\\\/\\\/schema.org\",\"@graph\":[{\"@type\":\"WebPage\",\"@id\":\"https:\\\/\\\/www.efk.admin.ch\\\/fr\\\/audit\\\/projet-tni-cle-rzplus-securisation-de-la-puissance-de-calcul\\\/\",\"url\":\"https:\\\/\\\/www.efk.admin.ch\\\/fr\\\/audit\\\/projet-tni-cle-rzplus-securisation-de-la-puissance-de-calcul\\\/\",\"name\":\"Projet TNI cl\u00e9 RZPlus \u2013 S\u00e9curisation de la puissance de calcul - Contr\u00f4le f\u00e9d\u00e9ral des finances (CDF)\",\"isPartOf\":{\"@id\":\"https:\\\/\\\/www.efk.admin.ch\\\/fr\\\/#website\"},\"primaryImageOfPage\":{\"@id\":\"https:\\\/\\\/www.efk.admin.ch\\\/fr\\\/audit\\\/projet-tni-cle-rzplus-securisation-de-la-puissance-de-calcul\\\/#primaryimage\"},\"image\":{\"@id\":\"https:\\\/\\\/www.efk.admin.ch\\\/fr\\\/audit\\\/projet-tni-cle-rzplus-securisation-de-la-puissance-de-calcul\\\/#primaryimage\"},\"thumbnailUrl\":\"https:\\\/\\\/www.efk.admin.ch\\\/wp-content\\\/uploads\\\/publikationen\\\/berichte\\\/wirtschaft_und_verwaltung\\\/informatikprojekte\\\/23623\\\/wik_ueberblick_pa23623_f-1024x640.jpg\",\"datePublished\":\"2024-04-10T15:24:15+00:00\",\"dateModified\":\"2024-04-10T15:29:55+00:00\",\"description\":\"Projet TNI cl\u00e9 RZPlus \u2013 S\u00e9curisation de la puissance de calcul\",\"breadcrumb\":{\"@id\":\"https:\\\/\\\/www.efk.admin.ch\\\/fr\\\/audit\\\/projet-tni-cle-rzplus-securisation-de-la-puissance-de-calcul\\\/#breadcrumb\"},\"inLanguage\":\"fr-FR\",\"potentialAction\":[{\"@type\":\"ReadAction\",\"target\":[\"https:\\\/\\\/www.efk.admin.ch\\\/fr\\\/audit\\\/projet-tni-cle-rzplus-securisation-de-la-puissance-de-calcul\\\/\"]}]},{\"@type\":\"ImageObject\",\"inLanguage\":\"fr-FR\",\"@id\":\"https:\\\/\\\/www.efk.admin.ch\\\/fr\\\/audit\\\/projet-tni-cle-rzplus-securisation-de-la-puissance-de-calcul\\\/#primaryimage\",\"url\":\"https:\\\/\\\/www.efk.admin.ch\\\/wp-content\\\/uploads\\\/publikationen\\\/berichte\\\/wirtschaft_und_verwaltung\\\/informatikprojekte\\\/23623\\\/wik_ueberblick_pa23623_f-1024x640.jpg\",\"contentUrl\":\"https:\\\/\\\/www.efk.admin.ch\\\/wp-content\\\/uploads\\\/publikationen\\\/berichte\\\/wirtschaft_und_verwaltung\\\/informatikprojekte\\\/23623\\\/wik_ueberblick_pa23623_f-1024x640.jpg\"},{\"@type\":\"BreadcrumbList\",\"@id\":\"https:\\\/\\\/www.efk.admin.ch\\\/fr\\\/audit\\\/projet-tni-cle-rzplus-securisation-de-la-puissance-de-calcul\\\/#breadcrumb\",\"itemListElement\":[{\"@type\":\"ListItem\",\"position\":1,\"name\":\"Home\",\"item\":\"https:\\\/\\\/www.efk.admin.ch\\\/fr\\\/\"},{\"@type\":\"ListItem\",\"position\":2,\"name\":\"Rapport\",\"item\":\"https:\\\/\\\/www.efk.admin.ch\\\/fr\\\/audit\\\/\"},{\"@type\":\"ListItem\",\"position\":3,\"name\":\"Projet TNI cl\u00e9 RZPlus \u2013 S\u00e9curisation de la puissance de calcul\"}]},{\"@type\":\"WebSite\",\"@id\":\"https:\\\/\\\/www.efk.admin.ch\\\/fr\\\/#website\",\"url\":\"https:\\\/\\\/www.efk.admin.ch\\\/fr\\\/\",\"name\":\"Informationen \u00fcber das oberste Finanzaufsichtsorgan der Schweiz\",\"description\":\"Le Contr\u00f4le f\u00e9d\u00e9ral des finances (CDF) est l'organe supr\u00eame de surveillance financi\u00e8re de la Conf\u00e9d\u00e9ration suisse.\",\"publisher\":{\"@id\":\"https:\\\/\\\/www.efk.admin.ch\\\/fr\\\/#organization\"},\"alternateName\":\"EFK\",\"potentialAction\":[{\"@type\":\"SearchAction\",\"target\":{\"@type\":\"EntryPoint\",\"urlTemplate\":\"https:\\\/\\\/www.efk.admin.ch\\\/fr\\\/?s={search_term_string}\"},\"query-input\":{\"@type\":\"PropertyValueSpecification\",\"valueRequired\":true,\"valueName\":\"search_term_string\"}}],\"inLanguage\":\"fr-FR\"},{\"@type\":\"Organization\",\"@id\":\"https:\\\/\\\/www.efk.admin.ch\\\/fr\\\/#organization\",\"name\":\"Contr\u00f4le f\u00e9d\u00e9ral des finances (CDF)\",\"alternateName\":\"EFK\",\"url\":\"https:\\\/\\\/www.efk.admin.ch\\\/fr\\\/\",\"logo\":{\"@type\":\"ImageObject\",\"inLanguage\":\"fr-FR\",\"@id\":\"https:\\\/\\\/www.efk.admin.ch\\\/fr\\\/#\\\/schema\\\/logo\\\/image\\\/\",\"url\":\"https:\\\/\\\/www.efk.admin.ch\\\/wp-content\\\/uploads\\\/efk_cdf_logo_ohne_claim.png\",\"contentUrl\":\"https:\\\/\\\/www.efk.admin.ch\\\/wp-content\\\/uploads\\\/efk_cdf_logo_ohne_claim.png\",\"width\":268,\"height\":258,\"caption\":\"Contr\u00f4le f\u00e9d\u00e9ral des finances (CDF)\"},\"image\":{\"@id\":\"https:\\\/\\\/www.efk.admin.ch\\\/fr\\\/#\\\/schema\\\/logo\\\/image\\\/\"},\"sameAs\":[\"https:\\\/\\\/www.instagram.com\\\/efk_cdf_sfao\\\/\",\"https:\\\/\\\/www.youtube.com\\\/channel\\\/UCm-bXj227VE5sJzhB-ihdvw\\\/featured\",\"https:\\\/\\\/www.linkedin.com\\\/company\\\/11081578\\\/\"]}]}<\/script>\n<!-- \/ Yoast SEO Premium plugin. -->","yoast_head_json":{"title":"Projet TNI cl\u00e9 RZPlus \u2013 S\u00e9curisation de la puissance de calcul - Contr\u00f4le f\u00e9d\u00e9ral des finances (CDF)","description":"Projet TNI cl\u00e9 RZPlus \u2013 S\u00e9curisation de la puissance de calcul","robots":{"index":"index","follow":"follow","max-snippet":"max-snippet:-1","max-image-preview":"max-image-preview:large","max-video-preview":"max-video-preview:-1"},"canonical":"https:\/\/www.efk.admin.ch\/fr\/audit\/projet-tni-cle-rzplus-securisation-de-la-puissance-de-calcul\/","og_locale":"fr_FR","og_type":"article","og_title":"Projet TNI cl\u00e9 RZPlus \u2013 S\u00e9curisation de la puissance de calcul","og_description":"Projet TNI cl\u00e9 RZPlus \u2013 S\u00e9curisation de la puissance de calcul","og_url":"https:\/\/www.efk.admin.ch\/fr\/audit\/projet-tni-cle-rzplus-securisation-de-la-puissance-de-calcul\/","og_site_name":"Contr\u00f4le f\u00e9d\u00e9ral des finances (CDF)","article_modified_time":"2024-04-10T15:29:55+00:00","og_image":[{"url":"https:\/\/www.efk.admin.ch\/wp-content\/uploads\/publikationen\/berichte\/wirtschaft_und_verwaltung\/informatikprojekte\/23623\/wik_ueberblick_pa23623_f-1024x640.jpg","type":"","width":"","height":""}],"twitter_card":"summary_large_image","twitter_misc":{"Dur\u00e9e de lecture estim\u00e9e":"1 minute"},"schema":{"@context":"https:\/\/schema.org","@graph":[{"@type":"WebPage","@id":"https:\/\/www.efk.admin.ch\/fr\/audit\/projet-tni-cle-rzplus-securisation-de-la-puissance-de-calcul\/","url":"https:\/\/www.efk.admin.ch\/fr\/audit\/projet-tni-cle-rzplus-securisation-de-la-puissance-de-calcul\/","name":"Projet TNI cl\u00e9 RZPlus \u2013 S\u00e9curisation de la puissance de calcul - Contr\u00f4le f\u00e9d\u00e9ral des finances (CDF)","isPartOf":{"@id":"https:\/\/www.efk.admin.ch\/fr\/#website"},"primaryImageOfPage":{"@id":"https:\/\/www.efk.admin.ch\/fr\/audit\/projet-tni-cle-rzplus-securisation-de-la-puissance-de-calcul\/#primaryimage"},"image":{"@id":"https:\/\/www.efk.admin.ch\/fr\/audit\/projet-tni-cle-rzplus-securisation-de-la-puissance-de-calcul\/#primaryimage"},"thumbnailUrl":"https:\/\/www.efk.admin.ch\/wp-content\/uploads\/publikationen\/berichte\/wirtschaft_und_verwaltung\/informatikprojekte\/23623\/wik_ueberblick_pa23623_f-1024x640.jpg","datePublished":"2024-04-10T15:24:15+00:00","dateModified":"2024-04-10T15:29:55+00:00","description":"Projet TNI cl\u00e9 RZPlus \u2013 S\u00e9curisation de la puissance de calcul","breadcrumb":{"@id":"https:\/\/www.efk.admin.ch\/fr\/audit\/projet-tni-cle-rzplus-securisation-de-la-puissance-de-calcul\/#breadcrumb"},"inLanguage":"fr-FR","potentialAction":[{"@type":"ReadAction","target":["https:\/\/www.efk.admin.ch\/fr\/audit\/projet-tni-cle-rzplus-securisation-de-la-puissance-de-calcul\/"]}]},{"@type":"ImageObject","inLanguage":"fr-FR","@id":"https:\/\/www.efk.admin.ch\/fr\/audit\/projet-tni-cle-rzplus-securisation-de-la-puissance-de-calcul\/#primaryimage","url":"https:\/\/www.efk.admin.ch\/wp-content\/uploads\/publikationen\/berichte\/wirtschaft_und_verwaltung\/informatikprojekte\/23623\/wik_ueberblick_pa23623_f-1024x640.jpg","contentUrl":"https:\/\/www.efk.admin.ch\/wp-content\/uploads\/publikationen\/berichte\/wirtschaft_und_verwaltung\/informatikprojekte\/23623\/wik_ueberblick_pa23623_f-1024x640.jpg"},{"@type":"BreadcrumbList","@id":"https:\/\/www.efk.admin.ch\/fr\/audit\/projet-tni-cle-rzplus-securisation-de-la-puissance-de-calcul\/#breadcrumb","itemListElement":[{"@type":"ListItem","position":1,"name":"Home","item":"https:\/\/www.efk.admin.ch\/fr\/"},{"@type":"ListItem","position":2,"name":"Rapport","item":"https:\/\/www.efk.admin.ch\/fr\/audit\/"},{"@type":"ListItem","position":3,"name":"Projet TNI cl\u00e9 RZPlus \u2013 S\u00e9curisation de la puissance de calcul"}]},{"@type":"WebSite","@id":"https:\/\/www.efk.admin.ch\/fr\/#website","url":"https:\/\/www.efk.admin.ch\/fr\/","name":"Informationen \u00fcber das oberste Finanzaufsichtsorgan der Schweiz","description":"Le Contr\u00f4le f\u00e9d\u00e9ral des finances (CDF) est l'organe supr\u00eame de surveillance financi\u00e8re de la Conf\u00e9d\u00e9ration suisse.","publisher":{"@id":"https:\/\/www.efk.admin.ch\/fr\/#organization"},"alternateName":"EFK","potentialAction":[{"@type":"SearchAction","target":{"@type":"EntryPoint","urlTemplate":"https:\/\/www.efk.admin.ch\/fr\/?s={search_term_string}"},"query-input":{"@type":"PropertyValueSpecification","valueRequired":true,"valueName":"search_term_string"}}],"inLanguage":"fr-FR"},{"@type":"Organization","@id":"https:\/\/www.efk.admin.ch\/fr\/#organization","name":"Contr\u00f4le f\u00e9d\u00e9ral des finances (CDF)","alternateName":"EFK","url":"https:\/\/www.efk.admin.ch\/fr\/","logo":{"@type":"ImageObject","inLanguage":"fr-FR","@id":"https:\/\/www.efk.admin.ch\/fr\/#\/schema\/logo\/image\/","url":"https:\/\/www.efk.admin.ch\/wp-content\/uploads\/efk_cdf_logo_ohne_claim.png","contentUrl":"https:\/\/www.efk.admin.ch\/wp-content\/uploads\/efk_cdf_logo_ohne_claim.png","width":268,"height":258,"caption":"Contr\u00f4le f\u00e9d\u00e9ral des finances (CDF)"},"image":{"@id":"https:\/\/www.efk.admin.ch\/fr\/#\/schema\/logo\/image\/"},"sameAs":["https:\/\/www.instagram.com\/efk_cdf_sfao\/","https:\/\/www.youtube.com\/channel\/UCm-bXj227VE5sJzhB-ihdvw\/featured","https:\/\/www.linkedin.com\/company\/11081578\/"]}]}},"_links":{"self":[{"href":"https:\/\/www.efk.admin.ch\/fr\/wp-json\/wp\/v2\/audit\/26869","targetHints":{"allow":["GET"]}}],"collection":[{"href":"https:\/\/www.efk.admin.ch\/fr\/wp-json\/wp\/v2\/audit"}],"about":[{"href":"https:\/\/www.efk.admin.ch\/fr\/wp-json\/wp\/v2\/types\/audit"}],"acf:post":[{"embeddable":true,"href":"https:\/\/www.efk.admin.ch\/fr\/wp-json\/wp\/v2\/office\/7903"}],"wp:attachment":[{"href":"https:\/\/www.efk.admin.ch\/fr\/wp-json\/wp\/v2\/media?parent=26869"}],"wp:term":[{"taxonomy":"audit_category","embeddable":true,"href":"https:\/\/www.efk.admin.ch\/fr\/wp-json\/wp\/v2\/audit_category?post=26869"},{"taxonomy":"audit_type","embeddable":true,"href":"https:\/\/www.efk.admin.ch\/fr\/wp-json\/wp\/v2\/audit_type?post=26869"}],"curies":[{"name":"wp","href":"https:\/\/api.w.org\/{rel}","templated":true}]}}