{"id":26560,"date":"2024-04-10T11:55:36","date_gmt":"2024-04-10T09:55:36","guid":{"rendered":"https:\/\/preview.efk.admin.ch\/?post_type=audit&#038;p=26560"},"modified":"2024-04-10T11:57:57","modified_gmt":"2024-04-10T09:57:57","slug":"impact-de-lintegration-de-lexploitation-de-la-bac-dans-lofit-en-termes-de-fiabilite","status":"publish","type":"audit","link":"https:\/\/www.efk.admin.ch\/fr\/audit\/impact-de-lintegration-de-lexploitation-de-la-bac-dans-lofit-en-termes-de-fiabilite\/","title":{"rendered":"Impact de l\u2019int\u00e9gration de l\u2019exploitation de la BAC dans l\u2019OFIT en termes de fiabilit\u00e9"},"content":{"rendered":"\n<p>Le fonctionnement autonome de l\u2019arm\u00e9e et le renforcement de la s\u00e9curit\u00e9 dans le cyberespace et dans la sph\u00e8re \u00e9lectromagn\u00e9tique sont des priorit\u00e9s du Conseil f\u00e9d\u00e9ral. Dans son message de septembre 2021 relatif \u00e0 la modification de la loi sur l\u2019arm\u00e9e et de son organisation, il a pos\u00e9 les bases de la cr\u00e9ation du commandement Cyber. En mati\u00e8re d\u2019exploitation, les objectifs informatiques 2026 de l\u2019arm\u00e9e visent \u00e0 s\u00e9parer les prestations qui sont critiques pour l\u2019engagement de celles qui ne le sont pas. En cons\u00e9quence, le Chef de l\u2019arm\u00e9e d\u00e9cide en 2022 le transfert de l\u2019exploitation des premi\u00e8res de la base d\u2019aide au commandement (BAC) au commandement Cyber. L\u2019exploitation des secondes sera transf\u00e9r\u00e9e \u00e0 l\u2019Office f\u00e9d\u00e9ral de l\u2019informatique et de la t\u00e9l\u00e9communication (OFIT).<\/p>\n","protected":false},"featured_media":0,"menu_order":0,"template":"","audit_category":[79],"audit_type":[52],"class_list":["post-26560","audit","type-audit","status-publish","hentry","audit_category-projets-informatiques","audit_type-audit-fr"],"acf":{"audit_lang":[{"lang":"f"}],"audit_numbers":[{"audit_number":"23754"}],"audit_office":[7941,7982],"audit_office_text":"","audit_date":"20240408","bgo":false,"keywords":"BAC, OFIT, int\u00e9gration, cyber, arm\u00e9e, organisation, s\u00e9curit\u00e9","audit_office_local":""},"yoast_head":"<!-- This site is optimized with the Yoast SEO Premium plugin v27.4 (Yoast SEO v27.4) - https:\/\/yoast.com\/product\/yoast-seo-premium-wordpress\/ -->\n<title>Impact de l\u2019int\u00e9gration de l\u2019exploitation de la BAC dans l\u2019OFIT en termes de fiabilit\u00e9 - Contr\u00f4le f\u00e9d\u00e9ral des finances (CDF)<\/title>\n<meta name=\"description\" content=\"Impact de l\u2019int\u00e9gration de l\u2019exploitation de la BAC dans l\u2019OFIT en termes de fiabilit\u00e9\" \/>\n<meta name=\"robots\" content=\"index, follow, max-snippet:-1, max-image-preview:large, max-video-preview:-1\" \/>\n<link rel=\"canonical\" href=\"https:\/\/www.efk.admin.ch\/fr\/audit\/impact-de-lintegration-de-lexploitation-de-la-bac-dans-lofit-en-termes-de-fiabilite\/\" \/>\n<meta property=\"og:locale\" content=\"fr_FR\" \/>\n<meta property=\"og:type\" content=\"article\" \/>\n<meta property=\"og:title\" content=\"Impact de l\u2019int\u00e9gration de l\u2019exploitation de la BAC dans l\u2019OFIT en termes de fiabilit\u00e9\" \/>\n<meta property=\"og:description\" content=\"Impact de l\u2019int\u00e9gration de l\u2019exploitation de la BAC dans l\u2019OFIT en termes de fiabilit\u00e9\" \/>\n<meta property=\"og:url\" content=\"https:\/\/www.efk.admin.ch\/fr\/audit\/impact-de-lintegration-de-lexploitation-de-la-bac-dans-lofit-en-termes-de-fiabilite\/\" \/>\n<meta property=\"og:site_name\" content=\"Contr\u00f4le f\u00e9d\u00e9ral des finances (CDF)\" \/>\n<meta property=\"article:modified_time\" content=\"2024-04-10T09:57:57+00:00\" \/>\n<meta property=\"og:image\" content=\"https:\/\/www.efk.admin.ch\/wp-content\/uploads\/test\/palais.jpg\" \/>\n\t<meta property=\"og:image:width\" content=\"750\" \/>\n\t<meta property=\"og:image:height\" content=\"500\" \/>\n\t<meta property=\"og:image:type\" content=\"image\/jpeg\" \/>\n<meta name=\"twitter:card\" content=\"summary_large_image\" \/>\n<meta name=\"twitter:label1\" content=\"Dur\u00e9e de lecture estim\u00e9e\" \/>\n\t<meta name=\"twitter:data1\" content=\"1 minute\" \/>\n<script type=\"application\/ld+json\" class=\"yoast-schema-graph\">{\"@context\":\"https:\\\/\\\/schema.org\",\"@graph\":[{\"@type\":\"WebPage\",\"@id\":\"https:\\\/\\\/www.efk.admin.ch\\\/fr\\\/audit\\\/impact-de-lintegration-de-lexploitation-de-la-bac-dans-lofit-en-termes-de-fiabilite\\\/\",\"url\":\"https:\\\/\\\/www.efk.admin.ch\\\/fr\\\/audit\\\/impact-de-lintegration-de-lexploitation-de-la-bac-dans-lofit-en-termes-de-fiabilite\\\/\",\"name\":\"Impact de l\u2019int\u00e9gration de l\u2019exploitation de la BAC dans l\u2019OFIT en termes de fiabilit\u00e9 - Contr\u00f4le f\u00e9d\u00e9ral des finances (CDF)\",\"isPartOf\":{\"@id\":\"https:\\\/\\\/www.efk.admin.ch\\\/fr\\\/#website\"},\"datePublished\":\"2024-04-10T09:55:36+00:00\",\"dateModified\":\"2024-04-10T09:57:57+00:00\",\"description\":\"Impact de l\u2019int\u00e9gration de l\u2019exploitation de la BAC dans l\u2019OFIT en termes de fiabilit\u00e9\",\"breadcrumb\":{\"@id\":\"https:\\\/\\\/www.efk.admin.ch\\\/fr\\\/audit\\\/impact-de-lintegration-de-lexploitation-de-la-bac-dans-lofit-en-termes-de-fiabilite\\\/#breadcrumb\"},\"inLanguage\":\"fr-FR\",\"potentialAction\":[{\"@type\":\"ReadAction\",\"target\":[\"https:\\\/\\\/www.efk.admin.ch\\\/fr\\\/audit\\\/impact-de-lintegration-de-lexploitation-de-la-bac-dans-lofit-en-termes-de-fiabilite\\\/\"]}]},{\"@type\":\"BreadcrumbList\",\"@id\":\"https:\\\/\\\/www.efk.admin.ch\\\/fr\\\/audit\\\/impact-de-lintegration-de-lexploitation-de-la-bac-dans-lofit-en-termes-de-fiabilite\\\/#breadcrumb\",\"itemListElement\":[{\"@type\":\"ListItem\",\"position\":1,\"name\":\"Home\",\"item\":\"https:\\\/\\\/www.efk.admin.ch\\\/fr\\\/\"},{\"@type\":\"ListItem\",\"position\":2,\"name\":\"Rapport\",\"item\":\"https:\\\/\\\/www.efk.admin.ch\\\/fr\\\/audit\\\/\"},{\"@type\":\"ListItem\",\"position\":3,\"name\":\"Impact de l\u2019int\u00e9gration de l\u2019exploitation de la BAC dans l\u2019OFIT en termes de fiabilit\u00e9\"}]},{\"@type\":\"WebSite\",\"@id\":\"https:\\\/\\\/www.efk.admin.ch\\\/fr\\\/#website\",\"url\":\"https:\\\/\\\/www.efk.admin.ch\\\/fr\\\/\",\"name\":\"Informationen \u00fcber das oberste Finanzaufsichtsorgan der Schweiz\",\"description\":\"Le Contr\u00f4le f\u00e9d\u00e9ral des finances (CDF) est l'organe supr\u00eame de surveillance financi\u00e8re de la Conf\u00e9d\u00e9ration suisse.\",\"publisher\":{\"@id\":\"https:\\\/\\\/www.efk.admin.ch\\\/fr\\\/#organization\"},\"alternateName\":\"EFK\",\"potentialAction\":[{\"@type\":\"SearchAction\",\"target\":{\"@type\":\"EntryPoint\",\"urlTemplate\":\"https:\\\/\\\/www.efk.admin.ch\\\/fr\\\/?s={search_term_string}\"},\"query-input\":{\"@type\":\"PropertyValueSpecification\",\"valueRequired\":true,\"valueName\":\"search_term_string\"}}],\"inLanguage\":\"fr-FR\"},{\"@type\":\"Organization\",\"@id\":\"https:\\\/\\\/www.efk.admin.ch\\\/fr\\\/#organization\",\"name\":\"Contr\u00f4le f\u00e9d\u00e9ral des finances (CDF)\",\"alternateName\":\"EFK\",\"url\":\"https:\\\/\\\/www.efk.admin.ch\\\/fr\\\/\",\"logo\":{\"@type\":\"ImageObject\",\"inLanguage\":\"fr-FR\",\"@id\":\"https:\\\/\\\/www.efk.admin.ch\\\/fr\\\/#\\\/schema\\\/logo\\\/image\\\/\",\"url\":\"https:\\\/\\\/www.efk.admin.ch\\\/wp-content\\\/uploads\\\/efk_cdf_logo_ohne_claim.png\",\"contentUrl\":\"https:\\\/\\\/www.efk.admin.ch\\\/wp-content\\\/uploads\\\/efk_cdf_logo_ohne_claim.png\",\"width\":268,\"height\":258,\"caption\":\"Contr\u00f4le f\u00e9d\u00e9ral des finances (CDF)\"},\"image\":{\"@id\":\"https:\\\/\\\/www.efk.admin.ch\\\/fr\\\/#\\\/schema\\\/logo\\\/image\\\/\"},\"sameAs\":[\"https:\\\/\\\/www.instagram.com\\\/efk_cdf_sfao\\\/\",\"https:\\\/\\\/www.youtube.com\\\/channel\\\/UCm-bXj227VE5sJzhB-ihdvw\\\/featured\",\"https:\\\/\\\/www.linkedin.com\\\/company\\\/11081578\\\/\"]}]}<\/script>\n<!-- \/ Yoast SEO Premium plugin. -->","yoast_head_json":{"title":"Impact de l\u2019int\u00e9gration de l\u2019exploitation de la BAC dans l\u2019OFIT en termes de fiabilit\u00e9 - Contr\u00f4le f\u00e9d\u00e9ral des finances (CDF)","description":"Impact de l\u2019int\u00e9gration de l\u2019exploitation de la BAC dans l\u2019OFIT en termes de fiabilit\u00e9","robots":{"index":"index","follow":"follow","max-snippet":"max-snippet:-1","max-image-preview":"max-image-preview:large","max-video-preview":"max-video-preview:-1"},"canonical":"https:\/\/www.efk.admin.ch\/fr\/audit\/impact-de-lintegration-de-lexploitation-de-la-bac-dans-lofit-en-termes-de-fiabilite\/","og_locale":"fr_FR","og_type":"article","og_title":"Impact de l\u2019int\u00e9gration de l\u2019exploitation de la BAC dans l\u2019OFIT en termes de fiabilit\u00e9","og_description":"Impact de l\u2019int\u00e9gration de l\u2019exploitation de la BAC dans l\u2019OFIT en termes de fiabilit\u00e9","og_url":"https:\/\/www.efk.admin.ch\/fr\/audit\/impact-de-lintegration-de-lexploitation-de-la-bac-dans-lofit-en-termes-de-fiabilite\/","og_site_name":"Contr\u00f4le f\u00e9d\u00e9ral des finances (CDF)","article_modified_time":"2024-04-10T09:57:57+00:00","og_image":[{"width":750,"height":500,"url":"https:\/\/www.efk.admin.ch\/wp-content\/uploads\/test\/palais.jpg","type":"image\/jpeg"}],"twitter_card":"summary_large_image","twitter_misc":{"Dur\u00e9e de lecture estim\u00e9e":"1 minute"},"schema":{"@context":"https:\/\/schema.org","@graph":[{"@type":"WebPage","@id":"https:\/\/www.efk.admin.ch\/fr\/audit\/impact-de-lintegration-de-lexploitation-de-la-bac-dans-lofit-en-termes-de-fiabilite\/","url":"https:\/\/www.efk.admin.ch\/fr\/audit\/impact-de-lintegration-de-lexploitation-de-la-bac-dans-lofit-en-termes-de-fiabilite\/","name":"Impact de l\u2019int\u00e9gration de l\u2019exploitation de la BAC dans l\u2019OFIT en termes de fiabilit\u00e9 - Contr\u00f4le f\u00e9d\u00e9ral des finances (CDF)","isPartOf":{"@id":"https:\/\/www.efk.admin.ch\/fr\/#website"},"datePublished":"2024-04-10T09:55:36+00:00","dateModified":"2024-04-10T09:57:57+00:00","description":"Impact de l\u2019int\u00e9gration de l\u2019exploitation de la BAC dans l\u2019OFIT en termes de fiabilit\u00e9","breadcrumb":{"@id":"https:\/\/www.efk.admin.ch\/fr\/audit\/impact-de-lintegration-de-lexploitation-de-la-bac-dans-lofit-en-termes-de-fiabilite\/#breadcrumb"},"inLanguage":"fr-FR","potentialAction":[{"@type":"ReadAction","target":["https:\/\/www.efk.admin.ch\/fr\/audit\/impact-de-lintegration-de-lexploitation-de-la-bac-dans-lofit-en-termes-de-fiabilite\/"]}]},{"@type":"BreadcrumbList","@id":"https:\/\/www.efk.admin.ch\/fr\/audit\/impact-de-lintegration-de-lexploitation-de-la-bac-dans-lofit-en-termes-de-fiabilite\/#breadcrumb","itemListElement":[{"@type":"ListItem","position":1,"name":"Home","item":"https:\/\/www.efk.admin.ch\/fr\/"},{"@type":"ListItem","position":2,"name":"Rapport","item":"https:\/\/www.efk.admin.ch\/fr\/audit\/"},{"@type":"ListItem","position":3,"name":"Impact de l\u2019int\u00e9gration de l\u2019exploitation de la BAC dans l\u2019OFIT en termes de fiabilit\u00e9"}]},{"@type":"WebSite","@id":"https:\/\/www.efk.admin.ch\/fr\/#website","url":"https:\/\/www.efk.admin.ch\/fr\/","name":"Informationen \u00fcber das oberste Finanzaufsichtsorgan der Schweiz","description":"Le Contr\u00f4le f\u00e9d\u00e9ral des finances (CDF) est l'organe supr\u00eame de surveillance financi\u00e8re de la Conf\u00e9d\u00e9ration suisse.","publisher":{"@id":"https:\/\/www.efk.admin.ch\/fr\/#organization"},"alternateName":"EFK","potentialAction":[{"@type":"SearchAction","target":{"@type":"EntryPoint","urlTemplate":"https:\/\/www.efk.admin.ch\/fr\/?s={search_term_string}"},"query-input":{"@type":"PropertyValueSpecification","valueRequired":true,"valueName":"search_term_string"}}],"inLanguage":"fr-FR"},{"@type":"Organization","@id":"https:\/\/www.efk.admin.ch\/fr\/#organization","name":"Contr\u00f4le f\u00e9d\u00e9ral des finances (CDF)","alternateName":"EFK","url":"https:\/\/www.efk.admin.ch\/fr\/","logo":{"@type":"ImageObject","inLanguage":"fr-FR","@id":"https:\/\/www.efk.admin.ch\/fr\/#\/schema\/logo\/image\/","url":"https:\/\/www.efk.admin.ch\/wp-content\/uploads\/efk_cdf_logo_ohne_claim.png","contentUrl":"https:\/\/www.efk.admin.ch\/wp-content\/uploads\/efk_cdf_logo_ohne_claim.png","width":268,"height":258,"caption":"Contr\u00f4le f\u00e9d\u00e9ral des finances (CDF)"},"image":{"@id":"https:\/\/www.efk.admin.ch\/fr\/#\/schema\/logo\/image\/"},"sameAs":["https:\/\/www.instagram.com\/efk_cdf_sfao\/","https:\/\/www.youtube.com\/channel\/UCm-bXj227VE5sJzhB-ihdvw\/featured","https:\/\/www.linkedin.com\/company\/11081578\/"]}]}},"_links":{"self":[{"href":"https:\/\/www.efk.admin.ch\/fr\/wp-json\/wp\/v2\/audit\/26560","targetHints":{"allow":["GET"]}}],"collection":[{"href":"https:\/\/www.efk.admin.ch\/fr\/wp-json\/wp\/v2\/audit"}],"about":[{"href":"https:\/\/www.efk.admin.ch\/fr\/wp-json\/wp\/v2\/types\/audit"}],"acf:post":[{"embeddable":true,"href":"https:\/\/www.efk.admin.ch\/fr\/wp-json\/wp\/v2\/office\/7982"},{"embeddable":true,"href":"https:\/\/www.efk.admin.ch\/fr\/wp-json\/wp\/v2\/office\/7941"}],"wp:attachment":[{"href":"https:\/\/www.efk.admin.ch\/fr\/wp-json\/wp\/v2\/media?parent=26560"}],"wp:term":[{"taxonomy":"audit_category","embeddable":true,"href":"https:\/\/www.efk.admin.ch\/fr\/wp-json\/wp\/v2\/audit_category?post=26560"},{"taxonomy":"audit_type","embeddable":true,"href":"https:\/\/www.efk.admin.ch\/fr\/wp-json\/wp\/v2\/audit_type?post=26560"}],"curies":[{"name":"wp","href":"https:\/\/api.w.org\/{rel}","templated":true}]}}