{"id":24393,"date":"2024-02-29T15:56:54","date_gmt":"2024-02-29T14:56:54","guid":{"rendered":"https:\/\/preview.efk.admin.ch\/?post_type=audit&#038;p=24393"},"modified":"2024-02-29T15:58:10","modified_gmt":"2024-02-29T14:58:10","slug":"rapport-complet-au-conseil-des-epf-sur-la-revision-des-comptes-annuels-consolides-2016","status":"publish","type":"audit","link":"https:\/\/www.efk.admin.ch\/fr\/audit\/rapport-complet-au-conseil-des-epf-sur-la-revision-des-comptes-annuels-consolides-2016\/","title":{"rendered":"Rapport complet au Conseil des EPF sur la r\u00e9vision des comptes annuels consolid\u00e9s 2016"},"content":{"rendered":"\n<p>Die Eidgen\u00f6ssische Finanzkontrolle (EFK) hat mit Datum vom 10. M\u00e4rz 2017 das Testat zur konsolidierten Jahresrechnung 2016 des ETH-Bereichs ohne Einschr\u00e4nkung und Hinweis erteilt. Die Arbeitsabl\u00e4ufe f\u00fcr die Erstellung der Jahresrechnungen unter der neuen Rechnungslegung haben sich eingespielt und es mussten weniger Korrekturen durchgef\u00fchrt werden als im Vorjahr. Eine grosse Korrektur gab es bei den Eventualverbindlichkeiten (EPFL). Herausforderungen stellten sich bei der Sicherstellung der Vollst\u00e4ndigkeit der zu erfassenden Vertr\u00e4ge per Jahresabschluss (Sicherstellung der rechtzeitigen Information der Finanzabteilungen, ETH Z\u00fcrich, EPFL, PSI), bei der korrekten Ertragserfassung (zwei spezielle Vertr\u00e4ge bei der ETH Z\u00fcrich) oder der Darstellung von R\u00fcckz\u00fcgen privater Geldgeber aus Vertr\u00e4gen (ETH Z\u00fcrich, EPFL).<\/p>\n","protected":false},"featured_media":0,"menu_order":0,"template":"","audit_category":[67],"audit_type":[50],"class_list":["post-24393","audit","type-audit","status-publish","hentry","audit_category-formation-et-recherche","audit_type-pruefung"],"acf":{"audit_lang":[{"lang":"d"}],"audit_numbers":[{"audit_number":"17020"}],"audit_office":[8008],"audit_office_text":"","audit_date":"20180323","bgo":true,"keywords":"","audit_office_local":""},"yoast_head":"<!-- This site is optimized with the Yoast SEO Premium plugin v27.4 (Yoast SEO v27.4) - https:\/\/yoast.com\/product\/yoast-seo-premium-wordpress\/ -->\n<title>Rapport complet au Conseil des EPF sur la r\u00e9vision des comptes annuels consolid\u00e9s 2016 - Contr\u00f4le f\u00e9d\u00e9ral des finances (CDF)<\/title>\n<meta name=\"description\" content=\"Rapport complet au Conseil des EPF sur la r\u00e9vision des comptes annuels consolid\u00e9s 2016\" \/>\n<meta name=\"robots\" content=\"index, follow, max-snippet:-1, max-image-preview:large, max-video-preview:-1\" \/>\n<link rel=\"canonical\" href=\"https:\/\/www.efk.admin.ch\/fr\/audit\/rapport-complet-au-conseil-des-epf-sur-la-revision-des-comptes-annuels-consolides-2016\/\" \/>\n<meta property=\"og:locale\" content=\"fr_FR\" \/>\n<meta property=\"og:type\" content=\"article\" \/>\n<meta property=\"og:title\" content=\"Rapport complet au Conseil des EPF sur la r\u00e9vision des comptes annuels consolid\u00e9s 2016\" \/>\n<meta property=\"og:description\" content=\"Rapport complet au Conseil des EPF sur la r\u00e9vision des comptes annuels consolid\u00e9s 2016\" \/>\n<meta property=\"og:url\" content=\"https:\/\/www.efk.admin.ch\/fr\/audit\/rapport-complet-au-conseil-des-epf-sur-la-revision-des-comptes-annuels-consolides-2016\/\" \/>\n<meta property=\"og:site_name\" content=\"Contr\u00f4le f\u00e9d\u00e9ral des finances (CDF)\" \/>\n<meta property=\"article:modified_time\" content=\"2024-02-29T14:58:10+00:00\" \/>\n<meta property=\"og:image\" content=\"https:\/\/www.efk.admin.ch\/wp-content\/uploads\/test\/palais.jpg\" \/>\n\t<meta property=\"og:image:width\" content=\"750\" \/>\n\t<meta property=\"og:image:height\" content=\"500\" \/>\n\t<meta property=\"og:image:type\" content=\"image\/jpeg\" \/>\n<meta name=\"twitter:card\" content=\"summary_large_image\" \/>\n<meta name=\"twitter:label1\" content=\"Dur\u00e9e de lecture estim\u00e9e\" \/>\n\t<meta name=\"twitter:data1\" content=\"1 minute\" \/>\n<script type=\"application\/ld+json\" class=\"yoast-schema-graph\">{\"@context\":\"https:\\\/\\\/schema.org\",\"@graph\":[{\"@type\":\"WebPage\",\"@id\":\"https:\\\/\\\/www.efk.admin.ch\\\/fr\\\/audit\\\/rapport-complet-au-conseil-des-epf-sur-la-revision-des-comptes-annuels-consolides-2016\\\/\",\"url\":\"https:\\\/\\\/www.efk.admin.ch\\\/fr\\\/audit\\\/rapport-complet-au-conseil-des-epf-sur-la-revision-des-comptes-annuels-consolides-2016\\\/\",\"name\":\"Rapport complet au Conseil des EPF sur la r\u00e9vision des comptes annuels consolid\u00e9s 2016 - Contr\u00f4le f\u00e9d\u00e9ral des finances (CDF)\",\"isPartOf\":{\"@id\":\"https:\\\/\\\/www.efk.admin.ch\\\/fr\\\/#website\"},\"datePublished\":\"2024-02-29T14:56:54+00:00\",\"dateModified\":\"2024-02-29T14:58:10+00:00\",\"description\":\"Rapport complet au Conseil des EPF sur la r\u00e9vision des comptes annuels consolid\u00e9s 2016\",\"breadcrumb\":{\"@id\":\"https:\\\/\\\/www.efk.admin.ch\\\/fr\\\/audit\\\/rapport-complet-au-conseil-des-epf-sur-la-revision-des-comptes-annuels-consolides-2016\\\/#breadcrumb\"},\"inLanguage\":\"fr-FR\",\"potentialAction\":[{\"@type\":\"ReadAction\",\"target\":[\"https:\\\/\\\/www.efk.admin.ch\\\/fr\\\/audit\\\/rapport-complet-au-conseil-des-epf-sur-la-revision-des-comptes-annuels-consolides-2016\\\/\"]}]},{\"@type\":\"BreadcrumbList\",\"@id\":\"https:\\\/\\\/www.efk.admin.ch\\\/fr\\\/audit\\\/rapport-complet-au-conseil-des-epf-sur-la-revision-des-comptes-annuels-consolides-2016\\\/#breadcrumb\",\"itemListElement\":[{\"@type\":\"ListItem\",\"position\":1,\"name\":\"Home\",\"item\":\"https:\\\/\\\/www.efk.admin.ch\\\/fr\\\/\"},{\"@type\":\"ListItem\",\"position\":2,\"name\":\"Rapport\",\"item\":\"https:\\\/\\\/www.efk.admin.ch\\\/fr\\\/audit\\\/\"},{\"@type\":\"ListItem\",\"position\":3,\"name\":\"Rapport complet au Conseil des EPF sur la r\u00e9vision des comptes annuels consolid\u00e9s 2016\"}]},{\"@type\":\"WebSite\",\"@id\":\"https:\\\/\\\/www.efk.admin.ch\\\/fr\\\/#website\",\"url\":\"https:\\\/\\\/www.efk.admin.ch\\\/fr\\\/\",\"name\":\"Informationen \u00fcber das oberste Finanzaufsichtsorgan der Schweiz\",\"description\":\"Le Contr\u00f4le f\u00e9d\u00e9ral des finances (CDF) est l'organe supr\u00eame de surveillance financi\u00e8re de la Conf\u00e9d\u00e9ration suisse.\",\"publisher\":{\"@id\":\"https:\\\/\\\/www.efk.admin.ch\\\/fr\\\/#organization\"},\"alternateName\":\"EFK\",\"potentialAction\":[{\"@type\":\"SearchAction\",\"target\":{\"@type\":\"EntryPoint\",\"urlTemplate\":\"https:\\\/\\\/www.efk.admin.ch\\\/fr\\\/?s={search_term_string}\"},\"query-input\":{\"@type\":\"PropertyValueSpecification\",\"valueRequired\":true,\"valueName\":\"search_term_string\"}}],\"inLanguage\":\"fr-FR\"},{\"@type\":\"Organization\",\"@id\":\"https:\\\/\\\/www.efk.admin.ch\\\/fr\\\/#organization\",\"name\":\"Contr\u00f4le f\u00e9d\u00e9ral des finances (CDF)\",\"alternateName\":\"EFK\",\"url\":\"https:\\\/\\\/www.efk.admin.ch\\\/fr\\\/\",\"logo\":{\"@type\":\"ImageObject\",\"inLanguage\":\"fr-FR\",\"@id\":\"https:\\\/\\\/www.efk.admin.ch\\\/fr\\\/#\\\/schema\\\/logo\\\/image\\\/\",\"url\":\"https:\\\/\\\/www.efk.admin.ch\\\/wp-content\\\/uploads\\\/efk_cdf_logo_ohne_claim.png\",\"contentUrl\":\"https:\\\/\\\/www.efk.admin.ch\\\/wp-content\\\/uploads\\\/efk_cdf_logo_ohne_claim.png\",\"width\":268,\"height\":258,\"caption\":\"Contr\u00f4le f\u00e9d\u00e9ral des finances (CDF)\"},\"image\":{\"@id\":\"https:\\\/\\\/www.efk.admin.ch\\\/fr\\\/#\\\/schema\\\/logo\\\/image\\\/\"},\"sameAs\":[\"https:\\\/\\\/www.instagram.com\\\/efk_cdf_sfao\\\/\",\"https:\\\/\\\/www.youtube.com\\\/channel\\\/UCm-bXj227VE5sJzhB-ihdvw\\\/featured\",\"https:\\\/\\\/www.linkedin.com\\\/company\\\/11081578\\\/\"]}]}<\/script>\n<!-- \/ Yoast SEO Premium plugin. -->","yoast_head_json":{"title":"Rapport complet au Conseil des EPF sur la r\u00e9vision des comptes annuels consolid\u00e9s 2016 - Contr\u00f4le f\u00e9d\u00e9ral des finances (CDF)","description":"Rapport complet au Conseil des EPF sur la r\u00e9vision des comptes annuels consolid\u00e9s 2016","robots":{"index":"index","follow":"follow","max-snippet":"max-snippet:-1","max-image-preview":"max-image-preview:large","max-video-preview":"max-video-preview:-1"},"canonical":"https:\/\/www.efk.admin.ch\/fr\/audit\/rapport-complet-au-conseil-des-epf-sur-la-revision-des-comptes-annuels-consolides-2016\/","og_locale":"fr_FR","og_type":"article","og_title":"Rapport complet au Conseil des EPF sur la r\u00e9vision des comptes annuels consolid\u00e9s 2016","og_description":"Rapport complet au Conseil des EPF sur la r\u00e9vision des comptes annuels consolid\u00e9s 2016","og_url":"https:\/\/www.efk.admin.ch\/fr\/audit\/rapport-complet-au-conseil-des-epf-sur-la-revision-des-comptes-annuels-consolides-2016\/","og_site_name":"Contr\u00f4le f\u00e9d\u00e9ral des finances (CDF)","article_modified_time":"2024-02-29T14:58:10+00:00","og_image":[{"width":750,"height":500,"url":"https:\/\/www.efk.admin.ch\/wp-content\/uploads\/test\/palais.jpg","type":"image\/jpeg"}],"twitter_card":"summary_large_image","twitter_misc":{"Dur\u00e9e de lecture estim\u00e9e":"1 minute"},"schema":{"@context":"https:\/\/schema.org","@graph":[{"@type":"WebPage","@id":"https:\/\/www.efk.admin.ch\/fr\/audit\/rapport-complet-au-conseil-des-epf-sur-la-revision-des-comptes-annuels-consolides-2016\/","url":"https:\/\/www.efk.admin.ch\/fr\/audit\/rapport-complet-au-conseil-des-epf-sur-la-revision-des-comptes-annuels-consolides-2016\/","name":"Rapport complet au Conseil des EPF sur la r\u00e9vision des comptes annuels consolid\u00e9s 2016 - Contr\u00f4le f\u00e9d\u00e9ral des finances (CDF)","isPartOf":{"@id":"https:\/\/www.efk.admin.ch\/fr\/#website"},"datePublished":"2024-02-29T14:56:54+00:00","dateModified":"2024-02-29T14:58:10+00:00","description":"Rapport complet au Conseil des EPF sur la r\u00e9vision des comptes annuels consolid\u00e9s 2016","breadcrumb":{"@id":"https:\/\/www.efk.admin.ch\/fr\/audit\/rapport-complet-au-conseil-des-epf-sur-la-revision-des-comptes-annuels-consolides-2016\/#breadcrumb"},"inLanguage":"fr-FR","potentialAction":[{"@type":"ReadAction","target":["https:\/\/www.efk.admin.ch\/fr\/audit\/rapport-complet-au-conseil-des-epf-sur-la-revision-des-comptes-annuels-consolides-2016\/"]}]},{"@type":"BreadcrumbList","@id":"https:\/\/www.efk.admin.ch\/fr\/audit\/rapport-complet-au-conseil-des-epf-sur-la-revision-des-comptes-annuels-consolides-2016\/#breadcrumb","itemListElement":[{"@type":"ListItem","position":1,"name":"Home","item":"https:\/\/www.efk.admin.ch\/fr\/"},{"@type":"ListItem","position":2,"name":"Rapport","item":"https:\/\/www.efk.admin.ch\/fr\/audit\/"},{"@type":"ListItem","position":3,"name":"Rapport complet au Conseil des EPF sur la r\u00e9vision des comptes annuels consolid\u00e9s 2016"}]},{"@type":"WebSite","@id":"https:\/\/www.efk.admin.ch\/fr\/#website","url":"https:\/\/www.efk.admin.ch\/fr\/","name":"Informationen \u00fcber das oberste Finanzaufsichtsorgan der Schweiz","description":"Le Contr\u00f4le f\u00e9d\u00e9ral des finances (CDF) est l'organe supr\u00eame de surveillance financi\u00e8re de la Conf\u00e9d\u00e9ration suisse.","publisher":{"@id":"https:\/\/www.efk.admin.ch\/fr\/#organization"},"alternateName":"EFK","potentialAction":[{"@type":"SearchAction","target":{"@type":"EntryPoint","urlTemplate":"https:\/\/www.efk.admin.ch\/fr\/?s={search_term_string}"},"query-input":{"@type":"PropertyValueSpecification","valueRequired":true,"valueName":"search_term_string"}}],"inLanguage":"fr-FR"},{"@type":"Organization","@id":"https:\/\/www.efk.admin.ch\/fr\/#organization","name":"Contr\u00f4le f\u00e9d\u00e9ral des finances (CDF)","alternateName":"EFK","url":"https:\/\/www.efk.admin.ch\/fr\/","logo":{"@type":"ImageObject","inLanguage":"fr-FR","@id":"https:\/\/www.efk.admin.ch\/fr\/#\/schema\/logo\/image\/","url":"https:\/\/www.efk.admin.ch\/wp-content\/uploads\/efk_cdf_logo_ohne_claim.png","contentUrl":"https:\/\/www.efk.admin.ch\/wp-content\/uploads\/efk_cdf_logo_ohne_claim.png","width":268,"height":258,"caption":"Contr\u00f4le f\u00e9d\u00e9ral des finances (CDF)"},"image":{"@id":"https:\/\/www.efk.admin.ch\/fr\/#\/schema\/logo\/image\/"},"sameAs":["https:\/\/www.instagram.com\/efk_cdf_sfao\/","https:\/\/www.youtube.com\/channel\/UCm-bXj227VE5sJzhB-ihdvw\/featured","https:\/\/www.linkedin.com\/company\/11081578\/"]}]}},"_links":{"self":[{"href":"https:\/\/www.efk.admin.ch\/fr\/wp-json\/wp\/v2\/audit\/24393","targetHints":{"allow":["GET"]}}],"collection":[{"href":"https:\/\/www.efk.admin.ch\/fr\/wp-json\/wp\/v2\/audit"}],"about":[{"href":"https:\/\/www.efk.admin.ch\/fr\/wp-json\/wp\/v2\/types\/audit"}],"acf:post":[{"embeddable":true,"href":"https:\/\/www.efk.admin.ch\/fr\/wp-json\/wp\/v2\/office\/8008"}],"wp:attachment":[{"href":"https:\/\/www.efk.admin.ch\/fr\/wp-json\/wp\/v2\/media?parent=24393"}],"wp:term":[{"taxonomy":"audit_category","embeddable":true,"href":"https:\/\/www.efk.admin.ch\/fr\/wp-json\/wp\/v2\/audit_category?post=24393"},{"taxonomy":"audit_type","embeddable":true,"href":"https:\/\/www.efk.admin.ch\/fr\/wp-json\/wp\/v2\/audit_type?post=24393"}],"curies":[{"name":"wp","href":"https:\/\/api.w.org\/{rel}","templated":true}]}}